{"id":451,"date":"2022-09-08T08:49:35","date_gmt":"2022-09-08T11:49:35","guid":{"rendered":"https:\/\/paisdemossoro.com.br\/wordpress\/propeg\/?page_id=451"},"modified":"2023-12-21T10:48:30","modified_gmt":"2023-12-21T13:48:30","slug":"empresas-juniores","status":"publish","type":"page","link":"https:\/\/portal.uern.br\/propeg\/empresas-juniores\/","title":{"rendered":"Empresas Juniores"},"content":{"rendered":"<p style=\"text-align: left\">A Empresa J\u00fanior (EJ) \u00e9 uma associa\u00e7\u00e3o civil sem fins lucrativos, formada e gerida por alunos(as) matriculados(as) em cursos de gradua\u00e7\u00e3o de institui\u00e7\u00f5es de ensino superior, sendo disciplinada pela Lei n\u00ba 13.267\/2016. Segundo seu art. 2\u00ba, caput, a EJ tem o \u201cprop\u00f3sito de realizar projetos e servi\u00e7os que contribuam para o desenvolvimento acad\u00eamico e profissional dos associados, capacitando-os para o mercado de trabalho\u201d.<\/p>\n<p style=\"text-align: left\">Em linhas gerais, os principais objetivos de uma EJ s\u00e3o: fomentar o aprendizado pr\u00e1tico do universit\u00e1rio em sua \u00e1rea de atua\u00e7\u00e3o; aproximar o mercado de trabalho das academias e os pr\u00f3prios acad\u00eamicos; gerenciar com autonomia em rela\u00e7\u00e3o \u00e0 dire\u00e7\u00e3o da faculdade ou centro acad\u00eamico; e elaborar projetos de trabalho inerentes ao curso de forma\u00e7\u00e3o dos alunos. Dentro de uma EJ, o(a) aluno(a) tem a oportunidade de realizar projetos do seu curso de gradua\u00e7\u00e3o para clientes reais do mercado, aplicando o aprendizado te\u00f3rico da sala de aula em pr\u00e1tica.<\/p>\n<p style=\"text-align: left\">Conforme o art. 9\u00ba da Lei n\u00ba 13.267\/2016, para se criar uma EJ, \u00e9 necess\u00e1rio ter seu reconhecimento por institui\u00e7\u00e3o de ensino superior, de acordo com suas normas internas, atentando-se para a aprova\u00e7\u00e3o do plano acad\u00eamico da EJ por \u00f3rg\u00e3o colegiado da unidade de ensino da institui\u00e7\u00e3o, cuja elabora\u00e7\u00e3o dever\u00e1 contar com a participa\u00e7\u00e3o do professor orientador e dos estudantes envolvidos na iniciativa j\u00fanior.<\/p>\n<p style=\"text-align: left\">Al\u00e9m disso, deve-se providenciar o registro da EJ no Registro Civil de Pessoas Jur\u00eddicas e o Cadastro Nacional da Pessoa Jur\u00eddica (CNPJ) na Receita Federal, atentando-se para a documenta\u00e7\u00e3o exigida nos respectivos \u00f3rg\u00e3os. No \u00e2mbito da UERN, j\u00e1 existem importantes iniciativas de EJ nos cursos de Gest\u00e3o Ambiental, Direito e Economia.<\/p>\n<p style=\"text-align: left\">Para saber mais informa\u00e7\u00f5es sobre o Movimento Empresa J\u00fanior (MEJ), consulte a p\u00e1gina da Brasil J\u00fanior (<a href=\"https:\/\/brasiljunior.org.br\/\">https:\/\/brasiljunior.org.br\/<\/a>), respons\u00e1vel por desenvolver o MEJ no Brasil, bem como a <a href=\"https:\/\/linklist.bio\/rnjunior?fbclid=PAAaZCVp7ehU5r0WS_4wsxFKRoydp9P3BfEUWH-3KNqN6sBl3Ta6He0oAKevQ_aem_AahFd_q9LQuHr6Y6rS07ur8qVoveOcNtWbmzyT5pahAq1-17LrjNddrQU7mG09w1si4\">RN J\u00fanior<\/a>, incumbida de fortalecer o MEJ no Rio Grande do Norte. D\u00favidas e informa\u00e7\u00f5es podem ser encaminhadas para os e-mails: empreendedorismo.inova@uern.br e inova.propeg@uern.br.<\/p>\n<p>&nbsp;<\/p>\n<p>&nbsp;<\/p>\n<h2 style=\"text-align: center\"><em><strong>EMPRESAS JUNIORES DA UERN<\/strong><\/em><\/h2>\n<p>&nbsp;<\/p>\n<p>&nbsp;<\/p>\n<p><img fetchpriority=\"high\" decoding=\"async\" class=\"wp-image-2513 alignleft\" src=\"https:\/\/portal.uern.br\/propeg\/wp-content\/uploads\/2023\/12\/Logo-Apex.jpeg\" alt=\"\" width=\"386\" height=\"132\" srcset=\"https:\/\/portal.uern.br\/propeg\/wp-content\/uploads\/2023\/12\/Logo-Apex.jpeg 1600w, https:\/\/portal.uern.br\/propeg\/wp-content\/uploads\/2023\/12\/Logo-Apex-300x102.jpeg 300w, https:\/\/portal.uern.br\/propeg\/wp-content\/uploads\/2023\/12\/Logo-Apex-1024x349.jpeg 1024w, https:\/\/portal.uern.br\/propeg\/wp-content\/uploads\/2023\/12\/Logo-Apex-768x262.jpeg 768w, https:\/\/portal.uern.br\/propeg\/wp-content\/uploads\/2023\/12\/Logo-Apex-1536x524.jpeg 1536w\" sizes=\"(max-width: 386px) 100vw, 386px\" \/><\/p>\n<p><strong>Apex Empreendedorismo e Solu\u00e7\u00f5es Jur\u00eddicas<\/strong><\/p>\n<p>O Projeto de Extens\u00e3o e Empresa J\u00fanior Aspirante \u201cApex Empreendedorismo e Solu\u00e7\u00f5es Jur\u00eddicas\u201d, promovido na Faculdade de Direito (FAD) da Universidade do Estado do Rio Grande do Norte, \u00e9 uma iniciativa que se desenvolve a partir de 3 (tr\u00eas) perspectivas basilares: passado, presente e futuro. Na perspectiva de passado, \u00e9 um projeto que incorpora toda a tradi\u00e7\u00e3o da institui\u00e7\u00e3o da qual faz parte, ou seja, voltando-se para a mudan\u00e7a por meio da educa\u00e7\u00e3o, sendo, portanto, um agente de transforma\u00e7\u00f5es sociais no cen\u00e1rio potiguar.<\/p>\n<p>No que tange ao presente, a proposta intenta ser mais uma via de capacita\u00e7\u00e3o para os alunos da Faculdade de Direito, os quais, na condi\u00e7\u00e3o de extensionistas, ter\u00e3o contato direto com o conhecimento aplicado na pr\u00e1tica e, n\u00e3o menos importante, contato com a realidade social. Com isso, o(a) aluno(a) ser\u00e1 protagonista em atividades que o tornam mais capacitado e experiente para enfrentar o mercado de trabalho e, al\u00e9m disso, desenvolver uma maior sensibilidade social.<\/p>\n<p>Por fim, a perspectiva de futuro se coaduna \u00e0s demandas das gera\u00e7\u00f5es futuras, em que se prospecta um cen\u00e1rio de empreendedorismo, de avan\u00e7os sociais e de resolu\u00e7\u00e3o de conflitos por m\u00e9todos consensuais. Esta perspectiva, ent\u00e3o, compatibiliza-se com as diretrizes do Pacto Global da Organiza\u00e7\u00e3o das Na\u00e7\u00f5es Unidas (ONU), de 2000, nos Objetivos de Desenvolvimento Sustent\u00e1vel (ODS), da Agenda 2030 da ONU, nas Diretrizes Curriculares Nacionais (DCNs) do Curso de Gradua\u00e7\u00e3o em Direito (Resolu\u00e7\u00e3o no 5\/2018, do Conselho Nacional de Educa\u00e7\u00e3o) e do Ensino M\u00e9dio (Resolu\u00e7\u00e3o no 3\/2018, do Conselho Nacional de Educa\u00e7\u00e3o).<\/p>\n<p><strong>Miss\u00e3o<\/strong>: Promover uma cultura baseada na excel\u00eancia por meio da educa\u00e7\u00e3o, impactando<br \/>\nvidas e capacitando pessoas.<\/p>\n<p><strong>Coordena\u00e7\u00e3o:<\/strong><br \/>\nProf\u00aa. Ma. Cintia Sousa de Freitas<\/p>\n<p><strong>Diretor Presidente<\/strong>:<br \/>\nAlexsandro Aur\u00e9lio do Nascimento J\u00fanior<\/p>\n<p>Redes sociais:<br \/>\nInstagram: https:\/\/www.instagram.com\/apex.uern\/<br \/>\nLinkedin: https:\/\/www.linkedin.com\/company\/apexuern\/<br \/>\nLinktree: https:\/\/linktr.ee\/ApexUern<\/p>\n<p>Contato:<br \/>\nE-mail: apex@uern.br<\/p>\n<p>&nbsp;<\/p>\n<p>&nbsp;<\/p>\n<p><img decoding=\"async\" class=\"wp-image-2514 alignleft\" src=\"https:\/\/portal.uern.br\/propeg\/wp-content\/uploads\/2023\/12\/Logo-Lastro.png\" alt=\"\" width=\"275\" height=\"275\" srcset=\"https:\/\/portal.uern.br\/propeg\/wp-content\/uploads\/2023\/12\/Logo-Lastro.png 1500w, https:\/\/portal.uern.br\/propeg\/wp-content\/uploads\/2023\/12\/Logo-Lastro-300x300.png 300w, https:\/\/portal.uern.br\/propeg\/wp-content\/uploads\/2023\/12\/Logo-Lastro-1024x1024.png 1024w, https:\/\/portal.uern.br\/propeg\/wp-content\/uploads\/2023\/12\/Logo-Lastro-150x150.png 150w, https:\/\/portal.uern.br\/propeg\/wp-content\/uploads\/2023\/12\/Logo-Lastro-768x768.png 768w\" sizes=\"(max-width: 275px) 100vw, 275px\" \/><strong>Lastro Consultoria e Investimentos<\/strong><\/p>\n<p>Empresa fundada pelos alunos de Ci\u00eancias Econ\u00f4micas da UERN, nasce do prop\u00f3sito de fomentar a viv\u00eancia empreendedora no \u00e2mbito acad\u00eamico, aplicando os conhecimentos adquiridos em prol do desenvolvimento socioecon\u00f4mico da regi\u00e3o. Buscar-se-\u00e1 prestar servi\u00e7os estrat\u00e9gicos a micro e pequenos empreendedores, auxiliando-os \u00e0 maximiza\u00e7\u00e3o dos lucros de maneira sustent\u00e1vel, com foco, planejamento e posicionamento de mercado, assim como, orientar pessoas f\u00edsicas \u00e0 investirem de modo inteligente e racional.<\/p>\n<p><strong>Miss\u00e3o<\/strong>: Auxiliar no est\u00edmulo ao desenvolvimento socioecon\u00f4mico atrav\u00e9s da aplica\u00e7\u00e3o de conhecimentos e const\u00e2ncia no cumprimento das responsabilidades, bem como impulsionar os talentos pessoais e a capacita\u00e7\u00e3o dos discentes.<\/p>\n<p><strong>Coordena\u00e7\u00e3o<\/strong>:<br \/>\nProf\u00aa. Ma. Genivalda Cordeiro da Costa<\/p>\n<p><strong>Diretor Presidente: <\/strong>Arthur Henrique Pinheiro N\u00e9o<\/p>\n<p>Redes Sociais:@lastro.ej<\/p>\n<p>Contatos:(84) 9 9999-0000<\/p>\n<p>Email: lastro.ej@uern.br<\/p>\n<p>&nbsp;<\/p>\n<p>&nbsp;<\/p>\n<p>&nbsp;<\/p>\n<p><img decoding=\"async\" class=\"wp-image-2519 alignleft\" src=\"https:\/\/portal.uern.br\/propeg\/wp-content\/uploads\/2023\/12\/Logo-da-EMCAP-Jr-.jpeg\" alt=\"\" width=\"297\" height=\"229\" srcset=\"https:\/\/portal.uern.br\/propeg\/wp-content\/uploads\/2023\/12\/Logo-da-EMCAP-Jr-.jpeg 889w, https:\/\/portal.uern.br\/propeg\/wp-content\/uploads\/2023\/12\/Logo-da-EMCAP-Jr--300x231.jpeg 300w, https:\/\/portal.uern.br\/propeg\/wp-content\/uploads\/2023\/12\/Logo-da-EMCAP-Jr--768x592.jpeg 768w\" sizes=\"(max-width: 297px) 100vw, 297px\" \/><\/p>\n<p><strong>EMCAP Jr.<\/strong><\/p>\n<p>Empresa J\u00fanior de Contabilidade do Campos Avan\u00e7ado de Patu &#8211; UERN.<\/p>\n<p><strong>Miss\u00e3o<\/strong>: Prestar assessoria e consultoria na \u00e1rea cont\u00e1bil, com foco na excel\u00eancia dos servi\u00e7os prestados e satisfeitos dos clientes, bem como, desenvolver o acad\u00eamico de Ci\u00eancias Cont\u00e1beis por meio de projetos e gest\u00f5es.<\/p>\n<p>&nbsp;<\/p>\n<p>&nbsp;<\/p>\n<p><strong>Coordena\u00e7\u00e3o:<\/strong>Yuri Dantas dos Santos<\/p>\n<p><strong>Diretor Presidente: <\/strong>Denylson Lima<\/p>\n<p>Redes sociais: @emcapjr &#8211; Instagram<br \/>\nwww.facebook.com\/emcapjr &#8211; Facebook<\/p>\n<p>https:\/\/emcapjr.vercel.app\/<\/p>\n<p>Contatos: (83)99619-3656<br \/>\nemcapjr@gmail.com<\/p>\n<p>&nbsp;<\/p>\n<p>&nbsp;<\/p>\n<p><img loading=\"lazy\" decoding=\"async\" class=\"wp-image-2518 alignleft\" src=\"https:\/\/portal.uern.br\/propeg\/wp-content\/uploads\/2023\/12\/Logo-E-capital.png\" alt=\"\" width=\"308\" height=\"185\" srcset=\"https:\/\/portal.uern.br\/propeg\/wp-content\/uploads\/2023\/12\/Logo-E-capital.png 3307w, https:\/\/portal.uern.br\/propeg\/wp-content\/uploads\/2023\/12\/Logo-E-capital-300x180.png 300w, https:\/\/portal.uern.br\/propeg\/wp-content\/uploads\/2023\/12\/Logo-E-capital-1024x614.png 1024w, https:\/\/portal.uern.br\/propeg\/wp-content\/uploads\/2023\/12\/Logo-E-capital-768x461.png 768w, https:\/\/portal.uern.br\/propeg\/wp-content\/uploads\/2023\/12\/Logo-E-capital-1536x921.png 1536w, https:\/\/portal.uern.br\/propeg\/wp-content\/uploads\/2023\/12\/Logo-E-capital-2048x1228.png 2048w\" sizes=\"(max-width: 308px) 100vw, 308px\" \/><\/p>\n<p><strong>E-CAPITAL Consultoria e Assessoria<\/strong><\/p>\n<p>Empresa Junior composta por sete graduandos do curso de Economia da UERN de Pau dos Ferros, que oferece servi\u00e7os econ\u00f4mico-financeiros abrangentes, incluindo consultoria, assessoria e estudos de mercado. Ajudando clientes no planejamento estrat\u00e9gico, an\u00e1lise de cen\u00e1rios econ\u00f4micos, financiamento, controle econ\u00f4mico-financeiro e muito mais.<\/p>\n<p>&nbsp;<\/p>\n<p><strong>Miss\u00e3o<\/strong>: Impulsionar o sucesso de nossos clientes por meio de solu\u00e7\u00f5es especializadas e estrat\u00e9gicas.<\/p>\n<p><strong>Presidente<\/strong>: Caio Andrade Matos<\/p>\n<p><strong>Coordena\u00e7\u00e3o: <\/strong>Thiago Geovane Pereira<\/p>\n<p>Contatos: (84) 99938-5810<\/p>\n<p>Email: ecapitaljr@gmail.com<\/p>\n<p>Rede Social: @e_capitaljr<\/p>\n<p>&nbsp;<\/p>\n<p>&nbsp;<\/p>\n<p><img loading=\"lazy\" decoding=\"async\" class=\"wp-image-2531 alignleft\" src=\"https:\/\/portal.uern.br\/propeg\/wp-content\/uploads\/2023\/12\/WhatsApp-Image-2023-12-20-at-10.17.09.jpeg\" alt=\"\" width=\"297\" height=\"227\" srcset=\"https:\/\/portal.uern.br\/propeg\/wp-content\/uploads\/2023\/12\/WhatsApp-Image-2023-12-20-at-10.17.09.jpeg 1024w, https:\/\/portal.uern.br\/propeg\/wp-content\/uploads\/2023\/12\/WhatsApp-Image-2023-12-20-at-10.17.09-300x229.jpeg 300w, https:\/\/portal.uern.br\/propeg\/wp-content\/uploads\/2023\/12\/WhatsApp-Image-2023-12-20-at-10.17.09-768x586.jpeg 768w\" sizes=\"(max-width: 297px) 100vw, 297px\" \/><\/p>\n<p><strong>Honoris\u00a0<\/strong><\/p>\n<p>Empresa J\u00fanior do curso de Direito da UERN &#8211; Natal que oferece servi\u00e7os de elabora\u00e7\u00e3o de contratos, regulamenta\u00e7\u00e3o de empresas, registro de marcas e capacita\u00e7\u00f5es.<\/p>\n<p>Miss\u00e3o: Promover o empreendedorismo jur\u00eddico jovem dentro da universidade e conseguir alcan\u00e7ar novas experi\u00eancias atrav\u00e9s dos nossos servi\u00e7os.<\/p>\n<p>&nbsp;<\/p>\n<p><strong>Presidente<\/strong>: La\u00eds Silva de Medeiros3<\/p>\n<p><strong>Coordenador<\/strong>: Carlos S\u00e9rgio Gurgel<\/p>\n<p>Contato: 84- 99688-6562<\/p>\n<p>Instagram: @honorisjr<\/p>\n<p>Email: honoris.ej@uern.br<\/p>\n<p>&nbsp;<\/p>\n<p>&nbsp;<\/p>\n<p><img loading=\"lazy\" decoding=\"async\" class=\"wp-image-2520 alignleft\" src=\"https:\/\/portal.uern.br\/propeg\/wp-content\/uploads\/2023\/12\/Logo-D3TEC.jpeg\" alt=\"\" width=\"307\" height=\"149\" srcset=\"https:\/\/portal.uern.br\/propeg\/wp-content\/uploads\/2023\/12\/Logo-D3TEC.jpeg 1600w, https:\/\/portal.uern.br\/propeg\/wp-content\/uploads\/2023\/12\/Logo-D3TEC-300x145.jpeg 300w, https:\/\/portal.uern.br\/propeg\/wp-content\/uploads\/2023\/12\/Logo-D3TEC-1024x496.jpeg 1024w, https:\/\/portal.uern.br\/propeg\/wp-content\/uploads\/2023\/12\/Logo-D3TEC-768x372.jpeg 768w, https:\/\/portal.uern.br\/propeg\/wp-content\/uploads\/2023\/12\/Logo-D3TEC-1536x744.jpeg 1536w\" sizes=\"(max-width: 307px) 100vw, 307px\" \/><\/p>\n<p><strong>D3TEC<\/strong><\/p>\n<p>A D3TEC \u2013 Empresa J\u00fanior de Consultoria e Assessoria em Computa\u00e7\u00e3o fornece consultoria em desenvolvimento de software e treinamento de TI, servi\u00e7os de UI\/UX design, cria\u00e7\u00e3o de identidade visual, cria\u00e7\u00e3o de aplicativos e desenvolvimento de WEB.<\/p>\n<p>A D3TEC \u00a0que tem por objetivo realizar projetos de consultoria nas \u00e1reas que abrangem o curso de Ci\u00eancia da Computa\u00e7\u00e3o do Departamento de Inform\u00e1tica (DI), da Faculdade de Ci\u00eancias Exatas e Naturais (FANAT), da Universidade do Estado do Rio Grande do Norte (UERN), dando suporte \u00e0 forma\u00e7\u00e3o dos alunos em atividades relacionadas \u00e0 atua\u00e7\u00e3o do Bacharel em Ci\u00eancia da Computa\u00e7\u00e3o, proporcionando um aprendizado human\u00edstico, integrando teoria e pr\u00e1tica.<\/p>\n<p>&nbsp;<\/p>\n<p><strong>Coordena\u00e7\u00e3o: <\/strong>Pedro Fernandes Ribeiro Neto<\/p>\n<p><strong>Presidente<\/strong>: Magnus Victor Lopes Felinto De Oliveira,<\/p>\n<p>Contato:(84) 9 8136-9834<\/p>\n<p>Email: d3tec.ej@uern.br<\/p>\n<p>Rede Social: @d3tec.ej<\/p>\n<p>&nbsp;<\/p>\n","protected":false},"excerpt":{"rendered":"<p>A Empresa J\u00fanior (EJ) \u00e9 uma associa\u00e7\u00e3o civil sem fins lucrativos, formada e gerida por alunos(as) matriculados(as) em cursos de gradua\u00e7\u00e3o de institui\u00e7\u00f5es de ensino superior, sendo disciplinada pela Lei n\u00ba 13.267\/2016. Segundo seu art. 2\u00ba, caput, a EJ tem o \u201cprop\u00f3sito de realizar projetos e servi\u00e7os que contribuam para o desenvolvimento acad\u00eamico e profissional [&hellip;]<\/p>\n","protected":false},"author":1,"featured_media":0,"parent":0,"menu_order":0,"comment_status":"closed","ping_status":"closed","template":"","meta":{"footnotes":""},"class_list":["post-451","page","type-page","status-publish","hentry"],"_links":{"self":[{"href":"https:\/\/portal.uern.br\/propeg\/wp-json\/wp\/v2\/pages\/451","targetHints":{"allow":["GET"]}}],"collection":[{"href":"https:\/\/portal.uern.br\/propeg\/wp-json\/wp\/v2\/pages"}],"about":[{"href":"https:\/\/portal.uern.br\/propeg\/wp-json\/wp\/v2\/types\/page"}],"author":[{"embeddable":true,"href":"https:\/\/portal.uern.br\/propeg\/wp-json\/wp\/v2\/users\/1"}],"replies":[{"embeddable":true,"href":"https:\/\/portal.uern.br\/propeg\/wp-json\/wp\/v2\/comments?post=451"}],"version-history":[{"count":49,"href":"https:\/\/portal.uern.br\/propeg\/wp-json\/wp\/v2\/pages\/451\/revisions"}],"predecessor-version":[{"id":2558,"href":"https:\/\/portal.uern.br\/propeg\/wp-json\/wp\/v2\/pages\/451\/revisions\/2558"}],"wp:attachment":[{"href":"https:\/\/portal.uern.br\/propeg\/wp-json\/wp\/v2\/media?parent=451"}],"curies":[{"name":"wp","href":"https:\/\/api.w.org\/{rel}","templated":true}]}}