{"id":4010,"date":"2025-07-01T09:16:07","date_gmt":"2025-07-01T12:16:07","guid":{"rendered":"https:\/\/portal.uern.br\/propeg\/?page_id=4010"},"modified":"2025-07-02T11:04:09","modified_gmt":"2025-07-02T14:04:09","slug":"sala-cubo-magico-funcitern","status":"publish","type":"page","link":"https:\/\/portal.uern.br\/propeg\/sala-cubo-magico-funcitern\/","title":{"rendered":"Sala Cubo M\u00e1gico\/FUNCITERN"},"content":{"rendered":"<p data-start=\"2547\" data-end=\"2814\"><img fetchpriority=\"high\" decoding=\"async\" class=\"aligncenter\" src=\"https:\/\/portal.uern.br\/propeg\/wp-content\/uploads\/2025\/07\/WhatsApp-Image-2025-07-02-at-10.55.43.jpeg\" width=\"489\" height=\"489\" \/><\/p>\n<p data-start=\"2547\" data-end=\"2814\">O <strong data-start=\"2549\" data-end=\"2564\">Cubo M\u00e1gico<\/strong>, localizado na FUNCITERN, \u00e9 um ambiente vers\u00e1til que estimula a criatividade e a articula\u00e7\u00e3o de projetos multi\u00e1reas. Voltado para reuni\u00f5es estrat\u00e9gicas, mentorias e encontros interdisciplinares, \u00e9 um espa\u00e7o que conecta academia, mercado e sociedade.<\/p>\n<p data-start=\"2816\" data-end=\"3130\">\ud83d\udccd <strong data-start=\"2819\" data-end=\"2835\">Localiza\u00e7\u00e3o:<\/strong> Funda\u00e7\u00e3o para o Desenvolvimento da Ci\u00eancia, Tecnologia e Inova\u00e7\u00e3o do Rio Grande do Norte (FUNCITERN)<br data-start=\"2936\" data-end=\"2939\" \/>\ud83d\udcdd <strong data-start=\"2942\" data-end=\"2961\">Para que serve:<\/strong> Servir de palco para atividades colaborativas, reuni\u00f5es institucionais e projetos que envolvam inova\u00e7\u00e3o e tecnologia.<br data-start=\"3079\" data-end=\"3082\" \/>\ud83d\udce7 <strong data-start=\"3085\" data-end=\"3110\">Solicite sua reserva:<\/strong> <a class=\"cursor-pointer\" rel=\"noopener\" data-start=\"3111\" data-end=\"3130\">funcitern@gmail.com<\/a><\/p>\n","protected":false},"excerpt":{"rendered":"<p>O Cubo M\u00e1gico, localizado na FUNCITERN, \u00e9 um ambiente vers\u00e1til que estimula a criatividade e a articula\u00e7\u00e3o de projetos multi\u00e1reas. Voltado para reuni\u00f5es estrat\u00e9gicas, mentorias e encontros interdisciplinares, \u00e9 um espa\u00e7o que conecta academia, mercado e sociedade. \ud83d\udccd Localiza\u00e7\u00e3o: Funda\u00e7\u00e3o para o Desenvolvimento da Ci\u00eancia, Tecnologia e Inova\u00e7\u00e3o do Rio Grande do Norte (FUNCITERN)\ud83d\udcdd Para [&hellip;]<\/p>\n","protected":false},"author":2,"featured_media":0,"parent":0,"menu_order":0,"comment_status":"closed","ping_status":"closed","template":"","meta":{"footnotes":""},"class_list":["post-4010","page","type-page","status-publish","hentry"],"_links":{"self":[{"href":"https:\/\/portal.uern.br\/propeg\/wp-json\/wp\/v2\/pages\/4010","targetHints":{"allow":["GET"]}}],"collection":[{"href":"https:\/\/portal.uern.br\/propeg\/wp-json\/wp\/v2\/pages"}],"about":[{"href":"https:\/\/portal.uern.br\/propeg\/wp-json\/wp\/v2\/types\/page"}],"author":[{"embeddable":true,"href":"https:\/\/portal.uern.br\/propeg\/wp-json\/wp\/v2\/users\/2"}],"replies":[{"embeddable":true,"href":"https:\/\/portal.uern.br\/propeg\/wp-json\/wp\/v2\/comments?post=4010"}],"version-history":[{"count":4,"href":"https:\/\/portal.uern.br\/propeg\/wp-json\/wp\/v2\/pages\/4010\/revisions"}],"predecessor-version":[{"id":4038,"href":"https:\/\/portal.uern.br\/propeg\/wp-json\/wp\/v2\/pages\/4010\/revisions\/4038"}],"wp:attachment":[{"href":"https:\/\/portal.uern.br\/propeg\/wp-json\/wp\/v2\/media?parent=4010"}],"curies":[{"name":"wp","href":"https:\/\/api.w.org\/{rel}","templated":true}]}}