{"id":298,"date":"2024-07-04T15:39:18","date_gmt":"2024-07-04T18:39:18","guid":{"rendered":"https:\/\/portal.uern.br\/propeg\/posensino\/?page_id=298"},"modified":"2025-12-19T09:28:16","modified_gmt":"2025-12-19T12:28:16","slug":"apresentacao","status":"publish","type":"page","link":"https:\/\/portal.uern.br\/propeg\/posensino\/","title":{"rendered":"Apresenta\u00e7\u00e3o"},"content":{"rendered":"<p style=\"font-family: calibri\" align=\"justify\">O Programa de P\u00f3s-Gradua\u00e7\u00e3o\u00a0stricto sensu\u00a0em Ensino (POSENSINO), associa\u00e7\u00e3o UERN, UFERSA e IFRN, assume como compromisso o desenvolvimento da pesquisa te\u00f3rico-pr\u00e1tica nos diversos n\u00edveis, modalidades e \u00e1reas de ensino, dando \u00eanfase no processo ensino-aprendizagem na escola p\u00fablica. Pretende ainda possibilitar uma vis\u00e3o integradora e interdisciplinar da a\u00e7\u00e3o docente, capacitando para a doc\u00eancia e para a pesquisa na \u00e1rea de Ensino nos m\u00faltiplos espa\u00e7os da escola p\u00fablica.<\/p>\n<p style=\"font-family: calibri\" align=\"justify\">P\u00fablico-alvo: Os cursos de Mestrado e Doutorado Acad\u00eamico em Ensino ofertados no POSENSINO s\u00e3o destinados aos profissionais, portadores de diploma de gradua\u00e7\u00e3o e mestrado, respectivamente, obtidos em cursos reconhecidos pelo Minist\u00e9rio da Educa\u00e7\u00e3o, que atuam ou tenham interesse em atuar em institui\u00e7\u00f5es p\u00fablicas de ensino.<\/p>\n<p>&nbsp;<\/p>\n<p>&nbsp;<\/p>\n<p style=\"text-align: center\">\u00a0 \u00a0 \u00a0 \u00a0 \u00a0 \u00a0<img decoding=\"async\" src=\"http:\/\/portal.uern.br\/propeg\/posensino\/wp-content\/uploads\/sites\/13\/2024\/07\/cropped-favicon-uern-1.png\" alt=\"Logo UERN\" width=\"90\" height=\"30\" \/>\u00a0\u00a0\u00a0\u00a0\u00a0\u00a0\u00a0\u00a0\u00a0\u00a0\u00a0\u00a0\u00a0\u00a0\u00a0\u00a0\u00a0\u00a0\u00a0\u00a0<img decoding=\"async\" src=\"http:\/\/portal.uern.br\/propeg\/posensino\/wp-content\/uploads\/sites\/13\/2025\/12\/Logo-UFERSA.webp\" alt=\"Logo UFERSA\" width=\"90\" height=\"40\" \/>\u00a0\u00a0\u00a0\u00a0\u00a0\u00a0\u00a0\u00a0\u00a0\u00a0\u00a0\u00a0\u00a0\u00a0\u00a0<img decoding=\"async\" src=\"http:\/\/portal.uern.br\/propeg\/posensino\/wp-content\/uploads\/sites\/13\/2025\/12\/Logo-IFRN.png\" alt=\"Logo IFRN\" width=\"90\" height=\"30\" \/>\u00a0\u00a0\u00a0<strong>\u00a0\u00a0\u00a0<\/strong><\/p>\n<hr \/>\n<p>&nbsp;<\/p>\n<p style=\"font-family: calibri\" align=\"center\"><strong>Redes Sociais do POSENSINO<\/strong><\/p>\n<p style=\"text-align: center\">\u00a0<a title=\"Instagram do POSENSINO\" href=\"https:\/\/www.instagram.com\/posensino\" target=\"_blank\" rel=\"noopener\"><img loading=\"lazy\" decoding=\"async\" src=\"http:\/\/portal.uern.br\/propeg\/posensino\/wp-content\/uploads\/sites\/13\/2025\/12\/Instagram_logo_2022.svg.png\" alt=\"Logo Instagram\" width=\"30\" height=\"30\" align=\"middle\" \/><\/a>\u00a0 \u00a0 \u00a0<a title=\"Canal do POSENSINO no Youtube\" href=\"https:\/\/www.youtube.com\/channel\/UCdL_Y0s901h7V1Pf0Q70ORQ\"><img loading=\"lazy\" decoding=\"async\" src=\"http:\/\/portal.uern.br\/propeg\/posensino\/wp-content\/uploads\/sites\/13\/2025\/12\/Youtube_logo.png\" alt=\"Logo Youtube\" width=\"30\" height=\"30\" align=\"middle\" \/><\/a><\/p>\n<p style=\"text-align: center\">\n","protected":false},"excerpt":{"rendered":"<p>O Programa de P\u00f3s-Gradua\u00e7\u00e3o\u00a0stricto sensu\u00a0em Ensino (POSENSINO), associa\u00e7\u00e3o UERN, UFERSA e IFRN, assume como compromisso o desenvolvimento da pesquisa te\u00f3rico-pr\u00e1tica nos diversos n\u00edveis, modalidades e \u00e1reas de ensino, dando \u00eanfase no processo ensino-aprendizagem na escola p\u00fablica. Pretende ainda possibilitar uma vis\u00e3o integradora e interdisciplinar da a\u00e7\u00e3o docente, capacitando para a doc\u00eancia e para a pesquisa [&hellip;]<\/p>\n","protected":false},"author":1,"featured_media":361,"parent":0,"menu_order":0,"comment_status":"closed","ping_status":"closed","template":"","meta":{"footnotes":""},"class_list":["post-298","page","type-page","status-publish","has-post-thumbnail","hentry"],"_links":{"self":[{"href":"https:\/\/portal.uern.br\/propeg\/posensino\/wp-json\/wp\/v2\/pages\/298","targetHints":{"allow":["GET"]}}],"collection":[{"href":"https:\/\/portal.uern.br\/propeg\/posensino\/wp-json\/wp\/v2\/pages"}],"about":[{"href":"https:\/\/portal.uern.br\/propeg\/posensino\/wp-json\/wp\/v2\/types\/page"}],"author":[{"embeddable":true,"href":"https:\/\/portal.uern.br\/propeg\/posensino\/wp-json\/wp\/v2\/users\/1"}],"replies":[{"embeddable":true,"href":"https:\/\/portal.uern.br\/propeg\/posensino\/wp-json\/wp\/v2\/comments?post=298"}],"version-history":[{"count":14,"href":"https:\/\/portal.uern.br\/propeg\/posensino\/wp-json\/wp\/v2\/pages\/298\/revisions"}],"predecessor-version":[{"id":1077,"href":"https:\/\/portal.uern.br\/propeg\/posensino\/wp-json\/wp\/v2\/pages\/298\/revisions\/1077"}],"wp:featuredmedia":[{"embeddable":true,"href":"https:\/\/portal.uern.br\/propeg\/posensino\/wp-json\/wp\/v2\/media\/361"}],"wp:attachment":[{"href":"https:\/\/portal.uern.br\/propeg\/posensino\/wp-json\/wp\/v2\/media?parent=298"}],"curies":[{"name":"wp","href":"https:\/\/api.w.org\/{rel}","templated":true}]}}