{"id":349,"date":"2023-02-07T13:14:42","date_gmt":"2023-02-07T16:14:42","guid":{"rendered":"http:\/\/beta.apps.uern.br\/wordpress\/progep\/?page_id=349"},"modified":"2025-03-31T12:04:27","modified_gmt":"2025-03-31T15:04:27","slug":"estagio-probatorio-2","status":"publish","type":"page","link":"https:\/\/portal.uern.br\/progep\/estagio-probatorio-2\/","title":{"rendered":"Est\u00e1gio Probat\u00f3rio"},"content":{"rendered":"<p><strong>EST\u00c1GIO PROBAT\u00d3RIO<\/strong><\/p>\n<p>Compreende o per\u00edodo de\u00a0tr\u00eas anos em que o servidor, nomeado para o exerc\u00edcio de cargo p\u00fablico, tem sua aptid\u00e3o\u00a0 para o desempenho do cargo avaliada, observados os seguintes fatores:<\/p>\n<ul class=\"unIndentedList\">\n<li>Assiduidade;<\/li>\n<li>Pontualidade;<\/li>\n<li>Disciplina;<\/li>\n<li>Capacidade de iniciativa;<\/li>\n<li>Produtividade.<\/li>\n<\/ul>\n<hr \/>\n<h2><span style=\"color: #0000ff\"><strong>T\u00c9CNICOS<\/strong><\/span><\/h2>\n<ul>\n<li><strong>14\/04\/2021 &#8211; Edital 02\/2021 &#8211; CCEPTA<\/strong><\/li>\n<\/ul>\n<p><strong>\u00a0 \u00a0 \u00a0 \u00a0 \u00a0 \u00a0\u00a0<a href=\"https:\/\/www.uern.br\/controledepaginas\/prorhae-colegiados\/arquivos\/0481edital_02.2021_ccepta.pdf\" target=\"_blank\" rel=\"noopener\">ABERTURA<\/a><\/strong><\/p>\n<p><strong>\u00a0 \u00a0 \u00a0 \u00a0 \u00a0 \u00a0<a href=\"https:\/\/www.uern.br\/controledepaginas\/prorhae-colegiados\/arquivos\/0481edital_002_2021_ccepta_divulgaa%E2%80%A1a%C6%92o_ta%E2%80%B0cnico_admitidos_junho_e_julho_2018.pdf\" target=\"_blank\" rel=\"noopener\">\u00a0RESULTADO FINAL<\/a><\/strong><\/p>\n<ul>\n<li><strong>08\/12\/2020 &#8211; Edital 04\/2020 &#8211; CCEPTA<\/strong><\/li>\n<\/ul>\n<p><strong>\u00a0 \u00a0 \u00a0 \u00a0 \u00a0 \u00a0\u00a0<a href=\"https:\/\/www.uern.br\/controledepaginas\/prorhae-colegiados\/arquivos\/0481edital_004_2020_ccepta_abertura.pdf\" target=\"_blank\" rel=\"noopener\">ABERTURA<\/a><\/strong><\/p>\n<ul>\n<li><strong>02\/10\/2020 &#8211; Edital 03\/2020 &#8211; CCEPTA\u00a0<\/strong><strong>\u00a0 \u00a0<a href=\"https:\/\/www.uern.br\/controledepaginas\/prorhae-colegiados\/arquivos\/0481sei_searh_6976348_edital_03.2020_esta%C2%A1gio_probata%C2%B3rio_ta%C2%A9cnicos.pdf\" target=\"_blank\" rel=\"noopener\">ABERTURA<\/a><\/strong>\n<p><strong>\u00a0 \u00a0<a href=\"https:\/\/www.uern.br\/controledepaginas\/prorhae-colegiados\/arquivos\/0481sei_searh_7579888_edital_03.2020_relata%C2%B3rio_final.pdf\" target=\"_blank\" rel=\"noopener\">RESULTADO FINAL<\/a><\/strong><\/li>\n<li><strong>15\/05\/2020 &#8211; Edital 02\/2020 &#8211; CCEPTA<\/strong><\/li>\n<\/ul>\n<p><strong>\u00a0 \u00a0 \u00a0 \u00a0 \u00a0 \u00a0\u00a0<a href=\"https:\/\/www.uern.br\/controledepaginas\/prorhae-colegiados\/arquivos\/0481edital_002_2020_ccepta_resultado_final_ta%E2%80%B0cnico_admitidos_jun_julho_2017.pdf\" target=\"_blank\" rel=\"noopener\">RESULTADO<\/a><\/strong><\/p>\n<ul>\n<li><b>04\/10\/2019 &#8211; Edital 02\/2019 &#8211; CCEPTA &#8211; Avalia\u00e7\u00e3o dos T\u00e9cnicos Administrativos admitidos entre janeiro e fevereiro de 2017<\/b><\/li>\n<\/ul>\n<p><strong>\u00a0 \u00a0 \u00a0 \u00a0 \u00a0 \u00a0\u00a0<a href=\"https:\/\/www.uern.br\/controledepaginas\/prorhae-colegiados\/arquivos\/0481edital_002_2019_ccepta_abertura_do_processo_de_estagio_ta%E2%80%B0cnico_adm__jan_fev_2017.pdf\" target=\"_blank\" rel=\"noopener\">ABERTURA<\/a><\/strong><\/p>\n<p><strong>\u00a0 \u00a0 \u00a0 \u00a0 \u00a0 \u00a0\u00a0<a href=\"https:\/\/www.uern.br\/controledepaginas\/prorhae-colegiados\/arquivos\/0481edital_002_2016_ccepta_divulgaa%E2%80%A1a%C6%92o_ta%E2%80%B0cnico_admitidos_abril_2013.pdf\" target=\"_blank\" rel=\"noopener\">RESULTADO<\/a><\/strong><\/p>\n<ul>\n<li><strong>02\/04\/2019 &#8211; Edital 01\/2019-CCEPTA &#8211;<\/strong>\u00a0<a href=\"https:\/\/www.uern.br\/controledepaginas\/prorhae-colegiados\/arquivos\/0481edital_01.2019_ccepta.pdf\" target=\"_blank\" rel=\"noopener\">Avalia\u00e7\u00e3o de servidores T\u00e9cnicos Administrativos<\/a><\/li>\n<\/ul>\n<p><strong>\u00a0 \u00a0 \u00a0 \u00a0 \u00a0 \u00a0\u00a0<a href=\"https:\/\/www.uern.br\/controledepaginas\/prorhae-colegiados\/arquivos\/0481edital_01.2019_ccepta_ta%C2%A9cnicos_resultado_final.pdf\" target=\"_blank\" rel=\"noopener\">RESULTADO FINAL<\/a><\/strong><\/p>\n<hr \/>\n<h2><span style=\"color: #0000ff\">DOCENTES<\/span><\/h2>\n<ul>\n<li><strong>31\/03\/2025 &#8211; Aviso n\u00ba 23\/2025<\/strong><\/li>\n<\/ul>\n<p><a href=\"https:\/\/portal.uern.br\/progep\/wp-content\/uploads\/2025\/03\/SEI_32800622_Aviso_23.pdf\" target=\"_blank\" rel=\"noopener\"><strong>ABERTURA<\/strong><\/a><\/p>\n<hr \/>\n<ul>\n<li><strong>07\/03\/2024 &#8211; Aviso n\u00ba 05\/2024<\/strong><\/li>\n<\/ul>\n<p><a href=\"https:\/\/portal.uern.br\/progep\/wp-content\/uploads\/2024\/03\/SEI_25218270_Aviso_5.pdf\" target=\"_blank\" rel=\"noopener\"><strong>ABERTURA<\/strong><\/a><\/p>\n<p><a href=\"https:\/\/portal.uern.br\/progep\/wp-content\/uploads\/2024\/04\/SEI_25975825_Relatorio-Final-Est.-Prob-Doc-2024.pdf\" target=\"_blank\" rel=\"noopener\"><strong>RELAT\u00d3RIO FINAL<\/strong><\/a><\/p>\n<hr \/>\n<ul>\n<li><strong>10\/07\/2023 &#8211; Aviso n\u00ba 27\/2023<\/strong><\/li>\n<\/ul>\n<p><a href=\"https:\/\/portal.uern.br\/progep\/wp-content\/uploads\/2024\/03\/SEI_21119676_Aviso_27.pdf\" target=\"_blank\" rel=\"noopener\"><strong>ABERTURA<\/strong><\/a><\/p>\n<p><a href=\"https:\/\/portal.uern.br\/progep\/wp-content\/uploads\/2024\/03\/SEI_21752320_Relatorio-FINAL-2023.pdf\" target=\"_blank\" rel=\"noopener\"><strong>RELAT\u00d3RIO FINAL<\/strong><\/a><\/p>\n<p>&nbsp;<\/p>\n<hr \/>\n<ul>\n<li><strong>18\/02\/2022 &#8211; Edital n\u00ba 01\/2022 &#8211; CCEPD<\/strong><\/li>\n<\/ul>\n<p><strong>\u00a0 \u00a0 \u00a0<a href=\"https:\/\/www.uern.br\/controledepaginas\/prorhae-colegiados\/arquivos\/0481edital_na_01.2022_ccepd.pdf\" target=\"_blank\" rel=\"noopener\">ABERTURA<\/a><\/strong><\/p>\n<p><strong>\u00a0 \u00a0 \u00a0<a href=\"https:\/\/www.uern.br\/controledepaginas\/prorhae-colegiados\/arquivos\/0481sei_searh_13605334_relata%C2%B3rio_final_edital_01.2022.pdf\" target=\"_blank\" rel=\"noopener\">RELAT\u00d3RIO FINAL<\/a><\/strong><\/p>\n<hr \/>\n<ul>\n<li><strong>22\/10\/2021 &#8211; Edital n\u00ba 04\/2021 &#8211; CCEPD<\/strong><\/li>\n<\/ul>\n<p><strong>\u00a0 \u00a0 \u00a0 \u00a0 \u00a0 \u00a0<a href=\"http:\/\/www.uern.br\/controledepaginas\/prorhae-colegiados\/arquivos\/0481sei_searh_11632903_edital_04.2021_ccepd.pdf\" target=\"_blank\" rel=\"noopener\">ABERTURA<\/a><\/strong><\/p>\n<p><strong>\u00a0 \u00a0 \u00a0 \u00a0 \u00a0 \u00a0<a href=\"https:\/\/www.uern.br\/controledepaginas\/prorhae-colegiados\/arquivos\/0481sei_searh_12092043_relata%C2%B3rio_final_edital_04.2021_ccepd.pdf\" target=\"_blank\" rel=\"noopener\">RELAT\u00d3RIO FINAL<\/a><\/strong><\/p>\n<hr \/>\n<ul>\n<li><strong>13\/08\/2021 &#8211; Edital n\u00ba 03\/2021 &#8211; CCEPD<\/strong><\/li>\n<\/ul>\n<p><strong>\u00a0 \u00a0 \u00a0 \u00a0 \u00a0 \u00a0<a href=\"http:\/\/www.uern.br\/controledepaginas\/prorhae-colegiados\/arquivos\/0481sei_searh_10510415_edital_03.2021_ccepd.pdf\" target=\"_blank\" rel=\"noopener\">ABERTURA<\/a><\/strong><\/p>\n<p><strong>\u00a0 \u00a0 \u00a0 \u00a0 \u00a0 \u00a0<a href=\"http:\/\/www.uern.br\/controledepaginas\/prorhae-colegiados\/arquivos\/0481sei_searh_11131490_relata%C2%B3rio_final_03.2021.pdf\" target=\"_blank\" rel=\"noopener\">RELAT\u00d3RIO FINAL<\/a><\/strong><\/p>\n<hr \/>\n<ul>\n<li><strong>16\/04\/2021 &#8211; Edital n\u00ba 02\/2021 &#8211; CCEPD<\/strong><\/li>\n<\/ul>\n<p><strong>\u00a0 \u00a0 \u00a0 \u00a0 \u00a0 \u00a0<a href=\"https:\/\/www.uern.br\/controledepaginas\/prorhae-colegiados\/arquivos\/0481sei_searh_9162728_edital_02.2021_ccepd.pdf\" target=\"_blank\" rel=\"noopener\">ABERTURA<\/a><\/strong><\/p>\n<p><strong>\u00a0 \u00a0 \u00a0 \u00a0 \u00a0 \u00a0<a href=\"https:\/\/www.uern.br\/controledepaginas\/prorhae-colegiados\/arquivos\/0481sei_searh_9703878_edital_02.2021_ccepd_relata%C2%B3rio_final.pdf\" target=\"_blank\" rel=\"noopener\">RELAT\u00d3RIO FINAL<\/a><\/strong><\/p>\n<hr \/>\n<ul>\n<li><strong>19\/02\/2021 &#8211; Edital n\u00ba 01\/2021 &#8211; CCEPD<\/strong><\/li>\n<\/ul>\n<p><strong>\u00a0 \u00a0 \u00a0 \u00a0 \u00a0 \u00a0<a href=\"https:\/\/www.uern.br\/controledepaginas\/prorhae-colegiados\/arquivos\/0481sei_searh_8539951_edital_01.2021_ccepd.pdf\" target=\"_blank\" rel=\"noopener\">ABERTURA<\/a><\/strong><\/p>\n<p><strong>\u00a0 \u00a0 \u00a0 \u00a0 \u00a0 \u00a0<a href=\"https:\/\/www.uern.br\/controledepaginas\/prorhae-colegiados\/arquivos\/0481sei_searh_9005154_relata%C2%B3rio_final_edital_01.2021.pdf\" target=\"_blank\" rel=\"noopener\">RELAT\u00d3RIO FINAL<\/a><\/strong><\/p>\n<hr \/>\n<ul>\n<li><strong>23\/10\/2020 &#8211; Edital n\u00ba 03\/2020<\/strong><\/li>\n<\/ul>\n<p><strong>\u00a0 \u00a0 \u00a0 \u00a0 \u00a0 \u00a0<a href=\"https:\/\/www.uern.br\/controledepaginas\/prorhae-colegiados\/arquivos\/0481sei_searh_7257688_edital_03.2020_ccepd.pdf\" target=\"_blank\" rel=\"noopener\">ABERTURA<\/a><\/strong><\/p>\n<p><strong>\u00a0 \u00a0 \u00a0 \u00a0 \u00a0\u00a0<a href=\"https:\/\/www.uern.br\/controledepaginas\/prorhae-colegiados\/arquivos\/0481sei_searh_7579888_edital_03.2020_relata%C2%B3rio_final.pdf\" target=\"_blank\" rel=\"noopener\">\u00a0RELAT\u00d3RIO FINAL<\/a><\/strong><\/p>\n<hr \/>\n<ul>\n<li><strong>02\/10\/2020 &#8211; Edital n\u00ba 02\/2020 &#8211; CCEPD<\/strong><\/li>\n<\/ul>\n<p><strong>\u00a0 \u00a0 \u00a0 \u00a0 \u00a0 \u00a0<a href=\"https:\/\/www.uern.br\/controledepaginas\/prorhae-colegiados\/arquivos\/0481edital_na_02.2020_ccepd_versa%C2%A3o_final.pdf\" target=\"_blank\" rel=\"noopener\">ABERTURA<\/a><\/strong><\/p>\n<p><strong>\u00a0 \u00a0 \u00a0 \u00a0 \u00a0 \u00a0<a href=\"https:\/\/www.uern.br\/controledepaginas\/prorhae-colegiados\/arquivos\/0481relata%C2%B3rio_final_edital_02.2020.pdf\" target=\"_blank\" rel=\"noopener\">RELAT\u00d3RIO FINAL<\/a><\/strong><\/p>\n<hr \/>\n<ul>\n<li><strong>17\/07\/2020 &#8211; Edital\/01\/2020 &#8211; CCEPD<\/strong><\/li>\n<\/ul>\n<p><strong>\u00a0 \u00a0 \u00a0 \u00a0 \u00a0 \u00a0<a href=\"https:\/\/www.uern.br\/controledepaginas\/prorhae-colegiados\/arquivos\/0481edital_na_01.2020_ccepd.pdf\" target=\"_blank\" rel=\"noopener\">ABERTURA<\/a><\/strong><\/p>\n<p><strong>\u00a0 \u00a0 \u00a0 \u00a0 \u00a0 \u00a0<a href=\"https:\/\/www.uern.br\/controledepaginas\/prorhae-colegiados\/arquivos\/0481edital_na%C2%B0_01.2020_relata%C2%B3rio_final.pdf\" target=\"_blank\" rel=\"noopener\">RELAT\u00d3RIO FINAL<\/a><\/strong><\/p>\n<hr \/>\n<ul>\n<li><strong>14\/11\/2019 &#8211; Edital 02\/2019-CCEPD &#8211;\u00a0Avalia\u00e7\u00e3o dos docentes admitidos em mar\u00e7o de 2017<\/strong><\/li>\n<\/ul>\n<p><strong>\u00a0 \u00a0 \u00a0 \u00a0 \u00a0 \u00a0\u00a0<a href=\"https:\/\/www.uern.br\/controledepaginas\/prorhae-colegiados\/arquivos\/0481edital_na%C2%B0_02.2019_esta%C2%A1gio_probata%C2%B3rio_docente.pdf\" target=\"_blank\" rel=\"noopener\">ABERTURA<\/a><\/strong><\/p>\n<p><strong>\u00a0 \u00a0 \u00a0 \u00a0 \u00a0 \u00a0\u00a0<a href=\"https:\/\/www.uern.br\/controledepaginas\/prorhae-colegiados\/arquivos\/0481edital_n_02_2019_relatorio_final.pdf\" target=\"_blank\" rel=\"noopener\">RELAT\u00d3RIO FINAL<\/a><\/strong><\/p>\n<hr \/>\n<ul>\n<li><strong>04\/10\/2019 &#8211; Edital 01\/2019-CCEPD &#8211; Avalia\u00e7\u00e3o dos docentes admitidos entre janeiro e fevereiro de 2017<\/strong><\/li>\n<\/ul>\n<p><strong>\u00a0 \u00a0 \u00a0 \u00a0 \u00a0 \u00a0\u00a0<a href=\"https:\/\/www.uern.br\/controledepaginas\/prorhae-colegiados\/arquivos\/0481edital_na%C2%B0_01.2019_esta%C2%A1gio_probata%C2%B3rio_docente_corrigido.pdf\" target=\"_blank\" rel=\"noopener\">ABERTURA<\/a><\/strong><\/p>\n<p><strong>\u00a0 \u00a0 \u00a0 \u00a0 \u00a0 \u00a0\u00a0<a href=\"https:\/\/www.uern.br\/controledepaginas\/prorhae-colegiados\/arquivos\/0481errata_ao_edital_na%C2%B0_01.2019_esta%C2%A1gio_probata%C2%B3rio_docente.pdf\" target=\"_blank\" rel=\"noopener\">ERRATA<\/a><\/strong><\/p>\n<p><strong>\u00a0 \u00a0 \u00a0 \u00a0 \u00a0 \u00a0\u00a0<a href=\"https:\/\/www.uern.br\/controledepaginas\/prorhae-colegiados\/arquivos\/0481edital_na%C2%B0_01.2019_relata%C2%B3rio_final.pdf\" target=\"_blank\" rel=\"noopener\">RELAT\u00d3RIO FINAL<\/a><\/strong><\/p>\n<p>&nbsp;<\/p>\n<p>&nbsp;<\/p>\n<hr \/>\n<p><strong>COMISS\u00d5ES:<\/strong><\/p>\n<p><strong>1)\u00a0<\/strong><strong>COMISS\u00c3O DE AVALIA\u00c7\u00c3O DE EST\u00c1GIO PROBAT\u00d3RIO T\u00c9CNICO-ADMINISTRATIVO<\/strong><\/p>\n<p>&nbsp;<\/p>\n<p><strong>2) <\/strong><strong>COMISS\u00c3O CENTRAL DE EST\u00c1GIO PROBAT\u00d3RIO DOCENTE<\/strong><\/p>\n<p class=\"Texto_Alinhado_Esquerda_Espacamento_Simples\">Prof. Lu\u00eds Marcos de Medeiros Guerra \u2013 Progep (Presidente)<\/p>\n<p class=\"Texto_Alinhado_Esquerda_Espacamento_Simples\">Prof. \u00c1lvaro Marcos Pereira de Lima \u2013 Propeg<\/p>\n<p class=\"Texto_Alinhado_Esquerda_Espacamento_Simples\">Prof. Saulo Gomes Batista \u2013 Proex<\/p>\n<p class=\"Texto_Alinhado_Esquerda_Espacamento_Simples\">Prof. Carlos Heitor Pereira Liberalino \u2013 Proeg<\/p>\n<p class=\"Texto_Alinhado_Esquerda_Espacamento_Simples\">Prof. Wendson Dantas de Ara\u00fajo Medeiros \u2013 AAI<\/p>\n<p class=\"Texto_Alinhado_Esquerda_Espacamento_Simples\">Prof. Alysson Mendes de Oliveira &#8211; CPPD<\/p>\n<p>&nbsp;<\/p>\n<hr \/>\n<h3><strong>DOCUMENTOS RELACIONADOS<\/strong><\/h3>\n<p><a href=\"https:\/\/www.uern.br\/controledepaginas\/documentos-legislacao-recursoshumanos\/arquivos\/0068resolucao_cd_estagio_probatorio_docente.pdf\" target=\"_blank\" rel=\"noopener\">Resolu\u00e7\u00e3o n\u00ba 19\/2007 &#8211; CD<\/a>\u00a0&#8211;\u00a0Aprova a regulamenta\u00e7\u00e3o da avalia\u00e7\u00e3o do est\u00e1gio probat\u00f3rio dos servidores docentes da UERN.<\/p>\n<p><a href=\"https:\/\/www.uern.br\/controledepaginas\/prorhae-colegiados\/arquivos\/0481resolua%C2%A7a%C2%A3o_07.2013_cd_normas_p_avaliaa%C2%A7a%C2%A3o_de_est_prob_tecnicos.pdf\" target=\"_blank\" rel=\"noopener\">Resolu\u00e7\u00e3o n\u00ba 07\/2013-CD<\/a>\u00a0&#8211; Aprova a regulamenta\u00e7\u00e3o da avalia\u00e7\u00e3o do est\u00e1gio probat\u00f3rio dos servidores t\u00e9cnico administrativos da FUERN<\/p>\n<p>Formul\u00e1rio do relat\u00f3rio parcial da avali\u00e7\u00e3o do est\u00e1gio probat\u00f3rio docente<\/p>\n<p><a href=\"https:\/\/www.uern.br\/controledepaginas\/prorhae-colegiados\/arquivos\/0481questiona%C2%A1rio_de_avaliaa%C2%A7a%C2%A3o_de_ta%C2%A9cnicos.pdf\" target=\"_blank\" rel=\"noopener\">Formul\u00e1rio do Relat\u00f3rio de Avalia\u00e7\u00e3o do est\u00e1gio probat\u00f3rio dos tecnicos em PDF<\/a><\/p>\n<p><a href=\"https:\/\/www.uern.br\/controledepaginas\/prorhae-colegiados\/arquivos\/0481questiona%C2%A1rio_de_avaliaa%C2%A7a%C2%A3o_de_ta%C2%A9cnicos.zip\" target=\"_blank\" rel=\"noopener\">Formul\u00e1rio do Relat\u00f3rio de Avalia\u00e7\u00e3o do est\u00e1gio probat\u00f3rio dos tecnicos em DOC<\/a><\/p>\n<p><strong>D\u00favidas sobre Est\u00e1gio Probat\u00f3rio ligar (84) 3315-2224 &#8211; assessoria.progep@uern.br<\/strong><\/p>\n","protected":false},"excerpt":{"rendered":"<p>EST\u00c1GIO PROBAT\u00d3RIO Compreende o per\u00edodo de\u00a0tr\u00eas anos em que o servidor, nomeado para o exerc\u00edcio de cargo p\u00fablico, tem sua aptid\u00e3o\u00a0 para o desempenho do cargo avaliada, observados os seguintes fatores: Assiduidade; Pontualidade; Disciplina; Capacidade de iniciativa; Produtividade. T\u00c9CNICOS 14\/04\/2021 &#8211; Edital 02\/2021 &#8211; CCEPTA \u00a0 \u00a0 \u00a0 \u00a0 \u00a0 \u00a0\u00a0ABERTURA \u00a0 \u00a0 \u00a0 \u00a0 [&hellip;]<\/p>\n","protected":false},"author":2,"featured_media":0,"parent":0,"menu_order":0,"comment_status":"closed","ping_status":"closed","template":"","meta":{"footnotes":""},"class_list":["post-349","page","type-page","status-publish","hentry"],"_links":{"self":[{"href":"https:\/\/portal.uern.br\/progep\/wp-json\/wp\/v2\/pages\/349","targetHints":{"allow":["GET"]}}],"collection":[{"href":"https:\/\/portal.uern.br\/progep\/wp-json\/wp\/v2\/pages"}],"about":[{"href":"https:\/\/portal.uern.br\/progep\/wp-json\/wp\/v2\/types\/page"}],"author":[{"embeddable":true,"href":"https:\/\/portal.uern.br\/progep\/wp-json\/wp\/v2\/users\/2"}],"replies":[{"embeddable":true,"href":"https:\/\/portal.uern.br\/progep\/wp-json\/wp\/v2\/comments?post=349"}],"version-history":[{"count":12,"href":"https:\/\/portal.uern.br\/progep\/wp-json\/wp\/v2\/pages\/349\/revisions"}],"predecessor-version":[{"id":2108,"href":"https:\/\/portal.uern.br\/progep\/wp-json\/wp\/v2\/pages\/349\/revisions\/2108"}],"wp:attachment":[{"href":"https:\/\/portal.uern.br\/progep\/wp-json\/wp\/v2\/media?parent=349"}],"curies":[{"name":"wp","href":"https:\/\/api.w.org\/{rel}","templated":true}]}}