{"id":368,"date":"2022-09-29T09:40:34","date_gmt":"2022-09-29T12:40:34","guid":{"rendered":"https:\/\/paisdemossoro.com.br\/wordpress\/proad\/?page_id=368"},"modified":"2023-03-24T09:00:35","modified_gmt":"2023-03-24T12:00:35","slug":"legislacao","status":"publish","type":"page","link":"https:\/\/portal.uern.br\/proad\/legislacao\/","title":{"rendered":"Legisla\u00e7\u00e3o"},"content":{"rendered":"<p><strong>LEGISLA\u00c7\u00d5ES FEDERAIS:<\/strong><\/p>\n<table style=\"height: 1014px\" width=\"784\" cellspacing=\"0\" cellpadding=\"5\">\n<tbody>\n<tr>\n<td bgcolor=\"#ffffff\" width=\"128\">\n<p class=\"western\"><a href=\"http:\/\/www.planalto.gov.br\/ccivil_03\/constituicao\/constitui%C3%A7ao.htm\" target=\"Constitui\u00e7\u00e3o Federal de 1988\" rel=\"noopener\"><span style=\"color: #0048ab\"><span style=\"font-family: Arial, serif\"><span style=\"font-size: small\">Constitui\u00e7\u00e3o Federal<\/span><\/span><\/span><\/a><\/p>\n<\/td>\n<td bgcolor=\"#ffffff\" width=\"313\">&nbsp;<\/p>\n<p class=\"western\"><span style=\"font-family: Arial, serif\"><span style=\"font-size: small\">Constitui\u00e7\u00e3o da Rep\u00fablica Federativa do Brasil &#8211; 1988<\/span><\/span><\/p>\n<p class=\"western\">\n<\/td>\n<\/tr>\n<tr>\n<td bgcolor=\"#ffffff\" width=\"128\">\n<p class=\"western\"><span style=\"color: #0000ff\"><u><a href=\"https:\/\/www.planalto.gov.br\/ccivil_03\/_ato2019-2022\/2021\/lei\/l14133.htm\"><span style=\"color: #0048ab\"><span style=\"font-family: Arial, serif\"><span style=\"font-size: small\">Lei Federal N\u00ba 14.133\/2021<\/span><\/span><\/span><\/a><\/u><\/span><span style=\"color: #0048ab\"><span style=\"font-family: Arial, serif\"><span style=\"font-size: small\"> &#8211; <a href=\"http:\/\/www.planalto.gov.br\/ccivil_03\/Leis\/LCP\/Lcp101.htm\" target=\"Lei 101\/2000 Presid\u00eancia da Rep\u00fablica\/Casa Civil\" rel=\"noopener\">Presid\u00eancia da Rep\u00fablica<\/a><\/span><\/span><\/span><\/p>\n<\/td>\n<td bgcolor=\"#ffffff\" width=\"313\">&nbsp;<\/p>\n<p class=\"western\"><span style=\"font-family: Arial, serif\"><span style=\"font-size: small\">Lei de Licita\u00e7\u00f5es e Contratos Administrativos (obrigat\u00f3ria a partir de 01\/04\/2023)<\/span><\/span><\/p>\n<p class=\"western\">\n<\/td>\n<\/tr>\n<tr>\n<td bgcolor=\"#ffffff\" width=\"128\">\n<p class=\"western\"><a href=\"http:\/\/www.planalto.gov.br\/ccivil_03\/Leis\/LCP\/Lcp101.htm\" target=\"Lei 101\/2000 Presid\u00eancia da Rep\u00fablica\/Casa Civil\" rel=\"noopener\"><span style=\"color: #0048ab\"><span style=\"font-family: Arial, serif\"><span style=\"font-size: small\">LC 101\/2000 &#8211; Presid\u00eancia da Rep\u00fablica\/Casa Civil<\/span><\/span><\/span><\/a><\/p>\n<\/td>\n<td bgcolor=\"#ffffff\" width=\"313\">&nbsp;<\/p>\n<p class=\"western\"><span style=\"font-family: Arial, serif\"><span style=\"font-size: small\">Estabelece normas de finan\u00e7as p\u00fablicas voltadas para a responsabilidade na gest\u00e3o fiscal e d\u00e1 outras provid\u00eancias.<\/span><\/span><\/p>\n<p class=\"western\">\n<\/td>\n<\/tr>\n<tr>\n<td colspan=\"2\" bgcolor=\"#ffffff\" width=\"451\">\n<p align=\"center\">\n<p class=\"western\" style=\"text-align: justify\" align=\"center\"><strong>LEGISLA\u00c7\u00d5ES FEDERAIS ANTIGAS:<\/strong><\/p>\n<\/td>\n<\/tr>\n<tr>\n<td bgcolor=\"#ffffff\" width=\"128\">\n<p class=\"western\"><a href=\"http:\/\/www.planalto.gov.br\/ccivil_03\/decreto\/D3555.htm\" target=\"Decreto 3.555\/2000 Preg\u00e3o\" rel=\"noopener\"><span style=\"color: #0048ab\"><span style=\"font-family: Arial, serif\"><span style=\"font-size: small\">Dec.N\u00ba 3.555\/00 &#8211; Presid\u00eancia da Rep\u00fablica\/Casa Civil<\/span><\/span><\/span><\/a><\/p>\n<\/td>\n<td bgcolor=\"#ffffff\" width=\"313\">&nbsp;<\/p>\n<p class=\"western\"><span style=\"font-family: Arial, serif\"><span style=\"font-size: small\">Aprova o Regulamento para a modalidade de licita\u00e7\u00e3o denominada preg\u00e3o, para aquisi\u00e7\u00e3o de bens e servi\u00e7os comuns.<\/span><\/span><\/p>\n<p class=\"western\">\n<\/td>\n<\/tr>\n<tr>\n<td bgcolor=\"#ffffff\" width=\"128\">\n<p class=\"western\"><a href=\"http:\/\/www.planalto.gov.br\/ccivil_03\/Leis\/L8666cons.htm\" target=\"lei 8.666\/93 Presid\u00eancia da Rep\u00fablica \/ licita\u00e7\u00f5es\" rel=\"noopener\"><span style=\"color: #0048ab\"><span style=\"font-family: Arial, serif\"><span style=\"font-size: small\">Lei N\u00ba 8.666\/93 &#8211; Presid\u00eancia da Rep\u00fablica\/Casa Civil<\/span><\/span><\/span><\/a><\/p>\n<\/td>\n<td bgcolor=\"#ffffff\" width=\"313\">&nbsp;<\/p>\n<p class=\"western\"><span style=\"font-family: Arial, serif\"><span style=\"font-size: small\">Regulamenta o art. 37, inciso XXI, da Constitui\u00e7\u00e3o Federal, institui normas para licita\u00e7\u00f5es e contratos da Administra\u00e7\u00e3o P\u00fablica e d\u00e1 outras provid\u00eancias (revogada a partir de 31\/03\/23).<\/span><\/span><\/p>\n<p class=\"western\">\n<\/td>\n<\/tr>\n<tr>\n<td bgcolor=\"#ffffff\" width=\"128\">\n<p class=\"western\"><a href=\"http:\/\/www.planalto.gov.br\/ccivil_03\/Leis\/2002\/L10520.htm\" target=\"lei 10.520\/2002 Presid\u00eancia da Rep\u00fablica\" rel=\"noopener\"><span style=\"color: #0048ab\"><span style=\"font-family: Arial, serif\"><span style=\"font-size: small\">Lei N\u00ba 10.520\/02 &#8211; Presid\u00eancia da Rep\u00fablica\/Casa Civil<\/span><\/span><\/span><\/a><\/p>\n<\/td>\n<td bgcolor=\"#ffffff\" width=\"313\">&nbsp;<\/p>\n<p class=\"western\"><span style=\"font-family: Arial, serif\"><span style=\"font-size: small\">Institui, no \u00e2mbito da Uni\u00e3o, Estados, Distrito Federal e Munic\u00edpios, nos termos do art. 37, inciso XXI, da Constitui\u00e7\u00e3o Federal, modalidade de licita\u00e7\u00e3o denominada preg\u00e3o, para aquisi\u00e7\u00e3o de bens e servi\u00e7os comuns, e d\u00e1 outras provid\u00eancias.<\/span><\/span><\/p>\n<p class=\"western\">\n<\/td>\n<\/tr>\n<\/tbody>\n<\/table>\n<p>&nbsp;<\/p>\n<p class=\"western\"><strong>LEGISLA\u00c7\u00d5ES ESTADUAIS:<\/strong><\/p>\n<table style=\"height: 962px\" width=\"789\" cellspacing=\"0\" cellpadding=\"5\">\n<tbody>\n<tr>\n<td bgcolor=\"#ffffff\" width=\"97\">\n<p class=\"western\"><a href=\"http:\/\/www.gabinetecivil.rn.gov.br\/constituicaoatualizada\/originalconstituicaoestadual.pdf\" target=\"Constitui\u00e7\u00e3o do Estado do RN\" rel=\"noopener\"><span style=\"color: #0048ab\"><span style=\"font-family: Arial, serif\"><span style=\"font-size: small\">Constitui\u00e7\u00e3o Estadual<\/span><\/span><\/span><\/a><\/p>\n<\/td>\n<td bgcolor=\"#ffffff\" width=\"350\">&nbsp;<\/p>\n<p class=\"western\"><span style=\"font-family: Arial, serif\"><span style=\"font-size: small\">Constitui\u00e7\u00e3o do Estado do Rio Grande do Norte<\/span><\/span><\/p>\n<p class=\"western\">\n<\/td>\n<\/tr>\n<tr>\n<td bgcolor=\"#ffffff\" width=\"97\">\n<p class=\"western\"><a href=\"http:\/\/200.217.213.202\/dei\/dorn\/docview.aspx?id_jor=00000001&amp;data=20110129&amp;id_doc=328465\" target=\"Decreto 22.150\/2011\" rel=\"noopener\"><span style=\"color: #0048ab\"><span style=\"font-family: Arial, serif\"><span style=\"font-size: small\">Dec.22.150\/11<\/span><\/span><\/span><\/a><\/p>\n<\/td>\n<td bgcolor=\"#ffffff\" width=\"350\">&nbsp;<\/p>\n<p class=\"western\"><span style=\"font-family: Arial, serif\"><span style=\"font-size: small\">Altera o Regulamento da Lei n\u00ba 9.276, de 28 de dezembro de 2009, que autoriza o Poder Executivo a conceder parcelamento de d\u00e9bitos fiscais relacionados com ICM e o ICMS e d\u00e1 outras provid\u00eancias, aprovado pelo Decreto n\u00ba 21.512, de 30 de dezembro de 2009<\/span><\/span><\/p>\n<p class=\"western\">\n<\/td>\n<\/tr>\n<tr>\n<td bgcolor=\"#ffffff\" width=\"97\">\n<p class=\"western\"><a href=\"https:\/\/www.uern.br\/professor\/professor.asp?p=osimargomes&amp;busca=JOS%C9%20Osimar%20gOmes\" target=\"Decreto 22.149\/2011\" rel=\"noopener\"><span style=\"color: #0048ab\"><span style=\"font-family: Arial, serif\"><span style=\"font-size: small\">Dec.22.149\/11<\/span><\/span><\/span><\/a><\/p>\n<\/td>\n<td bgcolor=\"#ffffff\" width=\"350\">&nbsp;<\/p>\n<p class=\"western\"><span style=\"font-family: Arial, serif\"><span style=\"font-size: small\">Prorroga o prazo previsto no Decreto n\u00ba 22.143, de 04 de janeiro de 2011.<\/span><\/span><\/p>\n<p class=\"western\">\n<\/td>\n<\/tr>\n<tr>\n<td bgcolor=\"#ffffff\" width=\"97\">\n<p class=\"western\"><a href=\"https:\/\/www.uern.br\/controledepaginas\/proplan-legislacao\/arquivos\/0539decreto_22141_2011__determina_suspensacao_de_despesas_pagamento.pdf\" target=\"DECRETO 22.141\/2011\" rel=\"noopener\"><span style=\"color: #0048ab\"><span style=\"font-family: Arial, serif\"><span style=\"font-size: small\">Dec.22.141\/11<\/span><\/span><\/span><\/a><\/p>\n<\/td>\n<td bgcolor=\"#ffffff\" width=\"350\">\n<p class=\"western\">\n<p class=\"western\"><span style=\"font-family: Arial, serif\"><span style=\"font-size: small\">Determina, emergencialmente, provid\u00eancias para conten\u00e7\u00e3o de despesas, estabelece normase diretrizes administrativas para toda a Administra\u00e7\u00e3o P\u00fablica do Rio Grande do Norte, e d\u00e1 outras provid\u00eancias.\u00a0<\/span><\/span><\/p>\n<p class=\"western\">\n<\/td>\n<\/tr>\n<tr>\n<td bgcolor=\"#ffffff\" width=\"97\">\n<p class=\"western\"><a href=\"https:\/\/www.uern.br\/controledepaginas\/proplan-legislacao\/arquivos\/0539decreto_21626_2010_dispoe_sobre_a_concessao_de_diarias_no_estado.pdf\" target=\"DECRETO 21.626\/2010\" rel=\"noopener\"><span style=\"color: #0048ab\"><span style=\"font-family: Arial, serif\"><span style=\"font-size: small\">Dec.21.626\/10<\/span><\/span><\/span><\/a><\/p>\n<\/td>\n<td bgcolor=\"#ffffff\" width=\"350\">&nbsp;<\/p>\n<p class=\"western\"><span style=\"font-family: Arial, serif\"><span style=\"font-size: small\">Disp\u00f5e sobre a concess\u00e3o de di\u00e1rias na<br \/>\nadministra\u00e7\u00e3o estadual direta, aut\u00e1rquica e<br \/>\nfundacional, e d\u00e1 outras provid\u00eancias.<\/span><\/span><\/p>\n<p class=\"western\">\n<\/td>\n<\/tr>\n<\/tbody>\n<\/table>\n<p class=\"western\">\n<p>&nbsp;<\/p>\n","protected":false},"excerpt":{"rendered":"<p>LEGISLA\u00c7\u00d5ES FEDERAIS: Constitui\u00e7\u00e3o Federal &nbsp; Constitui\u00e7\u00e3o da Rep\u00fablica Federativa do Brasil &#8211; 1988 Lei Federal N\u00ba 14.133\/2021 &#8211; Presid\u00eancia da Rep\u00fablica &nbsp; Lei de Licita\u00e7\u00f5es e Contratos Administrativos (obrigat\u00f3ria a partir de 01\/04\/2023) LC 101\/2000 &#8211; Presid\u00eancia da Rep\u00fablica\/Casa Civil &nbsp; Estabelece normas de finan\u00e7as p\u00fablicas voltadas para a responsabilidade na gest\u00e3o fiscal e d\u00e1 [&hellip;]<\/p>\n","protected":false},"author":1,"featured_media":0,"parent":0,"menu_order":0,"comment_status":"closed","ping_status":"closed","template":"","meta":{"footnotes":""},"class_list":["post-368","page","type-page","status-publish","hentry"],"_links":{"self":[{"href":"https:\/\/portal.uern.br\/proad\/wp-json\/wp\/v2\/pages\/368","targetHints":{"allow":["GET"]}}],"collection":[{"href":"https:\/\/portal.uern.br\/proad\/wp-json\/wp\/v2\/pages"}],"about":[{"href":"https:\/\/portal.uern.br\/proad\/wp-json\/wp\/v2\/types\/page"}],"author":[{"embeddable":true,"href":"https:\/\/portal.uern.br\/proad\/wp-json\/wp\/v2\/users\/1"}],"replies":[{"embeddable":true,"href":"https:\/\/portal.uern.br\/proad\/wp-json\/wp\/v2\/comments?post=368"}],"version-history":[{"count":3,"href":"https:\/\/portal.uern.br\/proad\/wp-json\/wp\/v2\/pages\/368\/revisions"}],"predecessor-version":[{"id":971,"href":"https:\/\/portal.uern.br\/proad\/wp-json\/wp\/v2\/pages\/368\/revisions\/971"}],"wp:attachment":[{"href":"https:\/\/portal.uern.br\/proad\/wp-json\/wp\/v2\/media?parent=368"}],"curies":[{"name":"wp","href":"https:\/\/api.w.org\/{rel}","templated":true}]}}