{"id":956,"date":"2023-10-26T09:48:15","date_gmt":"2023-10-26T12:48:15","guid":{"rendered":"https:\/\/portal.uern.br\/paudosferros\/dlv\/?page_id=956"},"modified":"2024-11-07T07:56:51","modified_gmt":"2024-11-07T10:56:51","slug":"corpo-docente-letras-libras","status":"publish","type":"page","link":"https:\/\/portal.uern.br\/paudosferros\/dlv\/corpo-docente-letras-libras\/","title":{"rendered":"Coordena\u00e7\u00e3o, Corpo Docente e T\u00e9cnico Administrativo-Letras Libras"},"content":{"rendered":"<table style=\"border-collapse: collapse;width: 100%;height: 137px\">\n<tbody>\n<tr style=\"height: 145px\">\n<td style=\"width: 14.3059%;height: 137px;text-align: justify\"><img decoding=\"async\" class=\"alignnone wp-image-1073\" src=\"https:\/\/portal.uern.br\/paudosferros\/dlv\/wp-content\/uploads\/sites\/12\/2023\/11\/Sec-2.png\" alt=\"\" width=\"143\" height=\"141\" \/><\/td>\n<td style=\"width: 85.6941%;height: 137px;text-align: justify\">\n<p style=\"text-align: center\"><strong>Diretor da Diretoria de Educa\u00e7\u00e3o a Dist\u00e2ncia (DEaD)<\/strong><\/p>\n<p style=\"text-align: justify\"><span style=\"font-size: 10pt\"><strong><a href=\"http:\/\/lattes.cnpq.br\/6979964853461193\" target=\"_blank\" rel=\"noopener\">Giann Mendes Ribeiro<\/a> &#8211;\u00a0<\/strong>Doutorado em Educa\u00e7\u00e3o Musical pela Universidade Federal do Rio Grande do Sul. Professor Artes\/M\u00fasica do IFRN. Professor Adjunto IV da UERN. Mestre em etnomusicologia pela Universidade Federal da Para\u00edba, especialista em Metodologia do ensino de Artes pela Universidade Estadual do Cear\u00e1 (2002). Possui gradua\u00e7\u00e3o em Licenciatura Plena em M\u00fasica pela UECE (1999). Tem experi\u00eancia em ensino de m\u00fasica, com \u00eanfase em Educa\u00e7\u00e3o Musical, Ensino Coletivo de instrumento, Educa\u00e7\u00e3o Musical a Dist\u00e2ncia e Tecnologias em Educa\u00e7\u00e3o Musical. \u00c9 docente permanente do Programa de P\u00f3s-Gradua\u00e7\u00e3o em Ensino em associa\u00e7\u00e3o ampla entre a UERN\/UFERSA\/IFRN, bem como do Programa da P\u00f3s-Gradua\u00e7\u00e3o em Educa\u00e7\u00e3o Profissional e Tecnol\u00f3gica (PROFEPT). No segundo semestre de 2014, o professor Giann Ribeiro desenvolveu um projeto de pesquisa em Desenvolvimento de Tecnologias Inovativas em Educa\u00e7\u00e3o Musical com bolsa de desenvolvimento tecnol\u00f3gico e inova\u00e7\u00e3o SETEC\/ MEC e CNPq na Universidade de Ci\u00eancias Aplicadas de Tampere\/Finl\u00e2ndia. Atualmente \u00e9 o Diretor da Diretoria de Educa\u00e7\u00e3o a Dist\u00e2ncia (DEaD\/UERN) e coordenador UAB\/UERN.<\/span><\/p>\n<\/td>\n<\/tr>\n<\/tbody>\n<\/table>\n<table style=\"border-collapse: collapse;width: 100%;height: 145px\">\n<tbody>\n<tr style=\"height: 145px\">\n<td style=\"width: 14.3059%;height: 145px;text-align: justify\"><img decoding=\"async\" class=\"alignnone wp-image-1074\" src=\"https:\/\/portal.uern.br\/paudosferros\/dlv\/wp-content\/uploads\/sites\/12\/2023\/11\/Sec-3.png\" alt=\"\" width=\"138\" height=\"139\" \/><\/td>\n<td style=\"width: 85.6941%;height: 145px;text-align: justify\">\n<p style=\"text-align: center\"><strong>Chefe do Departamento de Letras Vern\u00e1culas (DLV\/CAPF)<\/strong><\/p>\n<p style=\"text-align: justify\"><span style=\"font-size: 10pt\"><strong><a href=\"http:\/\/lattes.cnpq.br\/8424257057202983\" target=\"_blank\" rel=\"noopener\">Maria Edneide Ferreira de Carvalho<\/a> &#8211;\u00a0<\/strong>Doutora em Letras pelo Programa de P\u00f3s-Gradua\u00e7\u00e3o em Letras da Universidade do Estado do Rio Grande do Norte (2007). Possui Mestrado em Letras pela Universidade do Estado do Rio Grande do Norte (2010); Especializa\u00e7\u00e3o em Literatura Infanto-Juvenil e Gradua\u00e7\u00e3o em Letras por essa mesma Universidade.\u00c9 membro do Grupo de Pesquisa em Literaturas de L\u00edngua Portuguesa (GPORT), vinculado \u00e0 UERN e, \u00e9, ainda, docente do quadro efetivo do Departamento de Letras Vern\u00e1culas, do Campus Avan\u00e7ado da UERN de Pau dos Ferros. Tem experi\u00eancia na \u00e1rea de L\u00edngua Portuguesa e Ensino, atuando principalmente nos seguintes temas: Literatura Oral, Literatura de cordel, Identidades \u00e9tnico-raciais, Cultura popular e ensino, literatura e ensino, metodologia da pesquisa cient\u00edfica<\/span><\/p>\n<\/td>\n<\/tr>\n<\/tbody>\n<\/table>\n<table style=\"border-collapse: collapse;width: 100%;height: 103px\">\n<tbody>\n<tr style=\"height: 145px\">\n<td style=\"width: 14.3059%;height: 103px;text-align: justify\"><img decoding=\"async\" class=\"alignnone wp-image-1070\" src=\"https:\/\/portal.uern.br\/paudosferros\/dlv\/wp-content\/uploads\/sites\/12\/2023\/11\/Sec.png\" alt=\"\" width=\"142\" height=\"150\" \/><\/td>\n<td style=\"width: 85.6941%;height: 103px;text-align: justify\">\n<p style=\"text-align: center\"><span style=\"font-size: 10pt\"><strong>Coordena\u00e7\u00e3o do curso<\/strong><\/span><\/p>\n<p><span style=\"font-size: 10pt\"><strong><a href=\"http:\/\/lattes.cnpq.br\/6855915566903853\" target=\"_blank\" rel=\"noopener\">Secleide Alves da Silva<\/a> &#8211; <\/strong>Possui gradua\u00e7\u00e3o em Letras pela Universidade do Estado do Rio Grande do Norte (2006), especializa\u00e7\u00e3o em Leitura e Produ\u00e7\u00e3o Textual por esta mesma institui\u00e7\u00e3o; e mestrado em Letras pela Universidade do Estado do Rio Grande do Norte (2012). Atualmente \u00e9 professora efetiva da Universidade do Estado do Rio Grande do Norte e Coordena o Curso de Licenciatura em Letras Libras na modalidade a dist\u00e2ncia, tamb\u00e9m na UERN. Tem experi\u00eancia na \u00e1rea de Letras, com \u00eanfase em Lingu\u00edstica e L\u00edngua Portuguesa, atuando principalmente nos seguintes temas: Gram\u00e1tica, Produ\u00e7\u00e3o Textual, intertextualidade, an\u00e1lise do discurso<\/span><\/td>\n<\/tr>\n<\/tbody>\n<\/table>\n<table style=\"border-collapse: collapse;width: 100%;height: 145px\">\n<tbody>\n<tr style=\"height: 145px\">\n<td style=\"width: 14.3059%;height: 145px;text-align: justify\"><\/td>\n<td style=\"width: 85.6941%;height: 145px;text-align: justify\">\n<p style=\"text-align: center\"><span style=\"font-size: 10pt\"><strong>T\u00e9cnico Administrativo<\/strong><\/span><\/p>\n<p style=\"text-align: justify\">\n<\/td>\n<\/tr>\n<\/tbody>\n<\/table>\n<p><span class=\"fontstyle0\">O N\u00facleo Docente Estruturante do curso de Letras \u2013 Libras, do\u00a0<\/span><span class=\"fontstyle2\">Campus\u00a0<\/span><span class=\"fontstyle0\">Avan\u00e7ado de Pau dos<br \/>\nFerros (CAPF\/UERN), permanece inalterado, conforme designa\u00e7\u00e3o feita pela\u00a0<a href=\"https:\/\/portal.uern.br\/paudosferros\/dlv\/wp-content\/uploads\/sites\/12\/2023\/05\/NDE-PORTUGUES-NDE-LIBRAS-SEI_SEARH-19903515-Portaria.pdf\">PORTARIA-SEI N\u00ba 202, DE 28<\/a><br \/>\nDE ABRIL DE 2023.<\/span><\/p>\n<p style=\"text-align: left\"><span style=\"color: #0000ff\"><strong><span class=\"fontstyle0\">NDE \u2013 Curso de Letras Libras<\/span><\/strong><\/span><\/p>\n<p><span class=\"fontstyle2\">Mauro Silvano Medeiros Pereira \u2013 coordenador;<br \/>\nSecleide Alves da Silva;<br \/>\nVictor Lopes Bezerra;<br \/>\nMaria Edneide Ferreira de Carvalho.<\/span><\/p>\n<p style=\"text-align: center\"><span style=\"color: #0000ff\"><strong>Corpo docente atual &#8211; Semestre 2024.2<\/strong><\/span><\/p>\n<p style=\"text-align: center\"><span style=\"color: #0000ff\"><strong>(2\u00ba Per\u00edodo &#8211; Turma 02)<\/strong><\/span><\/p>\n<table style=\"border-collapse: collapse;width: 100%;height: 192px\">\n<tbody>\n<tr style=\"height: 24px\">\n<td style=\"width: 29.2257%;text-align: center;height: 24px\"><strong>Docentes<\/strong><\/td>\n<td style=\"width: 70.7743%;text-align: center;height: 24px\"><strong>Disciplinas<\/strong><\/td>\n<\/tr>\n<tr style=\"height: 24px\">\n<td style=\"width: 29.2257%;height: 24px\">Ana Elilia Trigueiro Barros Cavalcanti<\/td>\n<td style=\"width: 70.7743%;height: 24px\">Libras Estudos Intermedi\u00e1rios I &#8211; 60h<\/td>\n<\/tr>\n<tr style=\"height: 24px\">\n<td style=\"width: 29.2257%;height: 24px\">Ant\u00f4nio Carlos Cardoso<\/td>\n<td style=\"width: 70.7743%;height: 24px\">Escrita de Sinais I &#8211; 75h<\/td>\n<\/tr>\n<tr style=\"height: 24px\">\n<td style=\"width: 29.2257%;height: 24px\">Rafaela de Medeiros Alves Korossy<\/td>\n<td style=\"width: 70.7743%;height: 24px\">Estudos Surdos I &#8211; 60h<\/td>\n<\/tr>\n<tr style=\"height: 24px\">\n<td style=\"width: 29.2257%;height: 24px\">Janaina Silva Alves<\/td>\n<td style=\"width: 70.7743%;height: 24px\">Lingu\u00edstica I &#8211; 60h<\/td>\n<\/tr>\n<tr style=\"height: 24px\">\n<td style=\"width: 29.2257%;height: 24px\">Jos\u00e9 Max Santana<\/td>\n<td style=\"width: 70.7743%;height: 24px\">Portugu\u00eas II &#8211; 60h<\/td>\n<\/tr>\n<tr style=\"height: 24px\">\n<td style=\"width: 29.2257%;height: 24px\">Michel de Lucena Costa &#8211; Ouvinte<\/td>\n<td style=\"width: 70.7743%;height: 24px\">Teoria da Literatura I &#8211; 60h<\/td>\n<\/tr>\n<tr style=\"height: 24px\">\n<td style=\"width: 29.2257%;height: 24px\">Dem\u00f3stenes Dantas Vieira<\/td>\n<td style=\"width: 70.7743%;height: 24px\">UCE I &#8211; 120h<\/td>\n<\/tr>\n<\/tbody>\n<\/table>\n<p style=\"text-align: center\"><span style=\"color: #0000ff\"><strong>(8\u00ba Per\u00edodo &#8211; Turma 01)<\/strong><\/span><\/p>\n<table style=\"border-collapse: collapse;width: 100%;height: 120px\">\n<tbody>\n<tr style=\"height: 24px\">\n<td style=\"width: 29.4145%;height: 24px\">Janaina Silva Alves<\/td>\n<td style=\"width: 70.5855%;height: 24px\">Teoria e Pr\u00e1tica de Leitura &#8211; 30h (optativa)<\/td>\n<\/tr>\n<tr style=\"height: 24px\">\n<td style=\"width: 29.4145%;height: 24px\">Ruan Sousa Diniz<\/td>\n<td style=\"width: 70.5855%;height: 24px\"><span style=\"color: #333333\">TCC II (LIBRAS) &#8211; 120h<\/span><\/td>\n<\/tr>\n<tr style=\"height: 24px\">\n<td style=\"width: 29.4145%;height: 24px\">Maria Tha\u00eds De Oliveira Batista<\/td>\n<td style=\"width: 70.5855%;height: 24px\">Educa\u00e7\u00e3o Especial e Inclus\u00e3o &#8211; 30h<\/td>\n<\/tr>\n<tr style=\"height: 24px\">\n<td style=\"width: 29.4145%;height: 24px\">Renata de Arruda C\u00e2mara Silva<\/td>\n<td style=\"width: 70.5855%;height: 24px\">Est\u00e1gio Supervisionado em Libras como L2 II &#8211; 120h<\/td>\n<\/tr>\n<\/tbody>\n<\/table>\n<hr \/>\n<p style=\"text-align: center\"><strong>Demais docentes que atuam\/atuaram no curso<\/strong><\/p>\n<table style=\"border-collapse: collapse;width: 100%;height: 145px\">\n<tbody>\n<tr style=\"height: 145px\">\n<td style=\"width: 14.3059%;height: 145px\"><strong style=\"text-align: justify\"><a href=\"http:\/\/lattes.cnpq.br\/7245449127653209\" target=\"_blank\" rel=\"noopener\"><img loading=\"lazy\" decoding=\"async\" class=\"size-full wp-image-1019 alignnone\" src=\"https:\/\/portal.uern.br\/paudosferros\/dlv\/wp-content\/uploads\/sites\/12\/2023\/11\/Amon.png\" alt=\"\" width=\"116\" height=\"156\" \/><\/a><\/strong><\/td>\n<td style=\"width: 85.6941%;height: 145px;text-align: justify\"><span style=\"font-size: 10pt\"><strong><a href=\"http:\/\/lattes.cnpq.br\/7245449127653209\" target=\"_blank\" rel=\"noopener\">Amon Evangelista dos Anjos Paiva<\/a>\u00a0&#8211;\u00a0<\/strong>Possui gradua\u00e7\u00e3o em Educa\u00e7\u00e3o F\u00edsica &#8211; Bacharelado pela Universidade Potiguar &#8211; UnP e graduado em Letras Libras &#8211; Licenciatura pela Universidade Federal da Para\u00edba &#8211; UFPB. Especialista em Libras pela Sociedade Educacional de Santa Catarina &#8211; SOCIESC e especializando em Prescri\u00e7\u00e3o Aplicada ao Exerc\u00edcio F\u00edsico pela Universidade Potiguar &#8211; UnP e Mestrando em Educa\u00e7\u00e3o pela Universidade Estadual do Rio Grande do Norte &#8211; UERN. Atualmente \u00e9 professor da Universidade Federal do Rio Grande do Norte. Tem experi\u00eancia na \u00e0rea de Letras e Sa\u00fade, atuando principalmente nos seguintes temas: sa\u00fade, surdo, qualidade de vida, escola, bil\u00edngue, libras.<\/span><\/td>\n<\/tr>\n<\/tbody>\n<\/table>\n<table style=\"border-collapse: collapse;width: 100%;height: 145px\">\n<tbody>\n<tr style=\"height: 145px\">\n<td style=\"width: 14.3059%;height: 145px\"><img loading=\"lazy\" decoding=\"async\" class=\"alignnone wp-image-1027\" src=\"https:\/\/portal.uern.br\/paudosferros\/dlv\/wp-content\/uploads\/sites\/12\/2023\/11\/Amon-2.png\" alt=\"\" width=\"134\" height=\"165\" \/><\/td>\n<td style=\"width: 85.6941%;height: 145px;text-align: justify\"><span style=\"font-size: 10pt\"><strong><a href=\"http:\/\/lattes.cnpq.br\/0484766599685049\" target=\"_blank\" rel=\"noopener\">Alexandro Teixeira Gomes<\/a>\u00a0<\/strong>&#8211;\u00a0Possui Licenciatura em Letras Portugu\u00eas \/ Espanhol e Literaturas (2003) e Mestrado em Lingu\u00edstica (2006), ambos pela Universidade Federal do Cear\u00e1 e Doutorado em Estudos da Linguagem (2014) pela Universidade Federal do Rio Grande do Norte, com doutorado sandu\u00edche na Universidade de Barcelona-Espanha. Atuou como docente efetivo da disciplina de L\u00edngua Espanhola na Secretaria de Educa\u00e7\u00e3o do Estado do Cear\u00e1, na Universidade do Estado do Rio Grande do Norte e na Universidade Federal do Piaui, al\u00e9m de docente provis\u00f3rio na Universidade Federal do Cear\u00e1. Atualmente \u00e9 Professor Associado I da Universidade Federal do Rio Grande do Norte e Diretor da Faculdade de Engenharia, Letras e Ci\u00eancias Sociais do Serid\u00f3 &#8211; FELCS. \u00c9 membro do Grupo de Pesquisa em An\u00e1lise Textual dos Discursos &#8211; PPGEL &#8211; UFRN e fundador e l\u00edder do Grupo de Pesquisa Laborat\u00f3rio de Estudos Lingu\u00edsticos &#8211; LABLING &#8211; FELCS &#8211; UFRN. \u00c9 membro do corpo docente do Mestrado Profissional em Letras &#8211; PROFLETRAS. Tamb\u00e9m \u00e9 membro da Associa\u00e7\u00e3o Nacional de P\u00f3s-Gradua\u00e7\u00e3o e Pesquisa em Letras e Lingu\u00edstica &#8211; ANPOLL, da Rede Internacional de Pesquisa em Argumenta\u00e7\u00e3o &#8211; REDIPAr, da Associa\u00e7\u00e3o de Lingu\u00edstica e Filologia da Am\u00e9rica Latina &#8211; ALFAL, da Associa\u00e7\u00e3o Latino-americana de Estudos do Discurso &#8211; ALED. Foi vice-diretor do Centro de Ensino Superior do Serid\u00f3 &#8211; CERES\/UFRN de 2015 a 2020 e Presidente da Associa\u00e7\u00e3o de Professores e Estudantes de L\u00edngua Espanhola do Rio Grande do Norte APELLE-RN de 2020 a 2022. Tem experi\u00eancia na \u00e1rea de Lingu\u00edstica e desenvolve pesquisas, sobretudo, em Lingu\u00edstica Aplicada, Lingu\u00edstica de Texto, Lingu\u00edstica da Enuncia\u00e7\u00e3o. Lingu\u00edstica Forense e Ensino de Espanhol como L\u00edngua Estrangeira. As \u00faltimas pesquisas t\u00eam-se focado em An\u00e1lise Textual dos Discursos, Responsabilidade Enunciativa, Quadro Mediativo, Discurso Jur\u00eddico, Ensino de Espanhol como L\u00edngua Estrangeira e Espanhol como Discurso Especializado.<\/span><\/td>\n<\/tr>\n<\/tbody>\n<\/table>\n<table style=\"border-collapse: collapse;width: 100%;height: 145px\">\n<tbody>\n<tr style=\"height: 145px\">\n<td style=\"width: 14.3059%;height: 145px\"><img loading=\"lazy\" decoding=\"async\" class=\"alignnone wp-image-1028\" src=\"https:\/\/portal.uern.br\/paudosferros\/dlv\/wp-content\/uploads\/sites\/12\/2023\/11\/Amon-3.png\" alt=\"\" width=\"131\" height=\"140\" \/><\/td>\n<td style=\"width: 85.6941%;height: 145px;text-align: justify\"><span style=\"font-size: 10pt\"><strong><a href=\"http:\/\/lattes.cnpq.br\/4044358356461443\" target=\"_blank\" rel=\"noopener\">Ana Elilia Trigueiro Barros Cavalcanti<\/a><\/strong>\u00a0&#8211; Possui graduada do curso de Ci\u00eancias Cont\u00e1beis pela UNIPEC\/RN, do curso em Educa\u00e7\u00e3o F\u00edsica Bacharelado pela UnP\/RN, Especialista em Libras: Doc\u00eancia, Tradu\u00e7\u00e3o Interpreta\u00e7\u00e3o e Profici\u00eancia pela FATERN\/EST\u00c1CIO &#8211; RN, Graduada em Licenciatura em Letras Libras &#8211; UFPB; Curso de Forma\u00e7\u00e3o de Instrutores de LIBRAS EAD &#8211; PROEX-UFSC. Possui Curso de L\u00edngua Brasileira de Sinais &#8211; LIBRAS pela ASNAT (Associa\u00e7\u00e3o de Surdos de Natal). Atou de Instrutora de Libras no SENAC RN, PRONATEC na Escola de Enfermagem da UFRN. Possui interesse em \u00e1reas relacionadas a LIBRAS. Atualmente como professora da disciplina de L\u00edngua Brasileira de Sinais &#8211; Libras do Departamento de Letras Vern\u00e1culas da Universidade do Estado do Rio Grande do Norte &#8211; UERN (Sediado em Mossor\u00f3\/RN) e Atualmente como professora formadora de DEAD\/CAPES\/UERN.<\/span><\/td>\n<\/tr>\n<\/tbody>\n<\/table>\n<table style=\"border-collapse: collapse;width: 100%;height: 145px\">\n<tbody>\n<tr style=\"height: 145px\">\n<td style=\"width: 14.3059%;height: 145px\"><img loading=\"lazy\" decoding=\"async\" class=\"alignnone wp-image-1031\" src=\"https:\/\/portal.uern.br\/paudosferros\/dlv\/wp-content\/uploads\/sites\/12\/2023\/11\/Amon-4.png\" alt=\"\" width=\"144\" height=\"155\" \/><\/td>\n<td style=\"width: 85.6941%;height: 145px;text-align: justify\"><span style=\"font-size: 10pt\"><a href=\"http:\/\/lattes.cnpq.br\/5970736742395375\" target=\"_blank\" rel=\"noopener\"><strong>Antonia Ma\u00edra Emelly Cabral Da Silva Vieira<\/strong><\/a>\u00a0&#8211;\u00a0Graduada em Pedagogia pela Universidade do Estado do Rio Grande do Norte ( UERN), com p\u00f3s-gradua\u00e7\u00e3o lato-sensu em Psicopedagogia cl\u00ednica e Institucional (FVJ) e em L\u00edngua Portuguesa e Matem\u00e1tica numa perspectiva transdisciplinar(IFRN). Mestra e doutora em Educa\u00e7\u00e3o pelo programa de P\u00f3s-gradua\u00e7\u00e3o em Educa\u00e7\u00e3o na Universidade Federal do Rio Grande do Norte (UFRN) na linha de pesquisa Educa\u00e7\u00e3o, Representa\u00e7\u00f5es e Forma\u00e7\u00e3o docente. Atualmente \u00e9 professora adjunta na Universidade do Estado do Rio Grande do Norte- UERN. Atua no Programa de P\u00f3s-Gradua\u00e7\u00e3o em Educa\u00e7\u00e3o (POSEDUC\/UERN). Membro do grupo de estudo e pesquisa Educa\u00e7\u00e3o e Linguagens -GEPEL e do Grupo de pesquisa Representa\u00e7\u00f5es sociais e Forma\u00e7\u00e3o Docente-RESFORD. Exerceu o cargo de professora substituta na UERN de 2012 \u00e0 2017, na Universidade Federal do Rio Grande do Norte- UFRN, em 2017.1 e na Universidade Federal Rural do Semi-\u00e1rido (UFERSA), de 2017.2 \u00e0 2018.1, no curso de Licenciatura em Educa\u00e7\u00e3o do campo. Tem experi\u00eancia como tutora e professora na Educa\u00e7\u00e3o \u00e0 dist\u00e2ncia. Atuou como professora, tamb\u00e9m, na Ibrapes -UVA,no Instituto Superior de Educa\u00e7\u00e3o de Pesqueira &#8211; ISEP e na Faculdade Integrada de Patos-FIP. Coordena o Projeto de Extens\u00e3o Pr\u00e1ticas de Leitura e Escrita na Escola- PraLEE e membro do Projeto de Extens\u00e3o Di\u00e1logos em Paulo Freire e Educa\u00e7\u00e3o Popular- LEFREIRE. Atualmente \u00e9 coordenadora Institucional do PIBID\/UERN. Atua como pesquisadora principalmente nas seguintes \u00e1reas: Forma\u00e7\u00e3o de professores, pr\u00e1ticas pedag\u00f3gicas, alfabetiza\u00e7\u00e3o e letramento e representa\u00e7\u00f5es sociais.<\/span><\/td>\n<\/tr>\n<\/tbody>\n<\/table>\n<table style=\"border-collapse: collapse;width: 100%;height: 145px\">\n<tbody>\n<tr style=\"height: 145px\">\n<td style=\"width: 14.3059%;height: 145px\"><img loading=\"lazy\" decoding=\"async\" class=\"alignnone wp-image-1033\" src=\"https:\/\/portal.uern.br\/paudosferros\/dlv\/wp-content\/uploads\/sites\/12\/2023\/11\/Amon-5.png\" alt=\"\" width=\"97\" height=\"174\" \/><\/td>\n<td style=\"width: 85.6941%;height: 145px;text-align: justify\"><span style=\"font-size: 10pt\"><a href=\"http:\/\/lattes.cnpq.br\/0057661910241334\" target=\"_blank\" rel=\"noopener\"><strong>Ant\u00f4nia Bruna da Silva<\/strong><\/a>\u00a0&#8211;\u00a0Doutora em Educa\u00e7\u00e3o pelo Programa de P\u00f3s-Gradua\u00e7\u00e3o em Educa\u00e7\u00e3o da Universidade Federal do Cear\u00e1 (UFC). Pesquisadora vinculada ao Grupo de Estudos e Pesquisas em Estado, Educa\u00e7\u00e3o e Sociedade (GEPEES). Coordenadora do Observat\u00f3rio do SIMAIS. Atualmente \u00e9 Professora Adjunta da Universidade do Estado do Rio Grande do Norte (UERN), vice-l\u00edder do N\u00facleo de Estudos em Educa\u00e7\u00e3o (NEEd) e coordenadora da Comiss\u00e3o Setorial de Avalia\u00e7\u00e3o Institucional, do curso de Pedagogia do Campus Avan\u00e7ado de Pau dos Ferros (CAPF), compondo ainda a C\u00e2mara de Pesquisa do Conselho Universit\u00e1rio (CONSUNI\/UERN). \u00c1reas de interesse de pesquisa: Pol\u00edticas de avalia\u00e7\u00e3o da Educa\u00e7\u00e3o B\u00e1sica. Usos dos resultados das avalia\u00e7\u00f5es. Pol\u00edticas de responsabiliza\u00e7\u00e3o educacional.<\/span><\/td>\n<\/tr>\n<\/tbody>\n<\/table>\n<table style=\"border-collapse: collapse;width: 100%;height: 145px\">\n<tbody>\n<tr style=\"height: 145px\">\n<td style=\"width: 14.3059%;height: 145px\"><img loading=\"lazy\" decoding=\"async\" class=\"alignnone wp-image-1035\" src=\"https:\/\/portal.uern.br\/paudosferros\/dlv\/wp-content\/uploads\/sites\/12\/2023\/11\/Amon-6.png\" alt=\"\" width=\"126\" height=\"155\" \/><\/td>\n<td style=\"width: 85.6941%;height: 145px;text-align: justify\"><span style=\"font-size: 10pt\"><a href=\"http:\/\/lattes.cnpq.br\/5385207335280357\" target=\"_blank\" rel=\"noopener\"><strong>Antonio Carlos Cardoso<\/strong><\/a>\u00a0&#8211;\u00a0Mestre em Educa\u00e7\u00e3o pelo Programa P\u00f3s-Gradua\u00e7\u00e3o em Educa\u00e7\u00e3o &#8211; PPGEdu da UFPE, Especialista em L\u00edngua Brasileira de Sinais pela Universidade Salgado de Oliveira &#8211; UNIVERSO. Segunda Especializa\u00e7\u00e3o tamb\u00e9m e Libras pela Universidade Federal de Pernambuco (UFPE). Gradua\u00e7\u00e3o em Letras &#8211; Libras pela Universidade Federal de Santa Catarina, Atuo como Professor formador I e Tutor volunt\u00e1rio do Curso de Letras Libras de Educa\u00e7\u00e3o a Dist\u00e2ncia (EaD) no Virtual da Universidade do Estado do Rio Grande do Norte ? UERN, desde 2021.1, at\u00e9 a presente data. Atualmente \u00e9 professor de Libras do Departamento de Psicologia, Inclus\u00e3o e Educa\u00e7\u00e3o &#8211; DPSIE do Centro de Educa\u00e7\u00e3o (CE) da Universidade Federal de Pernambuco &#8211; UFPE Campus Recife\/PE. Atuo como Coordenador do N\u00facleo de Acessibilidade (NACE) da Universidade Federal de Pernambuco (UFPE), Atuo como Coordenador do Grupo de Pesquisa e Estudos sobre o L\u00e9xico da Libras ? Grupell, desde 2014 e Pesquisador e ministrante do Projeto de Extens\u00e3o do curso de Estudos Lexicais da Libras na Forma\u00e7\u00e3o Docente: Professores e Instrutores Surdos de Libras do Estado de Pernambuco. Tem experi\u00eancia na \u00e1rea de Letras, com \u00eanfase em Libras. Participa\u00e7\u00e3o efetiva como lideran\u00e7a do Movimento Surdo pernambucano.<\/span><\/td>\n<\/tr>\n<\/tbody>\n<\/table>\n<table style=\"border-collapse: collapse;width: 100%;height: 145px\">\n<tbody>\n<tr style=\"height: 145px\">\n<td style=\"width: 14.3059%;height: 145px\"><img loading=\"lazy\" decoding=\"async\" class=\" wp-image-1023 alignnone\" src=\"https:\/\/portal.uern.br\/paudosferros\/dlv\/wp-content\/uploads\/sites\/12\/2023\/11\/Amon-1.png\" alt=\"\" width=\"129\" height=\"182\" \/><\/td>\n<td style=\"width: 85.6941%;height: 145px;text-align: justify\"><span style=\"font-size: 10pt\"><a href=\"http:\/\/lattes.cnpq.br\/7513474493853463\" target=\"_blank\" rel=\"noopener\"><strong>Dem\u00f3stenes Dantas Vieira<\/strong><\/a>\u00a0&#8211;\u00a0Doutor em Letras\/Lingu\u00edstica pela Universidade Federal do Pernambuco &#8211; UFPE; Mestre em Ci\u00eancias Sociais pela Universidade do Estado do Rio Grande do Norte &#8211; UERN; Especialista em Educa\u00e7\u00e3o, Cultura e Diversidade pelo Centro Universit\u00e1rio Leonardo Da Vinci &#8211; UNIASSELVI, Especialista em L\u00edngua Brasileira de Sinais &#8211; LIBRAS e Especialista em Teologia pela mesma institui\u00e7\u00e3o (UNIASSELVI). Tamb\u00e9m cursou Especializa\u00e7\u00e3o em Literatura e Ensino pelo Instituto Federal de Educa\u00e7\u00e3o, Ci\u00eancia e Tecnologia do Rio Grande do Norte &#8211; IFRN. \u00c9 bacharel em Teologia pela Faculdade de Teologia Integrada (FATIN) e Licenciado em Letras pela Universidade Estadual da Para\u00edba &#8211; UEPB. Atualmente, \u00e9 professor permanente do Instituto Federal de Educa\u00e7\u00e3o, Ci\u00eancia e Tecnologia do Rio Grande do Norte &#8211; IFRN, atuando na Educa\u00e7\u00e3o B\u00e1sica, no Ensino Superior e na P\u00f3s-Gradua\u00e7\u00e3o. \u00c9 docente permanente do Programa de P\u00f3s-Gradua\u00e7\u00e3o em Educa\u00e7\u00e3o Profissional e Tecnol\u00f3gica &#8211; ProfEPT, tendo realizado pesquisas sobre Educa\u00e7\u00e3o Profissional, An\u00e1lise do Discurso de Linha Pecheutiana e suas intersec\u00e7\u00f5es. Tem investigado tamb\u00e9m quest\u00f5es ligadas \u00e0s Comunidades Surdas e \u00e0 L\u00edngua Brasileira de Sinais &#8211; LIBRAS, principalmente, no que diz respeito aos processos de ensino-aprendizagem. \u00c9 membro do N\u00facleo de Estudos Afro-Brasileiros e Ind\u00edgenas &#8211; NEABI do IFRN\/Campus Mossor\u00f3 onde coordena o Grupo Tem\u00e1tico de Literatura Afro-Brasileira e Ind\u00edgena.<\/span><\/td>\n<\/tr>\n<\/tbody>\n<\/table>\n<table style=\"border-collapse: collapse;width: 100%;height: 145px\">\n<tbody>\n<tr style=\"height: 145px\">\n<td style=\"width: 14.3059%;height: 145px\"><img loading=\"lazy\" decoding=\"async\" class=\"alignnone wp-image-1039\" src=\"https:\/\/portal.uern.br\/paudosferros\/dlv\/wp-content\/uploads\/sites\/12\/2023\/11\/Amon-7.png\" alt=\"\" width=\"130\" height=\"167\" \/><\/td>\n<td style=\"width: 85.6941%;height: 145px;text-align: justify\"><span style=\"font-size: 10pt\"><a href=\"http:\/\/lattes.cnpq.br\/8608923801830565\" target=\"_blank\" rel=\"noopener\"><strong>Francisca Edilma Braga Soares Aureliano<\/strong><\/a>\u00a0&#8211;\u00a0Doutora e Mestre em Educa\u00e7\u00e3o pela Universidade Federal do Rio Grande do Norte. Professora do quadro efetivo do Departamento de Educa\u00e7\u00e3o no Curso de Pedagogia do Campus Avan\u00e7ado de Patu da Universidade do Estado do Rio Grande do Norte. Atuou como professora efetiva de 2021 a 2022 como professora do Departamento de Educa\u00e7\u00e3o do Centro de Educa\u00e7\u00e3o Superior do Serid\u00f3 em Caic\u00f3-RN da Universidade Federal do Rio Grande do Norte &#8211; CERES\/UFRN. Atualmente leciona na UERN os componentes curriculares: Alfabetiza\u00e7\u00e3o e Letramento; Teorias Lingu\u00edsticas e Alfabetiza\u00e7\u00e3o e Est\u00e1gio Supervisionado na Educa\u00e7\u00e3o Infantil .\u00c9 coordenadora do Grupo de Pesquisa: Forma\u00e7\u00e3o Curr\u00edculo e Ensino (FORMACE\/UERN), sendo membro do Grupo de Pesquisa Crian\u00e7as, Inf\u00e2ncias, Cultura e Educa\u00e7\u00e3o (UFRN). \u00c9 membro da Pesquisa: Expans\u00e3o e qualidade da Educa\u00e7\u00e3o Superior no contexto do Plano Nacional de Educa\u00e7\u00e3o &#8211; PNE 2014-2024: Transi\u00e7\u00f5es pol\u00edticas, novos modos de regula\u00e7\u00e3o e perspectivas de controle social em desenvolvimento pela UFG e UFRN. Professora da Educa\u00e7\u00e3o a Dist\u00e2ncia da UERN.<\/span><\/td>\n<\/tr>\n<\/tbody>\n<\/table>\n<table style=\"border-collapse: collapse;width: 100%;height: 145px\">\n<tbody>\n<tr style=\"height: 145px\">\n<td style=\"width: 14.3059%;height: 145px\"><img loading=\"lazy\" decoding=\"async\" class=\"alignnone wp-image-1041\" src=\"https:\/\/portal.uern.br\/paudosferros\/dlv\/wp-content\/uploads\/sites\/12\/2023\/11\/Amon-8.png\" alt=\"\" width=\"129\" height=\"186\" \/><\/td>\n<td style=\"width: 85.6941%;height: 145px;text-align: justify\"><span style=\"font-size: 10pt\"><a href=\"http:\/\/lattes.cnpq.br\/4322905164360298\" target=\"_blank\" rel=\"noopener\"><strong>Jaqson Alves Santos<\/strong><\/a>\u00a0&#8211;\u00a0Mestre em Ensino e Rela\u00e7\u00f5es \u00c9tnico-Raciais &#8211; Universidade Federal do Sul da Bahia (UFSB). Especialista em Atendimento Educacional Especializado na Perspectiva da Educa\u00e7\u00e3o Inclusiva &#8211; Instituto Federal do Norte de Minas Gerais (IFNMG); Especialista em Tradu\u00e7\u00e3o Interpreta\u00e7\u00e3o e Doc\u00eancia em Libras pela UN\u00cdNTESE; Gradua\u00e7\u00e3o em Letras Vern\u00e1culas e Letras Libras pela Faculdade Entre Rios do Piau\u00ed (FAERPI) e Hist\u00f3ria pela Universidade do Estado da Bahia (UNEB). Hodiernamente, professor assistente da UFSB &#8211; Campus Paulo Freire na cidade de Teixeira de Freitas &#8211; BA; Vice-presidente do Comit\u00ea de Pol\u00edticas Lingu\u00edsticas da UFSB (Portaria n\u00b0 791\/2019) e Vice-coordenador do Curso de Licenciatura Interdisciplinar em Ci\u00eancias da Natureza e suas tecnologias da UFSB &#8211; Campus Paulo Freire (Portaria n\u00ba 009\/2022). Membro dos grupos de estudos e pesquisas: Grupo de Estudos e Pesquisas Interdisciplinares em Metodologias Ativas &#8211; GEPIMA da Universidade Federal de Sergipe (UFS); Grupo de Estudos e Pesquisas Interdisciplinares em Metodologias Ativas e Recursos Midi\u00e1ticos ? GEPIMARM da Universidade Federal do Sul da Bahia (UFSB); Grupo de Pesquisa Curr\u00edculo, Diferen\u00e7a e Forma\u00e7\u00e3o de Professores da Universidade Federal do Sul da Bahia (UFSB), Grupo de Estudos Multidisciplinares em Ci\u00eancias e suas Tecnologias &#8211; GEMCT da Universidade Federal do Sul da Bahia (UFSB), Grupo de Estudos em L\u00edngua de Sinais Brasileira &#8211; GELIS da Universidade Federal do Sul da Bahia (UFSB) e Grupo de Estudos e Pesquisas em Educa\u00e7\u00e3o Especial e Inclusiva: contextos de forma\u00e7\u00e3o, pol\u00edticas e pr\u00e1ticas de educa\u00e7\u00e3o inclusiva &#8211; GEPEEI da Universidade Federal do Sul da Bahia (UFSB).<\/span><\/td>\n<\/tr>\n<\/tbody>\n<\/table>\n<table style=\"border-collapse: collapse;width: 100%;height: 169px\">\n<tbody>\n<tr style=\"height: 145px\">\n<td style=\"width: 14.3059%;height: 145px\"><img loading=\"lazy\" decoding=\"async\" class=\"alignnone wp-image-1043\" src=\"https:\/\/portal.uern.br\/paudosferros\/dlv\/wp-content\/uploads\/sites\/12\/2023\/11\/Amon-9.png\" alt=\"\" width=\"144\" height=\"134\" \/><\/td>\n<td style=\"width: 85.6941%;height: 145px;text-align: justify\"><span style=\"font-size: 10pt\"><strong><a href=\"http:\/\/lattes.cnpq.br\/1440239727065998\" target=\"_blank\" rel=\"noopener\">Jos\u00e9 Arnor de Lima J\u00fanior<\/a>\u00a0&#8211;\u00a0<\/strong>Mestrando em Educa\u00e7\u00e3o pelo Programa P\u00f3s-gradua\u00e7\u00e3o em Educa\u00e7\u00e3o &#8211; PPGEdu da UFPE, Possuo gradua\u00e7\u00e3o de Licenciatura em Pedagogia pelo Instituto Natalense de Educa\u00e7\u00e3o Superior INAES (2008) e Licenciatura em Letras Libras pela Universidade Federal de Santa Catarina UFSC (2010), Especializa\u00e7\u00e3o em Libras pelo Est\u00e1cio\/FATERN (2012). Atualmente \u00e9 professor de Libras do Departamento de Psicologia, Inclus\u00e3o e Educa\u00e7\u00e3o &#8211; DPSIE do Centro de Educa\u00e7\u00e3o (CE) da Universidade Federal de Pernambuco &#8211; UFPE Campus Recife\/PE. Atou como Coordenador de Monitoria (PROGRAD) da Universidade Federal de Pernambuco &#8211; UFPE, Tenho experi\u00eancia na \u00e1rea de Educa\u00e7\u00e3o de Surdos, com \u00eanfase em Libras &#8211; L\u00edngua Brasileira de Sinais. Atualmente desde em 2018 a data presente, Vice coordenador do Projeto o pr\u00e9-vestibular acad\u00eamico da UFPE Grada\u00e7\u00e3o do Centro da Educa\u00e7\u00e3o, Participa como membro pesquisador do Grupo de Pesquisa de Estudos e Pesquisas sobre Surdez e Educa\u00e7\u00e3o de Surdos &#8211; GEPESES e Grupo de Pesquisa e Estudos sobre o L\u00e9xico da Libras &#8211; GRUPELL e participar como membro pesquisador do Grupo de Pesquisa: Instru\u00e7\u00e3o em Libras como L1 e L2 &#8211; GELIL2. Atua como professor formador da DEAD\/CAPES\/UERN &#8211; Universidade do Estado do Rio Grande do Norte em Letras Libras e Atualmente como Monitoria de Tradu\u00e7\u00e3o e Interpreta\u00e7\u00e3o do Curso de P\u00f3s-gradua\u00e7\u00e3o (Especializa\u00e7\u00e3o &#8211; Lato Sensu): Tradu\u00e7\u00e3o de Textos de Portugu\u00eas para Libras do Instituto Nacional de Educa\u00e7\u00e3o de Surdos &#8211; INES e Sub coordena\u00e7\u00e3o do Projeto de Extens\u00e3o do Curso de Forma\u00e7\u00e3o em Educa\u00e7\u00e3o e Projetos de Educa\u00e7\u00e3o Bil\u00edngue de Surdos pela Universidade Federal do Rio Grande do Norte &#8211; UFRN.<\/span><\/td>\n<\/tr>\n<tr style=\"height: 24px\">\n<td style=\"width: 14.3059%;height: 24px\"><img loading=\"lazy\" decoding=\"async\" class=\"size-full wp-image-1589 aligncenter\" src=\"https:\/\/portal.uern.br\/paudosferros\/dlv\/wp-content\/uploads\/sites\/12\/2024\/05\/Sem-titulo-1.png\" alt=\"\" width=\"118\" height=\"152\" \/><\/td>\n<td style=\"width: 85.6941%;text-align: justify;height: 24px\"><span style=\"font-size: 10pt\"><a href=\"http:\/\/lattes.cnpq.br\/8286619429684339\" target=\"_blank\" rel=\"noopener\"><strong>Jos\u00e9 Max Santana <\/strong><\/a>&#8211; Doutorando em Letras pelo Programa de P\u00f3s-Gradua\u00e7\u00e3o em Letras (PPGL), da Universidade do Estado do Rio Grande do Norte (UERN). Mestre em Letras pelo Programa de P\u00f3s-Gradua\u00e7\u00e3o em Letras (PPGL), da Universidade do Estado do Rio Grande do Norte (UERN). Especialista em Lingu\u00edstica Textual e Ensino pela Universidade Federal do Rio Grande do Norte (UFRN). Especialista em Psicopedagogia Cl\u00ednica e Institucional pela Universidade Vale do Salgado (FVS). Graduado em Letras\/Portugu\u00eas pela Universidade do Estado do Rio Grande do Norte (UERN). Concentra interesse pelos estudos na \u00e1rea de Letras, com \u00eanfase em Lingu\u00edstica Textual, com foco na An\u00e1lise Textual dos Discursos (ATD), atuando, principalmente, no n\u00edvel sem\u00e2ntico do texto e suas Representa\u00e7\u00f5es discursivas.<\/span><\/td>\n<\/tr>\n<\/tbody>\n<\/table>\n<table style=\"border-collapse: collapse;width: 100%;height: 145px\">\n<tbody>\n<tr style=\"height: 145px\">\n<td style=\"width: 14.3059%;height: 145px\"><img loading=\"lazy\" decoding=\"async\" class=\"alignnone wp-image-1051\" src=\"https:\/\/portal.uern.br\/paudosferros\/dlv\/wp-content\/uploads\/sites\/12\/2023\/11\/Amon-13.png\" alt=\"\" width=\"143\" height=\"196\" \/><\/td>\n<td style=\"width: 85.6941%;height: 145px;text-align: justify\"><span style=\"font-size: 10pt\"><a href=\"http:\/\/lattes.cnpq.br\/3920232198999873\" target=\"_blank\" rel=\"noopener\"><strong>Josinaldo Pereira de Paula<\/strong><\/a>\u00a0&#8211;\u00a0Doutor em Letras pelo Programa de P\u00f3s-gradua\u00e7\u00e3o em Letras (PPGL), da Universidade do Estado do Rio Grande do Norte (UERN). Mestre em Letras pelo Programa de P\u00f3s-gradua\u00e7\u00e3o em Letras (PPGL), da Universidade do Estado do Rio Grande do Norte (UERN). Graduado em Letras\/Portugu\u00eas pela Universidade do Estado do Rio Grande do Norte (UERN). Concentra interesse pelos estudos na \u00e1rea de Letras, com \u00eanfase em Lingu\u00edstica Textual, dedicando-se, especialmente, a estudos das seguintes tem\u00e1ticas: Lingu\u00edstica Textual e An\u00e1lise Textual dos Discursos (ATD), com \u00eanfase em textos orais, midi\u00e1ticos e jur\u00eddicos. Tamb\u00e9m desenvolve pesquisa na \u00e1rea de mem\u00f3rias no Programa de Cultura sertaneja (PROCULT) e Museu de Cultura Sertaneja (MCM), ambos da UERN, Atuou como professor tempor\u00e1rio do Departamento de Letras vern\u00e1culas, do Campus Avan\u00e7ado de Pau dos Ferros, da Universidade do Estado do Rio Grande do Norte, no per\u00edodo de 2018 a 2020. Atuou como professor tempor\u00e1rio da Secretaria de Estado da Educa\u00e7\u00e3o, da Cultura, do Esporte e do Lazer (SEEC), do estado do Rio Grande do Norte. Atuou como professor formador do curso a dist\u00e2ncia de Letras LIBRAS da UERN e professor tempor\u00e1rio das secretarias de educa\u00e7\u00e3o de Portalegre\/RN, Pau dos Ferros RN e Vi\u00e7osa\/RN. Atuou como Secret\u00e1rio de Educa\u00e7\u00e3o e Desporto do Munic\u00edpio de Portalegre\/RN. Atualmente \u00e9 Professor pesquisador da Funda\u00e7\u00e3o de Amparo e Promo\u00e7\u00e3o da Ci\u00eancia Tecnologia e Inova\u00e7\u00e3o do RN (FAPERN), atuando no Departamento de Letras Estrangeiras do Campus de Pau dos Ferros, na Universidade do Estado do Rio Grande do Norte (UERN).<\/span><\/td>\n<\/tr>\n<\/tbody>\n<\/table>\n<table style=\"border-collapse: collapse;width: 100%;height: 145px\">\n<tbody>\n<tr style=\"height: 145px\">\n<td style=\"width: 14.3059%;height: 145px\"><img loading=\"lazy\" decoding=\"async\" class=\"alignnone wp-image-1053\" src=\"https:\/\/portal.uern.br\/paudosferros\/dlv\/wp-content\/uploads\/sites\/12\/2023\/11\/Amon-14.png\" alt=\"\" width=\"145\" height=\"169\" \/><\/td>\n<td style=\"width: 85.6941%;height: 145px;text-align: justify\"><span style=\"font-size: 10pt\"><a href=\"http:\/\/lattes.cnpq.br\/6749287251951273\" target=\"_blank\" rel=\"noopener\"><strong>Maria Adriana Domingos da Costa Uch\u00f4a<\/strong><\/a>\u00a0&#8211;\u00a0Mestre em Letras com linha de pesquisa em Libras pela Universidade Federal do Tocantins-UFT. Especialista em Libras pela Universidade C\u00e2ndido Mendes-MG e em Neg\u00f3cios da Moda pelo Centro Universit\u00e1rio SENAC\/SP. Licenciada em Letras-Libras pelo Centro Universit\u00e1rio Leonardo da Vinci\/UNIASSELVI e em Letras-L\u00edngua Portuguesa pelo Instituto de Educa\u00e7\u00e3o Elvira Eyrell-ISEED. Graduada em Design pela Universidade Federal de Campina Grande-UFCG. \u00c9 proficiente em Libras pela UFPB e pelo ProLibras de ensino MEC\/2015. Formada em tradu\u00e7\u00e3o e interpreta\u00e7\u00e3o de Libras pelo Centro de Refer\u00eancia em Atendimento Especializado do Cear\u00e1-CREAECE. Atua como professora substituta do curso de Letras Libras da UFCG e como professora formadora pela CAPES para a forma\u00e7\u00e3o de discentes pelo programa, Universidade Aberta do Brasil-UAB nas \u00e1reas de Libras e de Artes. Trabalha como Tradutora e Int\u00e9rprete,volunt\u00e1ria, de Libras em institui\u00e7\u00f5es religiosas n\u00e3o governamentais. Atuou como int\u00e9rprete e professora de Libras na Gradua\u00e7\u00e3o e no Programa de P\u00f3s-gradua\u00e7\u00e3o da Universidade Estadual do Cear\u00e1-UECE. Trabalhou na tutoria de Libras pelo programa UFC\/Virtual da Universidade Federal do Cear\u00e1-UFC. Atuou na Licenciatura de Letras-Libras como articuladora pela UNIASSELVI, em Fortaleza. Possui experi\u00eancia no ensino e interpreta\u00e7\u00e3o de Libras na gradua\u00e7\u00e3o e p\u00f3s-gradua\u00e7\u00e3o de institui\u00e7\u00f5es p\u00fablicas e privadas de Fortaleza. Atuou como guia-int\u00e9rprete de Libras no ensino m\u00e9dio pelo Instituto Cearense de Educa\u00e7\u00e3o de Surdos do Cear\u00e1-ICES. Foi bolsista do Projeto de Inicia\u00e7\u00e3o \u00e0 Doc\u00eancia pela UFCG.<\/span><\/td>\n<\/tr>\n<\/tbody>\n<\/table>\n<table style=\"border-collapse: collapse;width: 100%;height: 147px\">\n<tbody>\n<tr style=\"height: 145px\">\n<td style=\"width: 14.3059%;height: 147px\"><img loading=\"lazy\" decoding=\"async\" class=\"alignnone wp-image-1055\" src=\"https:\/\/portal.uern.br\/paudosferros\/dlv\/wp-content\/uploads\/sites\/12\/2023\/11\/Amon-15.png\" alt=\"\" width=\"141\" height=\"190\" \/><\/td>\n<td style=\"width: 85.6941%;height: 147px;text-align: justify\"><span style=\"font-size: 10pt\"><a href=\"http:\/\/lattes.cnpq.br\/0681622630606873\" target=\"_blank\" rel=\"noopener\"><strong>Maria Cleonice Soares Tavernard<\/strong><\/a>\u00a0&#8211;\u00a0Doutoranda no Programa de P\u00f3s-Gradua\u00e7\u00e3o em Ensino da Rede Nordeste de Ensino &#8211; RENOEN\/IFRN. Professora do Departamento de Educa\u00e7\u00e3o da Universidade do Estado do Rio Grande do Norte &#8211; UERN. Mestre em Educa\u00e7\u00e3o pelo Programa de P\u00f3s-Gradua\u00e7\u00e3o em Educa\u00e7\u00e3o da Universidade do Estado do Rio Grande do Norte &#8211; POSEDUC\/UERN. Licenciada em Pedagogia pela Faculdade de Educa\u00e7\u00e3o da UERN. Tem como principal linha de investiga\u00e7\u00e3o a Forma\u00e7\u00e3o Inicial de professores; contos liter\u00e1rios; Educa\u00e7\u00e3o libertadora; Educa\u00e7\u00e3o Popular; Estudos em Paulo Freire; Estudos relacionados a psicologia da educa\u00e7\u00e3o; Est\u00e1gio Supervisionado; Estudo da Realidade, teatro do oprimido. Membro do Projeto de Extens\u00e3o LEFREIRE &#8211; Di\u00e1logos em Paulo Freire e Educa\u00e7\u00e3o Popular. Participa do Grupo de Pesquisa Educa\u00e7\u00e3o e Linguagens &#8211; GEPEL, na linha Educa\u00e7\u00e3o Popular, Hist\u00f3ria e Mem\u00f3ria. Membro do Projeto de Extens\u00e3o Leitura e Escrita na Sala de Aula. Membro do Projeto de Extens\u00e3o Teatro Imagem na sala de aula. Membro do Grupo de Pesquisa Forma\u00e7\u00e3o e Profissionaliza\u00e7\u00e3o Docente. Membro da C\u00e1tedra Paulo Freire RN.<\/span><\/td>\n<\/tr>\n<tr>\n<td style=\"width: 14.3059%\"><img loading=\"lazy\" decoding=\"async\" class=\"alignnone wp-image-1599\" src=\"https:\/\/portal.uern.br\/paudosferros\/dlv\/wp-content\/uploads\/sites\/12\/2024\/05\/Sem-titulo-3.png\" alt=\"\" width=\"122\" height=\"146\" \/><\/td>\n<td style=\"width: 85.6941%;text-align: justify\"><span style=\"font-size: 10pt\"><a href=\"http:\/\/lattes.cnpq.br\/3651499294538617\" target=\"_blank\" rel=\"noopener\"><strong>Maria M\u00e1rcia Fernandes de Azevedo<\/strong><\/a> &#8211; Mestra em Ensino (2022), uma associa\u00e7\u00e3o ampla da Universidade do Estado do Rio Grande do Norte, da Universidade Federal Rural do Semi-\u00c1rido e do Instituto Federal de Educa\u00e7\u00e3o Ci\u00eancia e Tecnologia do Rio Grande do Norte. Especialista em em Doc\u00eancia, Tradu\u00e7\u00e3o\/Interpreta\u00e7\u00e3o e Profici\u00eancia pela Faculdade de Excel\u00eancia Educacional do Rio Grande do Norte &#8211; FATERN (2012). Graduada em Letras, com habilita\u00e7\u00e3o em Licenciatura em L\u00edngua Brasileira de Sinais (Libras) pela Universidade Federal de Santa Catarina &#8211; UFSC (2010). Atualmente \u00e9 professora do Magist\u00e9rio Superior no ensino de Libras na UFERSA. Membro do Grupo de Estudos Lingu\u00edsticos do Texto &#8211; GPELT. Experi\u00eancia na \u00e1rea de Letras e Escrita de Sinais, com \u00eanfase em L\u00edngua de Sinais e Literatura Surda.<strong><br \/>\n<\/strong><\/span><\/td>\n<\/tr>\n<\/tbody>\n<\/table>\n<table style=\"border-collapse: collapse;width: 100%;height: 145px\">\n<tbody>\n<tr style=\"height: 145px\">\n<td style=\"width: 14.3059%;height: 145px\"><img loading=\"lazy\" decoding=\"async\" class=\"alignnone wp-image-1058\" src=\"https:\/\/portal.uern.br\/paudosferros\/dlv\/wp-content\/uploads\/sites\/12\/2023\/11\/Amon-16.png\" alt=\"\" width=\"139\" height=\"192\" \/><\/td>\n<td style=\"width: 85.6941%;height: 145px;text-align: justify\"><span style=\"font-size: 10pt\"><a href=\"http:\/\/lattes.cnpq.br\/6670856676696185\" target=\"_blank\" rel=\"noopener\"><strong>Maria Tha\u00eds de Oliveira Batista<\/strong><\/a>\u00a0&#8211;\u00a0Mestra em Ensino pela Universidade Estadual do Rio Grande do Norte (UERN). Graduada em Pedagogia pela Universidade Federal de Campina Grande (UFCG). Graduada em Letras Portugu\u00eas\/Ingl\u00eas pela Faculdade de Venda Nova do Imigrante (FAVENI). Possui Especializa\u00e7\u00e3o em Doc\u00eancia do Ensino Superior e em Educa\u00e7\u00e3o Infantil e Anos Iniciais do Ensino Fundamental (IESMIG). Al\u00e9m de especializa\u00e7\u00e3o em Ensino de Ci\u00eancias Humanas e Sociais Aplicadas e o Mundo do Trabalho, bem como em Linguagens, C\u00f3digos e suas Tecnologias e o Mundo do Trabalho (UFPI). Faz parte do Grupo N\u00facleo de Estudos em Educa\u00e7\u00e3o &#8211; NEED, da UERN, atuando como pesquisadora da Linha Pr\u00e1ticas Pedag\u00f3gicas e Forma\u00e7\u00e3o do Educador &#8211; PPFE. Atualmente \u00e9 professora da Universidade Estadual da Para\u00edba, campus de Campina Grande. Tem interesse em pesquisas nas seguintes tem\u00e1ticas: Rela\u00e7\u00f5es de G\u00eanero na Educa\u00e7\u00e3o Infantil; Inf\u00e2ncia e processos de socializa\u00e7\u00e3o; Sociologia da Inf\u00e2ncia; Culturas Infantis; Estudos da Inf\u00e2ncia; Estudos antirracistas na inf\u00e2ncia; Pesquisas emancipat\u00f3rias, decoloniais e antirracistas. Parecerista Ad Hoc da Revista Valore, Editora IFMG e professora avaliadora de Projetos de Pesquisa do Instituto Federal de Alagoas &#8211; IFAL.<\/span><\/td>\n<\/tr>\n<\/tbody>\n<\/table>\n<table style=\"border-collapse: collapse;width: 100%;height: 145px\">\n<tbody>\n<tr style=\"height: 145px\">\n<td style=\"width: 14.3059%;height: 145px\"><img loading=\"lazy\" decoding=\"async\" class=\"alignnone size-full wp-image-1049\" src=\"https:\/\/portal.uern.br\/paudosferros\/dlv\/wp-content\/uploads\/sites\/12\/2023\/11\/Amon-12.png\" alt=\"\" width=\"121\" height=\"160\" \/><\/td>\n<td style=\"width: 85.6941%;height: 145px;text-align: justify\"><span style=\"font-size: 10pt\"><a href=\"http:\/\/lattes.cnpq.br\/0204329662027335\" target=\"_blank\" rel=\"noopener\"><strong>Mauro Silvano Medeiros Pereira<\/strong><\/a>\u00a0&#8211;\u00a0Professor\/pesquisador de\/da LIBRAS da\/na Universidade do Estado do Rio Grande do Norte (UERN), graduado em Educa\u00e7\u00e3o F\u00edsica pela Universidade Federal do Rio Grande do Norte (UFRN); graduado em Letras Libras pela Universidade Federal Rural do Semi-\u00c1rido (UFERSA); Especialista em Literatura e Ensino pelo Instituto Federal de Educa\u00e7\u00e3o, Ci\u00eancia e Tecnologia do Rio Grande do Norte (IFRN); Mestrando em Ensino pelo Programa de P\u00f3s-gradua\u00e7\u00e3o em Ensino (PPGE\/UERN); Tutor a Dist\u00e2ncia do Curso de Licenciatura em Letras Libras pela Universidade Aberta do Brasil (UAB\/UERN); Interesse nas \u00e1reas de Semi\u00f3tica Social, Multimodalidade, Educa\u00e7\u00e3o de Surdos, Experi\u00eancias docentes e Pr\u00e1ticas de Cultura Corporal.<\/span><\/td>\n<\/tr>\n<\/tbody>\n<\/table>\n<table style=\"border-collapse: collapse;width: 100%;height: 145px\">\n<tbody>\n<tr style=\"height: 145px\">\n<td style=\"width: 14.3059%;height: 145px\"><img loading=\"lazy\" decoding=\"async\" class=\"alignnone wp-image-1060\" src=\"https:\/\/portal.uern.br\/paudosferros\/dlv\/wp-content\/uploads\/sites\/12\/2023\/11\/Amon-17.png\" alt=\"\" width=\"133\" height=\"127\" \/><\/td>\n<td style=\"width: 85.6941%;height: 145px;text-align: justify\"><span style=\"font-size: 10pt\"><a href=\"http:\/\/lattes.cnpq.br\/5855036536727699\" target=\"_blank\" rel=\"noopener\"><strong>Michel de Lucena Costa<\/strong><\/a>\u00a0&#8211;\u00a0Possui gradua\u00e7\u00e3o em Letras pela Universidade Federal da Para\u00edba (2010), mestrado em Letras pela Universidade Federal da Para\u00edba (2014) e doutorado em Programa de P\u00f3s-Gradua\u00e7\u00e3o em Letras pela Universidade Federal da Para\u00edba (2019). Atualmente \u00e9 professor efetivo da Universidade do Estado do Rio Grande do Norte. Tem experi\u00eancia na \u00e1rea de Letras, com \u00eanfase em L\u00edngua Portuguesa, atuando principalmente nos seguintes temas: semi\u00f3tica da cultura, m\u00fasica, orfeu da concei\u00e7\u00e3o, candombl\u00e9 e samba.<\/span><\/td>\n<\/tr>\n<tr>\n<td style=\"width: 14.3059%\"><img loading=\"lazy\" decoding=\"async\" class=\"alignnone wp-image-1596\" src=\"https:\/\/portal.uern.br\/paudosferros\/dlv\/wp-content\/uploads\/sites\/12\/2024\/05\/Sem-titulo-2.png\" alt=\"\" width=\"134\" height=\"131\" \/><\/td>\n<td style=\"width: 85.6941%;text-align: justify\"><span style=\"font-size: 10pt\"><strong><a href=\"http:\/\/lattes.cnpq.br\/7056020239922773\" target=\"_blank\" rel=\"noopener\">Rafaela de Medeiros Alves Korossy<\/a> &#8211;\u00a0<\/strong>Mestra e Doutorando em Lingu\u00edstica da Universidade Federal de Paran\u00e1 &#8211; UFPR. Professora do curso de Letras\/Libras da Universidade Federal de Pernambuco &#8211; UFPE. Especializada em LIBRAS &#8211; Doc\u00eancia, Tradu\u00e7\u00e3o\/Interpreta\u00e7\u00e3o e Profici\u00eancia da Faculdade de Excel\u00eancia Educacional do Rio Grande do Norte (FATERN) e Especializada em Libras da Universidade Federal de Pernambuco (UFPE). Graduada em Letras-LIBRAS pela Universidade Federal de Santa Catarina (UFSC). Tem experi\u00eancia na \u00e1rea de Letras, com \u00eanfase em L\u00edngua Brasileira de Sinais e certifica\u00e7\u00e3o de Exame Nacional de Certifica\u00e7\u00e3o de Profici\u00eancia no Uso e no Ensino da L\u00edngua Brasileira de Sinais (PROLIBRAS) &#8211; N\u00edvel M\u00e9dio e N\u00edvel Superior, da UFSC e MEC.<\/span><\/td>\n<\/tr>\n<\/tbody>\n<\/table>\n<table style=\"border-collapse: collapse;width: 100%;height: 145px\">\n<tbody>\n<tr style=\"height: 145px\">\n<td style=\"width: 14.3059%;height: 145px\"><img loading=\"lazy\" decoding=\"async\" class=\"alignnone size-full wp-image-1047\" src=\"https:\/\/portal.uern.br\/paudosferros\/dlv\/wp-content\/uploads\/sites\/12\/2023\/11\/Amon-11.png\" alt=\"\" width=\"119\" height=\"202\" \/><\/td>\n<td style=\"width: 85.6941%;height: 145px;text-align: justify\"><span style=\"font-size: 10pt\"><a href=\"http:\/\/lattes.cnpq.br\/1661459007910355\" target=\"_blank\" rel=\"noopener\"><strong>Renata de Arruda C\u00e2mara Silva<\/strong><\/a>\u00a0&#8211;\u00a0Mestra em Ci\u00eancias da Educa\u00e7\u00e3o, Licenciada em Geografia e Letras\/Libras; Especialista no Ensino da Geografia e Educa\u00e7\u00e3o inclusiva com \u00eanfase em Libras; Tradutora int\u00e9rprete do par lingu\u00edstico Libras\/Portugu\u00eas- Tilsp; Gradua\u00e7\u00e3o em Psicologia; Servidora p\u00fablica estadual (CE) lotada na sala de AEE(Atendimento Educacional Especializado); professora da disciplina de Libras nas Faculdades Plus e FATENE ; professora de Psicologia na FATENE; professora formadora bolsista na UERN do curso de Letras\/Libras; membro da Comiss\u00e3o de Defesa dos Direitos das Pessoas com Defici\u00eancia &#8211; OAB(CE) gest\u00e3o 2022\/2024; Psic\u00f3loga bil\u00edngue volunt\u00e1ria do Instituto Bia Dote &#8211; projeto Terapia na cidade e membra das comiss\u00f5es tem\u00e1ticas do CRP11 Psicologia e pessoas com defici\u00eancia e Psicologia e Sa\u00fade.<\/span><\/td>\n<\/tr>\n<\/tbody>\n<\/table>\n<table style=\"border-collapse: collapse;width: 100%;height: 145px\">\n<tbody>\n<tr style=\"height: 145px\">\n<td style=\"width: 14.3059%;height: 145px\"><img loading=\"lazy\" decoding=\"async\" class=\"alignnone wp-image-1062\" src=\"https:\/\/portal.uern.br\/paudosferros\/dlv\/wp-content\/uploads\/sites\/12\/2023\/11\/Amon-18.png\" alt=\"\" width=\"141\" height=\"124\" \/><\/td>\n<td style=\"width: 85.6941%;height: 145px;text-align: justify\"><span style=\"font-size: 10pt\"><strong><a href=\"http:\/\/lattes.cnpq.br\/5453075942539188\" target=\"_blank\" rel=\"noopener\">Roni\u00ea Rodrigues da Silva<\/a>\u00a0&#8211;<\/strong>\u00a0Possui Gradua\u00e7\u00e3o em Letras pela Universidade Federal do Rio Grande do Norte (2000), Mestrado em Letras pela Universidade Federal do Rio Grande do Norte (2003) e Doutorado em Estudos da Linguagem, \u00e1rea de concentra\u00e7\u00e3o em Literatura Comparada, pela Universidade Federal do Rio Grande do Norte (2010). Realizou P\u00f3s-Doutorado no Programa de P\u00f3s-Gradua\u00e7\u00e3o em Literatura e Interculturalidade da Universidade Estadual da Para\u00edba, com bolsa do Programa Nacional de P\u00f3s-doutoramento (PNPD\/Capes). \u00c9 Professor Adjunto IV da Universidade do Estado do Rio Grande do Norte, atuando no Departamento de Letras Vern\u00e1culas e no Programa de P\u00f3s-gradua\u00e7\u00e3o em Letras. Tem experi\u00eancia na \u00e1rea de Letras, com \u00eanfase em Literatura Brasileira e Literatura Comparada, atuando principalmente nos seguintes temas: Literatura e Identidade Nacional, Literatura e Alteridade e Literatura e Sociedade. \u00c9 Docente Permanente do Programa de P\u00f3s-Gradua\u00e7\u00e3o em Letras da Universidade do Estado do Rio Grande do Norte, credenciado no Mestrado e Doutorado em Letras, onde desenvolve pesquisas na \u00e1rea da P\u00f3s-Gradua\u00e7\u00e3o.<\/span><\/td>\n<\/tr>\n<tr>\n<td style=\"width: 14.3059%\"><img loading=\"lazy\" decoding=\"async\" class=\"alignnone wp-image-1584\" src=\"https:\/\/portal.uern.br\/paudosferros\/dlv\/wp-content\/uploads\/sites\/12\/2024\/05\/Sem-titulo.png\" alt=\"\" width=\"146\" height=\"176\" \/><\/td>\n<td style=\"width: 85.6941%;text-align: justify\"><span style=\"font-size: 10pt\"><a href=\"http:\/\/lattes.cnpq.br\/2569679483748970\" target=\"_blank\" rel=\"noopener\"><strong>Ruan Sousa Diniz<\/strong><\/a> &#8211; Doutorando em Estudos da Linguagem\/Tradu\u00e7\u00e3o (PUC-Rio). Mestre em Estudos Lingu\u00edsticos (FFP-UERJ). Atualmente \u00e9 professor da ensino b\u00e1sico, t\u00e9cnico e tencol\u00f3gico (EBTT) na \u00e1rea de Libras, no Col\u00e9gio Pedro II e tradutor e int\u00e9rprete de libras e portugu\u00eas na Universidade Federal do Estado do Rio de Janeiro &#8211; UNIRIO. Possui experi\u00eancia em tradu\u00e7\u00e3o e interpreta\u00e7\u00e3o da libras para o portugu\u00eas no contexto midi\u00e1tico na TV INES, em pe\u00e7as teatrais, congressos nacionais e internacionais, palestras de diversos ramos e interpreta\u00e7\u00e3o de eventos, al\u00e9m de doc\u00eancia e tutoria em cursos de gradua\u00e7\u00e3o e p\u00f3s-gradua\u00e7\u00e3o lato sensu na UFRJ, UNILAB, UERN, UFMT, UNIASSELVI, Instituto INFNET e no INES. Membro do Grupo de Pesquisa NEIS &#8211; N\u00facleo de Estudos Sobre Interl\u00ednguaS, filiado \u00c0 UFRJ, e do GEPTILS &#8211; Grupo de Pesquisa em Estudos da Tradu\u00e7\u00e3o e Interpreta\u00e7\u00e3o em L\u00ednguas de Sinais, filiado \u00e0 PUC-Rio. Atualmente desenvolve pesquisa sobre contato lingu\u00edstico entre tradu\u00e7\u00f5es da libras e portugu\u00eas, a partir da Gram\u00e1tica de Constru\u00e7\u00f5es Diassist\u00eamica e tamb\u00e9m sobre forma\u00e7\u00e3o verticalizada de tradutores e int\u00e9rpretes de libras e portugu\u00eas na perspectiva da educa\u00e7\u00e3o profissional e tecnol\u00f3gica. \u00c9 filiado a AGITE-RJ, Abralin e ABRAPT.<\/span><strong><br \/>\n<\/strong><\/td>\n<\/tr>\n<\/tbody>\n<\/table>\n<table style=\"border-collapse: collapse;width: 100%;height: 145px\">\n<tbody>\n<tr style=\"height: 145px\">\n<td style=\"width: 14.3059%;height: 145px\"><img loading=\"lazy\" decoding=\"async\" class=\"alignnone size-full wp-image-1045\" src=\"https:\/\/portal.uern.br\/paudosferros\/dlv\/wp-content\/uploads\/sites\/12\/2023\/11\/Amon-10.png\" alt=\"\" width=\"115\" height=\"170\" \/><\/td>\n<td style=\"width: 85.6941%;height: 145px;text-align: justify\"><span style=\"font-size: 10pt\"><a href=\"http:\/\/lattes.cnpq.br\/7247650570890402\" target=\"_blank\" rel=\"noopener\"><strong>Victor Lopes Bezerra<\/strong><\/a>\u00a0&#8211;\u00a0Professor de LIBRAS na Universidade do Estado do Rio Grande do Norte (UERN). Licenciado em Letras Libras pela Universidade Federal Rural do Semi-\u00c1rido (UFERSA). Especialista em Libras pela Faculdade de Vendo Nova do Imigrante (FAVENI). Tradutor\/int\u00e9rprete Surdo de Libras e L\u00edngua Portuguesa. Presidente da Associa\u00e7\u00e3o de Surdos de Pau dos Ferros (ASPF). Pesquisador nas \u00e1reas de acessibilidade lingu\u00edstica para surdos, tecnologias e ensino de Libras.<\/span><\/td>\n<\/tr>\n<\/tbody>\n<\/table>\n<p style=\"text-align: justify\">\n","protected":false},"excerpt":{"rendered":"<p>Diretor da Diretoria de Educa\u00e7\u00e3o a Dist\u00e2ncia (DEaD) Giann Mendes Ribeiro &#8211;\u00a0Doutorado em Educa\u00e7\u00e3o Musical pela Universidade Federal do Rio Grande do Sul. Professor Artes\/M\u00fasica do IFRN. Professor Adjunto IV da UERN. Mestre em etnomusicologia pela Universidade Federal da Para\u00edba, especialista em Metodologia do ensino de Artes pela Universidade Estadual do Cear\u00e1 (2002). Possui gradua\u00e7\u00e3o [&hellip;]<\/p>\n","protected":false},"author":18,"featured_media":0,"parent":0,"menu_order":0,"comment_status":"closed","ping_status":"closed","template":"","meta":{"footnotes":""},"class_list":["post-956","page","type-page","status-publish","hentry"],"_links":{"self":[{"href":"https:\/\/portal.uern.br\/paudosferros\/dlv\/wp-json\/wp\/v2\/pages\/956","targetHints":{"allow":["GET"]}}],"collection":[{"href":"https:\/\/portal.uern.br\/paudosferros\/dlv\/wp-json\/wp\/v2\/pages"}],"about":[{"href":"https:\/\/portal.uern.br\/paudosferros\/dlv\/wp-json\/wp\/v2\/types\/page"}],"author":[{"embeddable":true,"href":"https:\/\/portal.uern.br\/paudosferros\/dlv\/wp-json\/wp\/v2\/users\/18"}],"replies":[{"embeddable":true,"href":"https:\/\/portal.uern.br\/paudosferros\/dlv\/wp-json\/wp\/v2\/comments?post=956"}],"version-history":[{"count":56,"href":"https:\/\/portal.uern.br\/paudosferros\/dlv\/wp-json\/wp\/v2\/pages\/956\/revisions"}],"predecessor-version":[{"id":1767,"href":"https:\/\/portal.uern.br\/paudosferros\/dlv\/wp-json\/wp\/v2\/pages\/956\/revisions\/1767"}],"wp:attachment":[{"href":"https:\/\/portal.uern.br\/paudosferros\/dlv\/wp-json\/wp\/v2\/media?parent=956"}],"curies":[{"name":"wp","href":"https:\/\/api.w.org\/{rel}","templated":true}]}}