{"id":320,"date":"2023-02-09T10:12:39","date_gmt":"2023-02-09T13:12:39","guid":{"rendered":"http:\/\/beta.apps.uern.br\/wordpress\/paudosferros\/dlv\/?page_id=320"},"modified":"2023-05-25T10:31:26","modified_gmt":"2023-05-25T13:31:26","slug":"pibid","status":"publish","type":"page","link":"https:\/\/portal.uern.br\/paudosferros\/dlv\/pibid\/","title":{"rendered":"PIBID"},"content":{"rendered":"<p><strong>PROGRAMA INSTITUCIONAL DE INICIA\u00c7\u00c3O \u00c0 DOC\u00caNCIA (PIBID):<\/strong><\/p>\n<p><strong><img fetchpriority=\"high\" decoding=\"async\" src=\"https:\/\/www.uern.br\/controledepaginas\/dlv-pferros-programas-formativos\/imagens\/2366programas_formativos.jpg\" alt=\"\" width=\"636\" height=\"122\" \/><\/strong><\/p>\n<p style=\"text-align: justify\">O PIBID \u00e9 um programa de incentivo e inicia\u00e7\u00e3o \u00e0 doc\u00eancia, promovido na UERN em parceria com a Coordena\u00e7\u00e3o e Aperfei\u00e7oamento de Pessoal de N\u00edvel Superior, do Minist\u00e9rio de Educa\u00e7\u00e3o (CAPES\/MEC), a Secretaria de Educa\u00e7\u00e3o Superior (SESU) e o Fundo Nacional de Desenvolvimento da Educa\u00e7\u00e3o (FNDE) e \u201cvisa integrar Universidades e Escolas P\u00fablicas para a forma\u00e7\u00e3o inicial e continuada de professores da Educa\u00e7\u00e3o B\u00e1sica\u201d (site da UERN).<\/p>\n<p style=\"text-align: justify\">Face ao exposto, o PIBID atua como um programa formativo que envolve v\u00e1rios sujeitos e institui\u00e7\u00f5es, n\u00e3o limitando-se ao ensino superior. Cada departamento acad\u00eamico e\/ou coordena\u00e7\u00e3o de curso pode desenvolver um subprojeto vinculado ao projeto maior promovido pela Universidade. Os subprojetos s\u00e3o selecionados conforme editais espec\u00edficos. As a\u00e7\u00f5es do PIBID s\u00e3o desenvolvidas na Universidade e em escolas da rede b\u00e1sica de ensino, englobando: (i) Um professor universit\u00e1rio Coordenador do subprojeto; (ii) Professores supervisores da rede b\u00e1sica e, (iii) alunos bolsistas universit\u00e1rios que atuam nas escolas.<\/p>\n<p style=\"text-align: justify\">\u00c9 importante destacar que o Departamento de Letras Vern\u00e1culas desenvolveu alguns subprojetos do PIBID nos \u00faltimos anos, com uma participa\u00e7\u00e3o relevante de alunos graduandos, professores da rede b\u00e1sica e diversas escolas da regi\u00e3o do Alto Oeste Potiguar.<\/p>\n","protected":false},"excerpt":{"rendered":"<p>PROGRAMA INSTITUCIONAL DE INICIA\u00c7\u00c3O \u00c0 DOC\u00caNCIA (PIBID): O PIBID \u00e9 um programa de incentivo e inicia\u00e7\u00e3o \u00e0 doc\u00eancia, promovido na UERN em parceria com a Coordena\u00e7\u00e3o e Aperfei\u00e7oamento de Pessoal de N\u00edvel Superior, do Minist\u00e9rio de Educa\u00e7\u00e3o (CAPES\/MEC), a Secretaria de Educa\u00e7\u00e3o Superior (SESU) e o Fundo Nacional de Desenvolvimento da Educa\u00e7\u00e3o (FNDE) e \u201cvisa [&hellip;]<\/p>\n","protected":false},"author":1,"featured_media":0,"parent":0,"menu_order":0,"comment_status":"closed","ping_status":"closed","template":"","meta":{"footnotes":""},"class_list":["post-320","page","type-page","status-publish","hentry"],"_links":{"self":[{"href":"https:\/\/portal.uern.br\/paudosferros\/dlv\/wp-json\/wp\/v2\/pages\/320","targetHints":{"allow":["GET"]}}],"collection":[{"href":"https:\/\/portal.uern.br\/paudosferros\/dlv\/wp-json\/wp\/v2\/pages"}],"about":[{"href":"https:\/\/portal.uern.br\/paudosferros\/dlv\/wp-json\/wp\/v2\/types\/page"}],"author":[{"embeddable":true,"href":"https:\/\/portal.uern.br\/paudosferros\/dlv\/wp-json\/wp\/v2\/users\/1"}],"replies":[{"embeddable":true,"href":"https:\/\/portal.uern.br\/paudosferros\/dlv\/wp-json\/wp\/v2\/comments?post=320"}],"version-history":[{"count":2,"href":"https:\/\/portal.uern.br\/paudosferros\/dlv\/wp-json\/wp\/v2\/pages\/320\/revisions"}],"predecessor-version":[{"id":623,"href":"https:\/\/portal.uern.br\/paudosferros\/dlv\/wp-json\/wp\/v2\/pages\/320\/revisions\/623"}],"wp:attachment":[{"href":"https:\/\/portal.uern.br\/paudosferros\/dlv\/wp-json\/wp\/v2\/media?parent=320"}],"curies":[{"name":"wp","href":"https:\/\/api.w.org\/{rel}","templated":true}]}}