{"id":302,"date":"2023-02-09T09:52:38","date_gmt":"2023-02-09T12:52:38","guid":{"rendered":"http:\/\/beta.apps.uern.br\/wordpress\/paudosferros\/dlv\/?page_id=302"},"modified":"2025-04-04T10:03:59","modified_gmt":"2025-04-04T13:03:59","slug":"comissoes","status":"publish","type":"page","link":"https:\/\/portal.uern.br\/paudosferros\/dlv\/comissoes\/","title":{"rendered":"Comiss\u00f5es"},"content":{"rendered":"<p><strong>Curso de Letras L\u00edngua Portuguesa<\/strong><\/p>\n<p><strong>N\u00facleo Docente Estruturante &#8211; NDE<\/strong><\/p>\n<p><strong><span class=\"fontstyle0\">NDE &#8211; Letras L\u00edngua Portuguesa<\/span><\/strong><\/p>\n<p><span class=\"fontstyle2\">Profa. Dr. Jos\u00e9 Gevildo Viana &#8211; Coordenador<br \/>\nProfa. Dra. Vanessa Bastos Lima<br \/>\nProfa. Ma. Lucineide da Silva Carneiro<br \/>\nProfa. Dra. Maria Leidiana Alves<br \/>\nProfa. Dra. Dalva Teixeira da Silva Penha<br \/>\nProf. Dra. Rosa Leite da Costa<\/span><\/p>\n<p><strong>C<span class=\"fontstyle0\">omiss\u00e3o Setorial de Avalia\u00e7\u00e3o Institucional do Departamento de Letras Vern\u00e1culas &#8211; COSE<\/span><\/strong><\/p>\n<p><span class=\"fontstyle2\">Profa. Dra. Rosa Leite da Costa &#8211; Coordenadora<br \/>\nProf. Dr. Manoel Freire Rodrigues<br \/>\nTNM Simone M\u00e1rcia dos Guimar\u00e3es Co\u00ealho<\/p>\n<p><\/span><\/p>\n","protected":false},"excerpt":{"rendered":"<p>Curso de Letras L\u00edngua Portuguesa N\u00facleo Docente Estruturante &#8211; NDE NDE &#8211; Letras L\u00edngua Portuguesa Profa. Dr. Jos\u00e9 Gevildo Viana &#8211; Coordenador Profa. Dra. Vanessa Bastos Lima Profa. Ma. Lucineide da Silva Carneiro Profa. Dra. Maria Leidiana Alves Profa. Dra. Dalva Teixeira da Silva Penha Prof. Dra. Rosa Leite da Costa Comiss\u00e3o Setorial de Avalia\u00e7\u00e3o [&hellip;]<\/p>\n","protected":false},"author":1,"featured_media":0,"parent":0,"menu_order":0,"comment_status":"closed","ping_status":"closed","template":"","meta":{"footnotes":""},"class_list":["post-302","page","type-page","status-publish","hentry"],"_links":{"self":[{"href":"https:\/\/portal.uern.br\/paudosferros\/dlv\/wp-json\/wp\/v2\/pages\/302","targetHints":{"allow":["GET"]}}],"collection":[{"href":"https:\/\/portal.uern.br\/paudosferros\/dlv\/wp-json\/wp\/v2\/pages"}],"about":[{"href":"https:\/\/portal.uern.br\/paudosferros\/dlv\/wp-json\/wp\/v2\/types\/page"}],"author":[{"embeddable":true,"href":"https:\/\/portal.uern.br\/paudosferros\/dlv\/wp-json\/wp\/v2\/users\/1"}],"replies":[{"embeddable":true,"href":"https:\/\/portal.uern.br\/paudosferros\/dlv\/wp-json\/wp\/v2\/comments?post=302"}],"version-history":[{"count":11,"href":"https:\/\/portal.uern.br\/paudosferros\/dlv\/wp-json\/wp\/v2\/pages\/302\/revisions"}],"predecessor-version":[{"id":1776,"href":"https:\/\/portal.uern.br\/paudosferros\/dlv\/wp-json\/wp\/v2\/pages\/302\/revisions\/1776"}],"wp:attachment":[{"href":"https:\/\/portal.uern.br\/paudosferros\/dlv\/wp-json\/wp\/v2\/media?parent=302"}],"curies":[{"name":"wp","href":"https:\/\/api.w.org\/{rel}","templated":true}]}}