{"id":1293,"date":"2025-01-03T09:19:35","date_gmt":"2025-01-03T12:19:35","guid":{"rendered":"https:\/\/portal.uern.br\/paudosferros\/cienciaseconomicas\/?page_id=1293"},"modified":"2025-01-10T11:02:22","modified_gmt":"2025-01-10T14:02:22","slug":"organograma","status":"publish","type":"page","link":"https:\/\/portal.uern.br\/paudosferros\/cienciaseconomicas\/organograma\/","title":{"rendered":"Organograma"},"content":{"rendered":"<p><img fetchpriority=\"high\" decoding=\"async\" class=\"alignnone size-full wp-image-1541\" src=\"https:\/\/portal.uern.br\/paudosferros\/cienciaseconomicas\/wp-content\/uploads\/sites\/4\/2025\/01\/2-1.jpg\" alt=\"\" width=\"1024\" height=\"768\" srcset=\"https:\/\/portal.uern.br\/paudosferros\/cienciaseconomicas\/wp-content\/uploads\/sites\/4\/2025\/01\/2-1.jpg 1024w, https:\/\/portal.uern.br\/paudosferros\/cienciaseconomicas\/wp-content\/uploads\/sites\/4\/2025\/01\/2-1-300x225.jpg 300w, https:\/\/portal.uern.br\/paudosferros\/cienciaseconomicas\/wp-content\/uploads\/sites\/4\/2025\/01\/2-1-768x576.jpg 768w\" sizes=\"(max-width: 1024px) 100vw, 1024px\" \/><\/p>\n<p>&nbsp;<\/p>\n<p><strong>1 &#8211; Colegiado do Curso<\/strong><\/p>\n<p>Docentes<\/p>\n<p>T\u00e9cnicos Administrativos<\/p>\n<p>Representa\u00e7\u00e3o estudantil<\/p>\n<p><strong>2 &#8211; Chefia do Departamento<\/strong><\/p>\n<p align=\"justify\">Profa. Dra. Francicl\u00e9zia de Sousa Barreto Silva \u2013 Chefe do Departamento<\/p>\n<p align=\"justify\">E-mail:\u00a0<a href=\"mailto:francicleziabarreto@uern.br\">francicleziabarreto@uern.br<\/a><\/p>\n<p align=\"justify\">(Portaria N\u00ba 2666\/2023-GP\/FUERN de 06 de Outubro de 2023)<\/p>\n<p align=\"justify\">\n<p align=\"justify\">Prof. Me. Boanerges de Freitas Barreto Filho \u2013 Subchefe do Departamento<\/p>\n<p align=\"justify\">E-mail:\u00a0<a href=\"mailto:boanergesfilho@uern.br\">boanergesfilho@uern.br<\/a><\/p>\n<p align=\"justify\">(Portaria N\u00ba 2667\/2023-GP\/FUERN de 06 de Outubro de 2023)<\/p>\n<p align=\"justify\">\n<p align=\"justify\"><strong>3 &#8211; Secretaria<\/strong><\/p>\n<p align=\"justify\">TNS Esp. Dayana Thais da Concei\u00e7\u00e3o Costa \u2013 Secret\u00e1ria<\/p>\n<p align=\"justify\">E-mail:\u00a0<a href=\"mailto:dayanathais@uern.br\">dayanathais@uern.br<\/a><\/p>\n<p align=\"justify\">TNM Esp. Caio Matheus Ferreira Maia \u2013 Auxiliar Administrativo<\/p>\n<p align=\"justify\">E-mail:\u00a0<a href=\"mailto:caiomatheus@uern.br\">caiomatheus@uern.br<\/a><\/p>\n<p align=\"justify\">\n<p align=\"justify\"><strong>4 &#8211; Orienta\u00e7\u00e3o Acad\u00eamica<\/strong><\/p>\n<p align=\"justify\">A Orienta\u00e7\u00e3o Acad\u00eamica de Curso (OAC) tem como objetivo orientar e acompanhar o aluno em sua forma\u00e7\u00e3o acad\u00eamico-profissional.<\/p>\n<p align=\"justify\">\u201cEla \u00e9 exercida por professor efetivo vinculado ao Departamento Acad\u00eamico aglutinador do curso, indicado pelo seu colegiado, podendo contar com assist\u00eancia de t\u00e9cnicos administrativos\u201d (Art. 61. RGG).<\/p>\n<p align=\"justify\"><span style=\"text-decoration: underline\">Orientadora Acad\u00eamica<\/span> (Portaria-SEI N\u00ba 343, de 02 de Julho de 2024):<\/p>\n<p align=\"justify\">Profa. Dra. Vanuza Maria Pontes Sena<\/p>\n<p align=\"justify\">E-mail: <a href=\"mailto:vanuzasena@uern.br\">vanuzasena@uern.br<\/a><\/p>\n<p align=\"justify\">\n<p align=\"justify\"><strong>5- O\u00a0F\u00f3rum Integrado de Ensino dos Bacharelados \u2013 FIEB<\/strong>\u00a0tem como miss\u00e3o promover o aprimoramento das atividades de ensino dos Cursos de Bacharelado no \u00e2mbito da UERN e articul\u00e1-las aos contextos educacionais locais e nacionais, com vistas ao estudo e ao atendimento \u00e0s demandas sociais, em conson\u00e2ncia com as discuss\u00f5es atuais sobre a inser\u00e7\u00e3o cidad\u00e3 de profissionais no mercado de trabalho e com as pol\u00edticas p\u00fablicas adotadas pelo Estado brasileiro.<\/p>\n<p align=\"justify\"><span style=\"text-decoration: underline\">Membros DEC<\/span> (Portaria-SEI N\u00ba 82, de 27 de Fevereiro de 2024):<\/p>\n<p align=\"justify\">Professora Dra. Francicl\u00e9zia de Sousa Barreto Silva.<\/p>\n<p align=\"justify\">Jefferson Ferreira de Oliveira (titular)<\/p>\n<p align=\"justify\">Gizelly Nunes da Silva ( suplente)<\/p>\n<p align=\"justify\">\n<p align=\"justify\"><strong>6 &#8211; Comiss\u00f5es<\/strong><\/p>\n<p align=\"justify\"><strong>6.1 &#8211; O N\u00facleo Docente Estruturante \u2013 NDE <\/strong>\u00e9 uma comiss\u00e3o permanente, de car\u00e1ter propositivo, consultivo e executivo, dos cursos de gradua\u00e7\u00e3o, vinculado aos Departamentos Acad\u00eamicos, que se ocupa da concep\u00e7\u00e3o do curso e de sua consolida\u00e7\u00e3o, desenvolvendo suas atividades de modo articulado com as entidades representativas e deliberativas de professores e alunos da UERN, considerando as demandas sociais loco-regionais, as diretrizes curriculares nacionais e a miss\u00e3o da Universidade.<\/p>\n<p align=\"justify\"><span style=\"text-decoration: underline\">Composi\u00e7\u00e3o do NDE<\/span>\u00a0(Portaria-SEI N\u00ba 562, de 16 de Novembro de 2023):<\/p>\n<p align=\"justify\">Prof. Dr. Miguel Henrique da Cunha Filho \u2013 Coordenador.<\/p>\n<p align=\"justify\">Profa. Ma. Vanuza Maria Pontes Sena<\/p>\n<p align=\"justify\">Prof. Me. Boanerges de Freitas B. Filho<\/p>\n<p align=\"justify\">Profa. Dra. Francicl\u00e9zia de Sousa Barreto Silva<\/p>\n<p align=\"justify\">Prof. Dr. Jos\u00e9 Elesb\u00e3o de Almeida<\/p>\n<p align=\"justify\">\n<p align=\"justify\"><strong>6.2 &#8211; Comiss\u00e3o Setorial de Avalia\u00e7\u00e3o<\/strong><\/p>\n<p align=\"justify\">O funcionamento e a composi\u00e7\u00e3o das Comiss\u00f5es Setoriais de Avalia\u00e7\u00e3o (COSES) s\u00e3o regulamentadas pela\u00a0<a href=\"https:\/\/portal.uern.br\/aai\/wp-content\/uploads\/sites\/4\/2022\/10\/2812regimento_cpa.pdf\">Resolu\u00e7\u00e3o n\u00b0 13\/2016 \u2013 Consuni<\/a>.<\/p>\n<p align=\"justify\"><span style=\"text-decoration: underline\">Composi\u00e7\u00e3o do DEC<\/span> (Portaria-SEI N\u00ba 608, de 29 de Outubro de 2024):<\/p>\n<p>Prof. Me. Boanerges de Freitas Barreto Filho \u2013 Coordenador<\/p>\n<p>Prof. Dr. Thiago Geovane Pereira Gomes<\/p>\n<p>TNS Esp. Dayana Tha\u00eds da Concei\u00e7\u00e3o Costa \u2013 T\u00e9cnica de N\u00edvel Superior<\/p>\n<p>Vit\u00f3ria Beatriz de Oliveira Raulino \u2013 Discente<\/p>\n<p align=\"justify\"><strong>6.3 &#8211; Comiss\u00e3o de Desempenho Acad\u00eamico<\/strong><\/p>\n<p align=\"justify\">RESOLU\u00c7\u00c3O N\u00ba 60\/2022 &#8211; CD: Regulamenta a progress\u00e3o docente no \u00e2mbito da Funda\u00e7\u00e3o Universidade do Estado do Rio Grande do Norte.<\/p>\n<p align=\"justify\"><span style=\"text-decoration: underline\">Membros<\/span> (Portaria-SEI N\u00ba 561, de 16 de Novembro de 2023):<\/p>\n<p align=\"justify\">Profa. Dra. Francicl\u00e9zia de Sousa Barreto Silva &#8211; Chefe do DEC\/CAPF\/UERN (Presidente);<\/p>\n<p align=\"justify\">Prof. Dr. Miguel Henrique da Cunha Filho-Docente do DEC\/CAPF\/UERN (Membro);<\/p>\n<p align=\"justify\">TNS Esp. Dayana Thais da Concei\u00e7\u00e3o Costa- Secret\u00e1ria do DEC\/CAPF\/UERN (Membro).<\/p>\n<p align=\"justify\">\n<p align=\"justify\"><strong>6.4 &#8211; Comiss\u00e3o de M\u00eddia <\/strong>(Portaria-SEI N\u00ba 542, de 31 de Outubro de 2023)<\/p>\n<p align=\"justify\">Prof. Me. Boanerges de Freitas Barreto Filho &#8211; Coordenador<\/p>\n<p align=\"justify\">Profa. Dra. Francicl\u00e9zia de Sousa Barreto Filho<\/p>\n<p align=\"justify\">TNS Esp. Dayana Thais da Concei\u00e7\u00e3o Costa<\/p>\n<p align=\"justify\">Claudenilza da Silva Fernandes<\/p>\n<p align=\"justify\">Leusangenys Melquiades Di\u00f3genes<\/p>\n<p align=\"justify\">Viviane Kalyne Queiroz de Lima<\/p>\n<p align=\"justify\">Marianne da Costa Porfirio<\/p>\n<p align=\"justify\">Ana Larissa Gomes de Medeiros<\/p>\n<p align=\"justify\">\n<p align=\"justify\"><strong>7 &#8211; Grupos de Pesquisa<\/strong><\/p>\n<p align=\"justify\">Grupo de Estudos e Pesquisas em Economia, Cultura e Territ\u00f3rio (GEPECT)<\/p>\n<p align=\"justify\">N\u00facleo de Estudos em Economia Pol\u00edtica do Desenvolvimento (NEEPOD)<\/p>\n","protected":false},"excerpt":{"rendered":"<p>&nbsp; 1 &#8211; Colegiado do Curso Docentes T\u00e9cnicos Administrativos Representa\u00e7\u00e3o estudantil 2 &#8211; Chefia do Departamento Profa. Dra. Francicl\u00e9zia de Sousa Barreto Silva \u2013 Chefe do Departamento E-mail:\u00a0francicleziabarreto@uern.br (Portaria N\u00ba 2666\/2023-GP\/FUERN de 06 de Outubro de 2023) Prof. Me. Boanerges de Freitas Barreto Filho \u2013 Subchefe do Departamento E-mail:\u00a0boanergesfilho@uern.br (Portaria N\u00ba 2667\/2023-GP\/FUERN de 06 de [&hellip;]<\/p>\n","protected":false},"author":13,"featured_media":0,"parent":0,"menu_order":0,"comment_status":"closed","ping_status":"closed","template":"","meta":{"footnotes":""},"class_list":["post-1293","page","type-page","status-publish","hentry"],"_links":{"self":[{"href":"https:\/\/portal.uern.br\/paudosferros\/cienciaseconomicas\/wp-json\/wp\/v2\/pages\/1293","targetHints":{"allow":["GET"]}}],"collection":[{"href":"https:\/\/portal.uern.br\/paudosferros\/cienciaseconomicas\/wp-json\/wp\/v2\/pages"}],"about":[{"href":"https:\/\/portal.uern.br\/paudosferros\/cienciaseconomicas\/wp-json\/wp\/v2\/types\/page"}],"author":[{"embeddable":true,"href":"https:\/\/portal.uern.br\/paudosferros\/cienciaseconomicas\/wp-json\/wp\/v2\/users\/13"}],"replies":[{"embeddable":true,"href":"https:\/\/portal.uern.br\/paudosferros\/cienciaseconomicas\/wp-json\/wp\/v2\/comments?post=1293"}],"version-history":[{"count":8,"href":"https:\/\/portal.uern.br\/paudosferros\/cienciaseconomicas\/wp-json\/wp\/v2\/pages\/1293\/revisions"}],"predecessor-version":[{"id":1407,"href":"https:\/\/portal.uern.br\/paudosferros\/cienciaseconomicas\/wp-json\/wp\/v2\/pages\/1293\/revisions\/1407"}],"wp:attachment":[{"href":"https:\/\/portal.uern.br\/paudosferros\/cienciaseconomicas\/wp-json\/wp\/v2\/media?parent=1293"}],"curies":[{"name":"wp","href":"https:\/\/api.w.org\/{rel}","templated":true}]}}