{"id":660,"date":"2023-07-19T20:01:32","date_gmt":"2023-07-19T23:01:32","guid":{"rendered":"https:\/\/portal.uern.br\/paudosferros\/administracao\/?page_id=660"},"modified":"2023-07-19T20:01:32","modified_gmt":"2023-07-19T23:01:32","slug":"ano-2012","status":"publish","type":"page","link":"https:\/\/portal.uern.br\/paudosferros\/administracao\/ano-2012\/","title":{"rendered":"Ano 2012"},"content":{"rendered":"<table cellspacing=\"0\" cellpadding=\"4\">\n<colgroup>\n<col width=\"607\" \/>\n<col width=\"185\" \/>\n<col width=\"153\" \/><\/colgroup>\n<tbody>\n<tr>\n<td><strong>T\u00edtulo<\/strong><\/td>\n<td><strong>Autor(a)<\/strong><\/td>\n<td><strong>Orientador(a)<\/strong><\/td>\n<\/tr>\n<tr>\n<td><a href=\"https:\/\/www.uern.br\/controledepaginas\/2012\/arquivos\/5005anailza_feitoza_dos_santos_monteiro_competencias_profissionais_o_desafio_em_desenvolve_las_ao_longo_da_formaa%C2%A7a%C2%A3o_do_administrador.pdf\" target=\"_blank\" rel=\"noopener\">COMPET\u00caNCIAS PROFISSIONAIS: O desafio em desenvolv\u00ea-las ao longo da forma\u00e7\u00e3o do Administrador<\/a><\/td>\n<td>Anailza Feitoza dos Santos Monteiro<\/td>\n<td>Prof. Me. Edivaldo Rabelo de Menezes<\/td>\n<\/tr>\n<tr>\n<td><a href=\"https:\/\/www.uern.br\/controledepaginas\/2012\/arquivos\/5005anderson_da_silva_nascimento_as_contribuicoes_dos_sistemas_de_informacoes_gerenciais_para_eficacia_dos_resultados_financeiros_na_administracao_um_estudo_na_empresa__jtr__sarmento.pdf\" target=\"_blank\" rel=\"noopener\">AS CONTRIBUI\u00c7\u00d5ES DOS SISTEMAS DE INFORMA\u00c7\u00d5ES GERENCIAIS PARA EFIC\u00c1CIA DOS RESULTADOS FINANCEIROS NA ADMINISTRA\u00c7\u00c3O: Um estudo na empresa JTR Sarmento<\/a><\/td>\n<td>Anderson da Silva Nascimento<\/td>\n<td>Prof<sup>a<\/sup>. Ma. Sandra de Sousa Paiva Holanda<\/td>\n<\/tr>\n<tr>\n<td><a href=\"https:\/\/www.uern.br\/controledepaginas\/2012\/arquivos\/5005andrea_costa_a_qualidade_no_atendimento_ao_usuario_na_agencia_da_previdencia_social_em_pau_dos_ferrosrn.pdf\" target=\"_blank\" rel=\"noopener\">A QUALIDADE NO ATENDIMENTO AO USU\u00c1RIO NA AGENCIA DA PREVID\u00caNCIA SOCIAL EM PAU DOS FERROS\/RN<\/a><\/td>\n<td>Andr\u00e9a Costa<\/td>\n<td>Prof. Me. Alexandre W\u00e1llace Ramos Pereira<\/td>\n<\/tr>\n<tr>\n<td><a href=\"https:\/\/www.uern.br\/controledepaginas\/2012\/arquivos\/5005aquiles_gernaldo_gona%C2%A7alves_sarmento_gestao_de_estoques_uma_analise_das_pra%C2%A1ticas_aplicadas_no_atacado_sao_judas_tadeu.pdf\" target=\"_blank\" rel=\"noopener\">GEST\u00c3O DE ESTOQUES: uma an\u00e1lise das pr\u00e1ticas aplicadas no Atacado S\u00e3o Judas Tadeu<\/a><\/td>\n<td>Aquiles Gernaldo Gon\u00e7alves Sarmento<\/td>\n<td>Prof<sup>a<\/sup>. Ma. Sandra de Sousa Paiva Holanda<\/td>\n<\/tr>\n<tr>\n<td><a href=\"https:\/\/www.uern.br\/controledepaginas\/2012\/arquivos\/5005cla%C2%A9dyson_lopes_de_araajo_silva_gesta%C6%92o_de_pessoas_na_eletromotos_leite_de_pau_dos_ferrosrn_um_estudo_sobre_motivaa%C2%A7a%C2%A3o_e_clima_organizacional.pdf\" target=\"_blank\" rel=\"noopener\">GEST\u00c3O DE PESSOAS NA ELETROMOTOS LEITE DE PAU DOS FERROS\/RN: Um estudo sobre motiva\u00e7\u00e3o e clima organizacional<\/a><\/td>\n<td>Cl\u00e9dyson Lopes de Ara\u00fajo Silva<\/td>\n<td>Prof<sup>a<\/sup>. Ma. Michelle Yumi Felipe Okino<\/td>\n<\/tr>\n<tr>\n<td><a href=\"https:\/\/www.uern.br\/controledepaginas\/2012\/arquivos\/5005cristiane_aires_gona%C2%A7alves_restos_a_pagar_uma_analise_dos_impactos_causados_a_gestao_de_contas_da_administraa%C2%A7a%C2%A3o_publica_de_municipios_potiguar_e_cearense.pdf\" target=\"_blank\" rel=\"noopener\">RESTOS A PAGAR: Uma an\u00e1lise dos impactos causados a gest\u00e3o de contas da administra\u00e7\u00e3o p\u00fablica de munic\u00edpios potiguar e cearense<\/a><\/td>\n<td>Cristiane Aires Gon\u00e7alves<\/td>\n<td>Prof. Me. Francisco Jean Carlos de Souza Sampaio<\/td>\n<\/tr>\n<tr>\n<td><a href=\"https:\/\/www.uern.br\/controledepaginas\/2012\/arquivos\/5005elizabete_rodrigues_medeiros_captacao_de_recursos_no_terceiro_setor_um_estudo_na_associacao_de_pais_e_amigos_dos_excepcionais_apae.pdf\" target=\"_blank\" rel=\"noopener\">CAPTA\u00c7\u00c3O DE RECURSOS NO TERCEIRO SETOR: Um estudo na Associa\u00e7\u00e3o de Pais e Amigos dos Excepcionais \u2013 APAE<\/a><\/td>\n<td>Elizabete Rodrigues Medeiros<\/td>\n<td>Prof. Me. Alexandre W\u00e1llace Ramos Pereira<\/td>\n<\/tr>\n<tr>\n<td><a href=\"https:\/\/www.uern.br\/controledepaginas\/2012\/arquivos\/5005euganio_luiz_da_silva_marketing_de_relacionamento_como_diferencial_competitivo_o_caso_da_academia_asseiken_fitness_em_pau_dos_ferros_rn.pdf\" target=\"_blank\" rel=\"noopener\">MARKETING DE RELACIONAMENTO COMO DIFERENCIAL COMPETITIVO: O caso da academia Asseiken Fitness em Pau dos Ferros\/RN<\/a><\/td>\n<td>Eug\u00eanio Luiz da Silva<\/td>\n<td>Prof<sup>a<\/sup>. Ma. Emmanuela Suzy Medeiros<\/td>\n<\/tr>\n<tr>\n<td><a href=\"https:\/\/www.uern.br\/controledepaginas\/2012\/arquivos\/5005flavio_emanuel_aquino_de_oliveira_a_matriz_de_analise_dos_fatos_problema_como_ferramenta_de_reorganizacao_na_autoeste_equipadora.pdf\" target=\"_blank\" rel=\"noopener\">A MATRIZ DE AN\u00c1LISE DOS FATOS-PROBLEMA COMO FERRAMENTA DE REORGANIZA\u00c7\u00c3O NA AUTOESTE EQUIPADORA<\/a><\/td>\n<td>Fl\u00e1vio Emanuel Aquino de Oliveira<\/td>\n<td>Prof. Me. Alexandre W\u00e1llace Ramos Pereira<\/td>\n<\/tr>\n<tr>\n<td><a href=\"https:\/\/www.uern.br\/controledepaginas\/2012\/arquivos\/5005flavio_roberto_da_silva_endomarketing_como_ferramenta_estrategica_o_caso_do_armaza%C2%A9m_paraiba_calcados_ltda_de_pau_dos_ferros_rn.pdf\" target=\"_blank\" rel=\"noopener\">ENDOMARKETING COMO FERRAMENTA ESTRAT\u00c9GICA: O caso do Armaz\u00e9m Para\u00edba Cal\u00e7ados \u2013 ltda de Pau dos Ferros\/RN<\/a><\/td>\n<td>Fl\u00e1vio Roberto da Silva<\/td>\n<td>Prof<sup>a<\/sup>. Ma. Emmanuela Suzy Medeiros<\/td>\n<\/tr>\n<tr>\n<td><a href=\"https:\/\/www.uern.br\/controledepaginas\/2012\/arquivos\/5005francisco_danilo_soares_gerenciamento_da_comunicaa%C2%A7a%C2%A3o_interna_e_a_eficiencia_dos_canais_de_comunicaa%C2%A7a%C2%A3o_um_estudo_no_hertz_center_hotel.pdf\" target=\"_blank\" rel=\"noopener\">Gerenciamento da Comunica\u00e7\u00e3o Interna e a Efici\u00eancia dos Canais de Comunica\u00e7\u00e3o: Um Estudo no Hertz Center Hotel<\/a><\/td>\n<td>Francisco Danilo Soares<\/td>\n<td>Prof<sup>a<\/sup>. Ma. Michelle Yumi Felipe Okino<\/td>\n<\/tr>\n<tr>\n<td><a href=\"https:\/\/www.uern.br\/controledepaginas\/2012\/arquivos\/5005francisco_ederson_fernandes_freire_qualidade_de_vida_no_trabalho_(qvt)_sob_o_enfoque_do_modelo_de_walton_um_estudo_netnografico.pdf\" target=\"_blank\" rel=\"noopener\">QUALIDADE DE VIDA NO TRABALHO (QVT) SOB O ENFOQUE DO MODELO DE WALTON: Um estudo netnogr\u00e1fico<\/a><\/td>\n<td>Francisco \u00c9derson Fernandes Freire<\/td>\n<td>Prof. Me. Edivaldo Rabelo de Menezes<\/td>\n<\/tr>\n<tr>\n<td><a href=\"https:\/\/www.uern.br\/controledepaginas\/2012\/arquivos\/5005francisco_fabiano_tomas_lima_de_freitas_a_comunicacao_integrada_de_marketing_como_estrategia_de_posicionamento_de_mercado_o_caso_da_faculdade_evolua%C2%A7a%C2%A3o_alto_oeste_potiguar.pdf\" target=\"_blank\" rel=\"noopener\">A COMUNICA\u00c7\u00c3O INTEGRADA DE MARKETING COMO ESTRAT\u00c9GIA DE POSICIONAMENTO DE MERCADO: O caso da Faculdade Evolu\u00e7\u00e3o Alto Oeste Potiguar<\/a><\/td>\n<td>Francisco Fabiano Tom\u00e1s Lima de Freitas<\/td>\n<td>Prof. Me. Edivaldo Rabelo de Menezes<\/td>\n<\/tr>\n<tr>\n<td><a href=\"https:\/\/www.uern.br\/controledepaginas\/2012\/arquivos\/5005jairo_de_souza_mafaldo_gestao_do_capital_de_giro_um_estudo_realizado_em_uma_empresa_do_ramo_de_pea%C2%A7as_e_servia%C2%A7os_de_motocicletas_na_cidade_de_pau_dos_ferros_rn.pdf\" target=\"_blank\" rel=\"noopener\">GEST\u00c3O DO CAPITAL DE GIRO: um estudo realizado em uma empresa do ramo de pe\u00e7as e servi\u00e7os de motocicletas na cidade de Pau dos Ferros\/RN<\/a><\/td>\n<td>Jairo de Souza Mafaldo<\/td>\n<td>Prof<sup>a<\/sup>. Ma. Sandra de Sousa Paiva Holanda<\/td>\n<\/tr>\n<tr>\n<td><a href=\"https:\/\/www.uern.br\/controledepaginas\/2012\/arquivos\/5005jania_bezerra_de_souza_estudo_de_reorganizaa%E2%80%A1a%C6%92o_no_terceiro_setor_o_caso_da_associacao_de_pais_e_amigos_dos_excepcionais_a%E2%82%AC%E2%80%9C_apae_unidade_de_pau_dos_ferros_a%E2%82%AC%E2%80%9C_rn.pdf\" target=\"_blank\" rel=\"noopener\">ESTUDO DE REORGANIZA\u00c7\u00c3O NO TERCEIRO SETOR: O caso da Associa\u00e7\u00e3o de Pais e Amigos dos Excepcionais \u2013 APAE Unidade de Pau dos Ferros\/RN<\/a><\/td>\n<td>Jania Bezerra de Souza<\/td>\n<td>Prof. Me. Alexandre W\u00e1llace Ramos Pereira<\/td>\n<\/tr>\n<tr>\n<td><a href=\"https:\/\/www.uern.br\/controledepaginas\/2012\/arquivos\/5005jesimiel_souza_morais_arrecadaa%E2%80%A1a%C6%92o_pra%E2%80%9Cpria_um_estudo_na_secretaria_de_tributaa%C2%A7a%C2%A3o_de_um_munica%C2%ADpio_do_rio_grande_do_norte.pdf\" target=\"_blank\" rel=\"noopener\">ARRECADA\u00c7\u00c3O PR\u00d3PRIA: Um estudo na Secretaria de Tributa\u00e7\u00e3o de um munic\u00edpio do Rio Grande do Norte<\/a><\/td>\n<td>Jesimiel Souza Morais<\/td>\n<td>Prof. Me. Francisco Jean Carlos de Souza Sampaio<\/td>\n<\/tr>\n<tr>\n<td><a href=\"https:\/\/www.uern.br\/controledepaginas\/2012\/arquivos\/5005jose_ary_holanda_lopes_o_codigo_de_defesa_do_consumidor_na_visao_dos_clientes_um_estudo_sobre_os_direitos_ba%C2%A1sicos_do_consumidor_na_empresa_ortobom_e_suas_influencias_na_competitividade.pdf\" target=\"_blank\" rel=\"noopener\">O C\u00d3DIGO DE DEFESA DO CONSUMIDOR NA VIS\u00c3O DOS CLIENTES: Um estudo sobre os direitos b\u00e1sicos do consumidor na empresa Ortobom e suas influ\u00eancias na competitividade<\/a><\/td>\n<td>Jos\u00e9 Ary Holanda Lopes<\/td>\n<td>Prof<sup>a.\u00a0<\/sup>Diana Maria Cavalcante de S\u00e1<\/td>\n<\/tr>\n<tr>\n<td><a href=\"https:\/\/www.uern.br\/controledepaginas\/2012\/arquivos\/5005jose_vivaldo_machado_fernandes_junior_cadeia_produtiva_do_mel_um_estudo_na_associacao_comunita%C2%A1ria_dos_agricultores_familiares_do_perimetro_irrigado_e_adjacencias_pau_dos_ferrosrn.pdf\" target=\"_blank\" rel=\"noopener\">CADEIA PRODUTIVA DO MEL: Um estudo na Associa\u00e7\u00e3o Comunit\u00e1ria dos Agricultores Familiares do Per\u00edmetro Irrigado e Adjac\u00eancias \u2013 Pau dos Ferros\/RN<\/a><\/td>\n<td>Jos\u00e9 Vivaldo Machado Fernandes J\u00fanior<\/td>\n<td>Prof.\u00a0Dr.\u00a0Jo\u00e3o Batista de Freitas<\/td>\n<\/tr>\n<tr>\n<td><a href=\"https:\/\/www.uern.br\/controledepaginas\/2012\/arquivos\/5005kalyane_de_queiroz_lopes_governanca_e_autoavaliacao_organizacional_no_terceiro_setor_um_estudo_de_caso_na_associacao_de_pais_e_amigos_dos_excepcionais_a%E2%82%AC%E2%80%9C_apae_de_pau_dos_ferrosrn.pdf\" target=\"_blank\" rel=\"noopener\">GOVERNAN\u00c7A E AUTOAVALIA\u00c7\u00c3O ORGANIZACIONAL NO TERCEIRO SETOR: Um estudo de caso na Associa\u00e7\u00e3o de Pais e Amigos dos Excepcionais \u2013 APAE de Pau dos Ferros\/RN<\/a><\/td>\n<td>Kalyane de Queiroz Lopes<\/td>\n<td>Prof. Me. Alexandre W\u00e1llace Ramos Pereira<\/td>\n<\/tr>\n<tr>\n<td><a href=\"https:\/\/www.uern.br\/controledepaginas\/2012\/arquivos\/5005kalyne_de_queiroz_lopes_empreendedorismo_feminino_uma_ana%C2%A1lise_da_realidade_das_microempreendedoras_na_cidade_de_pau_dos_ferros_a%E2%82%AC%E2%80%9C_rn.pdf\" target=\"_blank\" rel=\"noopener\">EMPREENDEDORISMO FEMININO: uma an\u00e1lise da realidade das microempreendedoras na cidade de Pau dos Ferros\/RN<\/a><\/td>\n<td>Kalyne de Queiroz Lopes<\/td>\n<td>Prof<sup>a<\/sup>. Ma. Emmanuela Suzy Medeiros<\/td>\n<\/tr>\n<tr>\n<td><a href=\"https:\/\/www.uern.br\/controledepaginas\/2012\/arquivos\/5005kennya_cristiane_pereira_batista_certificacao_de_mel_organico_um_estudo_na_associaa%C2%A7a%C2%A3o_comunitaria_dos_agricultores_familiares_do_perimetro_e_adjacencia_a%E2%82%AC%E2%80%9C_pau_dos_ferros_rn.pdf\" target=\"_blank\" rel=\"noopener\">CERTIFICA\u00c7\u00c3O DE MEL ORG\u00c2NICO: Um estudo na Associa\u00e7\u00e3o Comunit\u00e1ria dos Agricultores Familiares do Per\u00edmetro e Adjac\u00eancia \u2013 Pau dos Ferros\/RN<\/a><\/td>\n<td>Kennya Cristiane Pereira Batista<\/td>\n<td>Prof. Dr. Jo\u00e3o Batista de Freitas<\/td>\n<\/tr>\n<tr>\n<td><a href=\"https:\/\/www.uern.br\/controledepaginas\/2012\/arquivos\/5005maximiliano_bezerra_de_queiroz_endomarketing_e_satisfacao_dos_associados_um_estudo_de_caso_na_assec_de_pau_dos_ferros_rn.pdf\" target=\"_blank\" rel=\"noopener\">ENDOMARKETING E SATISFA\u00c7\u00c3O DOS ASSOCIADOS: Um estudo de caso na ASSEC de Pau dos Ferros\/RN<\/a><\/td>\n<td>Maximiliano Bezerra de Queiroz<\/td>\n<td>Prof<sup>a<\/sup>. Ma. Michelle Yumi Felipe Okino<\/td>\n<\/tr>\n<tr>\n<td><a href=\"https:\/\/www.uern.br\/controledepaginas\/2012\/arquivos\/5005murccia_micaella_de_andrade_carneiro_competitividade_mercadologica_no_segmento_de_servicos_um_estudo_de_caso_na_auto_escola_cecap_em_pau_dos_ferros_rn.pdf\" target=\"_blank\" rel=\"noopener\">COMPETITIVIDADE MERCADOL\u00d3GICA NO SEGMENTO DE SERVI\u00c7OS: Um estudo de caso na Auto Escola CECAP em Pau dos Ferros\/RN<\/a><\/td>\n<td>M\u00farccia Micaella de Andrade Carneiro<\/td>\n<td>Prof. Me. Edivaldo Rabelo de Menezes<\/td>\n<\/tr>\n<tr>\n<td><a href=\"https:\/\/www.uern.br\/controledepaginas\/2012\/arquivos\/5005rafaela_fontes_classificacao_dos_estoques_de_materias_primas_na_industria_tempero_pilado_com_base_nos_metodos_das_curvas_abc_e_xyz.pdf\" target=\"_blank\" rel=\"noopener\">CLASSIFICA\u00c7\u00c3O DOS ESTOQUES DE MAT\u00c9RIAS-PRIMAS NA IND\u00daSTRIA TEMPERO PILADO COM BASE NOS M\u00c9TODOS DAS CURVAS ABC E XYZ<\/a><\/td>\n<td>Rafaela Fontes<\/td>\n<td>Prof. Dr. Jo\u00e3o Batista de Freitas<\/td>\n<\/tr>\n<tr>\n<td><a href=\"https:\/\/www.uern.br\/controledepaginas\/2012\/arquivos\/5005silvia_maria_menezes_oliveira_o_processo_licitatorio_na_modalidade_pregao_presencial_um_estudo_realizado_na_prefeitura_municipal_de_rodolfo_fernandes_rn.pdf\" target=\"_blank\" rel=\"noopener\">O PROCESSO LICITAT\u00d3RIO NA MODALIDADE PREG\u00c3O PRESENCIAL: Um estudo realizado na Prefeitura Municipal de Rodolfo Fernandes\/RN<\/a><\/td>\n<td>Silvia Maria Menezes Oliveira<\/td>\n<td>Prof<sup>a<\/sup>. Ma. Sandra de Sousa Paiva Holanda<\/td>\n<\/tr>\n<tr>\n<td><a href=\"https:\/\/www.uern.br\/controledepaginas\/2012\/arquivos\/5005temistocles_maia_de_lucena_avaliacao_da_qualidade_no_atendimento_na_visao_da_equipe_medicado_hospital_dr._cleodon_carlos_de_andrade_a%E2%82%AC%E2%80%9C_pau_dos_ferros_rn.pdf\" target=\"_blank\" rel=\"noopener\">AVALIA\u00c7\u00c3O DA QUALIDADE NO ATENDIMENTO NA VIS\u00c3O DA EQUIPE MEDICADO HOSPITAL DR. CLEODON CARLOS DE ANDRADE \u2013 PAU DOS FERROS\/RN<\/a><\/td>\n<td>Temistocles Maia de Lucena<\/td>\n<td>Prof. Me. Alexandre W\u00e1llace Ramos Pereira<\/td>\n<\/tr>\n<\/tbody>\n<\/table>\n","protected":false},"excerpt":{"rendered":"<p>T\u00edtulo Autor(a) Orientador(a) COMPET\u00caNCIAS PROFISSIONAIS: O desafio em desenvolv\u00ea-las ao longo da forma\u00e7\u00e3o do Administrador Anailza Feitoza dos Santos Monteiro Prof. Me. Edivaldo Rabelo de Menezes AS CONTRIBUI\u00c7\u00d5ES DOS SISTEMAS DE INFORMA\u00c7\u00d5ES GERENCIAIS PARA EFIC\u00c1CIA DOS RESULTADOS FINANCEIROS NA ADMINISTRA\u00c7\u00c3O: Um estudo na empresa JTR Sarmento Anderson da Silva Nascimento Profa. Ma. Sandra de Sousa [&hellip;]<\/p>\n","protected":false},"author":1,"featured_media":0,"parent":0,"menu_order":0,"comment_status":"closed","ping_status":"closed","template":"","meta":{"footnotes":""},"class_list":["post-660","page","type-page","status-publish","hentry"],"_links":{"self":[{"href":"https:\/\/portal.uern.br\/paudosferros\/administracao\/wp-json\/wp\/v2\/pages\/660","targetHints":{"allow":["GET"]}}],"collection":[{"href":"https:\/\/portal.uern.br\/paudosferros\/administracao\/wp-json\/wp\/v2\/pages"}],"about":[{"href":"https:\/\/portal.uern.br\/paudosferros\/administracao\/wp-json\/wp\/v2\/types\/page"}],"author":[{"embeddable":true,"href":"https:\/\/portal.uern.br\/paudosferros\/administracao\/wp-json\/wp\/v2\/users\/1"}],"replies":[{"embeddable":true,"href":"https:\/\/portal.uern.br\/paudosferros\/administracao\/wp-json\/wp\/v2\/comments?post=660"}],"version-history":[{"count":1,"href":"https:\/\/portal.uern.br\/paudosferros\/administracao\/wp-json\/wp\/v2\/pages\/660\/revisions"}],"predecessor-version":[{"id":661,"href":"https:\/\/portal.uern.br\/paudosferros\/administracao\/wp-json\/wp\/v2\/pages\/660\/revisions\/661"}],"wp:attachment":[{"href":"https:\/\/portal.uern.br\/paudosferros\/administracao\/wp-json\/wp\/v2\/media?parent=660"}],"curies":[{"name":"wp","href":"https:\/\/api.w.org\/{rel}","templated":true}]}}