{"id":868,"date":"2024-07-02T21:29:16","date_gmt":"2024-07-03T00:29:16","guid":{"rendered":"https:\/\/portal.uern.br\/patu\/dcc\/?page_id=868"},"modified":"2025-03-28T20:59:01","modified_gmt":"2025-03-28T23:59:01","slug":"noticias","status":"publish","type":"page","link":"https:\/\/portal.uern.br\/patu\/dcc\/noticias\/","title":{"rendered":"Not\u00edcias"},"content":{"rendered":"<h2><strong>Curso de Ci\u00eancias Cont\u00e1beis divulga resultado de sele\u00e7\u00e3o para Curso de Extens\u00e3o sobre C\u00e1lculos Trabalhistas<\/strong><\/h2>\n<p><img fetchpriority=\"high\" decoding=\"async\" class=\"size-medium wp-image-1090 aligncenter\" src=\"https:\/\/portal.uern.br\/patu\/dcc\/wp-content\/uploads\/sites\/7\/2025\/03\/RESULTADO-212x300.png\" alt=\"\" width=\"212\" height=\"300\" srcset=\"https:\/\/portal.uern.br\/patu\/dcc\/wp-content\/uploads\/sites\/7\/2025\/03\/RESULTADO-212x300.png 212w, https:\/\/portal.uern.br\/patu\/dcc\/wp-content\/uploads\/sites\/7\/2025\/03\/RESULTADO-724x1024.png 724w, https:\/\/portal.uern.br\/patu\/dcc\/wp-content\/uploads\/sites\/7\/2025\/03\/RESULTADO-768x1086.png 768w, https:\/\/portal.uern.br\/patu\/dcc\/wp-content\/uploads\/sites\/7\/2025\/03\/RESULTADO-1086x1536.png 1086w, https:\/\/portal.uern.br\/patu\/dcc\/wp-content\/uploads\/sites\/7\/2025\/03\/RESULTADO.png 1414w\" sizes=\"(max-width: 212px) 100vw, 212px\" \/><\/p>\n<p>O Curso de Ci\u00eancias Cont\u00e1beis do Campus Avan\u00e7ado de Patu da Universidade do Estado do Rio Grande do Norte torna p\u00fablico o edital com o resultado da sele\u00e7\u00e3o para o curso de extens\u00e3o <strong>\u201cCapacita\u00e7\u00e3o em C\u00e1lculos Trabalhistas: Forma\u00e7\u00e3o Pr\u00e1tica e Te\u00f3rica para Profissionais de Contabilidade\u201d<\/strong>.<\/p>\n<p>O curso ser\u00e1 coordenado pela prof\u00aa Dr\u00aa Marliete Lopes dos Santos, ter\u00e1 uma carga hor\u00e1ria total de 30 horas, distribu\u00eddas em 08 encontros, realizados semanalmente, preferencialmente \u00e0s quintas-feiras, no turno vespertino, de forma remota (a dist\u00e2ncia) no per\u00edodo de 03\/04 a 10\/07\/2025.<\/p>\n<p>O Departamento enviar\u00e1 um e-mail com o link de acesso aos selecionados.<\/p>\n<p><a href=\"https:\/\/portal.uern.br\/patu\/dcc\/wp-content\/uploads\/sites\/7\/2025\/03\/Edital_Selecionados_assinado.pdf\">Clique aqui<\/a> para ver o edital.<\/p>\n<p><a href=\"https:\/\/portal.uern.br\/patu\/dcc\/wp-content\/uploads\/sites\/7\/2025\/03\/ERRATA_assinado.pdf\">Clique aqui<\/a> para ler a ERRATA.<\/p>\n<h2 style=\"text-align: center\">***<\/h2>\n<h2><strong>Curso de Ci\u00eancias Cont\u00e1beis abre inscri\u00e7\u00f5es para Curso de Extens\u00e3o sobre C\u00e1lculos Trabalhistas<\/strong><\/h2>\n<p><img decoding=\"async\" class=\"alignnone size-medium wp-image-1083 aligncenter\" src=\"https:\/\/portal.uern.br\/patu\/dcc\/wp-content\/uploads\/sites\/7\/2025\/03\/Curso-marliete-212x300.png\" alt=\"\" width=\"212\" height=\"300\" srcset=\"https:\/\/portal.uern.br\/patu\/dcc\/wp-content\/uploads\/sites\/7\/2025\/03\/Curso-marliete-212x300.png 212w, https:\/\/portal.uern.br\/patu\/dcc\/wp-content\/uploads\/sites\/7\/2025\/03\/Curso-marliete-724x1024.png 724w, https:\/\/portal.uern.br\/patu\/dcc\/wp-content\/uploads\/sites\/7\/2025\/03\/Curso-marliete-768x1086.png 768w, https:\/\/portal.uern.br\/patu\/dcc\/wp-content\/uploads\/sites\/7\/2025\/03\/Curso-marliete-1086x1536.png 1086w, https:\/\/portal.uern.br\/patu\/dcc\/wp-content\/uploads\/sites\/7\/2025\/03\/Curso-marliete.png 1414w\" sizes=\"(max-width: 212px) 100vw, 212px\" \/><\/p>\n<p>O Curso de Ci\u00eancias Cont\u00e1beis do Campus Avan\u00e7ado de Patu da Universidade do Estado do Rio Grande do Norte torna p\u00fablico o edital de inscri\u00e7\u00f5es para para o curso de extens\u00e3o <strong>&#8220;Capacita\u00e7\u00e3o em C\u00e1lculos Trabalhistas: Forma\u00e7\u00e3o Pr\u00e1tica e Te\u00f3rica para Profissionais de Contabilidade&#8221;<\/strong>.<\/p>\n<p>O curso ser\u00e1 coordenado pela prof\u00aa Dr\u00aa Marliete Lopes dos Santos e tem como finalidade oferecer aos membros da comunidade acad\u00eamica interna e externa o aprimoramento profissional na \u00e1rea de c\u00e1lculos trabalhistas.<\/p>\n<p>Per\u00edodo de Inscri\u00e7\u00e3o: \u00a024 a 27\/03\/2025.<\/p>\n<p>Vagas: 30<\/p>\n<p>Link para inscri\u00e7\u00e3o: <a href=\"https:\/\/docs.google.com\/forms\/d\/e\/1FAIpQLSeAfvUoV0uc0GDFYXvtSzgw02g9wWbcSTlAOrUaHk6wFSYVlw\/viewform\">https:\/\/forms.gle\/YXrGCCCXp2VgPH8v5<\/a><\/p>\n<p>O edital completo pode ser consultado clicando <a href=\"https:\/\/portal.uern.br\/patu\/dcc\/wp-content\/uploads\/sites\/7\/2025\/03\/EDITAL_assinado-1.pdf\">AQUI<\/a>.<\/p>\n<h2 style=\"text-align: center\">***<\/h2>\n<h2><strong>Posse da Nova Chefia e Encontro Pleno do NDE do Curso de Ci\u00eancias Cont\u00e1beis do CAP<\/strong><\/h2>\n<p><img decoding=\"async\" class=\"aligncenter wp-image-1074 size-medium\" src=\"https:\/\/portal.uern.br\/patu\/dcc\/wp-content\/uploads\/sites\/7\/2024\/11\/WhatsApp-Image-2024-11-06-at-11.54.40-1-226x300.jpeg\" alt=\"\" width=\"226\" height=\"300\" srcset=\"https:\/\/portal.uern.br\/patu\/dcc\/wp-content\/uploads\/sites\/7\/2024\/11\/WhatsApp-Image-2024-11-06-at-11.54.40-1-226x300.jpeg 226w, https:\/\/portal.uern.br\/patu\/dcc\/wp-content\/uploads\/sites\/7\/2024\/11\/WhatsApp-Image-2024-11-06-at-11.54.40-1-771x1024.jpeg 771w, https:\/\/portal.uern.br\/patu\/dcc\/wp-content\/uploads\/sites\/7\/2024\/11\/WhatsApp-Image-2024-11-06-at-11.54.40-1-768x1021.jpeg 768w, https:\/\/portal.uern.br\/patu\/dcc\/wp-content\/uploads\/sites\/7\/2024\/11\/WhatsApp-Image-2024-11-06-at-11.54.40-1-1156x1536.jpeg 1156w, https:\/\/portal.uern.br\/patu\/dcc\/wp-content\/uploads\/sites\/7\/2024\/11\/WhatsApp-Image-2024-11-06-at-11.54.40-1.jpeg 1204w\" sizes=\"(max-width: 226px) 100vw, 226px\" \/><\/p>\n<p>No dia 5 de novembro, o Departamento de Ci\u00eancias Cont\u00e1beis realizou um evento importante no audit\u00f3rio do CAP, marcado por duas atividades de destaque para a comunidade acad\u00eamica.<\/p>\n<p>O prof. <strong>Edivaldo do Nascimento Duda<\/strong> conduziu o momento da cerim\u00f4nia de posse dos professores <strong>Alu\u00edsio Dutra de Oliveira<\/strong> e <strong>Marliete Lopes dos Santos<\/strong> como Chefe e Subchefe do Departamento de Ci\u00eancias Cont\u00e1beis, respectivamente.\u00a0 Ambos assumem com entusiasmo a responsabilidade de liderar o DCC, trazendo novas perspectivas e comprometimento para o desenvolvimento da forma\u00e7\u00e3o acad\u00eamica dos alunos e na melhoria cont\u00ednua da qualidade do ensino no curso, al\u00e9m de fortalecer o di\u00e1logo entre o corpo docente e discente.<\/p>\n<p>Ap\u00f3s a posse, o evento seguiu com o <strong>Encontro Pleno do NDE &#8211; N\u00facleo Docente Estruturante<\/strong> do Curso de Ci\u00eancias Cont\u00e1beis do CAP. Durante o encontro, o professor <strong>Francisco<\/strong> <strong>Tavares Filho<\/strong> fez uma apresenta\u00e7\u00e3o detalhada sobre as <strong>Diretrizes Curriculares do Curso de Ci\u00eancias Cont\u00e1beis<\/strong>, abordando aspectos essenciais para a adequa\u00e7\u00e3o do atual Projeto Pol\u00edtico Pedag\u00f3gico do Curso. A apresenta\u00e7\u00e3o destacou a import\u00e2ncia de alinhar o conte\u00fado acad\u00eamico com as demandas do mercado e definir o perfil do egresso diante das novas diretrizes.<\/p>\n<p>A Comunidade Acad\u00eamica do DCC parabeniza Alu\u00edsio e Marliete pela posse e deseja muito sucesso nessa nova jornada \u00e0 frente do Departamento de Ci\u00eancias Cont\u00e1beis.<\/p>\n<p>Para acessar os slides do evento <a href=\"https:\/\/portal.uern.br\/patu\/dcc\/wp-content\/uploads\/sites\/7\/2024\/11\/Diretrizes-curriculares-do-curso-de-Ciencias-Contabeis.pptx\">Clique Aqui<\/a>.<\/p>\n<p>Para acessar as fotos do evento <a href=\"https:\/\/drive.google.com\/drive\/folders\/1vDm6KNA52S2mP5RQuCLrZ3M51SjIWSZr?usp=sharing\">Clique Aqui<\/a>.<\/p>\n<p style=\"text-align: center\">***<\/p>\n<h3>Alunos do Curso de Ci\u00eancias Cont\u00e1beis do Campus de Patu desenvolvem o Projeto Custo de Vida, calculando o Custo Mensal da Cesta B\u00e1sica em V\u00e1rias Cidades da Regi\u00e3o.<\/h3>\n<p>Hoje foi divulgado o primeiro relat\u00f3rio que divulga mensalmente os resultados referentes ao custo de vida nas cidades da \u00e1rea de abrang\u00eancia do Campus Avan\u00e7ado de Patu-RN, onde os<br \/>\npr\u00f3prios alunos residem.<\/p>\n<p>O Projeto Custo de Vida, \u00e9 coordenado pelo professor Es. Alu\u00edsio Dutra de Oliveira, sendo que a pesquisa de campo, ou seja, a coleta de pre\u00e7os e trabalhos estat\u00edsticos s\u00e3o executados pelos alunos matriculados na UCE &#8211; Unidade Curricular de Ensino.\u00a0Para ler o relat\u00f3rio completo <a href=\"https:\/\/portal.uern.br\/patu\/dcc\/wp-content\/uploads\/sites\/7\/2024\/10\/BOLETIM-IMPRENSA-mes-setembro24.pdf\">CLIQUE AQUI<\/a>.<\/p>\n<h3 style=\"text-align: center\">***<\/h3>\n<h3>Comiss\u00e3o Eleitoral DCC\/CAP divulga resultado preliminar da elei\u00e7\u00e3o para chefia e subchefia do Departamento<\/h3>\n<p>A Comiss\u00e3o Eleitoral do Departamento de Ci\u00eancias Cont\u00e1beis do Campus Avan\u00e7ado de Patu (DCC\/CAP) divulga o resultado preliminar da Elei\u00e7\u00e3o para Chefe e Subchefe do Departamento de Ci\u00eancias Cont\u00e1beis para o bi\u00eanio 2024-2026.<\/p>\n<p>Confira o <a href=\"https:\/\/portal.uern.br\/patu\/dcc\/wp-content\/uploads\/sites\/7\/2024\/09\/EDITAL_0062024_-Resultado_Preliminar-1_assinado_240924_201452.pdf\">EDITAL n. 06\/2024<\/a> &#8211; COMISS\u00c3O ELEITORAL\/DEPARTAMENTO DE CI\u00caNCIAS CONT\u00c1BEIS\/DCC\/CAP\/UERN.<\/p>\n<p style=\"text-align: center\">***<\/p>\n<h3>Comiss\u00e3o Eleitoral DCC\/CAP divulga edital com o cancelamento de candidatura<\/h3>\n<p>A Comiss\u00e3o Eleitoral do Departamento de Ci\u00eancias Cont\u00e1beis do Campus Avan\u00e7ado de Patu (DCC\/CAP) publica edital com a informa\u00e7\u00e3o da desist\u00eancia de um dos candidatos ao cargo de Chefe\u00a0 do Departamento de Ci\u00eancias Cont\u00e1beis para o bi\u00eanio 2024-2026.<\/p>\n<p>Confira o <a href=\"https:\/\/portal.uern.br\/patu\/dcc\/wp-content\/uploads\/sites\/7\/2024\/09\/EDITAL_05.2024___DIVULGA_CANCELAMENTO_DE_CANDIDATURA_assinado.pdf\">edital\u00a0n. 05\/2024<\/a> &#8211; COMISS\u00c3O ELEITORAL\/DEPARTAMENTO DE CI\u00caNCIAS CONT\u00c1BEIS\/DCC\/CAP\/UERN.<\/p>\n<p style=\"text-align: center\">***<\/p>\n<h3>Professor do Departamento de Ci\u00eancias Cont\u00e1beis do CAP apresenta artigo cient\u00edfico no 21 Congresso Brasileiro de Contabilidade<\/h3>\n<p><img loading=\"lazy\" decoding=\"async\" class=\"size-medium wp-image-1044 aligncenter\" src=\"https:\/\/portal.uern.br\/patu\/dcc\/wp-content\/uploads\/sites\/7\/2024\/09\/WhatsApp-Image-2024-09-10-at-18.09.35-169x300.jpeg\" alt=\"\" width=\"169\" height=\"300\" srcset=\"https:\/\/portal.uern.br\/patu\/dcc\/wp-content\/uploads\/sites\/7\/2024\/09\/WhatsApp-Image-2024-09-10-at-18.09.35-169x300.jpeg 169w, https:\/\/portal.uern.br\/patu\/dcc\/wp-content\/uploads\/sites\/7\/2024\/09\/WhatsApp-Image-2024-09-10-at-18.09.35-576x1024.jpeg 576w, https:\/\/portal.uern.br\/patu\/dcc\/wp-content\/uploads\/sites\/7\/2024\/09\/WhatsApp-Image-2024-09-10-at-18.09.35-768x1365.jpeg 768w, https:\/\/portal.uern.br\/patu\/dcc\/wp-content\/uploads\/sites\/7\/2024\/09\/WhatsApp-Image-2024-09-10-at-18.09.35-864x1536.jpeg 864w, https:\/\/portal.uern.br\/patu\/dcc\/wp-content\/uploads\/sites\/7\/2024\/09\/WhatsApp-Image-2024-09-10-at-18.09.35.jpeg 900w\" sizes=\"(max-width: 169px) 100vw, 169px\" \/><\/p>\n<p>O Professor Francisco Tavares, docente do Departamento de Ci\u00eancias Cont\u00e1beis do Campus Avan\u00e7ado de Patu, participou de 8 a 11 de setembro, do 21\u00ba Congresso Brasileiro de Contabilidade, realizado em Balne\u00e1rio Cambori\u00fa &#8211; SC.<\/p>\n<p>Neste evento renomado, considerado o maior evento de contabilidade da Am\u00e9rica Latina, o professor Tavares apresentou um artigo intitulado \u201cSistema gerencial para avalia\u00e7\u00e3o do desempenho de micro e pequenas empresas: abordagem em design science research\u201d, cujo objetivo geral do estudo \u00e9 propor um sistema gerencial estrategicamente projetado para a produ\u00e7\u00e3o de informa\u00e7\u00f5es \u00fateis \u00e0 avalia\u00e7\u00e3o do desempenho econ\u00f4mico-financeiro de micro e pequenas empresas (MPE), tendo como base o m\u00e9todo Design Science Research (DSR).<\/p>\n<p>Durante o congresso, o prof. Tavares est\u00e1 tendo a oportunidade de interagir com profissionais de destaque na \u00e1rea, trocar ideias e contribuir para discuss\u00f5es relevantes sobre o futuro da contabilidade no Brasil.<\/p>\n<p>Sua dedica\u00e7\u00e3o reflete o compromisso do nosso departamento em formar profissionais capacitados e conscientes das necessidades do mercado.<\/p>\n<p>Parabenizamos o Professor Francisco Tavares por representar nossa institui\u00e7\u00e3o com tanto entusiasmo e por compartilhar seu conhecimento com tantos colegas e estudantes!<\/p>\n<h3>***<\/h3>\n<h3>NOTA DE PESAR<\/h3>\n<p><img loading=\"lazy\" decoding=\"async\" class=\"alignnone size-medium wp-image-1041\" src=\"https:\/\/portal.uern.br\/patu\/dcc\/wp-content\/uploads\/sites\/7\/2024\/09\/Post-Para-Instagram-Nota-De-Pesar-Falecimento-Minimalista-Preto-E-Branco-300x300.png\" alt=\"\" width=\"300\" height=\"300\" srcset=\"https:\/\/portal.uern.br\/patu\/dcc\/wp-content\/uploads\/sites\/7\/2024\/09\/Post-Para-Instagram-Nota-De-Pesar-Falecimento-Minimalista-Preto-E-Branco-300x300.png 300w, https:\/\/portal.uern.br\/patu\/dcc\/wp-content\/uploads\/sites\/7\/2024\/09\/Post-Para-Instagram-Nota-De-Pesar-Falecimento-Minimalista-Preto-E-Branco-1024x1024.png 1024w, https:\/\/portal.uern.br\/patu\/dcc\/wp-content\/uploads\/sites\/7\/2024\/09\/Post-Para-Instagram-Nota-De-Pesar-Falecimento-Minimalista-Preto-E-Branco-150x150.png 150w, https:\/\/portal.uern.br\/patu\/dcc\/wp-content\/uploads\/sites\/7\/2024\/09\/Post-Para-Instagram-Nota-De-Pesar-Falecimento-Minimalista-Preto-E-Branco-768x768.png 768w, https:\/\/portal.uern.br\/patu\/dcc\/wp-content\/uploads\/sites\/7\/2024\/09\/Post-Para-Instagram-Nota-De-Pesar-Falecimento-Minimalista-Preto-E-Branco.png 1080w\" sizes=\"(max-width: 300px) 100vw, 300px\" \/><\/p>\n<p>\u00c9 com profunda tristeza que comunicamos o falecimento do aluno Andr\u00e9 Felipe Jales Fernandes, estudante do 2\u00ba per\u00edodo do curso de Ci\u00eancias Cont\u00e1beis do Campus Avan\u00e7ado de Patu da Universidade do Estado do Rio Grande do Norte \u2013 DCC\/CAP\/UERN.<\/p>\n<p>Andr\u00e9 Felipe era um jovem de 19 anos, querido e muito gentil com todos, em especial com os colegas de turma do curso de Ci\u00eancias Cont\u00e1beis.<\/p>\n<p>Em raz\u00e3o do ocorrido a Coordena\u00e7\u00e3o do curso de Ci\u00eancias Cont\u00e1beis resolveu suspender as aulas no dia de hoje, ter\u00e7a-feira 10 de setembro de 2024 a todas as turmas.<\/p>\n<p>Os t\u00e9cnicos administrativos e docentes do curso de Ci\u00eancias Cont\u00e1beis se solidarizam com o ocorrido e manifestam os sentimentos a todos os familiares e amigos nesse momento de dor.<\/p>\n<p>Jozenir Calixta de Medeiros<br \/>\nChefe do Departamento de Ci\u00eancias Cont\u00e1beis<br \/>\nCampus Avan\u00e7ado de Patu &#8211; DCC\/CAP<\/p>\n<p style=\"text-align: center\">***<\/p>\n<h3>Comiss\u00e3o Eleitoral DCC\/CAP divulga lista de eleitores aptos a votar<\/h3>\n<p>A Comiss\u00e3o Eleitoral do Departamento de Ci\u00eancias Cont\u00e1beis do Campus Avan\u00e7ado de Patu (DCC\/CAP) torna p\u00fablica a lista dos eleitores aptos a votar na elei\u00e7\u00e3o para os cargos de Chefe e Subchefe do Departamento para o bi\u00eanio 2024-2026.<\/p>\n<p>Confira o <a href=\"https:\/\/portal.uern.br\/patu\/dcc\/wp-content\/uploads\/sites\/7\/2024\/08\/EDITAL_04.2024_COMISSAO_ELEITORAL_DCC_assinado.pdf\">edital n. 04\/2024<\/a> &#8211; COMISS\u00c3O ELEITORAL\/DEPARTAMENTO DE CI\u00caNCIAS CONT\u00c1BEIS\/DCC\/CAP\/UERN.<\/p>\n<p style=\"text-align: center\">***<\/p>\n<h3>Comiss\u00e3o Eleitoral DCC\/CAP divulga edital com a homologa\u00e7\u00e3o das candidaturas<\/h3>\n<p>A Comiss\u00e3o Eleitoral do Departamento de Ci\u00eancias Cont\u00e1beis do Campus Avan\u00e7ado de Patu (DCC\/CAP) publica a homologa\u00e7\u00e3o das candidaturas para os cargos de Chefe e Subchefe do Departamento para o bi\u00eanio 2024-2026.<\/p>\n<p>Confira o <a href=\"https:\/\/portal.uern.br\/patu\/dcc\/wp-content\/uploads\/sites\/7\/2024\/08\/EDITAL_03.2024_-_HOMOLOGACAO_CANDIDATURA_assinado.pdf\">edital<\/a> n. 03\/2024 &#8211; COMISS\u00c3O ELEITORAL\/DEPARTAMENTO DE CI\u00caNCIAS CONT\u00c1BEIS\/DCC\/CAP\/UERN.<\/p>\n<p style=\"text-align: center\">***<\/p>\n<h3>Comiss\u00e3o Eleitoral DCC\/CAP divulga errata de edital<\/h3>\n<p>A Comiss\u00e3o Eleitoral do Departamento de Ci\u00eancias Cont\u00e1beis do Campus Avan\u00e7ado de Patu (DCC\/CAP) publica errata de edital com o registro das candidaturas para os cargos de Chefe e Subchefe do Departamento para o bi\u00eanio 2024-2026.<\/p>\n<p>Confira a <a href=\"https:\/\/portal.uern.br\/patu\/dcc\/wp-content\/uploads\/sites\/7\/2024\/08\/ERRATA_EDITAL_02.2024_COMISSAO_ELEITORAL_DCC_assinado.pdf\">Errata<\/a>.<\/p>\n<p>***<\/p>\n<h3>Comiss\u00e3o Eleitoral DCC\/CAP divulga registro das candidaturas para a\u00a0 elei\u00e7\u00e3o<\/h3>\n<p>A Comiss\u00e3o Eleitoral do Departamento de Ci\u00eancias Cont\u00e1beis do Campus Avan\u00e7ado de Patu (DCC\/CAP) publica edital com o registro das candidaturas para os cargos de Chefe e Subchefe do Departamento para o bi\u00eanio 2024-2026.<\/p>\n<p>De acordo com o cronograma, pedidos de impugna\u00e7\u00e3o ao registro de candidatura podem ser enviados ao e-mail <a href=\"mailto:comissao.dcc.patu@uern.br\">comissao.dcc.patu@uern.br<\/a>\u00a0 de <strong>05 \u00e0 07\/08\/2024 com hor\u00e1rio limite de envio \u00e0s 16 horas.<\/strong><\/p>\n<p>Confira o <a href=\"https:\/\/portal.uern.br\/patu\/dcc\/wp-content\/uploads\/sites\/7\/2024\/08\/EDITAL_02.2022_-_REGISTRO_DE_CANDIDATURA_assinado.pdf\">Edital<\/a>.<\/p>\n<p>***<\/p>\n<h3>Departamento de Ci\u00eancias Cont\u00e1beis divulga edital de elei\u00e7\u00e3o para chefia<\/h3>\n<p>O Departamento de Ci\u00eancias Cont\u00e1beis do Campus Avan\u00e7ado de Patu (DCC\/CAP), divulga o edital que estabelece normas do processo eleitoral para escolha do Chefe e Sub-Chefe do Departamento para o bi\u00eanio 2024-2026.<\/p>\n<p>O registro das candidaturas pode ser feito de <strong>29\/07 a 01\/08\/2024<\/strong>, com o envio da documenta\u00e7\u00e3o necess\u00e1ria para o e-mail <a href=\"mailto:comissao.dcc.patu@uern.br\">comissao.dcc.patu@uern.br<\/a>.<\/p>\n<p>De acordo com o cronograma, as elei\u00e7\u00f5es ser\u00e3o realizadas via <strong>SigElei\u00e7\u00e3o<\/strong>, no dia <strong>23\/09\/2024, das 8h00min \u00e0s 22h00min.<\/strong><\/p>\n<p>Confira o <a href=\"https:\/\/portal.uern.br\/patu\/dcc\/wp-content\/uploads\/sites\/7\/2024\/07\/Edital_01.2024-_Eleicao_Chefia_de_DCC_para_Publicar_nas_redes_e_murais_Duda_ssinado_assinado_assinado_assinado.pdf\">EDITAL N\u00ba 01\/2024 &#8211; COMISS\u00c3O ELEITORAL\/DEPARTAMENTO DE CI\u00caNCIAS CONT\u00c1BEIS\/DCC\/CAP\/UERN, DE 19 DE JULHO DE 2024<\/a>.<\/p>\n<p style=\"text-align: center\">***<\/p>\n<h3><strong>Projeto de Extens\u00e3o CUSTA DE VIDA \u00e9 PRIMEIRO LUGAR no III Elo UERN<\/strong><\/h3>\n<p>Na noite do dia 02 de julho de 2024, o Audit\u00f3rio do CAP recebeu a Programa\u00e7\u00e3o presencial do ELO Uern. Da programa\u00e7\u00e3o constaram uma palestra e a Entrega de premia\u00e7\u00f5es do X Sal\u00e3o de Extens\u00e3o.<\/p>\n<p>O projeto de Extens\u00e3o &#8220;<strong>CUSTO DE VIDA: O Custo da Cesta B\u00e1sica na Cidade de Cara\u00fabas-RN<\/strong>&#8220;, coordenado pelo prof. Aluisio Dutra e com colabora\u00e7\u00e3o da aluna bolsista Marcela Alves Braga como pesquisadora de campo, obteve o 1\u00ba lugar no Campus Avan\u00e7ado de Patu na sele\u00e7\u00e3o de Trabalhos do X Sal\u00e3o de Extens\u00e3o da UERN.<\/p>\n<p>Parabenizamos os mesmos pelo feito!<\/p>\n<p><img loading=\"lazy\" decoding=\"async\" class=\"aligncenter wp-image-872 size-large\" src=\"https:\/\/portal.uern.br\/patu\/dcc\/wp-content\/uploads\/sites\/7\/2024\/07\/WhatsApp-Image-2024-07-02-at-21.11.40-766x1024.jpeg\" alt=\"\" width=\"766\" height=\"1024\" srcset=\"https:\/\/portal.uern.br\/patu\/dcc\/wp-content\/uploads\/sites\/7\/2024\/07\/WhatsApp-Image-2024-07-02-at-21.11.40-766x1024.jpeg 766w, https:\/\/portal.uern.br\/patu\/dcc\/wp-content\/uploads\/sites\/7\/2024\/07\/WhatsApp-Image-2024-07-02-at-21.11.40-224x300.jpeg 224w, https:\/\/portal.uern.br\/patu\/dcc\/wp-content\/uploads\/sites\/7\/2024\/07\/WhatsApp-Image-2024-07-02-at-21.11.40-768x1027.jpeg 768w, https:\/\/portal.uern.br\/patu\/dcc\/wp-content\/uploads\/sites\/7\/2024\/07\/WhatsApp-Image-2024-07-02-at-21.11.40-1149x1536.jpeg 1149w, https:\/\/portal.uern.br\/patu\/dcc\/wp-content\/uploads\/sites\/7\/2024\/07\/WhatsApp-Image-2024-07-02-at-21.11.40.jpeg 1197w\" sizes=\"(max-width: 766px) 100vw, 766px\" \/><\/p>\n<p>Da esquerda para direira: Prof. Esdra Sales (Pr\u00f3-Reitor de Extens\u00e3o da UERN), discente Marcela Braga, Prof. Aluisio Dutra e Profa. Anairan Medeiros (Pr\u00f3-Reitora Adjunta de Extens\u00e3o).<\/p>\n","protected":false},"excerpt":{"rendered":"<p>Curso de Ci\u00eancias Cont\u00e1beis divulga resultado de sele\u00e7\u00e3o para Curso de Extens\u00e3o sobre C\u00e1lculos Trabalhistas O Curso de Ci\u00eancias Cont\u00e1beis do Campus Avan\u00e7ado de Patu da Universidade do Estado do Rio Grande do Norte torna p\u00fablico o edital com o resultado da sele\u00e7\u00e3o para o curso de extens\u00e3o \u201cCapacita\u00e7\u00e3o em C\u00e1lculos Trabalhistas: Forma\u00e7\u00e3o Pr\u00e1tica e [&hellip;]<\/p>\n","protected":false},"author":13,"featured_media":0,"parent":0,"menu_order":0,"comment_status":"closed","ping_status":"closed","template":"","meta":{"footnotes":""},"class_list":["post-868","page","type-page","status-publish","hentry"],"_links":{"self":[{"href":"https:\/\/portal.uern.br\/patu\/dcc\/wp-json\/wp\/v2\/pages\/868","targetHints":{"allow":["GET"]}}],"collection":[{"href":"https:\/\/portal.uern.br\/patu\/dcc\/wp-json\/wp\/v2\/pages"}],"about":[{"href":"https:\/\/portal.uern.br\/patu\/dcc\/wp-json\/wp\/v2\/types\/page"}],"author":[{"embeddable":true,"href":"https:\/\/portal.uern.br\/patu\/dcc\/wp-json\/wp\/v2\/users\/13"}],"replies":[{"embeddable":true,"href":"https:\/\/portal.uern.br\/patu\/dcc\/wp-json\/wp\/v2\/comments?post=868"}],"version-history":[{"count":26,"href":"https:\/\/portal.uern.br\/patu\/dcc\/wp-json\/wp\/v2\/pages\/868\/revisions"}],"predecessor-version":[{"id":1094,"href":"https:\/\/portal.uern.br\/patu\/dcc\/wp-json\/wp\/v2\/pages\/868\/revisions\/1094"}],"wp:attachment":[{"href":"https:\/\/portal.uern.br\/patu\/dcc\/wp-json\/wp\/v2\/media?parent=868"}],"curies":[{"name":"wp","href":"https:\/\/api.w.org\/{rel}","templated":true}]}}