{"id":1300,"date":"2025-12-04T10:53:02","date_gmt":"2025-12-04T13:53:02","guid":{"rendered":"https:\/\/portal.uern.br\/fe\/?post_type=destaques_&#038;p=1300"},"modified":"2025-12-19T11:09:40","modified_gmt":"2025-12-19T14:09:40","slug":"uern-divulga-orientacoes-para-matriculas-nos-cursos-de-graduacao-semestre-2026-1","status":"publish","type":"destaques_","link":"https:\/\/portal.uern.br\/fe\/destaques_\/uern-divulga-orientacoes-para-matriculas-nos-cursos-de-graduacao-semestre-2026-1\/","title":{"rendered":"Uern divulga orienta\u00e7\u00f5es para matr\u00edculas nos cursos de gradua\u00e7\u00e3o, semestre 2026.1"},"content":{"rendered":"<p data-raofz=\"16\">\u00a0 \u00a0 \u00a0 \u00a0 \u00a0 \u00a0 \u00a0 \u00a0 \u00a0 \u00a0 \u00a0 \u00a0 \u00a0 \u00a0 \u00a0 \u00a0 \u00a0 \u00a0 \u00a0 \u00a0 \u00a0 \u00a0 \u00a0 \u00a0 \u00a0 \u00a0 \u00a0 \u00a0 \u00a0 \u00a0 \u00a0 \u00a0 \u00a0 \u00a0 \u00a0 <img fetchpriority=\"high\" decoding=\"async\" class=\" wp-image-1304 aligncenter\" src=\"https:\/\/portal.uern.br\/fe\/wp-content\/uploads\/2025\/12\/Banner-escola-faculdade-universidade-matriculas-abertas-300x113.png\" alt=\"\" width=\"668\" height=\"252\" srcset=\"https:\/\/portal.uern.br\/fe\/wp-content\/uploads\/2025\/12\/Banner-escola-faculdade-universidade-matriculas-abertas-300x113.png 300w, https:\/\/portal.uern.br\/fe\/wp-content\/uploads\/2025\/12\/Banner-escola-faculdade-universidade-matriculas-abertas-1024x384.png 1024w, https:\/\/portal.uern.br\/fe\/wp-content\/uploads\/2025\/12\/Banner-escola-faculdade-universidade-matriculas-abertas-768x288.png 768w, https:\/\/portal.uern.br\/fe\/wp-content\/uploads\/2025\/12\/Banner-escola-faculdade-universidade-matriculas-abertas-1536x576.png 1536w, https:\/\/portal.uern.br\/fe\/wp-content\/uploads\/2025\/12\/Banner-escola-faculdade-universidade-matriculas-abertas.png 1920w\" sizes=\"(max-width: 668px) 100vw, 668px\" \/><\/p>\n<p data-raofz=\"16\">\n<p data-raofz=\"16\">\n<p data-raofz=\"16\"><span data-raofz=\"16\">A Pr\u00f3-reitoria de Ensino de Gradua\u00e7\u00e3o (Proeg) da Universidade do Estado do Rio Grande do Norte (Uern), torna p\u00fablico, pelo Edital N\u00b0 124\/2025 \u2013 PROEG, as informa\u00e7\u00f5es pertinentes ao processo de Matr\u00edcula Curricular nos cursos de gradua\u00e7\u00e3o da Uern, para o semestre letivo 2026.1.<\/span><\/p>\n<p data-raofz=\"16\"><span data-raofz=\"16\">A solicita\u00e7\u00e3o de matr\u00edcula em componentes curriculares para <strong>alunos veteranos ser\u00e1 feita de 04 a 09 de fevereiro de 2026<\/strong>, enquanto <strong>alunos ingressantes (via PSVI) ter\u00e3o a matr\u00edcula realizada pelas respectivas Unidades Universit\u00e1rias no per\u00edodo de 11 a 20 de fevereiro de 2026.<\/strong> O edital com orienta\u00e7\u00f5es sobre o PSVO e suas respectivas datas ser\u00e1 publicado posteriormente.<\/span><\/p>\n<p data-raofz=\"16\"><strong>Ser\u00e1 de inteira responsabilidade do candidato acompanhar a publica\u00e7\u00e3o de todos os atos,\u00a0editais e comunicados referentes ao processo de Matr\u00edcula Curricular nos cursos de gradua\u00e7\u00e3o da Uern, para o semestre letivo 2026.1, os quais ser\u00e3o divulgados no Portal da Uern.<\/strong><\/p>\n<p><a href=\"https:\/\/drive.google.com\/file\/d\/1dcB5jojRqITqFh8MTkTYt4howJGJB1En\/view?usp=drive_link\">CRONOGRAMA DE MATRICULA 2026.1<\/a><\/p>\n<p><a href=\"https:\/\/drive.google.com\/file\/d\/1vP2vsiapLOjTA4OmMzs_NNBxvhjqqPNJ\/view?usp=drive_link\">CARGA HOR\u00c1RIA DAS DISCIPLINAS 2026.1<\/a><\/p>\n<p data-raofz=\"16\">\n","protected":false},"featured_media":1304,"parent":0,"template":"","nivel_do_destaque_":[28],"class_list":["post-1300","destaques_","type-destaques_","status-publish","has-post-thumbnail","hentry","nivel_do_destaque_-destaque-topo"],"_links":{"self":[{"href":"https:\/\/portal.uern.br\/fe\/wp-json\/wp\/v2\/destaques_\/1300","targetHints":{"allow":["GET"]}}],"collection":[{"href":"https:\/\/portal.uern.br\/fe\/wp-json\/wp\/v2\/destaques_"}],"about":[{"href":"https:\/\/portal.uern.br\/fe\/wp-json\/wp\/v2\/types\/destaques_"}],"wp:featuredmedia":[{"embeddable":true,"href":"https:\/\/portal.uern.br\/fe\/wp-json\/wp\/v2\/media\/1304"}],"wp:attachment":[{"href":"https:\/\/portal.uern.br\/fe\/wp-json\/wp\/v2\/media?parent=1300"}],"wp:term":[{"taxonomy":"nivel_do_destaque_","embeddable":true,"href":"https:\/\/portal.uern.br\/fe\/wp-json\/wp\/v2\/nivel_do_destaque_?post=1300"}],"curies":[{"name":"wp","href":"https:\/\/api.w.org\/{rel}","templated":true}]}}