{"id":5,"date":"2023-01-31T21:05:53","date_gmt":"2023-02-01T00:05:53","guid":{"rendered":"http:\/\/beta.apps.uern.br\/wordpress\/fala\/escolademusica\/?page_id=5"},"modified":"2026-03-24T16:02:26","modified_gmt":"2026-03-24T19:02:26","slug":"apresentacao","status":"publish","type":"page","link":"https:\/\/portal.uern.br\/fala\/escolademusica\/","title":{"rendered":"Apresenta\u00e7\u00e3o"},"content":{"rendered":"<p><img fetchpriority=\"high\" decoding=\"async\" class=\"wp-image-405 alignleft\" src=\"https:\/\/portal.uern.br\/fala\/escolademusica\/wp-content\/uploads\/sites\/6\/2023\/03\/Logo-Escola-de-Musica-300x300.jpeg\" alt=\"\" width=\"384\" height=\"384\" srcset=\"https:\/\/portal.uern.br\/fala\/escolademusica\/wp-content\/uploads\/sites\/6\/2023\/03\/Logo-Escola-de-Musica-300x300.jpeg 300w, https:\/\/portal.uern.br\/fala\/escolademusica\/wp-content\/uploads\/sites\/6\/2023\/03\/Logo-Escola-de-Musica-150x150.jpeg 150w, https:\/\/portal.uern.br\/fala\/escolademusica\/wp-content\/uploads\/sites\/6\/2023\/03\/Logo-Escola-de-Musica-768x768.jpeg 768w, https:\/\/portal.uern.br\/fala\/escolademusica\/wp-content\/uploads\/sites\/6\/2023\/03\/Logo-Escola-de-Musica.jpeg 821w\" sizes=\"(max-width: 384px) 100vw, 384px\" \/><\/p>\n<p><span style=\"font-size: 18pt\"><strong>EDITAL DE CURSOS LIVRES &#8211; 2026<\/strong><\/span><\/p>\n<p><a href=\"https:\/\/portal.uern.br\/fala\/escolademusica\/wp-content\/uploads\/sites\/6\/2026\/03\/Edital_de_Cursos_Livres_2026.1.docx_assinado.pdf\">EDITAL DE CURSOS LIVRES 2026.1<\/a><\/p>\n<p>&nbsp;<\/p>\n<p>&nbsp;<\/p>\n<p>&nbsp;<\/p>\n<p>&nbsp;<\/p>\n<p>&nbsp;<\/p>\n<p>&nbsp;<\/p>\n<p>&nbsp;<\/p>\n<p>&nbsp;<\/p>\n<p>&nbsp;<\/p>\n<p><span style=\"font-size: 18pt\"><strong>APRESENTA\u00c7\u00c3O<\/strong><\/span><\/p>\n<p>A Escola de M\u00fasica D\u2019Alva Stella Nogueira Freire \u00e9 uma Escola de Extens\u00e3o vinculada ao Departamento de Artes, da Faculdade de Letras e Artes e desenvolve diversas atividades envolvendo ensino, produ\u00e7\u00f5es art\u00edsticas e de incentivo ao desenvolvimento musical de seus alunos.\u00a0 Os cursos de forma\u00e7\u00e3o musical s\u00e3o oferecidos em tr\u00eas turnos. A metodologia utilizada \u00e9 desenvolvida atrav\u00e9s de aulas expositivas coletivas e\/ou individuais.<\/p>\n<p>A grande procura pela arte musical \u00e9 uma realidade. A cidade de Mossor\u00f3 vive uma efervesc\u00eancia cultural e, especificamente na \u00e1rea musical, o fato \u00e9 concretizado atrav\u00e9s da grande procura pelo curso de m\u00fasica oferecido na Escola de M\u00fasica D\u2019Alva Stella Nogueira Freire, onde \u00e9 evidenciado como pioneiro no ensino formal de m\u00fasica na regi\u00e3o do alto-oeste potiguar e atrai interessados de diversas cidades circunvizinhas e at\u00e9 de estados vizinhos.<\/p>\n<p>O principal objetivo \u00e9 oferecer forma\u00e7\u00e3o musical preparando profissionais aptos a atuarem em diversos contextos que exigem conhecimento musical, visando proporcionar uma participa\u00e7\u00e3o ativa e criativa bem como sua inser\u00e7\u00e3o em outros n\u00edveis de estudo e compreens\u00e3o musical.<\/p>\n<p>Entre outros objetivos a Escola de M\u00fasica pretende:<\/p>\n<ul>\n<li>Propiciar o ensino musical em diversas faixas-et\u00e1rias.<\/li>\n<li>Manter grupos musicais incentivando diversas forma\u00e7\u00f5es e estilos musicais.<\/li>\n<li>Proporcionar conhecimento musical para estudantes que desejam fazer curso superior de m\u00fasica.<\/li>\n<\/ul>\n<p>&nbsp;<\/p>\n<p>A Escola de M\u00fasica da UERN preenche uma lacuna existente no ensino formal de m\u00fasica, na forma\u00e7\u00e3o de profissionais na \u00e1rea musical suprindo essa car\u00eancia em diversos contextos e espa\u00e7os musicais como bandas, corais, grupos instrumentais, entre outros.<\/p>\n<p>&nbsp;<\/p>\n<p>Oferece os cursos de:<\/p>\n<ul>\n<li>Inicia\u00e7\u00e3o Musical.<\/li>\n<li>Forma\u00e7\u00e3o Musical B\u00e1sica I<\/li>\n<li>Forma\u00e7\u00e3o Musical B\u00e1sica II<\/li>\n<li>Cursos Livres<\/li>\n<\/ul>\n","protected":false},"excerpt":{"rendered":"<p>EDITAL DE CURSOS LIVRES &#8211; 2026 EDITAL DE CURSOS LIVRES 2026.1 &nbsp; &nbsp; &nbsp; &nbsp; &nbsp; &nbsp; &nbsp; &nbsp; &nbsp; APRESENTA\u00c7\u00c3O A Escola de M\u00fasica D\u2019Alva Stella Nogueira Freire \u00e9 uma Escola de Extens\u00e3o vinculada ao Departamento de Artes, da Faculdade de Letras e Artes e desenvolve diversas atividades envolvendo ensino, produ\u00e7\u00f5es art\u00edsticas e de [&hellip;]<\/p>\n","protected":false},"author":1,"featured_media":0,"parent":0,"menu_order":0,"comment_status":"closed","ping_status":"closed","template":"","meta":{"footnotes":""},"class_list":["post-5","page","type-page","status-publish","hentry"],"_links":{"self":[{"href":"https:\/\/portal.uern.br\/fala\/escolademusica\/wp-json\/wp\/v2\/pages\/5","targetHints":{"allow":["GET"]}}],"collection":[{"href":"https:\/\/portal.uern.br\/fala\/escolademusica\/wp-json\/wp\/v2\/pages"}],"about":[{"href":"https:\/\/portal.uern.br\/fala\/escolademusica\/wp-json\/wp\/v2\/types\/page"}],"author":[{"embeddable":true,"href":"https:\/\/portal.uern.br\/fala\/escolademusica\/wp-json\/wp\/v2\/users\/1"}],"replies":[{"embeddable":true,"href":"https:\/\/portal.uern.br\/fala\/escolademusica\/wp-json\/wp\/v2\/comments?post=5"}],"version-history":[{"count":22,"href":"https:\/\/portal.uern.br\/fala\/escolademusica\/wp-json\/wp\/v2\/pages\/5\/revisions"}],"predecessor-version":[{"id":1217,"href":"https:\/\/portal.uern.br\/fala\/escolademusica\/wp-json\/wp\/v2\/pages\/5\/revisions\/1217"}],"wp:attachment":[{"href":"https:\/\/portal.uern.br\/fala\/escolademusica\/wp-json\/wp\/v2\/media?parent=5"}],"curies":[{"name":"wp","href":"https:\/\/api.w.org\/{rel}","templated":true}]}}