{"id":211,"date":"2022-09-19T08:57:46","date_gmt":"2022-09-19T11:57:46","guid":{"rendered":"https:\/\/paisdemossoro.com.br\/wordpress\/fafic\/?page_id=211"},"modified":"2025-06-27T20:56:44","modified_gmt":"2025-06-27T23:56:44","slug":"apresentacao","status":"publish","type":"page","link":"https:\/\/portal.uern.br\/fafic\/apresentacao\/","title":{"rendered":"Apresenta\u00e7\u00e3o"},"content":{"rendered":"<p>Criada pelo Decreto Municipal n\u00ba 47-B\/65, de 13 de dezembro de 1965, a Faculdade de Filosofia, Ci\u00eancias e Letras de Mossor\u00f3, foi a terceira faculdade criada na cidade, agregando quatro cursos: Pedagogia, Letras, Hist\u00f3ria e Ci\u00eancias Sociais. Para efeito de cria\u00e7\u00e3o da UERN, em 1968, essa faculdade foi desmembrada, dando origem \u00e0 Faculdade de Educa\u00e7\u00e3o, ficando o Instituto de Ci\u00eancias Humanas \u2013 ICH \u2013 com os cursos de Hist\u00f3ria, Geografia, Ci\u00eancias Sociais e Direito e o Instituto de Letras e Artes com o curso de Letras que mais tarde se transformaria na Faculdade de Letras e Artes.<\/p>\n<p>&nbsp;<\/p>\n<p>A Portaria N\u00ba 01\/68, de 7 de outubro de 1968, do governo municipal, regulamentou esse desmembramento. Com o reconhecimento da Universidade, pelo Minist\u00e9rio da Educa\u00e7\u00e3o, em 1993, a estrutura acad\u00eamica \u00e9 padronizada em torno da unidade faculdade, deixando o ICH de existir e transformando-se em Faculdade de Filosofia e Ci\u00eancias Sociais \u2013 FAFIC \u2013 agora com a inser\u00e7\u00e3o do curso de Filosofia e com desmembramento do curso de Direito, passando este a constituir sua pr\u00f3pria faculdade, a Faculdade de Direito \u2013 FAD.<\/p>\n<p>&nbsp;<\/p>\n<p>Em novembro de 1993, a FAFIC foi consagrada com o primeiro pleito eleitoral para a sua dire\u00e7\u00e3o, sendo eleitos e empossados a professora do departamento de Ci\u00eancias Sociais e Pol\u00edtica, Helenita de Castro Soares como diretora, e o professor do Departamento de Filosofia, Edinaldo Tib\u00farcio Gon\u00e7alo, como vice-diretor, o qual, posteriormente, assumiu a dire\u00e7\u00e3o de 1996 a 1997, com a vac\u00e2ncia deixada pela titular para assumir a Pr\u00f3-Reitoria de Ensino de Gradua\u00e7\u00e3o.<\/p>\n<p>&nbsp;<\/p>\n<h3>Dire\u00e7\u00e3o:<\/h3>\n<p>Diretor:<strong>\u00a0Prof. Marc\u00edlio Lima Falc\u00e3o<\/strong><\/p>\n<p>Portaria N\u00ba 1998\/2022-GP\/FUERN<\/p>\n<p>Vice-Diretor:<strong>\u00a0\u00a0Prof.\u00a0<\/strong><strong>Jo\u00e3o Freire Rodrigues<\/strong><\/p>\n<p>Portaria N\u00ba 1999\/2022-GP\/FUERN<\/p>\n<p>Mandato:\u00a0<strong>Julho de 2022 a Julho de 2026<\/strong><\/p>\n<hr \/>\n<h3>Rela\u00e7\u00e3o dos ex-diretores da FAFIC:<\/h3>\n<table>\n<tbody>\n<tr>\n<td><strong>Ex-diretores<\/strong><\/td>\n<td><strong>In\u00edcio<\/strong><\/td>\n<td><strong>T\u00e9rmino<\/strong><\/td>\n<\/tr>\n<tr>\n<td><strong>William Coelho de Oliveira<\/strong><\/td>\n<td>07\/2018<\/td>\n<td>07\/2022<\/td>\n<\/tr>\n<tr>\n<td><strong>\u00a0Edinaldo Tib\u00farcio Gon\u00e7alo\u00b2<\/strong><\/td>\n<td>05\/2018<\/td>\n<td>07\/2018<\/td>\n<\/tr>\n<tr>\n<td><strong>\u00a0Ailton Siqueira de Sousa Fonseca<\/strong><\/td>\n<td>03\/2014<\/td>\n<td>03\/2018<\/td>\n<\/tr>\n<tr>\n<td>\u00a0<strong>Emanuel Pereira Braz<\/strong><\/td>\n<td>12\/2005<\/td>\n<td>03\/2014<\/td>\n<\/tr>\n<tr>\n<td>\u00a0<strong>Ant\u00f4nio de Farias Capistrano\u00b2<\/strong><\/td>\n<td>05\/2005<\/td>\n<td>12\/2005<\/td>\n<\/tr>\n<tr>\n<td><strong>\u00a0Wilson Bezerra de Moura\u00b2<\/strong><\/td>\n<td>1997<\/td>\n<td>2005<\/td>\n<\/tr>\n<tr>\n<td>\u00a0<strong>Edinaldo Tib\u00farcio Gon\u00e7alo<\/strong><\/td>\n<td>1996<\/td>\n<td>1997<\/td>\n<\/tr>\n<tr>\n<td>\u00a0<strong>Helenita Castro Soares<\/strong><\/td>\n<td>1993<\/td>\n<td>1996<\/td>\n<\/tr>\n<tr>\n<td>\u00a0<strong>Marlene Otto Kummer\u00b9<\/strong><\/td>\n<td>1989<\/td>\n<td>1993<\/td>\n<\/tr>\n<tr>\n<td>\u00a0<strong>Maria Jos\u00e9 Falc\u00e3o<\/strong><\/td>\n<td>1985<\/td>\n<td>1988<\/td>\n<\/tr>\n<tr>\n<td>\u00a0<strong>Felipe Caetano de Oliveira<\/strong><\/td>\n<td>1984<\/td>\n<td>1985<\/td>\n<\/tr>\n<tr>\n<td>\u00a0<strong>Jos\u00e9 Otto Santana<\/strong><\/td>\n<td>1980<\/td>\n<td>1984<\/td>\n<\/tr>\n<tr>\n<td>\u00a0<strong>Maria Salom\u00e9 de Moura<\/strong><\/td>\n<td>1974<\/td>\n<td>1980<\/td>\n<\/tr>\n<tr>\n<td>\u00a0<strong>Jos\u00e9 Fernandes Vidal\u00b9<\/strong><\/td>\n<td>1972<\/td>\n<td>1974<\/td>\n<\/tr>\n<\/tbody>\n<\/table>\n<hr \/>\n<p>\u00b9 Do mandato do professor Jos\u00e9 Vidal Fernandes, em 1972, at\u00e9 o mandato da professora Marlene Otto Kummer, em 1993, os diretores eram indicados pelo reitor. Ap\u00f3s esse per\u00edodo, os demais foram eleitos por elei\u00e7\u00e3o direta.<\/p>\n<p>\u00b2\u00a0<em>Pro tempore<\/em>.<\/p>\n","protected":false},"excerpt":{"rendered":"<p>Criada pelo Decreto Municipal n\u00ba 47-B\/65, de 13 de dezembro de 1965, a Faculdade de Filosofia, Ci\u00eancias e Letras de Mossor\u00f3, foi a terceira faculdade criada na cidade, agregando quatro cursos: Pedagogia, Letras, Hist\u00f3ria e Ci\u00eancias Sociais. Para efeito de cria\u00e7\u00e3o da UERN, em 1968, essa faculdade foi desmembrada, dando origem \u00e0 Faculdade de Educa\u00e7\u00e3o, [&hellip;]<\/p>\n","protected":false},"author":1,"featured_media":0,"parent":0,"menu_order":0,"comment_status":"closed","ping_status":"closed","template":"","meta":{"footnotes":""},"class_list":["post-211","page","type-page","status-publish","hentry"],"_links":{"self":[{"href":"https:\/\/portal.uern.br\/fafic\/wp-json\/wp\/v2\/pages\/211","targetHints":{"allow":["GET"]}}],"collection":[{"href":"https:\/\/portal.uern.br\/fafic\/wp-json\/wp\/v2\/pages"}],"about":[{"href":"https:\/\/portal.uern.br\/fafic\/wp-json\/wp\/v2\/types\/page"}],"author":[{"embeddable":true,"href":"https:\/\/portal.uern.br\/fafic\/wp-json\/wp\/v2\/users\/1"}],"replies":[{"embeddable":true,"href":"https:\/\/portal.uern.br\/fafic\/wp-json\/wp\/v2\/comments?post=211"}],"version-history":[{"count":6,"href":"https:\/\/portal.uern.br\/fafic\/wp-json\/wp\/v2\/pages\/211\/revisions"}],"predecessor-version":[{"id":1377,"href":"https:\/\/portal.uern.br\/fafic\/wp-json\/wp\/v2\/pages\/211\/revisions\/1377"}],"wp:attachment":[{"href":"https:\/\/portal.uern.br\/fafic\/wp-json\/wp\/v2\/media?parent=211"}],"curies":[{"name":"wp","href":"https:\/\/api.w.org\/{rel}","templated":true}]}}