{"id":719,"date":"2023-03-04T16:43:13","date_gmt":"2023-03-04T19:43:13","guid":{"rendered":"https:\/\/portal.uern.br\/faen\/?page_id=719"},"modified":"2023-03-04T16:47:25","modified_gmt":"2023-03-04T19:47:25","slug":"ppc-bacharelado-licenciatura","status":"publish","type":"page","link":"https:\/\/portal.uern.br\/faen\/perfil-do-egresso\/egresso\/ppc-bacharelado-licenciatura\/","title":{"rendered":"PPC Bacharelado\/Licenciatura"},"content":{"rendered":"<p><span style=\"font-weight: 400\">Enfermeiro, bacharel e licenciado, com forma\u00e7\u00e3o generalista, humanista, cr\u00edtica e reflexiva, qualificado para o exerc\u00edcio e para a coordena\u00e7\u00e3o dos processos de trabalho da enfermagem, com base nos princ\u00edpios da universalidade, equidade, da integralidade da aten\u00e7\u00e3o \u00e0 sa\u00fade, da cidadania, e do processo coletivo de trabalho em sa\u00fade, em todos os espa\u00e7os e \u00e1reas de sua inser\u00e7\u00e3o.<\/span><\/p>\n<p><span style=\"font-weight: 400\">Desse modo, o egresso estar\u00e1 apto a:<\/span><\/p>\n<ul>\n<li style=\"font-weight: 400\"><span style=\"font-weight: 400\">Coordenar o trabalho da enfermagem, parcela do trabalho coletivo em sa\u00fade, nos modelos cl\u00ednico e epidemiol\u00f3gico de produ\u00e7\u00e3o dos servi\u00e7os de sa\u00fade;<\/span><\/li>\n<li style=\"font-weight: 400\"><span style=\"font-weight: 400\">Desenvolver os processos de trabalho da enfermagem (assistir\/intervir, ensinar-aprender, gerenciar e investigar) ao n\u00edvel dos servi\u00e7os de sa\u00fade e educa\u00e7\u00e3o em conson\u00e2ncia com os princ\u00edpios e diretrizes do Sistema \u00danico de Sa\u00fade;<\/span><\/li>\n<li style=\"font-weight: 400\"><span style=\"font-weight: 400\">Desenvolver, participar e aplicar processos de investiga\u00e7\u00e3o, de pesquisa e de outras formas de produ\u00e7\u00e3o de conhecimento e desenvolvimento de tecnologias apropriadas ao processo de trabalho da enfermagem; que objetivem a qualifica\u00e7\u00e3o do atendimento \u00e0s demandas colocadas pela din\u00e2mica social, da organiza\u00e7\u00e3o tecnol\u00f3gica e suporte \u00e0 pr\u00e1tica profissional e \u00e0 constru\u00e7\u00e3o de novos paradigmas para a enfermagem brasileira e para o trabalho coletivo em sa\u00fade;<\/span><\/li>\n<li style=\"font-weight: 400\"><span style=\"font-weight: 400\">Compreender as pol\u00edticas de sa\u00fade\/educa\u00e7\u00e3o no contexto das pol\u00edticas sociais, reconhecendo o seu papel social como agente respons\u00e1vel pela forma\u00e7\u00e3o profissional e como um importante sujeito na transforma\u00e7\u00e3o dos perfis epidemiol\u00f3gicos da popula\u00e7\u00e3o;<\/span><\/li>\n<li style=\"font-weight: 400\"><span style=\"font-weight: 400\">Participar da organiza\u00e7\u00e3o pol\u00edtica e o do desenvolvimento da profiss\u00e3o, reconhecendo as rela\u00e7\u00f5es sociais e de trabalho e, a influ\u00eancia dessas rela\u00e7\u00f5es na produ\u00e7\u00e3o dos servi\u00e7os de sa\u00fade e na educa\u00e7\u00e3o, tanto em n\u00edvel b\u00e1sico, quanto profissional;<\/span><\/li>\n<li style=\"font-weight: 400\"><span style=\"font-weight: 400\">Atuar na educa\u00e7\u00e3o profissional em cursos profissionalizantes e em outros campos da educa\u00e7\u00e3o em sa\u00fade, como a Educa\u00e7\u00e3o Permanente em Sa\u00fade, a doc\u00eancia e a gest\u00e3o de cursos de forma\u00e7\u00e3o de profissionais (como os de agentes comunit\u00e1rios de sa\u00fade e outros); gest\u00e3o de servi\u00e7os em educa\u00e7\u00e3o em sa\u00fade, em empresas, em \u00f3rg\u00e3os governamentais e em outras organiza\u00e7\u00f5es;<\/span><\/li>\n<li style=\"font-weight: 400\"><span style=\"font-weight: 400\">Produzir conhecimentos que contribuam com a transforma\u00e7\u00e3o dos perfis epidemiol\u00f3gicos;\u00a0<\/span><\/li>\n<li style=\"font-weight: 400\"><span style=\"font-weight: 400\">Responsabilizar-se pelo processo de forma\u00e7\u00e3o dos trabalhadores de enfermagem e participar dos processos de forma\u00e7\u00e3o de outros trabalhadores de sa\u00fade;<\/span><\/li>\n<li style=\"font-weight: 400\"><span style=\"font-weight: 400\">Reconhecer o contexto social, sua estrutura e as formas de organiza\u00e7\u00e3o social, suas transforma\u00e7\u00f5es e express\u00f5es;<\/span><\/li>\n<li style=\"font-weight: 400\"><span style=\"font-weight: 400\">Reconhecer a organiza\u00e7\u00e3o do trabalho e sua influ\u00eancia na sa\u00fade;<\/span><\/li>\n<li style=\"font-weight: 400\"><span style=\"font-weight: 400\">Responder \u00e0s especificidades regionais de sa\u00fade atrav\u00e9s de interven\u00e7\u00f5es planejadas estrategicamente;<\/span><\/li>\n<li style=\"font-weight: 400\"><span style=\"font-weight: 400\">Atuar como articulador, negociador, capaz de estabelecer alian\u00e7as e parcerias;<\/span><\/li>\n<li style=\"font-weight: 400\"><span style=\"font-weight: 400\">Comprometer-se com o desenvolvimento da profiss\u00e3o e o aprofundamento de sua qualifica\u00e7\u00e3o t\u00e9cnico-cient\u00edfica, bem como dos demais trabalhadores de enfermagem;<\/span><\/li>\n<li style=\"font-weight: 400\"><span style=\"font-weight: 400\">Identificar as necessidades sociais da popula\u00e7\u00e3o e seus determinantes;<\/span><\/li>\n<li style=\"font-weight: 400\"><span style=\"font-weight: 400\">Intervir na produ\u00e7\u00e3o dos servi\u00e7os de sa\u00fade com vistas \u00e0 transforma\u00e7\u00e3o dos perfis epidemiol\u00f3gicos e aperfei\u00e7oamento do processo sa\u00fade-doen\u00e7a.<\/span><\/li>\n<\/ul>\n","protected":false},"excerpt":{"rendered":"<p>Enfermeiro, bacharel e licenciado, com forma\u00e7\u00e3o generalista, humanista, cr\u00edtica e reflexiva, qualificado para o exerc\u00edcio e para a coordena\u00e7\u00e3o dos processos de trabalho da enfermagem, com base nos princ\u00edpios da universalidade, equidade, da integralidade da aten\u00e7\u00e3o \u00e0 sa\u00fade, da cidadania, e do processo coletivo de trabalho em sa\u00fade, em todos os espa\u00e7os e \u00e1reas de [&hellip;]<\/p>\n","protected":false},"author":5,"featured_media":0,"parent":240,"menu_order":0,"comment_status":"closed","ping_status":"closed","template":"","meta":{"footnotes":""},"class_list":["post-719","page","type-page","status-publish","hentry"],"_links":{"self":[{"href":"https:\/\/portal.uern.br\/faen\/wp-json\/wp\/v2\/pages\/719","targetHints":{"allow":["GET"]}}],"collection":[{"href":"https:\/\/portal.uern.br\/faen\/wp-json\/wp\/v2\/pages"}],"about":[{"href":"https:\/\/portal.uern.br\/faen\/wp-json\/wp\/v2\/types\/page"}],"author":[{"embeddable":true,"href":"https:\/\/portal.uern.br\/faen\/wp-json\/wp\/v2\/users\/5"}],"replies":[{"embeddable":true,"href":"https:\/\/portal.uern.br\/faen\/wp-json\/wp\/v2\/comments?post=719"}],"version-history":[{"count":2,"href":"https:\/\/portal.uern.br\/faen\/wp-json\/wp\/v2\/pages\/719\/revisions"}],"predecessor-version":[{"id":724,"href":"https:\/\/portal.uern.br\/faen\/wp-json\/wp\/v2\/pages\/719\/revisions\/724"}],"up":[{"embeddable":true,"href":"https:\/\/portal.uern.br\/faen\/wp-json\/wp\/v2\/pages\/240"}],"wp:attachment":[{"href":"https:\/\/portal.uern.br\/faen\/wp-json\/wp\/v2\/media?parent=719"}],"curies":[{"name":"wp","href":"https:\/\/api.w.org\/{rel}","templated":true}]}}