{"id":924,"date":"2023-06-05T10:44:37","date_gmt":"2023-06-05T13:44:37","guid":{"rendered":"https:\/\/portal.uern.br\/faef\/?page_id=924"},"modified":"2025-07-28T11:27:39","modified_gmt":"2025-07-28T14:27:39","slug":"orientacoes-para-publicacao","status":"publish","type":"page","link":"https:\/\/portal.uern.br\/faef\/orientacoes-para-publicacao\/","title":{"rendered":"Orienta\u00e7\u00f5es para publica\u00e7\u00e3o"},"content":{"rendered":"<p>Solicita\u00e7\u00f5es de publica\u00e7\u00f5es de informa\u00e7\u00f5es no site da Faculdade de Educa\u00e7\u00e3o F\u00edsica devem ser encaminhadas para a Dire\u00e7\u00e3o da Faculdade.<\/p>\n<p>&nbsp;<\/p>\n<p><strong>FACULDADE DE EDUCA\u00c7\u00c3O F\u00cdSICA &#8211; FAEF<\/strong><\/p>\n<p style=\"padding-left: 40px\"><strong>Dire\u00e7\u00e3o<br \/>\n<\/strong>Prof\u00aa Ms. Danielle de Sousa Bessa dos Santos<\/p>\n<p style=\"padding-left: 40px\"><strong>Vice-Dire\u00e7\u00e3o<br \/>\n<\/strong>Prof. Dr.\u00aa Camila Ursulla Batista Carlos<\/p>\n<p style=\"padding-left: 40px\"><strong>Secretaria<br \/>\n<\/strong>Sant Clair Pereira de Lima Souza &#8211; Secret\u00e1ria<br \/>\nKleyson Dias Cortez &#8211; Auxiliar Administrativo<\/p>\n<p style=\"padding-left: 40px\">Contato<br \/>\nE-mail: faef@uern.br<\/p>\n<p style=\"padding-left: 40px\"><strong>Hor\u00e1rio de atendimento ao p\u00fablico<\/strong> (presencial e remoto): 07h \u00e0s 19h, de segunda a sexta.<\/p>\n","protected":false},"excerpt":{"rendered":"<p>Solicita\u00e7\u00f5es de publica\u00e7\u00f5es de informa\u00e7\u00f5es no site da Faculdade de Educa\u00e7\u00e3o F\u00edsica devem ser encaminhadas para a Dire\u00e7\u00e3o da Faculdade. &nbsp; FACULDADE DE EDUCA\u00c7\u00c3O F\u00cdSICA &#8211; FAEF Dire\u00e7\u00e3o Prof\u00aa Ms. Danielle de Sousa Bessa dos Santos Vice-Dire\u00e7\u00e3o Prof. Dr.\u00aa Camila Ursulla Batista Carlos Secretaria Sant Clair Pereira de Lima Souza &#8211; Secret\u00e1ria Kleyson Dias Cortez [&hellip;]<\/p>\n","protected":false},"author":2,"featured_media":0,"parent":0,"menu_order":0,"comment_status":"closed","ping_status":"closed","template":"","meta":{"footnotes":""},"class_list":["post-924","page","type-page","status-publish","hentry"],"_links":{"self":[{"href":"https:\/\/portal.uern.br\/faef\/wp-json\/wp\/v2\/pages\/924","targetHints":{"allow":["GET"]}}],"collection":[{"href":"https:\/\/portal.uern.br\/faef\/wp-json\/wp\/v2\/pages"}],"about":[{"href":"https:\/\/portal.uern.br\/faef\/wp-json\/wp\/v2\/types\/page"}],"author":[{"embeddable":true,"href":"https:\/\/portal.uern.br\/faef\/wp-json\/wp\/v2\/users\/2"}],"replies":[{"embeddable":true,"href":"https:\/\/portal.uern.br\/faef\/wp-json\/wp\/v2\/comments?post=924"}],"version-history":[{"count":7,"href":"https:\/\/portal.uern.br\/faef\/wp-json\/wp\/v2\/pages\/924\/revisions"}],"predecessor-version":[{"id":1348,"href":"https:\/\/portal.uern.br\/faef\/wp-json\/wp\/v2\/pages\/924\/revisions\/1348"}],"wp:attachment":[{"href":"https:\/\/portal.uern.br\/faef\/wp-json\/wp\/v2\/media?parent=924"}],"curies":[{"name":"wp","href":"https:\/\/api.w.org\/{rel}","templated":true}]}}