{"id":915,"date":"2023-05-31T10:08:01","date_gmt":"2023-05-31T13:08:01","guid":{"rendered":"https:\/\/portal.uern.br\/faef\/?page_id=915"},"modified":"2023-05-31T10:37:19","modified_gmt":"2023-05-31T13:37:19","slug":"requerimento-de-2a-chamada","status":"publish","type":"page","link":"https:\/\/portal.uern.br\/faef\/requerimento-de-2a-chamada\/","title":{"rendered":"Requerimento de 2\u00aa Chamada"},"content":{"rendered":"<p>Os requerimentos para realiza\u00e7\u00e3o de 2\u00aa chamada de avalia\u00e7\u00e3o dever\u00e3o ser enviados no prazo m\u00e1ximo de\u00a0<strong>dois dias \u00fateis<\/strong>\u00a0da data da avalia\u00e7\u00e3o, sob pena de n\u00e3o recebimento.<\/p>\n<p>No prazo de at\u00e9 5 dias \u00fateis os alunos receber\u00e3o o parecer do docente sobre o requerimento no e-mail institucional.<\/p>\n<p>&nbsp;<\/p>\n","protected":false},"excerpt":{"rendered":"<p>Os requerimentos para realiza\u00e7\u00e3o de 2\u00aa chamada de avalia\u00e7\u00e3o dever\u00e3o ser enviados no prazo m\u00e1ximo de\u00a0dois dias \u00fateis\u00a0da data da avalia\u00e7\u00e3o, sob pena de n\u00e3o recebimento. No prazo de at\u00e9 5 dias \u00fateis os alunos receber\u00e3o o parecer do docente sobre o requerimento no e-mail institucional. &nbsp;<\/p>\n","protected":false},"author":2,"featured_media":0,"parent":0,"menu_order":0,"comment_status":"closed","ping_status":"closed","template":"","meta":{"footnotes":""},"class_list":["post-915","page","type-page","status-publish","hentry"],"_links":{"self":[{"href":"https:\/\/portal.uern.br\/faef\/wp-json\/wp\/v2\/pages\/915","targetHints":{"allow":["GET"]}}],"collection":[{"href":"https:\/\/portal.uern.br\/faef\/wp-json\/wp\/v2\/pages"}],"about":[{"href":"https:\/\/portal.uern.br\/faef\/wp-json\/wp\/v2\/types\/page"}],"author":[{"embeddable":true,"href":"https:\/\/portal.uern.br\/faef\/wp-json\/wp\/v2\/users\/2"}],"replies":[{"embeddable":true,"href":"https:\/\/portal.uern.br\/faef\/wp-json\/wp\/v2\/comments?post=915"}],"version-history":[{"count":4,"href":"https:\/\/portal.uern.br\/faef\/wp-json\/wp\/v2\/pages\/915\/revisions"}],"predecessor-version":[{"id":923,"href":"https:\/\/portal.uern.br\/faef\/wp-json\/wp\/v2\/pages\/915\/revisions\/923"}],"wp:attachment":[{"href":"https:\/\/portal.uern.br\/faef\/wp-json\/wp\/v2\/media?parent=915"}],"curies":[{"name":"wp","href":"https:\/\/api.w.org\/{rel}","templated":true}]}}