{"id":936,"date":"2024-08-30T10:46:35","date_gmt":"2024-08-30T13:46:35","guid":{"rendered":"https:\/\/portal.uern.br\/facem\/ciencias-economicas\/?page_id=936"},"modified":"2024-09-05T07:24:08","modified_gmt":"2024-09-05T10:24:08","slug":"atividades-de-extensao","status":"publish","type":"page","link":"https:\/\/portal.uern.br\/facem\/ciencias-economicas\/atividades-de-extensao\/","title":{"rendered":"ATIVIDADES DE EXTENS\u00c3O"},"content":{"rendered":"<p>O Curso de Ci\u00eancias Econ\u00f4micas, Departamento de Economia -FACEM\/UERN, passou a ter um olhar mais atento para as atividades de extens\u00e3o a partir da implanta\u00e7\u00e3o em 2021, do Projeto Pedag\u00f3gico do Curso atual aprovado em 2020, pelo CONSEPE, que implementou as 300h destinada a extens\u00e3o universit\u00e1ria conforme prev\u00ea a legisla\u00e7\u00e3o, instituindo as Unidades Curriculares de Extens\u00e3o. No item a seguir s\u00e3o apresentadas atividades de extens\u00e3o desenvolvidas no curso.<\/p>\n<p>&nbsp;<\/p>\n<table style=\"border-collapse: collapse;width: 100%\">\n<tbody>\n<tr>\n<td style=\"width: 33.3333%\">TIPO DE ATIVIDADE\/ NOME DA ATIVIDADE (a\u00e7\u00e3o, projeto, programa, n\u00facleo)<\/td>\n<td style=\"width: 33.3333%;text-align: center\">VIG\u00caNCIA<\/td>\n<td style=\"width: 33.3333%;text-align: center\">RESUMO<\/td>\n<\/tr>\n<tr>\n<td style=\"width: 33.3333%;text-align: center\">Congresso de Economia e<br \/>\nGest\u00e3o &#8211; CONGEST<\/td>\n<td style=\"width: 33.3333%;text-align: center\">Anual<\/td>\n<td style=\"width: 33.3333%\">O CONGEST, \u00e9 realizado anualmente, em<br \/>\n2023 foi realizada a sua IX Edi\u00e7\u00e3o. O<br \/>\nCongresso de Economia &amp; Gest\u00e3o \u2013<br \/>\nCONgest \u2013 \u00e9 uma realiza\u00e7\u00e3o do<br \/>\nDepartamento de Economia e da Faculdade<br \/>\nde Ci\u00eancias Econ\u00f4micas\/UERN, e tem como<br \/>\nobjetivo estimular a produ\u00e7\u00e3o cient\u00edfica e o<br \/>\ninterc\u00e2mbio entre economistas,<br \/>\nadministradores, contadores, gestores<br \/>\nambientais e profissionais de \u00e1reas afins<br \/>\ninteressados em estudar e debater sobre<br \/>\neconomia, neg\u00f3cios, gest\u00e3o e pol\u00edticas<br \/>\np\u00fablicas. Inseridos no Congest s\u00e3o realizados os\u00a0 seguintes eventos: IX Semana do Economista; IV Semana do Contador; VII Semana da FACEM; V Encontro de inicia\u00e7\u00e3o Cient\u00edfica em Contabilidade; IX Semin\u00e1rio Tem\u00e1tico em Gest\u00e3o Ambiental e V Simp\u00f3sio de Tecnologia em Gest\u00e3o Ambiental.<br \/>\nO evento reuni\u00e3o al\u00e9m de docentes,<br \/>\ndiscentes da UERN, tamb\u00e9m p\u00fablico oriundos de outras IES. Apoiaram o IX CONgest: UERN; CORECON\/RN; e Supermercados Rebou\u00e7as e SICOOB e \u00cdndice Consultoria Empresarial.<\/td>\n<\/tr>\n<tr>\n<td style=\"width: 33.3333%\">Economia Explica: Empreendedorismo e gest\u00e3o<\/td>\n<td style=\"width: 33.3333%\">Semestres letivos 2022.1-atual.<\/td>\n<td style=\"width: 33.3333%\">Como produto do projeto j\u00e1 foram publicados 29 podcast, abordando v\u00e1rios temas na \u00e1rea do empreendedorismo e gest\u00e3o.<br \/>\nInstagram: @economiaexplica_dec<\/td>\n<\/tr>\n<tr>\n<td style=\"width: 33.3333%\">Projeto Capacita\u00e7\u00e3o, Qualifica\u00e7\u00e3o de Micro e Pequenos Empreendedores<\/td>\n<td style=\"width: 33.3333%\">Semestres letivos 2022.1, 2022.2, 2023.1,<br \/>\n2023.2.<\/td>\n<td style=\"width: 33.3333%\">Teve por objetivo promover a capacita\u00e7\u00e3o de micro e pequenos empreendedores e<br \/>\nmembros da comunidade em geral em prol de garantir a implanta\u00e7\u00e3o e a sustentabilidade dos empreendimentos.<\/td>\n<\/tr>\n<tr>\n<td style=\"width: 33.3333%\">Programa de apoio ao desenvolvimento das comunidades rurais: aprendizagem em contexto rural, planejamento e gest\u00e3o<br \/>\nde neg\u00f3cios agr\u00edcolas &#8211; PRODAR<\/td>\n<td style=\"width: 33.3333%\">Semestres letivos<br \/>\n2023.1- atual<\/td>\n<td style=\"width: 33.3333%\">Objetivo do projeto: contribuir com produtores rurais, associa\u00e7\u00f5es e cooperativas dos munic\u00edpios de Mossor\u00f3 e Serra do Mel no planejamento e na gest\u00e3o<br \/>\ndos neg\u00f3cios agr\u00edcolas.<br \/>\nN\u00famero de pessoas atendidas: 118.<\/td>\n<\/tr>\n<tr>\n<td style=\"width: 33.3333%\">Programa de educa\u00e7\u00e3o empreendedora<\/td>\n<td style=\"width: 33.3333%\">Semestres letivos<br \/>\n2022.1-atual.<\/td>\n<td style=\"width: 33.3333%\">O programa \u00e9 formado por dois projetos de<br \/>\nextens\u00e3o: O Economia Explica &#8211; que realiza<br \/>\nos podcast e Projeto Capacita\u00e7\u00e3o,<br \/>\nQualifica\u00e7\u00e3o de Micro e Pequenos<br \/>\nEmpreendedores.<\/td>\n<\/tr>\n<tr>\n<td style=\"width: 33.3333%\">Lastro Consultoria &amp; Investimentos -Empresa J\u00fanior: Plano Acad\u00eamico<\/td>\n<td style=\"width: 33.3333%\">Semestres letivos<br \/>\n2023.1-atual<\/td>\n<td style=\"width: 33.3333%\">A Lastro Consultoria &amp; Investimentos,<br \/>\nEmpresa J\u00fanior do Curso de Ci\u00eancias<br \/>\nEcon\u00f4micas, nasceu da iniciativa de<br \/>\ndiscentes preocupados com o fato de n\u00e3o<br \/>\nconstar na proposta pedag\u00f3gica a atividade<br \/>\nde est\u00e1gio curricular, que possibilitasse a<br \/>\nviv\u00eancia da pr\u00e1tica profissional. Assembleia<br \/>\nde Funda\u00e7\u00e3o ocorreu em dezembro de 2021,<br \/>\ne em seguida obteve-se o registro em cart\u00f3rio e o cadastro CNPJ em janeiro de 2022. A empresa tem como Miss\u00e3o auxiliar no est\u00edmulo ao desenvolvimento socioecon\u00f4mico atrav\u00e9s da aplica\u00e7\u00e3o de conhecimento e const\u00e2ncia no cumprimento das responsabilidades, bem como impulsionar os talentos pessoais e a capacita\u00e7\u00e3o dos discentes. E como vis\u00e3o prestar servi\u00e7os de consultoria na \u00e1rea da Economia com excel\u00eancia e obter reconhecimento no mercado mediante os processos. Este projeto busca fortalecer a cultura empreendedora no \u00e2mbito da UERN e, mais especificamente do Curso de Ci\u00eancias Econ\u00f4micas -FACEM\/Campus Central, contribuindo para que a universidade possa entregar valor aos<br \/>\n\u00e2mbito socioecon\u00f4mico do munic\u00edpio de<br \/>\nMossor\u00f3 e demais munic\u00edpios da Regi\u00e3o<br \/>\nOeste Potiguar, a partir da forma\u00e7\u00e3o de<br \/>\nagentes multiplicadores preparados para a<br \/>\ntomada de decis\u00e3o no ambienteempresarial,<br \/>\ninstitui\u00e7\u00f5es p\u00fablicas governamentais e n\u00e3o<br \/>\ngovernamentais. Em 2023, o Plano Acad\u00eamico da Lastro foi aceito como projeto de extens\u00e3o.<br \/>\nInstagram@lastro.ej@uern.br<\/td>\n<\/tr>\n<tr>\n<td style=\"width: 33.3333%\">Projeto Cofre Cheio: Educa\u00e7\u00e3o<br \/>\nFinanceira nas Escolas.<\/td>\n<td style=\"width: 33.3333%\">Semestres letivos 2023.1-atual<\/td>\n<td style=\"width: 33.3333%\">O projeto registrou um total de<br \/>\n46 inscri\u00e7\u00f5es, demonstrando um<br \/>\ninteresse consider\u00e1vel por parte dos<br \/>\nalunos. No entanto, ap\u00f3s um<br \/>\nprocesso seletivo criterioso que levou<br \/>\nem conta crit\u00e9rios como idade e<br \/>\nturma, apenas 28 estudantes foram selecionados para participar das<br \/>\natividades. Foi observado que a<br \/>\nmaioria dos inscritos pertencia ao 1\u00ba e<br \/>\n2\u00ba ano do ensino m\u00e9dio, indicando um<br \/>\ninteresse particularmente forte nessa<br \/>\nfaixa et\u00e1ria em adquirir<br \/>\nconhecimentos em educa\u00e7\u00e3o<br \/>\nfinanceira.<br \/>\ninstagram: @projetocofrecheio<\/td>\n<\/tr>\n<tr>\n<td style=\"width: 33.3333%\"><\/td>\n<td style=\"width: 33.3333%\"><\/td>\n<td style=\"width: 33.3333%\"><\/td>\n<\/tr>\n<tr>\n<td style=\"width: 33.3333%\"><\/td>\n<td style=\"width: 33.3333%\"><\/td>\n<td style=\"width: 33.3333%\"><\/td>\n<\/tr>\n<\/tbody>\n<\/table>\n","protected":false},"excerpt":{"rendered":"<p>O Curso de Ci\u00eancias Econ\u00f4micas, Departamento de Economia -FACEM\/UERN, passou a ter um olhar mais atento para as atividades de extens\u00e3o a partir da implanta\u00e7\u00e3o em 2021, do Projeto Pedag\u00f3gico do Curso atual aprovado em 2020, pelo CONSEPE, que implementou as 300h destinada a extens\u00e3o universit\u00e1ria conforme prev\u00ea a legisla\u00e7\u00e3o, instituindo as Unidades Curriculares de [&hellip;]<\/p>\n","protected":false},"author":7,"featured_media":0,"parent":0,"menu_order":0,"comment_status":"closed","ping_status":"closed","template":"","meta":{"footnotes":""},"class_list":["post-936","page","type-page","status-publish","hentry"],"_links":{"self":[{"href":"https:\/\/portal.uern.br\/facem\/ciencias-economicas\/wp-json\/wp\/v2\/pages\/936","targetHints":{"allow":["GET"]}}],"collection":[{"href":"https:\/\/portal.uern.br\/facem\/ciencias-economicas\/wp-json\/wp\/v2\/pages"}],"about":[{"href":"https:\/\/portal.uern.br\/facem\/ciencias-economicas\/wp-json\/wp\/v2\/types\/page"}],"author":[{"embeddable":true,"href":"https:\/\/portal.uern.br\/facem\/ciencias-economicas\/wp-json\/wp\/v2\/users\/7"}],"replies":[{"embeddable":true,"href":"https:\/\/portal.uern.br\/facem\/ciencias-economicas\/wp-json\/wp\/v2\/comments?post=936"}],"version-history":[{"count":4,"href":"https:\/\/portal.uern.br\/facem\/ciencias-economicas\/wp-json\/wp\/v2\/pages\/936\/revisions"}],"predecessor-version":[{"id":954,"href":"https:\/\/portal.uern.br\/facem\/ciencias-economicas\/wp-json\/wp\/v2\/pages\/936\/revisions\/954"}],"wp:attachment":[{"href":"https:\/\/portal.uern.br\/facem\/ciencias-economicas\/wp-json\/wp\/v2\/media?parent=936"}],"curies":[{"name":"wp","href":"https:\/\/api.w.org\/{rel}","templated":true}]}}