{"id":921,"date":"2024-08-05T08:48:10","date_gmt":"2024-08-05T11:48:10","guid":{"rendered":"https:\/\/portal.uern.br\/facem\/agroecologia\/?page_id=921"},"modified":"2024-08-29T11:28:54","modified_gmt":"2024-08-29T14:28:54","slug":"eventos","status":"publish","type":"page","link":"https:\/\/portal.uern.br\/facem\/agroecologia\/eventos\/","title":{"rendered":"Eventos"},"content":{"rendered":"<h4 style=\"text-align: center\"><strong><span style=\"color: #003300\">1\u00ba SEMIN\u00c1RIO DE PESQUISA EM AGROECOLOGIA 2024<\/span><\/strong><\/h4>\n<p><img fetchpriority=\"high\" decoding=\"async\" class=\" wp-image-951 aligncenter\" src=\"https:\/\/portal.uern.br\/facem\/agroecologia\/wp-content\/uploads\/sites\/12\/2024\/08\/I-SEMINARIO-DE-PESQUISA-EM-AGROECOLOGIA-300x300.jpeg\" alt=\"\" width=\"535\" height=\"535\" srcset=\"https:\/\/portal.uern.br\/facem\/agroecologia\/wp-content\/uploads\/sites\/12\/2024\/08\/I-SEMINARIO-DE-PESQUISA-EM-AGROECOLOGIA-300x300.jpeg 300w, https:\/\/portal.uern.br\/facem\/agroecologia\/wp-content\/uploads\/sites\/12\/2024\/08\/I-SEMINARIO-DE-PESQUISA-EM-AGROECOLOGIA-1024x1024.jpeg 1024w, https:\/\/portal.uern.br\/facem\/agroecologia\/wp-content\/uploads\/sites\/12\/2024\/08\/I-SEMINARIO-DE-PESQUISA-EM-AGROECOLOGIA-150x150.jpeg 150w, https:\/\/portal.uern.br\/facem\/agroecologia\/wp-content\/uploads\/sites\/12\/2024\/08\/I-SEMINARIO-DE-PESQUISA-EM-AGROECOLOGIA-768x768.jpeg 768w, https:\/\/portal.uern.br\/facem\/agroecologia\/wp-content\/uploads\/sites\/12\/2024\/08\/I-SEMINARIO-DE-PESQUISA-EM-AGROECOLOGIA.jpeg 1080w\" sizes=\"(max-width: 535px) 100vw, 535px\" \/><\/p>\n<p>&nbsp;<\/p>\n<p><img decoding=\"async\" class=\"wp-image-979 aligncenter\" src=\"https:\/\/portal.uern.br\/facem\/agroecologia\/wp-content\/uploads\/sites\/12\/2024\/08\/WhatsApp-Image-2024-08-23-at-10.14.15-1-300x152.jpeg\" alt=\"\" width=\"733\" height=\"371\" srcset=\"https:\/\/portal.uern.br\/facem\/agroecologia\/wp-content\/uploads\/sites\/12\/2024\/08\/WhatsApp-Image-2024-08-23-at-10.14.15-1-300x152.jpeg 300w, https:\/\/portal.uern.br\/facem\/agroecologia\/wp-content\/uploads\/sites\/12\/2024\/08\/WhatsApp-Image-2024-08-23-at-10.14.15-1-1024x518.jpeg 1024w, https:\/\/portal.uern.br\/facem\/agroecologia\/wp-content\/uploads\/sites\/12\/2024\/08\/WhatsApp-Image-2024-08-23-at-10.14.15-1-768x388.jpeg 768w, https:\/\/portal.uern.br\/facem\/agroecologia\/wp-content\/uploads\/sites\/12\/2024\/08\/WhatsApp-Image-2024-08-23-at-10.14.15-1.jpeg 1280w\" sizes=\"(max-width: 733px) 100vw, 733px\" \/><\/p>\n<p>&nbsp;<\/p>\n<p><img decoding=\"async\" class=\"wp-image-976 aligncenter\" src=\"https:\/\/portal.uern.br\/facem\/agroecologia\/wp-content\/uploads\/sites\/12\/2024\/08\/WhatsApp-Image-2024-08-23-at-10.14.16-300x158.jpeg\" alt=\"\" width=\"721\" height=\"380\" srcset=\"https:\/\/portal.uern.br\/facem\/agroecologia\/wp-content\/uploads\/sites\/12\/2024\/08\/WhatsApp-Image-2024-08-23-at-10.14.16-300x158.jpeg 300w, https:\/\/portal.uern.br\/facem\/agroecologia\/wp-content\/uploads\/sites\/12\/2024\/08\/WhatsApp-Image-2024-08-23-at-10.14.16-1024x538.jpeg 1024w, https:\/\/portal.uern.br\/facem\/agroecologia\/wp-content\/uploads\/sites\/12\/2024\/08\/WhatsApp-Image-2024-08-23-at-10.14.16-768x404.jpeg 768w, https:\/\/portal.uern.br\/facem\/agroecologia\/wp-content\/uploads\/sites\/12\/2024\/08\/WhatsApp-Image-2024-08-23-at-10.14.16.jpeg 1280w\" sizes=\"(max-width: 721px) 100vw, 721px\" \/><\/p>\n<p>&nbsp;<\/p>\n<p><img loading=\"lazy\" decoding=\"async\" class=\" wp-image-978 aligncenter\" src=\"https:\/\/portal.uern.br\/facem\/agroecologia\/wp-content\/uploads\/sites\/12\/2024\/08\/WhatsApp-Image-2024-08-23-at-10.14.15-2-300x225.jpeg\" alt=\"\" width=\"711\" height=\"533\" srcset=\"https:\/\/portal.uern.br\/facem\/agroecologia\/wp-content\/uploads\/sites\/12\/2024\/08\/WhatsApp-Image-2024-08-23-at-10.14.15-2-300x225.jpeg 300w, https:\/\/portal.uern.br\/facem\/agroecologia\/wp-content\/uploads\/sites\/12\/2024\/08\/WhatsApp-Image-2024-08-23-at-10.14.15-2-1024x768.jpeg 1024w, https:\/\/portal.uern.br\/facem\/agroecologia\/wp-content\/uploads\/sites\/12\/2024\/08\/WhatsApp-Image-2024-08-23-at-10.14.15-2-768x576.jpeg 768w, https:\/\/portal.uern.br\/facem\/agroecologia\/wp-content\/uploads\/sites\/12\/2024\/08\/WhatsApp-Image-2024-08-23-at-10.14.15-2.jpeg 1280w\" sizes=\"(max-width: 711px) 100vw, 711px\" \/><\/p>\n<p>&nbsp;<\/p>\n<p><img loading=\"lazy\" decoding=\"async\" class=\"wp-image-977 aligncenter\" src=\"https:\/\/portal.uern.br\/facem\/agroecologia\/wp-content\/uploads\/sites\/12\/2024\/08\/WhatsApp-Image-2024-08-23-at-10.14.15-3-300x225.jpeg\" alt=\"\" width=\"716\" height=\"537\" srcset=\"https:\/\/portal.uern.br\/facem\/agroecologia\/wp-content\/uploads\/sites\/12\/2024\/08\/WhatsApp-Image-2024-08-23-at-10.14.15-3-300x225.jpeg 300w, https:\/\/portal.uern.br\/facem\/agroecologia\/wp-content\/uploads\/sites\/12\/2024\/08\/WhatsApp-Image-2024-08-23-at-10.14.15-3-1024x768.jpeg 1024w, https:\/\/portal.uern.br\/facem\/agroecologia\/wp-content\/uploads\/sites\/12\/2024\/08\/WhatsApp-Image-2024-08-23-at-10.14.15-3-768x576.jpeg 768w, https:\/\/portal.uern.br\/facem\/agroecologia\/wp-content\/uploads\/sites\/12\/2024\/08\/WhatsApp-Image-2024-08-23-at-10.14.15-3.jpeg 1280w\" sizes=\"(max-width: 716px) 100vw, 716px\" \/><\/p>\n<p>&nbsp;<\/p>\n<p style=\"text-align: center\"><img loading=\"lazy\" decoding=\"async\" class=\"alignnone wp-image-981\" src=\"https:\/\/portal.uern.br\/facem\/agroecologia\/wp-content\/uploads\/sites\/12\/2024\/08\/WhatsApp-Image-2024-08-23-at-10.14.14-4-300x169.jpeg\" alt=\"\" width=\"726\" height=\"409\" srcset=\"https:\/\/portal.uern.br\/facem\/agroecologia\/wp-content\/uploads\/sites\/12\/2024\/08\/WhatsApp-Image-2024-08-23-at-10.14.14-4-300x169.jpeg 300w, https:\/\/portal.uern.br\/facem\/agroecologia\/wp-content\/uploads\/sites\/12\/2024\/08\/WhatsApp-Image-2024-08-23-at-10.14.14-4-1024x576.jpeg 1024w, https:\/\/portal.uern.br\/facem\/agroecologia\/wp-content\/uploads\/sites\/12\/2024\/08\/WhatsApp-Image-2024-08-23-at-10.14.14-4-768x432.jpeg 768w, https:\/\/portal.uern.br\/facem\/agroecologia\/wp-content\/uploads\/sites\/12\/2024\/08\/WhatsApp-Image-2024-08-23-at-10.14.14-4.jpeg 1280w\" sizes=\"(max-width: 726px) 100vw, 726px\" \/><\/p>\n<p>______________________________________________________________________________________________________________________________________<\/p>\n<h4 style=\"text-align: center\"><strong><span style=\"color: #003300\">2\u00ba SEMIN\u00c1RIO DE PESQUISA EM AGROECOLOGIA 2024<\/span><\/strong><\/h4>\n<p><img loading=\"lazy\" decoding=\"async\" class=\"alignnone wp-image-952 aligncenter\" src=\"https:\/\/portal.uern.br\/facem\/agroecologia\/wp-content\/uploads\/sites\/12\/2024\/08\/II-SEMINARIO-DE-PESQUISA-EM-AGROECOLOGIA-300x300.jpeg\" alt=\"\" width=\"589\" height=\"589\" srcset=\"https:\/\/portal.uern.br\/facem\/agroecologia\/wp-content\/uploads\/sites\/12\/2024\/08\/II-SEMINARIO-DE-PESQUISA-EM-AGROECOLOGIA-300x300.jpeg 300w, https:\/\/portal.uern.br\/facem\/agroecologia\/wp-content\/uploads\/sites\/12\/2024\/08\/II-SEMINARIO-DE-PESQUISA-EM-AGROECOLOGIA-1024x1024.jpeg 1024w, https:\/\/portal.uern.br\/facem\/agroecologia\/wp-content\/uploads\/sites\/12\/2024\/08\/II-SEMINARIO-DE-PESQUISA-EM-AGROECOLOGIA-150x150.jpeg 150w, https:\/\/portal.uern.br\/facem\/agroecologia\/wp-content\/uploads\/sites\/12\/2024\/08\/II-SEMINARIO-DE-PESQUISA-EM-AGROECOLOGIA-768x768.jpeg 768w, https:\/\/portal.uern.br\/facem\/agroecologia\/wp-content\/uploads\/sites\/12\/2024\/08\/II-SEMINARIO-DE-PESQUISA-EM-AGROECOLOGIA.jpeg 1080w\" sizes=\"(max-width: 589px) 100vw, 589px\" \/><\/p>\n<hr \/>\n<h4 style=\"text-align: center\"><span style=\"color: #003300\"><strong>PARTICIPA\u00c7\u00c3O DO CURSO DE AGROECOLOGIA NA FEIRA DO BODE 2024<\/strong><\/span><\/h4>\n<p><img loading=\"lazy\" decoding=\"async\" class=\"wp-image-972 aligncenter\" src=\"https:\/\/portal.uern.br\/facem\/agroecologia\/wp-content\/uploads\/sites\/12\/2024\/08\/WhatsApp-Image-2024-08-23-at-10.02.33-300x300.jpeg\" alt=\"\" width=\"435\" height=\"435\" srcset=\"https:\/\/portal.uern.br\/facem\/agroecologia\/wp-content\/uploads\/sites\/12\/2024\/08\/WhatsApp-Image-2024-08-23-at-10.02.33-300x300.jpeg 300w, https:\/\/portal.uern.br\/facem\/agroecologia\/wp-content\/uploads\/sites\/12\/2024\/08\/WhatsApp-Image-2024-08-23-at-10.02.33-150x150.jpeg 150w, https:\/\/portal.uern.br\/facem\/agroecologia\/wp-content\/uploads\/sites\/12\/2024\/08\/WhatsApp-Image-2024-08-23-at-10.02.33.jpeg 609w\" sizes=\"(max-width: 435px) 100vw, 435px\" \/><\/p>\n<p><img loading=\"lazy\" decoding=\"async\" class=\"alignnone wp-image-970 aligncenter\" src=\"https:\/\/portal.uern.br\/facem\/agroecologia\/wp-content\/uploads\/sites\/12\/2024\/08\/WhatsApp-Image-2024-08-23-at-10.02.34-300x300.jpeg\" alt=\"\" width=\"429\" height=\"429\" srcset=\"https:\/\/portal.uern.br\/facem\/agroecologia\/wp-content\/uploads\/sites\/12\/2024\/08\/WhatsApp-Image-2024-08-23-at-10.02.34-300x300.jpeg 300w, https:\/\/portal.uern.br\/facem\/agroecologia\/wp-content\/uploads\/sites\/12\/2024\/08\/WhatsApp-Image-2024-08-23-at-10.02.34-150x150.jpeg 150w, https:\/\/portal.uern.br\/facem\/agroecologia\/wp-content\/uploads\/sites\/12\/2024\/08\/WhatsApp-Image-2024-08-23-at-10.02.34.jpeg 589w\" sizes=\"(max-width: 429px) 100vw, 429px\" \/><\/p>\n<p><img loading=\"lazy\" decoding=\"async\" class=\"alignnone wp-image-971 aligncenter\" src=\"https:\/\/portal.uern.br\/facem\/agroecologia\/wp-content\/uploads\/sites\/12\/2024\/08\/WhatsApp-Image-2024-08-23-at-10.02.33-1-300x300.jpeg\" alt=\"\" width=\"430\" height=\"430\" srcset=\"https:\/\/portal.uern.br\/facem\/agroecologia\/wp-content\/uploads\/sites\/12\/2024\/08\/WhatsApp-Image-2024-08-23-at-10.02.33-1-300x300.jpeg 300w, https:\/\/portal.uern.br\/facem\/agroecologia\/wp-content\/uploads\/sites\/12\/2024\/08\/WhatsApp-Image-2024-08-23-at-10.02.33-1-150x150.jpeg 150w, https:\/\/portal.uern.br\/facem\/agroecologia\/wp-content\/uploads\/sites\/12\/2024\/08\/WhatsApp-Image-2024-08-23-at-10.02.33-1.jpeg 721w\" sizes=\"(max-width: 430px) 100vw, 430px\" \/><\/p>\n<p>&nbsp;<\/p>\n<p><img loading=\"lazy\" decoding=\"async\" class=\"alignnone wp-image-997 aligncenter\" src=\"https:\/\/portal.uern.br\/facem\/agroecologia\/wp-content\/uploads\/sites\/12\/2024\/08\/WhatsApp-Image-2024-08-23-at-10.51.29-240x300.jpeg\" alt=\"\" width=\"437\" height=\"547\" srcset=\"https:\/\/portal.uern.br\/facem\/agroecologia\/wp-content\/uploads\/sites\/12\/2024\/08\/WhatsApp-Image-2024-08-23-at-10.51.29-240x300.jpeg 240w, https:\/\/portal.uern.br\/facem\/agroecologia\/wp-content\/uploads\/sites\/12\/2024\/08\/WhatsApp-Image-2024-08-23-at-10.51.29-819x1024.jpeg 819w, https:\/\/portal.uern.br\/facem\/agroecologia\/wp-content\/uploads\/sites\/12\/2024\/08\/WhatsApp-Image-2024-08-23-at-10.51.29-768x960.jpeg 768w, https:\/\/portal.uern.br\/facem\/agroecologia\/wp-content\/uploads\/sites\/12\/2024\/08\/WhatsApp-Image-2024-08-23-at-10.51.29.jpeg 1080w\" sizes=\"(max-width: 437px) 100vw, 437px\" \/><\/p>\n<p>&nbsp;<\/p>\n<p><img loading=\"lazy\" decoding=\"async\" class=\"alignnone wp-image-996 aligncenter\" src=\"https:\/\/portal.uern.br\/facem\/agroecologia\/wp-content\/uploads\/sites\/12\/2024\/08\/WhatsApp-Image-2024-08-23-at-10.51.30-1-240x300.jpeg\" alt=\"\" width=\"436\" height=\"545\" srcset=\"https:\/\/portal.uern.br\/facem\/agroecologia\/wp-content\/uploads\/sites\/12\/2024\/08\/WhatsApp-Image-2024-08-23-at-10.51.30-1-240x300.jpeg 240w, https:\/\/portal.uern.br\/facem\/agroecologia\/wp-content\/uploads\/sites\/12\/2024\/08\/WhatsApp-Image-2024-08-23-at-10.51.30-1-819x1024.jpeg 819w, https:\/\/portal.uern.br\/facem\/agroecologia\/wp-content\/uploads\/sites\/12\/2024\/08\/WhatsApp-Image-2024-08-23-at-10.51.30-1-768x960.jpeg 768w, https:\/\/portal.uern.br\/facem\/agroecologia\/wp-content\/uploads\/sites\/12\/2024\/08\/WhatsApp-Image-2024-08-23-at-10.51.30-1.jpeg 1080w\" sizes=\"(max-width: 436px) 100vw, 436px\" \/><\/p>\n<p>&nbsp;<\/p>\n<p>&nbsp;<\/p>\n","protected":false},"excerpt":{"rendered":"<p>1\u00ba SEMIN\u00c1RIO DE PESQUISA EM AGROECOLOGIA 2024 &nbsp; &nbsp; &nbsp; &nbsp; &nbsp; ______________________________________________________________________________________________________________________________________ 2\u00ba SEMIN\u00c1RIO DE PESQUISA EM AGROECOLOGIA 2024 PARTICIPA\u00c7\u00c3O DO CURSO DE AGROECOLOGIA NA FEIRA DO BODE 2024 &nbsp; &nbsp; &nbsp; &nbsp;<\/p>\n","protected":false},"author":1,"featured_media":0,"parent":0,"menu_order":0,"comment_status":"closed","ping_status":"closed","template":"","meta":{"footnotes":""},"class_list":["post-921","page","type-page","status-publish","hentry"],"_links":{"self":[{"href":"https:\/\/portal.uern.br\/facem\/agroecologia\/wp-json\/wp\/v2\/pages\/921","targetHints":{"allow":["GET"]}}],"collection":[{"href":"https:\/\/portal.uern.br\/facem\/agroecologia\/wp-json\/wp\/v2\/pages"}],"about":[{"href":"https:\/\/portal.uern.br\/facem\/agroecologia\/wp-json\/wp\/v2\/types\/page"}],"author":[{"embeddable":true,"href":"https:\/\/portal.uern.br\/facem\/agroecologia\/wp-json\/wp\/v2\/users\/1"}],"replies":[{"embeddable":true,"href":"https:\/\/portal.uern.br\/facem\/agroecologia\/wp-json\/wp\/v2\/comments?post=921"}],"version-history":[{"count":19,"href":"https:\/\/portal.uern.br\/facem\/agroecologia\/wp-json\/wp\/v2\/pages\/921\/revisions"}],"predecessor-version":[{"id":950,"href":"https:\/\/portal.uern.br\/facem\/agroecologia\/wp-json\/wp\/v2\/pages\/921\/revisions\/950"}],"wp:attachment":[{"href":"https:\/\/portal.uern.br\/facem\/agroecologia\/wp-json\/wp\/v2\/media?parent=921"}],"curies":[{"name":"wp","href":"https:\/\/api.w.org\/{rel}","templated":true}]}}