{"id":917,"date":"2024-08-05T08:47:51","date_gmt":"2024-08-05T11:47:51","guid":{"rendered":"https:\/\/portal.uern.br\/facem\/agroecologia\/?page_id=917"},"modified":"2024-09-23T12:52:21","modified_gmt":"2024-09-23T15:52:21","slug":"extensao","status":"publish","type":"page","link":"https:\/\/portal.uern.br\/facem\/agroecologia\/extensao\/","title":{"rendered":"Extens\u00e3o"},"content":{"rendered":"<p><span style=\"font-size: 18pt\"><em><strong>\u00a0Programa Gente do Campo<\/strong><\/em><\/span><\/p>\n<p>O programa tem como objetivo promover a produ\u00e7\u00e3o de conhecimentos e a qualifica\u00e7\u00e3o profissional, atrav\u00e9s da FORMA\u00c7\u00c3O formal e vivencial de Agentes de Nova ATER, visando a prospec\u00e7\u00e3o e a dissemina\u00e7\u00e3o de novidades e inova\u00e7\u00f5es na conviv\u00eancia com o semi\u00e1rido, na transi\u00e7\u00e3o agroecol\u00f3gica e na otimiza\u00e7\u00e3o dos processos administrativos da EMATER\/RN, bem como na sua adequa\u00e7\u00e3o institucional e metodol\u00f3gica para um servi\u00e7o de assessoria multidimensional ao desenvolvimento regional junto aos parceiros e \u00e0s popula\u00e7\u00f5es do campo potiguar.<\/p>\n<p>O p\u00fablico alvo s\u00e3o os alunos do Curso Superior de Tecnologia em Agroecologia que ocorre em parceria com a FUNCITERN, SEDRAF e EMATER .<\/p>\n<p>As atividades de extens\u00e3o vinculadas as Unidades Curriculares de Extens\u00e3o ocorrem nas unidades regionais da EMATER distribu\u00eddas em todo o estado do RN.<\/p>\n<p>&nbsp;<\/p>\n<p style=\"text-align: center\"><strong><em>REGISTRO DOS ALUNOS DA TURMA A EM ATIVIDADE PR\u00c1TICA DE UCE\u00a0<\/em><\/strong><\/p>\n<p><img fetchpriority=\"high\" decoding=\"async\" class=\"alignnone size-medium wp-image-1033\" src=\"https:\/\/portal.uern.br\/facem\/agroecologia\/wp-content\/uploads\/sites\/12\/2024\/09\/WhatsApp-Image-2024-09-23-at-11.19.34-3-300x169.jpeg\" alt=\"\" width=\"300\" height=\"169\" srcset=\"https:\/\/portal.uern.br\/facem\/agroecologia\/wp-content\/uploads\/sites\/12\/2024\/09\/WhatsApp-Image-2024-09-23-at-11.19.34-3-300x169.jpeg 300w, https:\/\/portal.uern.br\/facem\/agroecologia\/wp-content\/uploads\/sites\/12\/2024\/09\/WhatsApp-Image-2024-09-23-at-11.19.34-3-1024x576.jpeg 1024w, https:\/\/portal.uern.br\/facem\/agroecologia\/wp-content\/uploads\/sites\/12\/2024\/09\/WhatsApp-Image-2024-09-23-at-11.19.34-3-768x432.jpeg 768w, https:\/\/portal.uern.br\/facem\/agroecologia\/wp-content\/uploads\/sites\/12\/2024\/09\/WhatsApp-Image-2024-09-23-at-11.19.34-3.jpeg 1280w\" sizes=\"(max-width: 300px) 100vw, 300px\" \/> <img decoding=\"async\" class=\"alignnone size-medium wp-image-1034\" src=\"https:\/\/portal.uern.br\/facem\/agroecologia\/wp-content\/uploads\/sites\/12\/2024\/09\/WhatsApp-Image-2024-09-23-at-11.19.34-2-300x169.jpeg\" alt=\"\" width=\"300\" height=\"169\" srcset=\"https:\/\/portal.uern.br\/facem\/agroecologia\/wp-content\/uploads\/sites\/12\/2024\/09\/WhatsApp-Image-2024-09-23-at-11.19.34-2-300x169.jpeg 300w, https:\/\/portal.uern.br\/facem\/agroecologia\/wp-content\/uploads\/sites\/12\/2024\/09\/WhatsApp-Image-2024-09-23-at-11.19.34-2-1024x576.jpeg 1024w, https:\/\/portal.uern.br\/facem\/agroecologia\/wp-content\/uploads\/sites\/12\/2024\/09\/WhatsApp-Image-2024-09-23-at-11.19.34-2-768x432.jpeg 768w, https:\/\/portal.uern.br\/facem\/agroecologia\/wp-content\/uploads\/sites\/12\/2024\/09\/WhatsApp-Image-2024-09-23-at-11.19.34-2.jpeg 1280w\" sizes=\"(max-width: 300px) 100vw, 300px\" \/> <img decoding=\"async\" class=\"alignnone size-medium wp-image-1036\" src=\"https:\/\/portal.uern.br\/facem\/agroecologia\/wp-content\/uploads\/sites\/12\/2024\/09\/WhatsApp-Image-2024-09-23-at-11.19.34-300x169.jpeg\" alt=\"\" width=\"300\" height=\"169\" srcset=\"https:\/\/portal.uern.br\/facem\/agroecologia\/wp-content\/uploads\/sites\/12\/2024\/09\/WhatsApp-Image-2024-09-23-at-11.19.34-300x169.jpeg 300w, https:\/\/portal.uern.br\/facem\/agroecologia\/wp-content\/uploads\/sites\/12\/2024\/09\/WhatsApp-Image-2024-09-23-at-11.19.34-1024x576.jpeg 1024w, https:\/\/portal.uern.br\/facem\/agroecologia\/wp-content\/uploads\/sites\/12\/2024\/09\/WhatsApp-Image-2024-09-23-at-11.19.34-768x432.jpeg 768w, https:\/\/portal.uern.br\/facem\/agroecologia\/wp-content\/uploads\/sites\/12\/2024\/09\/WhatsApp-Image-2024-09-23-at-11.19.34.jpeg 1280w\" sizes=\"(max-width: 300px) 100vw, 300px\" \/><img loading=\"lazy\" decoding=\"async\" class=\"alignnone size-medium wp-image-1035\" src=\"https:\/\/portal.uern.br\/facem\/agroecologia\/wp-content\/uploads\/sites\/12\/2024\/09\/WhatsApp-Image-2024-09-23-at-11.19.34-1-300x169.jpeg\" alt=\"\" width=\"300\" height=\"169\" srcset=\"https:\/\/portal.uern.br\/facem\/agroecologia\/wp-content\/uploads\/sites\/12\/2024\/09\/WhatsApp-Image-2024-09-23-at-11.19.34-1-300x169.jpeg 300w, https:\/\/portal.uern.br\/facem\/agroecologia\/wp-content\/uploads\/sites\/12\/2024\/09\/WhatsApp-Image-2024-09-23-at-11.19.34-1-1024x576.jpeg 1024w, https:\/\/portal.uern.br\/facem\/agroecologia\/wp-content\/uploads\/sites\/12\/2024\/09\/WhatsApp-Image-2024-09-23-at-11.19.34-1-768x432.jpeg 768w, https:\/\/portal.uern.br\/facem\/agroecologia\/wp-content\/uploads\/sites\/12\/2024\/09\/WhatsApp-Image-2024-09-23-at-11.19.34-1.jpeg 1280w\" sizes=\"(max-width: 300px) 100vw, 300px\" \/><img decoding=\"async\" class=\"alignnone size-medium wp-image-1034\" src=\"https:\/\/portal.uern.br\/facem\/agroecologia\/wp-content\/uploads\/sites\/12\/2024\/09\/WhatsApp-Image-2024-09-23-at-11.19.34-2-300x169.jpeg\" alt=\"\" width=\"300\" height=\"169\" srcset=\"https:\/\/portal.uern.br\/facem\/agroecologia\/wp-content\/uploads\/sites\/12\/2024\/09\/WhatsApp-Image-2024-09-23-at-11.19.34-2-300x169.jpeg 300w, https:\/\/portal.uern.br\/facem\/agroecologia\/wp-content\/uploads\/sites\/12\/2024\/09\/WhatsApp-Image-2024-09-23-at-11.19.34-2-1024x576.jpeg 1024w, https:\/\/portal.uern.br\/facem\/agroecologia\/wp-content\/uploads\/sites\/12\/2024\/09\/WhatsApp-Image-2024-09-23-at-11.19.34-2-768x432.jpeg 768w, https:\/\/portal.uern.br\/facem\/agroecologia\/wp-content\/uploads\/sites\/12\/2024\/09\/WhatsApp-Image-2024-09-23-at-11.19.34-2.jpeg 1280w\" sizes=\"(max-width: 300px) 100vw, 300px\" \/> <img loading=\"lazy\" decoding=\"async\" class=\"alignnone size-medium wp-image-1038\" src=\"https:\/\/portal.uern.br\/facem\/agroecologia\/wp-content\/uploads\/sites\/12\/2024\/09\/WhatsApp-Image-2024-09-23-at-12.34.35-1-300x169.jpeg\" alt=\"\" width=\"300\" height=\"169\" srcset=\"https:\/\/portal.uern.br\/facem\/agroecologia\/wp-content\/uploads\/sites\/12\/2024\/09\/WhatsApp-Image-2024-09-23-at-12.34.35-1-300x169.jpeg 300w, https:\/\/portal.uern.br\/facem\/agroecologia\/wp-content\/uploads\/sites\/12\/2024\/09\/WhatsApp-Image-2024-09-23-at-12.34.35-1-1024x576.jpeg 1024w, https:\/\/portal.uern.br\/facem\/agroecologia\/wp-content\/uploads\/sites\/12\/2024\/09\/WhatsApp-Image-2024-09-23-at-12.34.35-1-768x432.jpeg 768w, https:\/\/portal.uern.br\/facem\/agroecologia\/wp-content\/uploads\/sites\/12\/2024\/09\/WhatsApp-Image-2024-09-23-at-12.34.35-1.jpeg 1280w\" sizes=\"(max-width: 300px) 100vw, 300px\" \/><\/p>\n<p style=\"text-align: center\"><strong><em>REGISTRO DOS ALUNOS DA TURMA B EM ATIVIDADE PR\u00c1TICA DE UCE\u00a0<\/em><\/strong><\/p>\n<p><img loading=\"lazy\" decoding=\"async\" class=\"alignnone size-medium wp-image-1053\" src=\"https:\/\/portal.uern.br\/facem\/agroecologia\/wp-content\/uploads\/sites\/12\/2024\/09\/WhatsApp-Image-2024-08-17-at-12.28.15-1-225x300.jpeg\" alt=\"\" width=\"225\" height=\"300\" srcset=\"https:\/\/portal.uern.br\/facem\/agroecologia\/wp-content\/uploads\/sites\/12\/2024\/09\/WhatsApp-Image-2024-08-17-at-12.28.15-1-225x300.jpeg 225w, https:\/\/portal.uern.br\/facem\/agroecologia\/wp-content\/uploads\/sites\/12\/2024\/09\/WhatsApp-Image-2024-08-17-at-12.28.15-1-768x1024.jpeg 768w, https:\/\/portal.uern.br\/facem\/agroecologia\/wp-content\/uploads\/sites\/12\/2024\/09\/WhatsApp-Image-2024-08-17-at-12.28.15-1.jpeg 1024w\" sizes=\"(max-width: 225px) 100vw, 225px\" \/><img loading=\"lazy\" decoding=\"async\" class=\"alignnone size-medium wp-image-1061\" src=\"https:\/\/portal.uern.br\/facem\/agroecologia\/wp-content\/uploads\/sites\/12\/2024\/09\/WhatsApp-Image-2024-08-17-at-12.28.53-1-225x300.jpeg\" alt=\"\" width=\"225\" height=\"300\" srcset=\"https:\/\/portal.uern.br\/facem\/agroecologia\/wp-content\/uploads\/sites\/12\/2024\/09\/WhatsApp-Image-2024-08-17-at-12.28.53-1-225x300.jpeg 225w, https:\/\/portal.uern.br\/facem\/agroecologia\/wp-content\/uploads\/sites\/12\/2024\/09\/WhatsApp-Image-2024-08-17-at-12.28.53-1-768x1024.jpeg 768w, https:\/\/portal.uern.br\/facem\/agroecologia\/wp-content\/uploads\/sites\/12\/2024\/09\/WhatsApp-Image-2024-08-17-at-12.28.53-1.jpeg 960w\" sizes=\"(max-width: 225px) 100vw, 225px\" \/>\u00a0<img loading=\"lazy\" decoding=\"async\" class=\"alignnone size-medium wp-image-1055\" src=\"https:\/\/portal.uern.br\/facem\/agroecologia\/wp-content\/uploads\/sites\/12\/2024\/09\/WhatsApp-Image-2024-08-17-at-12.28.15-225x300.jpeg\" alt=\"\" width=\"225\" height=\"300\" srcset=\"https:\/\/portal.uern.br\/facem\/agroecologia\/wp-content\/uploads\/sites\/12\/2024\/09\/WhatsApp-Image-2024-08-17-at-12.28.15-225x300.jpeg 225w, https:\/\/portal.uern.br\/facem\/agroecologia\/wp-content\/uploads\/sites\/12\/2024\/09\/WhatsApp-Image-2024-08-17-at-12.28.15-768x1024.jpeg 768w, https:\/\/portal.uern.br\/facem\/agroecologia\/wp-content\/uploads\/sites\/12\/2024\/09\/WhatsApp-Image-2024-08-17-at-12.28.15-1152x1536.jpeg 1152w, https:\/\/portal.uern.br\/facem\/agroecologia\/wp-content\/uploads\/sites\/12\/2024\/09\/WhatsApp-Image-2024-08-17-at-12.28.15.jpeg 1200w\" sizes=\"(max-width: 225px) 100vw, 225px\" \/> \u00a0<img loading=\"lazy\" decoding=\"async\" class=\"alignnone size-medium wp-image-1057\" src=\"https:\/\/portal.uern.br\/facem\/agroecologia\/wp-content\/uploads\/sites\/12\/2024\/09\/WhatsApp-Image-2024-08-17-at-12.28.15-3-169x300.jpeg\" alt=\"\" width=\"169\" height=\"300\" srcset=\"https:\/\/portal.uern.br\/facem\/agroecologia\/wp-content\/uploads\/sites\/12\/2024\/09\/WhatsApp-Image-2024-08-17-at-12.28.15-3-169x300.jpeg 169w, https:\/\/portal.uern.br\/facem\/agroecologia\/wp-content\/uploads\/sites\/12\/2024\/09\/WhatsApp-Image-2024-08-17-at-12.28.15-3-576x1024.jpeg 576w, https:\/\/portal.uern.br\/facem\/agroecologia\/wp-content\/uploads\/sites\/12\/2024\/09\/WhatsApp-Image-2024-08-17-at-12.28.15-3.jpeg 720w\" sizes=\"(max-width: 169px) 100vw, 169px\" \/><\/p>\n<p><img loading=\"lazy\" decoding=\"async\" class=\"wp-image-1060 aligncenter\" src=\"https:\/\/portal.uern.br\/facem\/agroecologia\/wp-content\/uploads\/sites\/12\/2024\/09\/WhatsApp-Image-2024-08-17-at-12.28.16-1-300x225.jpeg\" alt=\"\" width=\"342\" height=\"256\" srcset=\"https:\/\/portal.uern.br\/facem\/agroecologia\/wp-content\/uploads\/sites\/12\/2024\/09\/WhatsApp-Image-2024-08-17-at-12.28.16-1-300x225.jpeg 300w, https:\/\/portal.uern.br\/facem\/agroecologia\/wp-content\/uploads\/sites\/12\/2024\/09\/WhatsApp-Image-2024-08-17-at-12.28.16-1-1024x768.jpeg 1024w, https:\/\/portal.uern.br\/facem\/agroecologia\/wp-content\/uploads\/sites\/12\/2024\/09\/WhatsApp-Image-2024-08-17-at-12.28.16-1-768x576.jpeg 768w, https:\/\/portal.uern.br\/facem\/agroecologia\/wp-content\/uploads\/sites\/12\/2024\/09\/WhatsApp-Image-2024-08-17-at-12.28.16-1-1536x1152.jpeg 1536w, https:\/\/portal.uern.br\/facem\/agroecologia\/wp-content\/uploads\/sites\/12\/2024\/09\/WhatsApp-Image-2024-08-17-at-12.28.16-1.jpeg 1600w\" sizes=\"(max-width: 342px) 100vw, 342px\" \/><\/p>\n<p>&nbsp;<\/p>\n<p>&nbsp;<\/p>\n","protected":false},"excerpt":{"rendered":"<p>\u00a0Programa Gente do Campo O programa tem como objetivo promover a produ\u00e7\u00e3o de conhecimentos e a qualifica\u00e7\u00e3o profissional, atrav\u00e9s da FORMA\u00c7\u00c3O formal e vivencial de Agentes de Nova ATER, visando a prospec\u00e7\u00e3o e a dissemina\u00e7\u00e3o de novidades e inova\u00e7\u00f5es na conviv\u00eancia com o semi\u00e1rido, na transi\u00e7\u00e3o agroecol\u00f3gica e na otimiza\u00e7\u00e3o dos processos administrativos da EMATER\/RN, [&hellip;]<\/p>\n","protected":false},"author":1,"featured_media":0,"parent":0,"menu_order":0,"comment_status":"closed","ping_status":"closed","template":"","meta":{"footnotes":""},"class_list":["post-917","page","type-page","status-publish","hentry"],"_links":{"self":[{"href":"https:\/\/portal.uern.br\/facem\/agroecologia\/wp-json\/wp\/v2\/pages\/917","targetHints":{"allow":["GET"]}}],"collection":[{"href":"https:\/\/portal.uern.br\/facem\/agroecologia\/wp-json\/wp\/v2\/pages"}],"about":[{"href":"https:\/\/portal.uern.br\/facem\/agroecologia\/wp-json\/wp\/v2\/types\/page"}],"author":[{"embeddable":true,"href":"https:\/\/portal.uern.br\/facem\/agroecologia\/wp-json\/wp\/v2\/users\/1"}],"replies":[{"embeddable":true,"href":"https:\/\/portal.uern.br\/facem\/agroecologia\/wp-json\/wp\/v2\/comments?post=917"}],"version-history":[{"count":20,"href":"https:\/\/portal.uern.br\/facem\/agroecologia\/wp-json\/wp\/v2\/pages\/917\/revisions"}],"predecessor-version":[{"id":1030,"href":"https:\/\/portal.uern.br\/facem\/agroecologia\/wp-json\/wp\/v2\/pages\/917\/revisions\/1030"}],"wp:attachment":[{"href":"https:\/\/portal.uern.br\/facem\/agroecologia\/wp-json\/wp\/v2\/media?parent=917"}],"curies":[{"name":"wp","href":"https:\/\/api.w.org\/{rel}","templated":true}]}}