{"id":915,"date":"2024-08-05T08:47:42","date_gmt":"2024-08-05T11:47:42","guid":{"rendered":"https:\/\/portal.uern.br\/facem\/agroecologia\/?page_id=915"},"modified":"2024-09-23T12:44:08","modified_gmt":"2024-09-23T15:44:08","slug":"comissao-setorial-de-avaliacao-cose","status":"publish","type":"page","link":"https:\/\/portal.uern.br\/facem\/agroecologia\/comissao-setorial-de-avaliacao-cose\/","title":{"rendered":"Comiss\u00e3o Setorial de Avalia\u00e7\u00e3o &#8211; COSE"},"content":{"rendered":"<div class=\"elementor-element elementor-element-16e420db elementor-widget elementor-widget-theme-post-title elementor-page-title elementor-widget-heading\" data-id=\"16e420db\" data-element_type=\"widget\" data-widget_type=\"theme-post-title.default\">\n<div class=\"elementor-widget-container\">\n<h1 class=\"elementor-heading-title elementor-size-default\"><span style=\"font-size: 16px;color: #000000\">Compete a Comiss\u00e3o Setorial de Avalia\u00e7\u00e3o \u2013 COSE:<\/span><\/h1>\n<\/div>\n<\/div>\n<div class=\"elementor-element elementor-element-56e7d8cd elementor-widget elementor-widget-theme-post-content\" data-id=\"56e7d8cd\" data-element_type=\"widget\" data-widget_type=\"theme-post-content.default\">\n<div class=\"elementor-widget-container\">\n<p><span style=\"color: #000000\">I &#8211; Sensibilizar a comunidade acad\u00eamica do registro \u00f3rg\u00e3o para os processos de avalia\u00e7\u00e3o institucional;<\/span><\/p>\n<p><span style=\"color: #000000\">II &#8211; Desenvolver o processo de autoavalia\u00e7\u00e3o no \u00f3rg\u00e3o, conforme o\u00a0 projeto de autoavalia\u00e7\u00e3o da Unidade e orienta\u00e7\u00f5es da Comiss\u00e3o Pr\u00f3pria de Avalia\u00e7\u00e3o \u2013 CPA\/UERN;<\/span><\/p>\n<p><span style=\"color: #000000\">III &#8211; Organizar reuni\u00f5es sistem\u00e1ticas para desenvolver suas atividades;<\/span><\/p>\n<p><span style=\"color: #000000\">IV &#8211; Sistematizar e prestar as informa\u00e7\u00f5es solicitadas pela Comiss\u00e3o Pr\u00f3pria de Avalia\u00e7\u00e3o \u2013 CPA\/UERN;<\/span><\/p>\n<p><span style=\"color: #000000\">Ao fim de cada semestre, a COSE dever\u00e1 apresentar \u00e0 CPA\/UERN relat\u00f3rio das atividades realizadas, conforme modelo procedente da pr\u00f3pria CPA\/UERN.<\/span><\/p>\n<p><span style=\"color: #000000\">A Comiss\u00e3o Setorial de Avalia\u00e7\u00e3o \u2013 COSE do Curso Superior de Tecnologia em Agroecologia \u00e9 composta pelos servidores: <a style=\"color: #000000\" href=\"https:\/\/drive.google.com\/file\/d\/15A8ybkJrOQ2NekhLU58uVBgSX4o2awNL\/view?usp=sharing\"><strong>(Portaria N\u00b0 013\/2023 \u2013 GD\/FACEM)<\/strong><\/a><\/span><\/p>\n<table style=\"width: 61.4208%\">\n<tbody>\n<tr>\n<td style=\"width: 69.6165%\"><span style=\"color: #000000\"><strong>Servidor<\/strong><\/span><\/td>\n<td style=\"width: 70.4537%\"><span style=\"color: #000000\"><strong>Categoria\u00a0<\/strong><\/span><\/td>\n<\/tr>\n<tr>\n<td style=\"width: 69.6165%\"><span style=\"color: #000000\">Rodrigo Guimar\u00e3es de Carvalho<\/span><\/td>\n<td style=\"width: 70.4537%\"><span style=\"color: #000000\">Docente<\/span><\/td>\n<\/tr>\n<tr>\n<td style=\"width: 69.6165%\"><span style=\"color: #000000\">M\u00e1rcia Regina Farias da Silva<\/span><\/td>\n<td style=\"width: 70.4537%\"><span style=\"color: #000000\">Docente<\/span><\/td>\n<\/tr>\n<tr>\n<td style=\"width: 69.6165%\"><span style=\"color: #000000\">Emanuelle Roberta da Silva Melo<\/span><\/td>\n<td style=\"width: 70.4537%\"><span style=\"color: #000000\">T\u00e9cnica Administrativa<\/span><\/td>\n<\/tr>\n<tr>\n<td style=\"width: 69.6165%\"><span style=\"color: #000000\">Jos\u00e9 Ivan Eduardo Sobrinho<\/span><\/td>\n<td style=\"width: 70.4537%\"><span style=\"color: #000000\">Discente<\/span><\/td>\n<\/tr>\n<\/tbody>\n<\/table>\n<p>&nbsp;<\/p>\n<table style=\"border-collapse: collapse;width: 61.4938%;height: 57px\">\n<tbody>\n<tr style=\"height: 57px\">\n<td style=\"width: 42.9659%;height: 57px\"><strong>Relat\u00f3rio Sint\u00e9tico de Avalia\u00e7\u00e3o dos semestres 2022.2 e 2023.1\u00a0\u00a0<\/strong><\/td>\n<td style=\"width: 18.5279%;height: 57px\"><a href=\"https:\/\/drive.google.com\/file\/d\/151mKgXFx_kS7FnJuLmqeX6x3-hW_1_Yh\/view?usp=sharing\"><img decoding=\"async\" class=\"alignnone wp-image-1046\" src=\"https:\/\/portal.uern.br\/facem\/agroecologia\/wp-content\/uploads\/sites\/12\/2024\/09\/5934baixe_aqui_1-300x102.png\" alt=\"\" width=\"137\" height=\"47\" srcset=\"https:\/\/portal.uern.br\/facem\/agroecologia\/wp-content\/uploads\/sites\/12\/2024\/09\/5934baixe_aqui_1-300x102.png 300w, https:\/\/portal.uern.br\/facem\/agroecologia\/wp-content\/uploads\/sites\/12\/2024\/09\/5934baixe_aqui_1.png 431w\" sizes=\"(max-width: 137px) 100vw, 137px\" \/><\/a><\/td>\n<\/tr>\n<\/tbody>\n<\/table>\n<\/div>\n<\/div>\n","protected":false},"excerpt":{"rendered":"<p>Compete a Comiss\u00e3o Setorial de Avalia\u00e7\u00e3o \u2013 COSE: I &#8211; Sensibilizar a comunidade acad\u00eamica do registro \u00f3rg\u00e3o para os processos de avalia\u00e7\u00e3o institucional; II &#8211; Desenvolver o processo de autoavalia\u00e7\u00e3o no \u00f3rg\u00e3o, conforme o\u00a0 projeto de autoavalia\u00e7\u00e3o da Unidade e orienta\u00e7\u00f5es da Comiss\u00e3o Pr\u00f3pria de Avalia\u00e7\u00e3o \u2013 CPA\/UERN; III &#8211; Organizar reuni\u00f5es sistem\u00e1ticas para desenvolver [&hellip;]<\/p>\n","protected":false},"author":1,"featured_media":0,"parent":0,"menu_order":0,"comment_status":"closed","ping_status":"closed","template":"","meta":{"footnotes":""},"class_list":["post-915","page","type-page","status-publish","hentry"],"_links":{"self":[{"href":"https:\/\/portal.uern.br\/facem\/agroecologia\/wp-json\/wp\/v2\/pages\/915","targetHints":{"allow":["GET"]}}],"collection":[{"href":"https:\/\/portal.uern.br\/facem\/agroecologia\/wp-json\/wp\/v2\/pages"}],"about":[{"href":"https:\/\/portal.uern.br\/facem\/agroecologia\/wp-json\/wp\/v2\/types\/page"}],"author":[{"embeddable":true,"href":"https:\/\/portal.uern.br\/facem\/agroecologia\/wp-json\/wp\/v2\/users\/1"}],"replies":[{"embeddable":true,"href":"https:\/\/portal.uern.br\/facem\/agroecologia\/wp-json\/wp\/v2\/comments?post=915"}],"version-history":[{"count":9,"href":"https:\/\/portal.uern.br\/facem\/agroecologia\/wp-json\/wp\/v2\/pages\/915\/revisions"}],"predecessor-version":[{"id":1048,"href":"https:\/\/portal.uern.br\/facem\/agroecologia\/wp-json\/wp\/v2\/pages\/915\/revisions\/1048"}],"wp:attachment":[{"href":"https:\/\/portal.uern.br\/facem\/agroecologia\/wp-json\/wp\/v2\/media?parent=915"}],"curies":[{"name":"wp","href":"https:\/\/api.w.org\/{rel}","templated":true}]}}