{"id":913,"date":"2024-08-05T08:47:32","date_gmt":"2024-08-05T11:47:32","guid":{"rendered":"https:\/\/portal.uern.br\/facem\/agroecologia\/?page_id=913"},"modified":"2024-08-23T11:56:41","modified_gmt":"2024-08-23T14:56:41","slug":"nucleo-docente-estruturante-nde","status":"publish","type":"page","link":"https:\/\/portal.uern.br\/facem\/agroecologia\/nucleo-docente-estruturante-nde\/","title":{"rendered":"N\u00facleo Docente Estruturante &#8211; NDE"},"content":{"rendered":"<div class=\"elementor-element elementor-element-16e420db elementor-widget elementor-widget-theme-post-title elementor-page-title elementor-widget-heading\" data-id=\"16e420db\" data-element_type=\"widget\" data-widget_type=\"theme-post-title.default\">\n<div class=\"elementor-widget-container\">\n<h1 class=\"elementor-heading-title elementor-size-default\"><\/h1>\n<\/div>\n<\/div>\n<div class=\"elementor-element elementor-element-56e7d8cd elementor-widget elementor-widget-theme-post-content\" data-id=\"56e7d8cd\" data-element_type=\"widget\" data-widget_type=\"theme-post-content.default\">\n<div class=\"elementor-widget-container\">\n<p><span style=\"color: #000000\">O N\u00facleo Docente Estruturante -NDE do Curso Superior de Tecnologia em Agroecologia \u00e9 o \u00f3rg\u00e3o consultivo respons\u00e1vel pela concep\u00e7\u00e3o do Projeto Pedag\u00f3gico do curso e tem, por finalidade, a implanta\u00e7\u00e3o do mesmo. Ele \u00e9 composto por professores que se dedicam na consecu\u00e7\u00e3o desses objetivos. Dentre suas atribui\u00e7\u00f5es, destacam-se:<\/span><\/p>\n<ul>\n<li><span style=\"color: #000000\">Elaborar o Projeto Pedag\u00f3gico do curso definindo sua concep\u00e7\u00e3o e fundamentos;<\/span><\/li>\n<li><span style=\"color: #000000\">Estabelecer o perfil profissional do egresso do curso;<\/span><\/li>\n<li><span style=\"color: #000000\">Atualizar, conforme Portaria MEC no. 147\/2007 e a Resolu\u00e7\u00e3o no 59\/2013 \u2013 CONSEPE periodicamente o projeto pedag\u00f3gico do curso;<\/span><\/li>\n<li><span style=\"color: #000000\">Conduzir os trabalhos de reestrutura\u00e7\u00e3o curricular, para aprova\u00e7\u00e3o no Departamento de Gest\u00e3o Ambiental \u2013 DGA, sempre que necess\u00e1rio;<\/span><\/li>\n<li><span style=\"color: #000000\">Supervisionar as formas de avalia\u00e7\u00e3o e acompanhamento do curso definidas pelo DGA;<\/span><\/li>\n<li><span style=\"color: #000000\">Analisar e avaliar os Programas Gerais de Componentes Curriculares \u2013 PGCC\u2019s ;<\/span><\/li>\n<li><span style=\"color: #000000\">Promover a integra\u00e7\u00e3o horizontal e vertical do curso, respeitando os eixos estabelecidos pelo projeto pedag\u00f3gico;<\/span><\/li>\n<li><span style=\"color: #000000\">Acompanhar as atividades do corpo docente, recomendando ao DGA a indica\u00e7\u00e3o ou substitui\u00e7\u00e3o de docentes, quando necess\u00e1rio.<\/span><\/li>\n<\/ul>\n<p><span style=\"color: #000000\">Atualmente, o NDE conta em sua composi\u00e7\u00e3o com seis (06) membros lotados no Departamento de Gest\u00e3o Ambiental \u2013 DGA, conforme\u00a0<\/span><a href=\"https:\/\/drive.google.com\/file\/d\/1WbCSk7u2oDNTSbVz_EXvVYFJdQx29Mso\/view?usp=sharing\"><strong>Portaria N\u00ba004\/2024 \u2013 GD\/FACEM<\/strong>:<\/a><\/p>\n<p>&nbsp;<\/p>\n<table style=\"border-collapse: collapse;width: 100%\">\n<tbody>\n<tr>\n<td style=\"width: 33.3333%\"><span style=\"font-family: georgia, palatino, serif;color: #000000\"><strong>DOCENTE<\/strong><\/span><\/td>\n<td style=\"width: 33.3333%\"><span style=\"font-family: georgia, palatino, serif;color: #000000\"><strong>FORMA\u00c7\u00c3O<\/strong><\/span><\/td>\n<td style=\"width: 33.3333%\"><span style=\"font-family: georgia, palatino, serif;color: #000000\"><strong>TITULA\u00c7\u00c3O<\/strong><\/span><\/td>\n<\/tr>\n<tr>\n<td style=\"width: 33.3333%\"><span style=\"font-family: georgia, palatino, serif;color: #000000\">Rodrigo Guimar\u00e3es de Carvalho<\/span><\/td>\n<td style=\"width: 33.3333%\"><span style=\"color: #000000;font-family: georgia, palatino, serif\">Bel. em Geografia<\/span><\/td>\n<td style=\"width: 33.3333%\"><span style=\"color: #000000;font-family: georgia, palatino, serif\">Doutor em Geografia<\/span><\/td>\n<\/tr>\n<tr>\n<td style=\"width: 33.3333%\"><span style=\"font-family: georgia, palatino, serif;color: #000000\">M\u00e1rcia Regina Farias da Silva<\/span><\/td>\n<td style=\"width: 33.3333%\"><span style=\"color: #000000;font-family: georgia, palatino, serif\">Bel. em Geografia<\/span><\/td>\n<td style=\"width: 33.3333%\"><span style=\"color: #000000;font-family: georgia, palatino, serif\">Doutora em Ecologia\u00a0 Aplicada<\/span><\/td>\n<\/tr>\n<tr>\n<td style=\"width: 33.3333%\"><span style=\"font-family: georgia, palatino, serif;color: #000000\">Gabriela Cemirames de Souza Gurgel<\/span><\/td>\n<td style=\"width: 33.3333%\"><span style=\"color: #000000;font-family: georgia, palatino, serif\">Bel. Engenharia Agron\u00f4mica<\/span><\/td>\n<td style=\"width: 33.3333%\"><span style=\"color: #000000;font-family: georgia, palatino, serif\">Doutora em Agronomia<\/span><\/td>\n<\/tr>\n<tr>\n<td style=\"width: 33.3333%\"><span style=\"font-family: georgia, palatino, serif;color: #000000\">Anne Katherine de Holanda Bezerra Rosado<\/span><\/td>\n<td style=\"width: 33.3333%\"><span style=\"color: #000000;font-family: georgia, palatino, serif\">Bel. Engenharia Agron\u00f4mica<\/span><\/td>\n<td style=\"width: 33.3333%\"><span style=\"color: #000000;font-family: georgia, palatino, serif\">Doutora em Agronomia<\/span><\/td>\n<\/tr>\n<tr>\n<td style=\"width: 33.3333%\"><span style=\"font-family: georgia, palatino, serif;color: #000000\">Roseano Medeiros da Silva<\/span><\/td>\n<td style=\"width: 33.3333%\"><span style=\"color: #000000;font-family: georgia, palatino, serif\">Bel. Engenharia Agron\u00f4mica<\/span><\/td>\n<td style=\"width: 33.3333%\"><span style=\"color: #000000;font-family: georgia, palatino, serif\">Doutor em Agronomia e Fitotecnia<\/span><\/td>\n<\/tr>\n<tr>\n<td style=\"width: 33.3333%\"><span style=\"font-family: georgia, palatino, serif;color: #000000\">Welka Preston Leite Batista da Costa Alves<\/span><\/td>\n<td style=\"width: 33.3333%\"><span style=\"color: #000000;font-family: georgia, palatino, serif\">Bel. Engenharia Agron\u00f4mica<\/span><\/td>\n<td style=\"width: 33.3333%\"><span style=\"color: #000000;font-family: georgia, palatino, serif\">Doutora em Agronomia<\/span><\/td>\n<\/tr>\n<\/tbody>\n<\/table>\n<\/div>\n<\/div>\n","protected":false},"excerpt":{"rendered":"<p>O N\u00facleo Docente Estruturante -NDE do Curso Superior de Tecnologia em Agroecologia \u00e9 o \u00f3rg\u00e3o consultivo respons\u00e1vel pela concep\u00e7\u00e3o do Projeto Pedag\u00f3gico do curso e tem, por finalidade, a implanta\u00e7\u00e3o do mesmo. Ele \u00e9 composto por professores que se dedicam na consecu\u00e7\u00e3o desses objetivos. Dentre suas atribui\u00e7\u00f5es, destacam-se: Elaborar o Projeto Pedag\u00f3gico do curso definindo [&hellip;]<\/p>\n","protected":false},"author":1,"featured_media":0,"parent":0,"menu_order":0,"comment_status":"closed","ping_status":"closed","template":"","meta":{"footnotes":""},"class_list":["post-913","page","type-page","status-publish","hentry"],"_links":{"self":[{"href":"https:\/\/portal.uern.br\/facem\/agroecologia\/wp-json\/wp\/v2\/pages\/913","targetHints":{"allow":["GET"]}}],"collection":[{"href":"https:\/\/portal.uern.br\/facem\/agroecologia\/wp-json\/wp\/v2\/pages"}],"about":[{"href":"https:\/\/portal.uern.br\/facem\/agroecologia\/wp-json\/wp\/v2\/types\/page"}],"author":[{"embeddable":true,"href":"https:\/\/portal.uern.br\/facem\/agroecologia\/wp-json\/wp\/v2\/users\/1"}],"replies":[{"embeddable":true,"href":"https:\/\/portal.uern.br\/facem\/agroecologia\/wp-json\/wp\/v2\/comments?post=913"}],"version-history":[{"count":7,"href":"https:\/\/portal.uern.br\/facem\/agroecologia\/wp-json\/wp\/v2\/pages\/913\/revisions"}],"predecessor-version":[{"id":1006,"href":"https:\/\/portal.uern.br\/facem\/agroecologia\/wp-json\/wp\/v2\/pages\/913\/revisions\/1006"}],"wp:attachment":[{"href":"https:\/\/portal.uern.br\/facem\/agroecologia\/wp-json\/wp\/v2\/media?parent=913"}],"curies":[{"name":"wp","href":"https:\/\/api.w.org\/{rel}","templated":true}]}}