{"id":911,"date":"2024-08-05T08:47:20","date_gmt":"2024-08-05T11:47:20","guid":{"rendered":"https:\/\/portal.uern.br\/facem\/agroecologia\/?page_id=911"},"modified":"2024-08-10T10:30:46","modified_gmt":"2024-08-10T13:30:46","slug":"projeto-pedagogico","status":"publish","type":"page","link":"https:\/\/portal.uern.br\/facem\/agroecologia\/projeto-pedagogico\/","title":{"rendered":"Projeto Pedag\u00f3gico"},"content":{"rendered":"<p>&nbsp;<\/p>\n<table style=\"border-collapse: collapse;width: 100%\">\n<tbody>\n<tr>\n<td style=\"width: 65.1606%\"><strong>Projeto Pedag\u00f3gico do Curso Superior de Tecnologia em Agroecologia<\/strong><\/td>\n<td style=\"width: 34.8394%\"><a href=\"https:\/\/drive.google.com\/file\/d\/1qC-JHwKcecbSk3R0DSNcEKoB4Svehhvp\/view?usp=sharing\"><img decoding=\"async\" class=\"\" src=\"https:\/\/www.uern.br\/controledepaginas\/gestaoambiental-documentos\/imagens\/5934baixe_aqui_1.png\" width=\"144\" height=\"49\" \/><\/a><\/td>\n<\/tr>\n<tr>\n<td style=\"width: 65.1606%\"><strong>Termo de Homologa\u00e7\u00e3o<\/strong><\/td>\n<td style=\"width: 34.8394%\"><a href=\"https:\/\/drive.google.com\/file\/d\/1Lj0XUsf6T0ql_ADku_pfWqD_iUjMVdGp\/view?usp=sharing\"><img decoding=\"async\" class=\"\" src=\"https:\/\/www.uern.br\/controledepaginas\/gestaoambiental-documentos\/imagens\/5934baixe_aqui_1.png\" width=\"144\" height=\"49\" \/><\/a><\/td>\n<\/tr>\n<\/tbody>\n<\/table>\n","protected":false},"excerpt":{"rendered":"<p>&nbsp; Projeto Pedag\u00f3gico do Curso Superior de Tecnologia em Agroecologia Termo de Homologa\u00e7\u00e3o<\/p>\n","protected":false},"author":1,"featured_media":0,"parent":0,"menu_order":0,"comment_status":"closed","ping_status":"closed","template":"","meta":{"footnotes":""},"class_list":["post-911","page","type-page","status-publish","hentry"],"_links":{"self":[{"href":"https:\/\/portal.uern.br\/facem\/agroecologia\/wp-json\/wp\/v2\/pages\/911","targetHints":{"allow":["GET"]}}],"collection":[{"href":"https:\/\/portal.uern.br\/facem\/agroecologia\/wp-json\/wp\/v2\/pages"}],"about":[{"href":"https:\/\/portal.uern.br\/facem\/agroecologia\/wp-json\/wp\/v2\/types\/page"}],"author":[{"embeddable":true,"href":"https:\/\/portal.uern.br\/facem\/agroecologia\/wp-json\/wp\/v2\/users\/1"}],"replies":[{"embeddable":true,"href":"https:\/\/portal.uern.br\/facem\/agroecologia\/wp-json\/wp\/v2\/comments?post=911"}],"version-history":[{"count":3,"href":"https:\/\/portal.uern.br\/facem\/agroecologia\/wp-json\/wp\/v2\/pages\/911\/revisions"}],"predecessor-version":[{"id":949,"href":"https:\/\/portal.uern.br\/facem\/agroecologia\/wp-json\/wp\/v2\/pages\/911\/revisions\/949"}],"wp:attachment":[{"href":"https:\/\/portal.uern.br\/facem\/agroecologia\/wp-json\/wp\/v2\/media?parent=911"}],"curies":[{"name":"wp","href":"https:\/\/api.w.org\/{rel}","templated":true}]}}