{"id":1013,"date":"2024-09-19T08:26:16","date_gmt":"2024-09-19T11:26:16","guid":{"rendered":"https:\/\/portal.uern.br\/facem\/agroecologia\/?page_id=1013"},"modified":"2024-09-19T08:43:58","modified_gmt":"2024-09-19T11:43:58","slug":"atividades-complementares","status":"publish","type":"page","link":"https:\/\/portal.uern.br\/facem\/agroecologia\/atividades-complementares\/","title":{"rendered":"Atividades Complementares"},"content":{"rendered":"<p>As atividades complementares constituem-se em componentes curriculares obrigat\u00f3rios para a integraliza\u00e7\u00e3o da carga hor\u00e1ria do curso e compreendem atividades relacionadas \u00e0 forma\u00e7\u00e3o cidad\u00e3 do aluno por meio do incentivo a participa\u00e7\u00e3o em atividades extracurriculares de ensino, pesquisa e extens\u00e3o. Tais atividades permitem ainda amplia\u00e7\u00e3o e a consolida\u00e7\u00e3o dos conhecimentos te\u00f3ricos disciplinares adquiridos ao longo da forma\u00e7\u00e3o discente.<\/p>\n<p>Em todas as dimens\u00f5es de desenvolvimento de atividades complementares, sejam no ensino, pesquisa e\/ou extens\u00e3o, \u00e9 incentivada a iniciativa aut\u00f4noma do corpo discente em atividades acad\u00eamicas que demonstre interesse, desde que respeite o regimento geral do curso. Ressalta-se tamb\u00e9m que todas as atividades complementares, sejam elas de ensino, pesquisa e\/ou extens\u00e3o, correspondem a uma carga horaria pr\u00f3pria e quantidade m\u00e1xima que pode ser aproveitada para a integraliza\u00e7\u00e3o curricular discente.<\/p>\n<p>&nbsp;<\/p>\n<p><strong><em>\u00a0 \u00a0 \u00a0 \u00a0 \u00a0 \u00a0 \u00a0 \u00a0 \u00a0 \u00a0 \u00a0 \u00a0 \u00a0 \u00a0 \u00a0 \u00a0 \u00a0 \u00a0 \u00a0 Quadro de Pontua\u00e7\u00e3o de Atividades Complementares.<\/em><\/strong><\/p>\n<dl>\n<dd>\n<table style=\"width: 54.1086%;height: 144px\" width=\"640\" cellspacing=\"0\" cellpadding=\"1\">\n<tbody>\n<tr style=\"height: 52px\">\n<td style=\"height: 52px;width: 111.938%\" colspan=\"2\" valign=\"top\" bgcolor=\"#dcdcdc\" width=\"636\" height=\"16\">\n<p lang=\"pt-PT\" align=\"center\"><span style=\"font-family: Arial, serif\"><span style=\"font-size: small\"><b>I \u2013 Atividade de doc\u00eancia<\/b><\/span><\/span><\/p>\n<\/td>\n<\/tr>\n<tr style=\"height: 52px\" valign=\"top\">\n<td style=\"height: 52px;width: 78.9147%\" width=\"504\" height=\"25\">\n<p lang=\"pt-PT\" align=\"center\"><span style=\"font-family: Arial, serif\"><span style=\"font-size: small\"><b>Requisito para a atribui\u00e7\u00e3o da carga hor\u00e1ria<\/b><\/span><\/span><\/p>\n<\/td>\n<td style=\"height: 52px;width: 33.0233%\" width=\"130\">\n<p lang=\"pt-PT\" align=\"center\"><span style=\"font-family: Arial, serif\"><span style=\"font-size: small\"><b>Carga hor\u00e1ria<\/b><\/span><\/span><\/p>\n<\/td>\n<\/tr>\n<tr style=\"height: 50px\" valign=\"top\">\n<td style=\"height: 40px;width: 78.9147%\" width=\"504\" height=\"23\">\n<p lang=\"pt-PT\"><span style=\"font-size: small\">Monitoria<\/span><\/p>\n<\/td>\n<td style=\"height: 40px;width: 33.0233%\" width=\"130\">\n<p lang=\"pt-PT\" align=\"center\"><span style=\"font-size: small\">60<\/span><\/p>\n<\/td>\n<\/tr>\n<tr>\n<td style=\"width: 78.9147%\">\n<p lang=\"pt-PT\"><span style=\"font-size: small\">Visitas T\u00e9cnicas<br \/>\n<\/span><\/p>\n<\/td>\n<td style=\"width: 33.0233%\">\n<p lang=\"pt-PT\" align=\"center\"><span style=\"font-size: small\">10<\/span><\/p>\n<\/td>\n<\/tr>\n<tr>\n<td style=\"width: 78.9147%\">\n<p lang=\"pt-PT\"><span style=\"font-size: small\">Participa\u00e7\u00e3o como ouvinte em\u00a0 defesa\u00a0de\u00a0trabalhos\u00a0acad\u00eamicos (monografias, disserta\u00e7\u00f5es e teses)<\/span><\/p>\n<\/td>\n<td style=\"width: 33.0233%\">\n<p lang=\"pt-PT\" align=\"center\"><span style=\"font-size: small\">2<\/span><\/p>\n<\/td>\n<\/tr>\n<tr>\n<td style=\"width: 78.9147%\">\n<p lang=\"pt-PT\"><span style=\"font-size: small\">Outros casos n\u00e3o previstos e que tenham a aprova\u00e7\u00e3o do orientador acad\u00eamico.<\/span><\/p>\n<\/td>\n<td style=\"width: 33.0233%\">\n<p lang=\"pt-PT\" align=\"center\"><span style=\"font-size: small\">60<\/span><\/p>\n<\/td>\n<\/tr>\n<\/tbody>\n<\/table>\n<\/dd>\n<\/dl>\n<dl>\n<dd>\n<dl>\n<dt>\n<table style=\"width: 54.1512%\" width=\"638\" cellspacing=\"0\" cellpadding=\"1\">\n<tbody>\n<tr>\n<td style=\"width: 111.902%\" colspan=\"2\" valign=\"top\" bgcolor=\"#dcdcdc\" width=\"634\" height=\"16\">\n<p lang=\"pt-PT\" align=\"center\"><span style=\"font-family: Arial, serif\"><span style=\"font-size: small\"><b>II &#8211; Atividade de pesquisa<\/b><\/span><\/span><\/p>\n<\/td>\n<\/tr>\n<tr valign=\"top\">\n<td style=\"width: 78.6936%\" width=\"501\" height=\"25\">\n<p lang=\"pt-PT\" align=\"center\"><span style=\"font-family: Arial, serif\"><span style=\"font-size: small\"><b>Requisito para a atribui\u00e7\u00e3o da carga hor\u00e1ria<\/b><\/span><\/span><\/p>\n<\/td>\n<td style=\"width: 33.2085%\" width=\"131\">\n<p lang=\"pt-PT\" align=\"center\"><span style=\"font-family: Arial, serif\"><span style=\"font-size: small\"><b>Carga hor\u00e1ria<\/b><\/span><\/span><\/p>\n<\/td>\n<\/tr>\n<tr valign=\"top\">\n<td style=\"width: 78.6936%\" width=\"501\" height=\"25\">\n<p lang=\"pt-PT\"><span style=\"font-size: small\">Participa\u00e7\u00e3o em Grupo de Pesquisa<\/span><\/p>\n<\/td>\n<td style=\"width: 33.2085%\" width=\"131\">\n<p lang=\"pt-PT\" align=\"center\"><span style=\"font-size: small\">20<\/span><\/p>\n<\/td>\n<\/tr>\n<tr valign=\"top\">\n<td style=\"width: 78.6936%\" width=\"501\" height=\"25\">\n<p lang=\"pt-PT\"><span style=\"font-size: small\">Projetos de Pesquisa como bolsista<\/span><\/p>\n<\/td>\n<td style=\"width: 33.2085%\" width=\"131\">\n<p lang=\"pt-PT\" align=\"center\"><span style=\"font-size: small\">60<\/span><\/p>\n<\/td>\n<\/tr>\n<tr valign=\"top\">\n<td style=\"width: 78.6936%\" width=\"501\" height=\"25\">\n<p lang=\"pt-PT\"><span style=\"font-size: small\">Projetos de Pesquisa como volunt\u00e1rio<\/span><\/p>\n<\/td>\n<td style=\"width: 33.2085%\" width=\"131\">\n<p lang=\"pt-PT\" align=\"center\"><span style=\"font-size: small\">30<\/span><\/p>\n<\/td>\n<\/tr>\n<tr valign=\"top\">\n<td style=\"width: 78.6936%\" width=\"501\" height=\"25\">\n<p lang=\"pt-PT\"><span style=\"font-size: small\">Apresenta\u00e7\u00e3o de trabalho em eventos acad\u00eamico-cient\u00edficos<\/span><\/p>\n<\/td>\n<td style=\"width: 33.2085%\" width=\"131\">\n<p lang=\"pt-PT\" align=\"center\"><span style=\"font-size: small\">30<\/span><\/p>\n<\/td>\n<\/tr>\n<tr valign=\"top\">\n<td style=\"width: 78.6936%\" width=\"501\" height=\"31\">\n<p lang=\"pt-PT\"><span style=\"font-size: small\">Outros (as) \u2013 casos n\u00e3o previstos que tenham a aprova\u00e7\u00e3o do orientador acad\u00eamico<\/span><\/p>\n<\/td>\n<td style=\"width: 33.2085%\" width=\"131\">\n<p lang=\"pt-PT\" align=\"center\"><span style=\"font-size: small\">20<\/span><\/p>\n<\/td>\n<\/tr>\n<\/tbody>\n<\/table>\n<dl>\n<dt>\n<table style=\"width: 54.1176%;height: 753px\" width=\"638\" cellspacing=\"0\" cellpadding=\"1\">\n<tbody>\n<tr>\n<td style=\"width: 99.7241%\" colspan=\"2\" valign=\"top\" bgcolor=\"#dcdcdc\" width=\"634\" height=\"16\">\n<p lang=\"pt-PT\" align=\"center\"><span style=\"font-family: Arial, serif\"><span style=\"font-size: small\"><b>III &#8211; Atividade de Extens\u00e3o<\/b><\/span><\/span><\/p>\n<\/td>\n<\/tr>\n<tr valign=\"top\">\n<td style=\"width: 78.069%\" width=\"500\" height=\"25\">\n<p lang=\"pt-PT\" style=\"text-align: center\" align=\"center\"><span style=\"font-family: Arial, serif\"><span style=\"font-size: small\"><b>Requisito para a atribui\u00e7\u00e3o da carga hor\u00e1ria<\/b><\/span><\/span><\/p>\n<\/td>\n<td style=\"width: 21.6552%\" width=\"132\">\n<p lang=\"pt-PT\" align=\"center\"><span style=\"font-family: Arial, serif\"><span style=\"font-size: small\"><b>Carga hor\u00e1ria<\/b><\/span><\/span><\/p>\n<\/td>\n<\/tr>\n<tr valign=\"top\">\n<td style=\"width: 78.069%\" width=\"500\" height=\"25\">\n<p lang=\"pt-PT\"><span style=\"font-size: small\">Projetos de extens\u00e3o como bolsista<\/span><\/p>\n<\/td>\n<td style=\"width: 21.6552%\" width=\"132\">\n<p lang=\"pt-PT\" align=\"center\"><span style=\"font-size: small\">60<\/span><\/p>\n<\/td>\n<\/tr>\n<tr valign=\"top\">\n<td style=\"width: 78.069%\" width=\"500\" height=\"25\">\n<p lang=\"pt-PT\"><span style=\"font-size: small\">Projetos de extens\u00e3o como volunt\u00e1rio<\/span><\/p>\n<\/td>\n<td style=\"width: 21.6552%\" width=\"132\">\n<p lang=\"pt-PT\" align=\"center\"><span style=\"font-size: small\">50<\/span><\/p>\n<\/td>\n<\/tr>\n<tr valign=\"top\">\n<td style=\"width: 78.069%\" width=\"500\" height=\"25\">\n<p lang=\"pt-PT\"><span style=\"font-size: small\">Palestras realizadas<\/span><\/p>\n<\/td>\n<td style=\"width: 21.6552%\" width=\"132\">\n<p lang=\"pt-PT\" align=\"center\"><span style=\"font-size: small\">20<\/span><\/p>\n<\/td>\n<\/tr>\n<tr valign=\"top\">\n<td style=\"width: 78.069%\" width=\"500\" height=\"25\">\n<p lang=\"pt-PT\"><span style=\"font-size: small\">Participa\u00e7\u00e3o em eventos culturais e cient\u00edficos<\/span><\/p>\n<\/td>\n<td style=\"width: 21.6552%\" width=\"132\">\n<p lang=\"pt-PT\" align=\"center\"><span style=\"font-size: small\">15<\/span><\/p>\n<\/td>\n<\/tr>\n<tr valign=\"top\">\n<td style=\"width: 78.069%\" width=\"500\" height=\"39\">\n<p lang=\"pt-PT\"><span style=\"font-size: small\">Representa\u00e7\u00e3o estudantil (CA. DCE, Federa\u00e7\u00e3o de estudantes, UNE e afins) (sem limite)<\/span><\/p>\n<\/td>\n<td style=\"width: 21.6552%\" width=\"132\">\n<p lang=\"pt-PT\" align=\"center\"><span style=\"font-size: small\">30<\/span><\/p>\n<\/td>\n<\/tr>\n<tr valign=\"top\">\n<td style=\"width: 78.069%\" width=\"500\" height=\"25\">\n<p lang=\"pt-PT\"><span style=\"font-size: small\">Trabalho em Comunidade<\/span><\/p>\n<\/td>\n<td style=\"width: 21.6552%\" width=\"132\">\n<p lang=\"pt-PT\" align=\"center\"><span style=\"font-size: small\">60<\/span><\/p>\n<\/td>\n<\/tr>\n<tr valign=\"top\">\n<td style=\"width: 78.069%\" width=\"500\" height=\"26\">\n<p lang=\"pt-PT\"><span style=\"font-size: small\">Cursos de curta dura\u00e7\u00e3o \u2013 at\u00e9 40 horas<\/span><\/p>\n<\/td>\n<td style=\"width: 21.6552%\" width=\"132\">\n<p lang=\"pt-PT\" align=\"center\"><span style=\"font-size: small\">20<\/span><\/p>\n<\/td>\n<\/tr>\n<tr valign=\"top\">\n<td style=\"width: 78.069%\" width=\"500\" height=\"25\">\n<p lang=\"pt-PT\"><span style=\"font-size: small\">Cursos certificados \u2013 acima de 40 horas<\/span><\/p>\n<\/td>\n<td style=\"width: 21.6552%\" width=\"132\">\n<p lang=\"pt-PT\" align=\"center\"><span style=\"font-size: small\">40<\/span><\/p>\n<\/td>\n<\/tr>\n<tr valign=\"top\">\n<td style=\"width: 78.069%\" width=\"500\" height=\"25\">\n<p lang=\"pt-PT\"><span style=\"font-size: small\">Organiza\u00e7\u00e3o de Eventos<\/span><\/p>\n<\/td>\n<td style=\"width: 21.6552%\" width=\"132\">\n<p lang=\"pt-PT\" align=\"center\"><span style=\"font-size: small\">15<\/span><\/p>\n<\/td>\n<\/tr>\n<tr valign=\"top\">\n<td style=\"width: 78.069%\" width=\"500\" height=\"25\">\n<p lang=\"pt-PT\"><span style=\"font-size: small\">Est\u00e1gio extracurricular em Gest\u00e3o Ambiental<\/span><\/p>\n<\/td>\n<td style=\"width: 21.6552%\" width=\"132\">\n<p lang=\"pt-PT\" align=\"center\"><span style=\"font-size: small\">50<\/span><\/p>\n<\/td>\n<\/tr>\n<tr valign=\"top\">\n<td style=\"width: 78.069%\" width=\"500\" height=\"41\">\n<p lang=\"pt-PT\"><span style=\"font-size: small\">Outros (as) casos n\u00e3o previstos que tenham a aprova\u00e7\u00e3o do orientador acad\u00eamico<\/span><\/p>\n<\/td>\n<td style=\"width: 21.6552%\" width=\"132\">\n<p lang=\"pt-PT\" align=\"center\"><span style=\"font-size: small\">50<\/span><\/p>\n<\/td>\n<\/tr>\n<\/tbody>\n<\/table>\n<dl>\n<dt>\n<table style=\"width: 54.0427%\" width=\"641\" cellspacing=\"0\" cellpadding=\"1\">\n<tbody>\n<tr>\n<td style=\"width: 112.147%\" colspan=\"2\" valign=\"top\" bgcolor=\"#dcdcdc\" width=\"637\" height=\"16\">\n<p lang=\"pt-PT\" align=\"center\"><span style=\"font-family: Arial, serif\"><span style=\"font-size: small\"><b>IV &#8211; Produ\u00e7\u00e3o t\u00e9cnica e cient\u00edfica<\/b><\/span><\/span><\/p>\n<\/td>\n<\/tr>\n<tr valign=\"top\">\n<td style=\"width: 78.1237%\" width=\"503\" height=\"31\">\n<p lang=\"pt-PT\" style=\"text-align: center\" align=\"right\"><span style=\"font-family: Arial, serif\"><span style=\"font-size: small\"><b>Requisito para a atribui\u00e7\u00e3o da carga hor\u00e1ria<\/b><\/span><\/span><\/p>\n<\/td>\n<td style=\"width: 34.0233%\" width=\"132\">\n<p lang=\"pt-PT\" align=\"center\"><span style=\"font-family: Arial, serif\"><span style=\"font-size: small\"><b>Carga hor\u00e1ria<\/b><\/span><\/span><\/p>\n<\/td>\n<\/tr>\n<tr valign=\"top\">\n<td style=\"width: 78.1237%\" width=\"503\" height=\"24\">\n<p lang=\"pt-PT\" style=\"text-align: left\" align=\"right\"><span style=\"font-size: small\">Resumos simples ou expandidos publicados em evento local<\/span><\/p>\n<\/td>\n<td style=\"width: 34.0233%\" width=\"132\">\n<p lang=\"pt-PT\" align=\"center\"><span style=\"font-size: small\">10<\/span><\/p>\n<\/td>\n<\/tr>\n<tr>\n<td style=\"width: 78.1237%\">\n<p lang=\"pt-PT\" style=\"text-align: left\" align=\"right\"><span style=\"font-size: small\">Resumos simples ou expandidos publicados em evento regional, nacional ou internacional<br \/>\n<\/span><\/p>\n<\/td>\n<td style=\"width: 34.0233%\">\n<p lang=\"pt-PT\" align=\"center\"><span style=\"font-size: small\">20<\/span><\/p>\n<\/td>\n<\/tr>\n<tr>\n<td style=\"width: 78.1237%\">\n<p lang=\"pt-PT\" style=\"text-align: left\" align=\"right\"><span style=\"font-size: small\">Artigo completo publicado em peri\u00f3dico avaliado pelo Qualis\/CAPES<br \/>\n<\/span><\/p>\n<\/td>\n<td style=\"width: 34.0233%\">\n<p lang=\"pt-PT\" align=\"center\"><span style=\"font-size: small\">50<\/span><\/p>\n<\/td>\n<\/tr>\n<tr>\n<td style=\"width: 78.1237%\">\n<p lang=\"pt-PT\" style=\"text-align: left\" align=\"right\"><span style=\"font-size: small\">Artigo completo publicado em peri\u00f3dico n\u00e3o avaliado pelo Qualis\/CAPES<br \/>\n<\/span><\/p>\n<\/td>\n<td style=\"width: 34.0233%\">\n<p lang=\"pt-PT\" align=\"center\"><span style=\"font-size: small\">25<\/span><\/p>\n<\/td>\n<\/tr>\n<\/tbody>\n<\/table>\n<dl>\n<dt><\/dt>\n<\/dl>\n<\/dt>\n<\/dl>\n<\/dt>\n<\/dl>\n<\/dt>\n<\/dl>\n<\/dd>\n<\/dl>\n","protected":false},"excerpt":{"rendered":"<p>As atividades complementares constituem-se em componentes curriculares obrigat\u00f3rios para a integraliza\u00e7\u00e3o da carga hor\u00e1ria do curso e compreendem atividades relacionadas \u00e0 forma\u00e7\u00e3o cidad\u00e3 do aluno por meio do incentivo a participa\u00e7\u00e3o em atividades extracurriculares de ensino, pesquisa e extens\u00e3o. Tais atividades permitem ainda amplia\u00e7\u00e3o e a consolida\u00e7\u00e3o dos conhecimentos te\u00f3ricos disciplinares adquiridos ao longo da [&hellip;]<\/p>\n","protected":false},"author":4,"featured_media":0,"parent":0,"menu_order":0,"comment_status":"closed","ping_status":"closed","template":"","meta":{"footnotes":""},"class_list":["post-1013","page","type-page","status-publish","hentry"],"_links":{"self":[{"href":"https:\/\/portal.uern.br\/facem\/agroecologia\/wp-json\/wp\/v2\/pages\/1013","targetHints":{"allow":["GET"]}}],"collection":[{"href":"https:\/\/portal.uern.br\/facem\/agroecologia\/wp-json\/wp\/v2\/pages"}],"about":[{"href":"https:\/\/portal.uern.br\/facem\/agroecologia\/wp-json\/wp\/v2\/types\/page"}],"author":[{"embeddable":true,"href":"https:\/\/portal.uern.br\/facem\/agroecologia\/wp-json\/wp\/v2\/users\/4"}],"replies":[{"embeddable":true,"href":"https:\/\/portal.uern.br\/facem\/agroecologia\/wp-json\/wp\/v2\/comments?post=1013"}],"version-history":[{"count":10,"href":"https:\/\/portal.uern.br\/facem\/agroecologia\/wp-json\/wp\/v2\/pages\/1013\/revisions"}],"predecessor-version":[{"id":1023,"href":"https:\/\/portal.uern.br\/facem\/agroecologia\/wp-json\/wp\/v2\/pages\/1013\/revisions\/1023"}],"wp:attachment":[{"href":"https:\/\/portal.uern.br\/facem\/agroecologia\/wp-json\/wp\/v2\/media?parent=1013"}],"curies":[{"name":"wp","href":"https:\/\/api.w.org\/{rel}","templated":true}]}}