{"id":53,"date":"2022-10-26T16:22:13","date_gmt":"2022-10-26T19:22:13","guid":{"rendered":"https:\/\/paisdemossoro.com.br\/wordpress\/eduern\/?page_id=53"},"modified":"2024-08-22T10:49:36","modified_gmt":"2024-08-22T13:49:36","slug":"obras-2019","status":"publish","type":"page","link":"https:\/\/portal.uern.br\/eduern\/obras-2019\/","title":{"rendered":"Obras 2019"},"content":{"rendered":"<p><strong>Novas tecnologias aplicadas \u00e0 sa\u00fade: desenvolvimento de Sistemas Din\u00e2micos &#8211; Conceitos, aplica\u00e7\u00f5es e ultiliza\u00e7\u00e3o de t\u00e9cnicas inteligentes e regula\u00e7\u00e3o<\/strong><\/p>\n<p>Organizadores: Cicilia Raquel Maia Leite, C\u00e9lia Aparecida dos Reis, Pedro Canisio Binsfeld e Su\u00e9lia de Siqueira Rodrigues Fleury Rosa<\/p>\n<p><a href=\"https:\/\/portal.uern.br\/eduern\/wp-content\/uploads\/sites\/14\/2023\/03\/53362019_1_1_easy_resize.com_.jpg\"><img decoding=\"async\" class=\"\" src=\"https:\/\/portal.uern.br\/eduern\/wp-content\/uploads\/sites\/14\/2023\/03\/53362019_1_1_easy_resize.com_.jpg\" width=\"113\" height=\"173\" \/><\/a><\/p>\n<p><a href=\"https:\/\/ppgcc.ufersa.edu.br\/wp-content\/uploads\/sites\/42\/2019\/07\/novas-tecnologias-vol2-final3.pdf\">VISUALIZAR OBRA\u00a0<\/a><\/p>\n<p>&nbsp;<\/p>\n<p><strong>Temas de Direito P\u00fablico<\/strong><\/p>\n<p>Organizadores: Lauro Gurgel de Brito, Jailson Alves de Nogueira, Inessa da Mota Linhares Vasconcelos e Humberto Henrique Costa Fernandes do R\u00eago<\/p>\n<p><a href=\"https:\/\/portal.uern.br\/eduern\/wp-content\/uploads\/sites\/14\/2023\/03\/53362019_2_easy_resize.com_.jpg\"><img decoding=\"async\" class=\"\" src=\"https:\/\/portal.uern.br\/eduern\/wp-content\/uploads\/sites\/14\/2023\/03\/53362019_2_easy_resize.com_.jpg\" width=\"112\" height=\"173\" \/><\/a><\/p>\n<p><a href=\"https:\/\/portal.uern.br\/eduern\/wp-content\/uploads\/sites\/14\/2024\/02\/E-book-Temas-de-Direito-Publico.pdf\">VISUALIZAR OBRA\u00a0<\/a><\/p>\n<p>&nbsp;<\/p>\n<p><strong>Emo\u00e7\u00f5es, lugares e mem\u00f3rias: um estudo sobre as apropria\u00e7\u00f5es morais da chacina do Rangel<\/strong><\/p>\n<p>Organizador:\u00a0 Raoni Borges Barbosa<\/p>\n<p><a href=\"https:\/\/portal.uern.br\/eduern\/wp-content\/uploads\/sites\/14\/2023\/03\/5336livro_raoni_easy_resize.com_.jpg\"><img decoding=\"async\" class=\"\" src=\"https:\/\/portal.uern.br\/eduern\/wp-content\/uploads\/sites\/14\/2023\/03\/5336livro_raoni_easy_resize.com_.jpg\" width=\"109\" height=\"167\" \/><\/a><\/p>\n<p><a href=\"https:\/\/www.uern.br\/controledepaginas\/edicoes-uern-ebooks\/arquivos\/5336emoa%C2%A7a%C2%B5es_lugares_e_mema%C2%B3rias_um_estudo_sobre_as_apropriaa%C2%A7a%C2%B5es_morais_da_chacina_do_rangel.pdf\">VISUALIZAR OBRA\u00a0<\/a><\/p>\n<p>&nbsp;<\/p>\n<p><strong>Fundamentos Epistemol\u00f3gicos da Educa\u00e7\u00e3o Cient\u00edfica e Tecnol\u00f3gica: leituras e reflex\u00f5es<\/strong><\/p>\n<p>Organizadores:\u00a0 Luiz O. Q. Peduzzi, Jussara Brigo, Erica de O. Gon\u00e7alves e Samuel P. Urban<\/p>\n<p><a href=\"https:\/\/portal.uern.br\/eduern\/wp-content\/uploads\/sites\/14\/2023\/03\/53362019_4_easy_resize.com_.jpg\"><img loading=\"lazy\" decoding=\"async\" class=\"\" src=\"https:\/\/portal.uern.br\/eduern\/wp-content\/uploads\/sites\/14\/2023\/03\/53362019_4_easy_resize.com_.jpg\" width=\"113\" height=\"173\" \/><\/a><\/p>\n<p><a href=\"https:\/\/www.uern.br\/controledepaginas\/edicoes-uern-ebooks\/arquivos\/5336e_book_fundamentos_epistemola%C2%B3gicos__da_educaa%C2%A7a%C2%A3o_cienta%C2%ADfica_e_tecnola%C2%B3gica_leituras_e_reflexa%C2%B5es.pdf\">VISUALIZAR OBRA\u00a0<\/a><\/p>\n<p>&nbsp;<\/p>\n<p><strong>Pesquisa, ensino, extens\u00e3o: perspectivas freireanas<\/strong><\/p>\n<p>Organizadores:\u00a0 Hostina Maria Ferreira do Nascimento, H\u00e9lio Junior Rocha de Lima e Maria Cleoneide Soares<\/p>\n<p><a href=\"https:\/\/portal.uern.br\/eduern\/wp-content\/uploads\/sites\/14\/2023\/03\/1205freireanas_easy_resize.com_.jpg\"><img loading=\"lazy\" decoding=\"async\" class=\"\" src=\"https:\/\/portal.uern.br\/eduern\/wp-content\/uploads\/sites\/14\/2023\/03\/1205freireanas_easy_resize.com_.jpg\" width=\"111\" height=\"168\" \/><\/a><\/p>\n<p><a href=\"https:\/\/portal.uern.br\/eduern\/wp-content\/uploads\/sites\/14\/2024\/02\/E-book-Pesquisa-ensino-extensao-Perspectivas-freireanas-1.pdf\">VISUALIZAR OBRA\u00a0<\/a><\/p>\n<p>&nbsp;<\/p>\n<p><strong>Pessoa Idosa e Servi\u00e7o social: conviv\u00eancia familiar e comunit\u00e1ria<\/strong><\/p>\n<p>Organizadoras:\u00a0 Suzaneide Ferreira da Silva, Gilcelia Batista de Gois, Maria do socorro Rocha Sousa Severino, Maria Ivonete Soares Coelho<\/p>\n<p><a href=\"https:\/\/portal.uern.br\/eduern\/wp-content\/uploads\/sites\/14\/2023\/03\/5336mockup_red_pessoa_idosa_easy_resize.com_.jpg\"><img loading=\"lazy\" decoding=\"async\" class=\"\" src=\"https:\/\/portal.uern.br\/eduern\/wp-content\/uploads\/sites\/14\/2023\/03\/5336mockup_red_pessoa_idosa_easy_resize.com_.jpg\" width=\"111\" height=\"172\" \/><\/a><\/p>\n<p><a href=\"https:\/\/portal.uern.br\/eduern\/wp-content\/uploads\/sites\/14\/2024\/02\/E-book-Pessoa-Idosa-e-Servico-Social-convivencia-familiar-e-comunitaria.pdf\">VISUALIZAR OBRA<\/a><\/p>\n<p>&nbsp;<\/p>\n<p><strong>Cinema e Teoria Social: ensaios circunstanciais\u00a0 \u00a0 \u00a0 \u00a0 \u00a0 \u00a0 \u00a0 \u00a0 \u00a0 \u00a0 \u00a0 \u00a0 \u00a0 \u00a0 \u00a0 \u00a0 \u00a0 \u00a0 \u00a0 \u00a0 \u00a0<\/strong><\/p>\n<p>Organizador:\u00a0 Jean Henrique Costa<\/p>\n<p><a href=\"https:\/\/portal.uern.br\/eduern\/wp-content\/uploads\/sites\/14\/2023\/03\/5336cinema_e_teoria_social_easy_resize.com_.jpg\"><img loading=\"lazy\" decoding=\"async\" class=\"\" src=\"https:\/\/portal.uern.br\/eduern\/wp-content\/uploads\/sites\/14\/2023\/03\/5336cinema_e_teoria_social_easy_resize.com_.jpg\" width=\"116\" height=\"181\" \/><\/a><\/p>\n<p><a href=\"https:\/\/portal.uern.br\/eduern\/wp-content\/uploads\/sites\/14\/2024\/02\/E-book-Cinema-e-Teoria-Social-Ensaios-Circunstanciais.pdf\">VISUALIZAR OBRA\u00a0<\/a><\/p>\n<p>&nbsp;<\/p>\n<p><strong>Anais do III F\u00f3rum Nacional de Di\u00e1logos e Pr\u00e1ticas Interprofissionais em Sa\u00fade &#8211; FONDIPIS<\/strong><\/p>\n<p>Organizadores:\u00a0 Luc\u00eddio Clebeson de Oliveira, Lorrainy da C. Solano, Francisco Rafael R. Soares, J\u00e9ssica P. Pinheiro, Tamires da S. Morais, L\u00facia de F\u00e1tima de C. Sousa, Alana Jucielly L. de Morais, Ana Karine A. Maia, Louise Nat\u00e1lia M. Bel\u00e9m, Josemary F. Italiano, Lara Maria T. Dias Correia, Ana Carolina N. N\u00f3brega Diniz e Anne Caroline B. de Carvalho.<\/p>\n<p><a href=\"https:\/\/portal.uern.br\/eduern\/wp-content\/uploads\/sites\/14\/2023\/03\/1205muckup_fondipis.jpg\"><img loading=\"lazy\" decoding=\"async\" class=\"\" src=\"https:\/\/portal.uern.br\/eduern\/wp-content\/uploads\/sites\/14\/2023\/03\/1205muckup_fondipis.jpg\" width=\"121\" height=\"186\" \/><\/a><\/p>\n<p><a href=\"https:\/\/portal.uern.br\/eduern\/wp-content\/uploads\/sites\/14\/2024\/08\/ANAIS-DO-FONDIPIS.pdf\">VISUALIZAR OBRA<\/a><\/p>\n<p>&nbsp;<\/p>\n<p><strong>Anais do I Simp\u00f3sio Regional de Pr\u00e1ticas Integrativas e Complementares em Sa\u00fade e II Encontro Integrativo de Enfermagem<\/strong><\/p>\n<p>Organizadores:\u00a0 Isabel Cristina Amaral de Sousa Rosso Nelson, Luc\u00eddio Clebeson de Oliveira, Francisco Rafael Ribeiro Soares, Am\u00e9lia Carolina Lopes Fernandes, Hosana Mirelle Goes e Silva Costa e Raiane Caroline da Silva Fran\u00e7a.<\/p>\n<p><a href=\"https:\/\/portal.uern.br\/eduern\/wp-content\/uploads\/sites\/14\/2023\/03\/1205muckup_simposio.jpg\"><img loading=\"lazy\" decoding=\"async\" class=\"\" src=\"https:\/\/portal.uern.br\/eduern\/wp-content\/uploads\/sites\/14\/2023\/03\/1205muckup_simposio.jpg\" width=\"120\" height=\"184\" \/><\/a><\/p>\n<p><a href=\"https:\/\/www.uern.br\/controledepaginas\/edicoes-uern-ebooks\/arquivos\/53361._anais_do_i_simposio_regional_de_pics.pdf\">VISUALIZAR OBRA<\/a><\/p>\n<p>&nbsp;<\/p>\n<p><strong>Programa PARFOR\/UERN &#8211; Biologia: mudando o perfil de professores da educa\u00e7\u00e3o b\u00e1sica no interior do Rio Grande do Norte<\/strong><\/p>\n<p>Organizadoras: Ana Cl\u00e1udia Sales Rocha Albuquerque, Danielle Peretti e Luciana Alves Bezerra Dantas Itto.<\/p>\n<p><a href=\"https:\/\/portal.uern.br\/eduern\/wp-content\/uploads\/sites\/14\/2023\/03\/5336parfor_capa_do_livro_mockup_easy_resize.com_.jpg\"><img loading=\"lazy\" decoding=\"async\" class=\"\" src=\"https:\/\/portal.uern.br\/eduern\/wp-content\/uploads\/sites\/14\/2023\/03\/5336parfor_capa_do_livro_mockup_easy_resize.com_.jpg\" width=\"118\" height=\"179\" \/><\/a><\/p>\n<p><a href=\"https:\/\/portal.uern.br\/eduern\/wp-content\/uploads\/sites\/14\/2024\/02\/E-book-Programa-PARFOR-UERN-Biologia-mudando-o-perfil-de-professores-da-educacao-basica.pdf\">VISUALIZAR OBRA<\/a><\/p>\n<p>&nbsp;<\/p>\n<p><strong>Textos\u00a0 para um Novo Contexto\u00a0 \u00a0 \u00a0 \u00a0 \u00a0 \u00a0 \u00a0 \u00a0 \u00a0 \u00a0 \u00a0 \u00a0 \u00a0 \u00a0 \u00a0 \u00a0 \u00a0 \u00a0 \u00a0 \u00a0 \u00a0 \u00a0 \u00a0 \u00a0 \u00a0 \u00a0 \u00a0 \u00a0 \u00a0 \u00a0 \u00a0 \u00a0 \u00a0 \u00a0 \u00a0 \u00a0 \u00a0<\/strong><\/p>\n<p>Organizador:\u00a0Pedro\u00a0Arturo\u00a0Rojas\u00a0Arenas<\/p>\n<p><a href=\"https:\/\/portal.uern.br\/eduern\/wp-content\/uploads\/sites\/14\/2023\/03\/5336img_20200530_wa0002_easy_resize.com_.jpg\"><img loading=\"lazy\" decoding=\"async\" class=\"\" src=\"https:\/\/portal.uern.br\/eduern\/wp-content\/uploads\/sites\/14\/2023\/03\/5336img_20200530_wa0002_easy_resize.com_.jpg\" width=\"118\" height=\"180\" \/><\/a><\/p>\n<p><a href=\"https:\/\/www.uern.br\/controledepaginas\/edicoes-uern-ebooks-2019\/arquivos\/5336textos_para_um_novo_contexto.pdf\">VISUALIZAR\u00a0OBRA\u00a0<\/a><\/p>\n<p>&nbsp;<\/p>\n<p><strong>Redes de Experi\u00eancias Educativas no Parfor-Uern: est\u00e1gio supervisionado e coordena\u00e7\u00e3o pedag\u00f3gica<\/strong><\/p>\n<p>Organizadores: Francisco Canind\u00e9 da Silva e Maria Auxiliadora Alves Costa<\/p>\n<p><a href=\"https:\/\/portal.uern.br\/eduern\/wp-content\/uploads\/sites\/14\/2023\/03\/5336capa_3d___obra_parfor_easy_resize.com_.jpg\"><img loading=\"lazy\" decoding=\"async\" class=\"\" src=\"https:\/\/portal.uern.br\/eduern\/wp-content\/uploads\/sites\/14\/2023\/03\/5336capa_3d___obra_parfor_easy_resize.com_.jpg\" width=\"118\" height=\"179\" \/><\/a><\/p>\n<p><a href=\"https:\/\/drive.google.com\/file\/d\/16MFECQU9KeeP4dvkOAsGg1COkn7SBe64\/view?usp=drivesdk\">VISUALIZAR\u00a0OBRA<\/a><\/p>\n<p>&nbsp;<\/p>\n<p><strong>Parasitismo\u00a0Gastrintestinal de Pequenos Ruminantes x A\u00e7\u00e3o Nematicida de uma Prote\u00edna de\u00a0Moringa Oleifera<\/strong><\/p>\n<p>Organizadores: M\u00e1rio Luan Silva de Medeiros e Michele Dalvina Correia da Silva<\/p>\n<p><a href=\"https:\/\/portal.uern.br\/eduern\/wp-content\/uploads\/sites\/14\/2023\/03\/opt_mockup_problematica-do-parasitismo.jpeg\"><img loading=\"lazy\" decoding=\"async\" class=\"\" src=\"https:\/\/portal.uern.br\/eduern\/wp-content\/uploads\/sites\/14\/2023\/03\/opt_mockup_problematica-do-parasitismo.jpeg\" width=\"117\" height=\"177\" \/><\/a><\/p>\n<p><a href=\"https:\/\/drive.google.com\/file\/d\/1t23dy42gGmrFSI6pSocqFEKDxMXZEFoz\/view?usp=sharing\">VISUALIZAR OBRA<\/a><\/p>\n<p>&nbsp;<\/p>\n<p><strong>Anais do I Congresso Regional de Ensino de Matem\u00e1tica-I COREM<\/strong><\/p>\n<p>Organizadoras: M\u00e1rcia Maria Alves de Assis e Aylla Gabriela Paiva de Ara\u00fajo<\/p>\n<p><a href=\"https:\/\/portal.uern.br\/eduern\/wp-content\/uploads\/sites\/14\/2023\/07\/WhatsApp-Image-2023-07-07-at-18.22.50-1_Easy-Resize.com_.jpg\"><img loading=\"lazy\" decoding=\"async\" class=\"\" src=\"https:\/\/portal.uern.br\/eduern\/wp-content\/uploads\/sites\/14\/2023\/07\/WhatsApp-Image-2023-07-07-at-18.22.50-1_Easy-Resize.com_.jpg\" width=\"116\" height=\"176\" \/><\/a><\/p>\n<p><a href=\"https:\/\/portal.uern.br\/eduern\/wp-content\/uploads\/sites\/14\/2024\/08\/Anais-do-I-COREM.pdf\"><em>VISUALIZAR OBRA<\/em><\/a><\/p>\n<p>&nbsp;<\/p>\n<p><strong>Poemas de Quem Criou Raiz<\/strong><\/p>\n<p>Autora: Araceli Sobreira<\/p>\n<p><a href=\"https:\/\/portal.uern.br\/eduern\/wp-content\/uploads\/sites\/14\/2024\/03\/mockup-poemas.png\"><img loading=\"lazy\" decoding=\"async\" class=\"\" src=\"https:\/\/portal.uern.br\/eduern\/wp-content\/uploads\/sites\/14\/2024\/03\/mockup-poemas.png\" width=\"115\" height=\"174\" \/><\/a><\/p>\n<p><a href=\"https:\/\/portal.uern.br\/eduern\/wp-content\/uploads\/sites\/14\/2024\/03\/E-book-Poemas-de-Quem-Criou-Raiz.pdf\"><em>VISUALIZAR OBRA<\/em><\/a><\/p>\n<p>&nbsp;<\/p>\n<p><strong>Anais do 1\u00b0 Meeting Profissional sobre Pacientes com Necessidades Especiais do Serid\u00f3<\/strong><\/p>\n<p>Organizadora: Isabela Pinheiro Cavalcanti Lima<\/p>\n<p><a href=\"https:\/\/portal.uern.br\/eduern\/wp-content\/uploads\/sites\/14\/2024\/03\/MOCKUP-CAPA-10.png\"><img loading=\"lazy\" decoding=\"async\" class=\"\" src=\"https:\/\/portal.uern.br\/eduern\/wp-content\/uploads\/sites\/14\/2024\/03\/MOCKUP-CAPA-10.png\" width=\"111\" height=\"168\" \/><\/a><\/p>\n<p><a href=\"https:\/\/portal.uern.br\/eduern\/wp-content\/uploads\/sites\/14\/2024\/03\/Anais-do-1\u00b0-Meeting-Multiprofissional-sobre-pacientes-com-Necessidades-Especiais-do-Serido-1.pdf\"><em>VISUALIZAR OBRA<\/em><\/a><\/p>\n<p>&nbsp;<\/p>\n<p><strong>Integra\u00e7\u00e3o de Software de Autoria na Educa\u00e7\u00e3o Ambiental<\/strong><\/p>\n<p>Organizadoras: Flavia Tiburtino de Andrade Sales e Maria do Socorro da Silva Batista<\/p>\n<p><a href=\"https:\/\/portal.uern.br\/eduern\/wp-content\/uploads\/sites\/14\/2024\/03\/MOCKUP-CAPA-11.png\"><img loading=\"lazy\" decoding=\"async\" class=\"\" src=\"https:\/\/portal.uern.br\/eduern\/wp-content\/uploads\/sites\/14\/2024\/03\/MOCKUP-CAPA-11.png\" width=\"114\" height=\"172\" \/><\/a><\/p>\n<p><a href=\"https:\/\/portal.uern.br\/eduern\/wp-content\/uploads\/sites\/14\/2024\/03\/E-book-Integracao-de-Software-de-Autoria-na-Educacao-Ambiental.pdf\"><em>VISUALIZAR OBRA<\/em><\/a><\/p>\n<p>&nbsp;<\/p>\n<p><b>Michel Focault: reflex\u00f5es acerca dos saberes e dos sujeitos<\/b><\/p>\n<p>Organizadores: Aryanne S\u00e9rgia Quairoz de Oliveira, L\u00edvia Brenda da Silva Barbosa e Lucas S\u00fallivam Marques Leite<\/p>\n<p><a href=\"https:\/\/portal.uern.br\/eduern\/wp-content\/uploads\/sites\/14\/2024\/03\/MOCKUP-CAPA-12.png\"><img loading=\"lazy\" decoding=\"async\" class=\"\" src=\"https:\/\/portal.uern.br\/eduern\/wp-content\/uploads\/sites\/14\/2024\/03\/MOCKUP-CAPA-12.png\" width=\"105\" height=\"159\" \/><\/a><\/p>\n<p><a href=\"https:\/\/portal.uern.br\/eduern\/wp-content\/uploads\/sites\/14\/2024\/03\/E-book-Michel-Foucault-reflexoes-acerca-dos-saberes-e-dos-sujeitos.pdf\"><em>VISUALIZAR OBRA<\/em><\/a><\/p>\n","protected":false},"excerpt":{"rendered":"<p>Novas tecnologias aplicadas \u00e0 sa\u00fade: desenvolvimento de Sistemas Din\u00e2micos &#8211; Conceitos, aplica\u00e7\u00f5es e ultiliza\u00e7\u00e3o de t\u00e9cnicas inteligentes e regula\u00e7\u00e3o Organizadores: Cicilia Raquel Maia Leite, C\u00e9lia Aparecida dos Reis, Pedro Canisio Binsfeld e Su\u00e9lia de Siqueira Rodrigues Fleury Rosa VISUALIZAR OBRA\u00a0 &nbsp; Temas de Direito P\u00fablico Organizadores: Lauro Gurgel de Brito, Jailson Alves de Nogueira, Inessa [&hellip;]<\/p>\n","protected":false},"author":1,"featured_media":0,"parent":0,"menu_order":0,"comment_status":"closed","ping_status":"closed","template":"","meta":[],"_links":{"self":[{"href":"https:\/\/portal.uern.br\/eduern\/wp-json\/wp\/v2\/pages\/53"}],"collection":[{"href":"https:\/\/portal.uern.br\/eduern\/wp-json\/wp\/v2\/pages"}],"about":[{"href":"https:\/\/portal.uern.br\/eduern\/wp-json\/wp\/v2\/types\/page"}],"author":[{"embeddable":true,"href":"https:\/\/portal.uern.br\/eduern\/wp-json\/wp\/v2\/users\/1"}],"replies":[{"embeddable":true,"href":"https:\/\/portal.uern.br\/eduern\/wp-json\/wp\/v2\/comments?post=53"}],"version-history":[{"count":37,"href":"https:\/\/portal.uern.br\/eduern\/wp-json\/wp\/v2\/pages\/53\/revisions"}],"predecessor-version":[{"id":2947,"href":"https:\/\/portal.uern.br\/eduern\/wp-json\/wp\/v2\/pages\/53\/revisions\/2947"}],"wp:attachment":[{"href":"https:\/\/portal.uern.br\/eduern\/wp-json\/wp\/v2\/media?parent=53"}],"curies":[{"name":"wp","href":"https:\/\/api.w.org\/{rel}","templated":true}]}}