{"id":35546,"date":"2023-09-06T09:41:24","date_gmt":"2023-09-06T12:41:24","guid":{"rendered":"https:\/\/portal.uern.br\/diaad\/?page_id=35546"},"modified":"2025-09-24T10:18:21","modified_gmt":"2025-09-24T13:18:21","slug":"procedimento-de-heteroidentificacao","status":"publish","type":"page","link":"https:\/\/portal.uern.br\/diaad\/procedimento-de-heteroidentificacao\/","title":{"rendered":"Procedimento de Heteroidentifica\u00e7\u00e3o"},"content":{"rendered":"<p data-raofz=\"16\">Para concorrer \u00e0s vagas reservadas \u00e0s pessoas negras (pretas e pardas) e ind\u00edgenas, a\/o candidata\/o dever\u00e1 assim se autodeclarar no momento da inscri\u00e7\u00e3o no processo seletivo. As\/Os candidatas\/os que optarem por concorrer \u00e0s vagas reservadas \u00e0s pessoas negras (pretas e pardas) e ind\u00edgenas dever\u00e3o se submeter ao Procedimento de Heteroidentifica\u00e7\u00e3o.<\/p>\n<p data-raofz=\"16\">O Procedimento de Heteroidentifica\u00e7\u00e3o \u00e9 um procedimento complementar \u00e0 autodeclara\u00e7\u00e3o das\/os candidatas\/os negras\/os (pretas\/os e pardas\/os) e ind\u00edgenas, firmada pelas\/os candidatas\/os para ocupa\u00e7\u00e3o das vagas reservadas por cotas no \u00e2mbito da UERN. Assim, a autodeclara\u00e7\u00e3o da\/o candidata\/o goza da presun\u00e7\u00e3o relativa de veracidade, e \u00e9 confirmada mediante o Procedimento de Heteroidentifica\u00e7\u00e3o.<\/p>\n<p data-raofz=\"16\">O Procedimento de Heteroidentifica\u00e7\u00e3o \u00e9 a identifica\u00e7\u00e3o por terceiros da condi\u00e7\u00e3o autodeclarada pela\/o candidata\/o, realizado atrav\u00e9s de uma Banca composta por composta por 05 (cinco) membros e seus suplentes.<\/p>\n<p data-raofz=\"16\">A Banca possui atua\u00e7\u00e3o estrat\u00e9gica de controle durante a execu\u00e7\u00e3o da pol\u00edtica de a\u00e7\u00f5es afirmativas (cotas) para pessoas negras (pretas e pardas) e ind\u00edgenas, visando assegurar o direito \u00e0s vagas reservadas para as\/os destinat\u00e1rias\/os definidas\/os da lei. Assim, o objetivo da Banca \u00e9 a garantia da efetividade da a\u00e7\u00e3o afirmativa de reserva de vagas \u00e0s pessoas negras (pretas e pardas) e ind\u00edgenas nos processos seletivos no \u00e2mbito da UERN. A Banca do Procedimento de Heteroidentifica\u00e7\u00e3o \u00e9 realizada de forma presencial e ocorre mediante convoca\u00e7\u00e3o, em per\u00edodo\/data, local e hor\u00e1rio definidos em edital.<\/p>\n<p data-raofz=\"16\">O Procedimento de Heteroidentifica\u00e7\u00e3o \u00e9 filmado, e a\/o candidata\/o que se recusar a este Procedimento \u00e9 eliminado do processo seletivo, perdendo o direito \u00e0 vaga. No momento, \u00e9 questionado sobre a confirma\u00e7\u00e3o da autodeclara\u00e7\u00e3o como pessoa negra.<\/p>\n<p data-raofz=\"16\">\u00c9 importante ressaltar que o Procedimento de Heteroidentifica\u00e7\u00e3o \u00e9 fundamentado exclusivamente no crit\u00e9rio fenot\u00edpico. Assim, s\u00e3o consideradas no momento da realiza\u00e7\u00e3o da Banca as caracter\u00edsticas fenot\u00edpicas da\/o candidata\/o negra\/o (preta\/o e parda\/o), como cor da pele, textura do cabelo, nariz e l\u00e1bios.<\/p>\n<p data-raofz=\"16\">No caso de candidatas\/os autodeclaradas\/os ind\u00edgenas, acontece mediante apresenta\u00e7\u00e3o de declara\u00e7\u00e3o de 03 (tr\u00eas) lideran\u00e7as ind\u00edgenas de comunidades diferentes reconhecidas pela Funda\u00e7\u00e3o Nacional dos Povos Ind\u00edgenas (Funai).<\/p>\n<p data-raofz=\"16\">Importante:<\/p>\n<p data-raofz=\"16\">N\u00e3o s\u00e3o considerados no Procedimento de Heteroidentifica\u00e7\u00e3o quaisquer registros, imagens, certid\u00f5es de nascimento, atestados m\u00e9dicos ou documentos pret\u00e9ritos, referentes \u00e0 confirma\u00e7\u00e3o em Procedimentos de Heteroidentifica\u00e7\u00e3o realizados em outros processos seletivos. A ascend\u00eancia ou a colateralidade familiar da\/o candidata\/o tamb\u00e9m n\u00e3o \u00e9 considerada em nenhuma hip\u00f3tese para os fins de averigua\u00e7\u00e3o da autodeclara\u00e7\u00e3o como pessoa negra (preta e parda) da\/o candidata\/o.<\/p>\n<p data-raofz=\"16\">\n<p data-raofz=\"16\"><strong><a href=\"https:\/\/portal.uern.br\/acessoainformacao\/acoes-afirmativas\/\">Veja os N\u00fameros de Bancas Realizadas nos \u00daltimos Anos<\/a><\/strong><\/p>\n<p data-raofz=\"16\"><strong><a href=\"https:\/\/lookerstudio.google.com\/u\/0\/reporting\/de024b30-0bff-454a-89fc-415170b02386\/page\/p_odpcrhl2jd\">Conhe\u00e7a os N\u00fameros de Ingressos de Estudantes Pretas\/os, Partas\/os e Ind\u00edgenas (PPI).<\/a><\/strong><\/p>\n","protected":false},"excerpt":{"rendered":"<p>Para concorrer \u00e0s vagas reservadas \u00e0s pessoas negras (pretas e pardas) e ind\u00edgenas, a\/o candidata\/o dever\u00e1 assim se autodeclarar no momento da inscri\u00e7\u00e3o no processo seletivo. As\/Os candidatas\/os que optarem por concorrer \u00e0s vagas reservadas \u00e0s pessoas negras (pretas e pardas) e ind\u00edgenas dever\u00e3o se submeter ao Procedimento de Heteroidentifica\u00e7\u00e3o. O Procedimento de Heteroidentifica\u00e7\u00e3o \u00e9 [&hellip;]<\/p>\n","protected":false},"author":42,"featured_media":0,"parent":0,"menu_order":0,"comment_status":"closed","ping_status":"closed","template":"","meta":[],"_links":{"self":[{"href":"https:\/\/portal.uern.br\/diaad\/wp-json\/wp\/v2\/pages\/35546"}],"collection":[{"href":"https:\/\/portal.uern.br\/diaad\/wp-json\/wp\/v2\/pages"}],"about":[{"href":"https:\/\/portal.uern.br\/diaad\/wp-json\/wp\/v2\/types\/page"}],"author":[{"embeddable":true,"href":"https:\/\/portal.uern.br\/diaad\/wp-json\/wp\/v2\/users\/42"}],"replies":[{"embeddable":true,"href":"https:\/\/portal.uern.br\/diaad\/wp-json\/wp\/v2\/comments?post=35546"}],"version-history":[{"count":3,"href":"https:\/\/portal.uern.br\/diaad\/wp-json\/wp\/v2\/pages\/35546\/revisions"}],"predecessor-version":[{"id":35589,"href":"https:\/\/portal.uern.br\/diaad\/wp-json\/wp\/v2\/pages\/35546\/revisions\/35589"}],"wp:attachment":[{"href":"https:\/\/portal.uern.br\/diaad\/wp-json\/wp\/v2\/media?parent=35546"}],"curies":[{"name":"wp","href":"https:\/\/api.w.org\/{rel}","templated":true}]}}