{"id":21,"date":"2022-10-25T13:54:44","date_gmt":"2022-10-25T16:54:44","guid":{"rendered":"https:\/\/paisdemossoro.com.br\/wordpress\/dain\/?page_id=21"},"modified":"2026-08-28T10:23:51","modified_gmt":"2026-08-28T13:23:51","slug":"projetos-de-extensao","status":"publish","type":"page","link":"https:\/\/portal.uern.br\/dain\/projetos-de-extensao\/","title":{"rendered":"Projetos de Extens\u00e3o"},"content":{"rendered":"<p><strong>Curso de Extens\u00e3o em L\u00edngua Brasileira de Sinais<\/strong><\/p>\n<p>Na Universidade do Estado do Rio Grande do Norte, as discuss\u00f5es sobre Educa\u00e7\u00e3o Especial na Perspectiva da Educa\u00e7\u00e3o Inclusiva tem sido uma pr\u00e1tica evidente no \u00e2mbito educacional em que as reflex\u00f5es e a\u00e7\u00f5es se engajam num processo de consolida\u00e7\u00f5es de a\u00e7\u00f5es significativas nos contextos acad\u00eamicos e sociais. Tem sido ampliados, cotidianamente, atingindo os seis Campi com os trabalhos realizados pela Diretoria de A\u00e7\u00f5es Inclusivas \u2013 DAIN que tem, dia a dia, levado \u00e0 efeito seus esfor\u00e7os quanto ao aprofundamento das referidas discuss\u00f5es e a\u00e7\u00f5es. O objetivo da a\u00e7\u00e3o destina-se atender a comunidade acad\u00eamica e \u00e0 sociedade em contexto local t\u00eam sido ampliados mirando a garantia do direito de todos os discentes, docentes t\u00e9cnicos administrativos, e comunidade. Nessa \u00f3ptica, inserem-se os diferentes cursos de extens\u00e3o realizados pela DAIN e nesse rol o Curso de Extens\u00e3o: LIBRAS atendendo \u00e0s demandas internas e externas. Aprender uma segunda l\u00edngua corrobora com o desenvolvimento humano e profissional e alcan\u00e7a, sem d\u00favida, as inst\u00e2ncias e institui\u00e7\u00f5es que recebem pessoas com defici\u00eancia auditiva. Com esse entendimento a Diretoria de A\u00e7\u00f5es Inclusivas &#8211; DAIN prop\u00f5e cursos de extens\u00e3o e, no caso deste projeto, o curso de extens\u00e3o em L\u00edngua Brasileira de Sinais- LIBRAS n\u00edveis I, II e III, ambos tendo como lugar de realiza\u00e7\u00e3o a Universidade do Estado do Rio Grande do Norte. Prop\u00f5e uma carga hor\u00e1ria m\u00ednima de 60h, distribu\u00eddas em um dia por semana, com dura\u00e7\u00e3o de 4 horas\/aula.<\/p>\n","protected":false},"excerpt":{"rendered":"<p>Curso de Extens\u00e3o em L\u00edngua Brasileira de Sinais Na Universidade do Estado do Rio Grande do Norte, as discuss\u00f5es sobre Educa\u00e7\u00e3o Especial na Perspectiva da Educa\u00e7\u00e3o Inclusiva tem sido uma pr\u00e1tica evidente no \u00e2mbito educacional em que as reflex\u00f5es e a\u00e7\u00f5es se engajam num processo de consolida\u00e7\u00f5es de a\u00e7\u00f5es significativas nos contextos acad\u00eamicos e sociais. [&hellip;]<\/p>\n","protected":false},"author":1,"featured_media":0,"parent":0,"menu_order":0,"comment_status":"closed","ping_status":"closed","template":"","meta":[],"_links":{"self":[{"href":"https:\/\/portal.uern.br\/dain\/wp-json\/wp\/v2\/pages\/21"}],"collection":[{"href":"https:\/\/portal.uern.br\/dain\/wp-json\/wp\/v2\/pages"}],"about":[{"href":"https:\/\/portal.uern.br\/dain\/wp-json\/wp\/v2\/types\/page"}],"author":[{"embeddable":true,"href":"https:\/\/portal.uern.br\/dain\/wp-json\/wp\/v2\/users\/1"}],"replies":[{"embeddable":true,"href":"https:\/\/portal.uern.br\/dain\/wp-json\/wp\/v2\/comments?post=21"}],"version-history":[{"count":5,"href":"https:\/\/portal.uern.br\/dain\/wp-json\/wp\/v2\/pages\/21\/revisions"}],"predecessor-version":[{"id":762,"href":"https:\/\/portal.uern.br\/dain\/wp-json\/wp\/v2\/pages\/21\/revisions\/762"}],"wp:attachment":[{"href":"https:\/\/portal.uern.br\/dain\/wp-json\/wp\/v2\/media?parent=21"}],"curies":[{"name":"wp","href":"https:\/\/api.w.org\/{rel}","templated":true}]}}