{"id":98939,"date":"2022-10-04T09:16:37","date_gmt":"2022-10-04T12:16:37","guid":{"rendered":"https:\/\/portal.uern.br\/conselhos\/?page_id=98939"},"modified":"2023-03-01T09:02:42","modified_gmt":"2023-03-01T12:02:42","slug":"resolucoes-conselho-diretor","status":"publish","type":"page","link":"https:\/\/portal.uern.br\/conselhos\/resolucoes-conselho-diretor\/","title":{"rendered":"Resolu\u00e7\u00f5es Conselho Diretor"},"content":{"rendered":"<style>\n    .wpdmdt-toolbar {\n        padding: 10px;\n    }\n\n    .wpdmdt-toolbarb {\n        padding: 5px 10px 10px;\n    }\n\n    .wpdmdt-toolbar > div {\n        display: inline-block;\n    }\n\n    table, td, th {\n        border: 0;\n    }\n\n    #wpdm-all-packages .card {\n        overflow: hidden;\n    }\n\n    .dataTables_wrapper .table {\n        margin: 0;\n    }\n\n    #wpdmmydls-0bbdbe1c806eac3558eed587c46af829 {\n        border-bottom: 1px solid #dddddd;\n        border-top: 1px solid #dddddd;\n        font-size: 10pt;\n        min-width: 100%;\n    }\n\n    #wpdmmydls-0bbdbe1c806eac3558eed587c46af829 .wpdm-download-link img {\n        box-shadow: none !important;\n        max-width: 100%;\n    }\n\n    .w3eden .pagination {\n        margin: 0 !important;\n    }\n\n    #wpdmmydls-0bbdbe1c806eac3558eed587c46af829 td:not(:first-child) {\n        vertical-align: middle !important;\n    }\n\n    #wpdmmydls-0bbdbe1c806eac3558eed587c46af829 td.__dt_col_download_link .btn {\n        display: block;\n        width: 100%;\n    }\n\n    #wpdmmydls-0bbdbe1c806eac3558eed587c46af829 td.__dt_col_download_link,\n    #wpdmmydls-0bbdbe1c806eac3558eed587c46af829 th#download_link {\n        max-width: 155px !important;\n        width: 155px;\n\n    }\n\n    #wpdmmydls-0bbdbe1c806eac3558eed587c46af829 th {\n        background-color: rgba(0, 0, 0, 0.04);\n        border-bottom: 1px solid rgba(0, 0, 0, 0.025);\n    }\n\n    #wpdmmydls-0bbdbe1c806eac3558eed587c46af829_length label,\n    #wpdmmydls-0bbdbe1c806eac3558eed587c46af829_filter label {\n        font-weight: 400;\n    }\n\n    #wpdmmydls-0bbdbe1c806eac3558eed587c46af829_filter input[type=search] {\n        display: inline-block;\n        width: 200px;\n        font-size: 12px;\n    }\n\n    #wpdmmydls-0bbdbe1c806eac3558eed587c46af829_length select {\n        display: inline-block;\n        width: 60px;\n        font-size: 11px;\n    }\n\n    #wpdmmydls-0bbdbe1c806eac3558eed587c46af829 .package-title {\n        color: #36597C;\n        font-size: 11pt;\n        font-weight: 700;\n    }\n\n    #wpdmmydls-0bbdbe1c806eac3558eed587c46af829 .small-txt {\n        margin-right: 7px;\n    }\n\n    #wpdmmydls-0bbdbe1c806eac3558eed587c46af829 td.__dt_col_categories {\n        max-width: 300px;\n    }\n\n    #wpdmmydls-0bbdbe1c806eac3558eed587c46af829 .small-txt,\n    #wpdmmydls-0bbdbe1c806eac3558eed587c46af829 small {\n        font-size: 9pt;\n    }\n\n    .w3eden .table-striped tbody tr:nth-of-type(2n+1) {\n        background-color: rgba(0, 0, 0, 0.015);\n    }\n\n    .dataTables_wrapper .dataTables_paginate .paginate_button:active,\n    .dataTables_wrapper .dataTables_paginate .paginate_button:focus,\n    .dataTables_wrapper .dataTables_paginate .paginate_button:hover,\n    .dataTables_wrapper .dataTables_paginate .paginate_button {\n        margin: 0 !important;\n        padding: 0 !important;\n        border: 0 !important;\n        background: transparent !important;\n    }\n\n    .paginate_button.page-item.active a {\n        background: var(--color-primary) !important;\n        color: #fff !important;\n    }\n\n\n    @media (max-width: 799px) {\n        #wpdmmydls-0bbdbe1c806eac3558eed587c46af829 tr {\n            display: block;\n            border: 3px solid rgba(0, 0, 0, 0.3) !important;\n            margin-bottom: 10px !important;\n            position: relative;\n        }\n\n        #wpdmmydls-0bbdbe1c806eac3558eed587c46af829 thead {\n            display: none;\n        }\n\n        #wpdmmydls-0bbdbe1c806eac3558eed587c46af829,\n        #wpdmmydls-0bbdbe1c806eac3558eed587c46af829 td:first-child {\n            border: 0 !important;\n        }\n\n        #wpdmmydls-0bbdbe1c806eac3558eed587c46af829 td {\n            display: block;\n        }\n\n        #wpdmmydls-0bbdbe1c806eac3558eed587c46af829 td.__dt_col_download_link {\n            display: block;\n            max-width: 100% !important;\n            width: auto !important;\n\n        }\n    }\n\n\n<\/style>\n<div class=\"w3eden\">\n    <div id=\"wpdm-all-packages\">\n        <table id=\"wpdmmydls-0bbdbe1c806eac3558eed587c46af829\" class=\"table table-striped wpdm-all-packages-table\">\n            <thead>\n            <tr>\n\t\t\t\t                    <th style='width: 230px !important;min-width: 230px !important;max-width: 230px !important;' id=\"title\"\n                                                                        class=\"\">T\u00edtulo<\/th>\n\t\t\t\t                    <th  id=\"excerpt\"\n                                                                        class=\"hidden-sm hidden-xs\">Ementa<\/th>\n\t\t\t\t                    <th style='width: 155px !important;min-width: 155px !important;max-width: 155px !important;' id=\"download_link\"\n                                                                        class=\"hidden-sm hidden-xs\">Download<\/th>\n\t\t\t\t\n            <\/tr>\n            <\/thead>\n            <tbody>\n\t\t\t\n                    <tr class=\"__dt_row\">\n\t\t\t\t\t\t                            <td                                     class=\"__dt_col_0 __dt_col __dt_col_title\"\n\t\t\t\t\t\t\t\t\tstyle=\"background-image: url('https:\/\/portal.uern.br\/conselhos\/wp-content\/plugins\/download-manager\/assets\/file-type-icons\/pdf.svg');background-size: 36px;background-position: 5px 8px;background-repeat:  no-repeat;padding-left: 52px;line-height: normal;\">\n\t\t\t\t\t\t\t\t<strong>Resolu\u00e7\u00e3o n\u00ba 05\/2026 &#8211; CD<\/strong><br\/><div class=\"hidden-md hidden-lg td-mobile\"><\/div>\n\n                            <\/td>\n\t\t\t\t\t\t                            <td                                     class=\"__dt_col_1 __dt_col __dt_col_excerpt\"\n\t\t\t\t\t\t\t\t\t>\n\t\t\t\t\t\t\t\t<div class='__dt_excerpt '>Reformula a Ouvidoria da Funda\u00e7\u00e3o Universidade do Estado do Rio Grande do Norte, aprova seu Regimento Interno e revoga a Resolu\u00e7\u00e3o n.\u00ba 82\/2008-CD.<\/div>\n\n                            <\/td>\n\t\t\t\t\t\t                            <td                                     class=\"__dt_col_2 __dt_col __dt_col_download_link\"\n\t\t\t\t\t\t\t\t\t>\n\t\t\t\t\t\t\t\t<a class='wpdm-download-link download-on-click btn btn-primary ' rel='nofollow' href='#' data-pid='100744' data-downloadurl=\"https:\/\/portal.uern.br\/conselhos\/download\/resolucao-no-05-2026-cd\/?wpdmdl=100744&refresh=69ee1cb4de8b31777212596\" >Download<\/a>\n\n                            <\/td>\n\t\t\t\t\t\t\n                    <\/tr>\n\t\t\t\t\n                    <tr class=\"__dt_row\">\n\t\t\t\t\t\t                            <td                                     class=\"__dt_col_0 __dt_col __dt_col_title\"\n\t\t\t\t\t\t\t\t\tstyle=\"background-image: url('https:\/\/portal.uern.br\/conselhos\/wp-content\/plugins\/download-manager\/assets\/file-type-icons\/pdf.svg');background-size: 36px;background-position: 5px 8px;background-repeat:  no-repeat;padding-left: 52px;line-height: normal;\">\n\t\t\t\t\t\t\t\t<strong>Resolu\u00e7\u00e3o n\u00ba 04\/2026 &#8211; CD<\/strong><br\/><div class=\"hidden-md hidden-lg td-mobile\"><\/div>\n\n                            <\/td>\n\t\t\t\t\t\t                            <td                                     class=\"__dt_col_1 __dt_col __dt_col_excerpt\"\n\t\t\t\t\t\t\t\t\t>\n\t\t\t\t\t\t\t\t<div class='__dt_excerpt '>Autoriza a cria\u00e7\u00e3o do Curso de Especializa\u00e7\u00e3o em Educa\u00e7\u00e3o a Dist\u00e2ncia na Educa\u00e7\u00e3o Profissional e Tecnol\u00f3gica, na modalidade a dist\u00e2ncia, do Departamento de Educa\u00e7\u00e3o \u2013 Pedagogia do Campus Avan\u00e7ado de Patu da Universidade do Estado do Rio Grande do Norte (Uern)<\/div>\n\n                            <\/td>\n\t\t\t\t\t\t                            <td                                     class=\"__dt_col_2 __dt_col __dt_col_download_link\"\n\t\t\t\t\t\t\t\t\t>\n\t\t\t\t\t\t\t\t<a class='wpdm-download-link download-on-click btn btn-primary ' rel='nofollow' href='#' data-pid='100743' data-downloadurl=\"https:\/\/portal.uern.br\/conselhos\/download\/resolucao-no-04-2026-cd\/?wpdmdl=100743&refresh=69ee1cb4e26ff1777212596\" >Download<\/a>\n\n                            <\/td>\n\t\t\t\t\t\t\n                    <\/tr>\n\t\t\t\t\n                    <tr class=\"__dt_row\">\n\t\t\t\t\t\t                            <td                                     class=\"__dt_col_0 __dt_col __dt_col_title\"\n\t\t\t\t\t\t\t\t\tstyle=\"background-image: url('https:\/\/portal.uern.br\/conselhos\/wp-content\/plugins\/download-manager\/assets\/file-type-icons\/pdf.svg');background-size: 36px;background-position: 5px 8px;background-repeat:  no-repeat;padding-left: 52px;line-height: normal;\">\n\t\t\t\t\t\t\t\t<strong>Resolu\u00e7\u00e3o n\u00ba 03\/2026 &#8211; CD<\/strong><br\/><div class=\"hidden-md hidden-lg td-mobile\"><\/div>\n\n                            <\/td>\n\t\t\t\t\t\t                            <td                                     class=\"__dt_col_1 __dt_col __dt_col_excerpt\"\n\t\t\t\t\t\t\t\t\t>\n\t\t\t\t\t\t\t\t<div class='__dt_excerpt '>Aprova o calend\u00e1rio das reuni\u00f5es ordin\u00e1rias do Conselho Diretor (CD) da Funda\u00e7\u00e3o Universidade do Estado do Rio Grande do Norte (Fuern), referente ao ano de 2026<\/div>\n\n                            <\/td>\n\t\t\t\t\t\t                            <td                                     class=\"__dt_col_2 __dt_col __dt_col_download_link\"\n\t\t\t\t\t\t\t\t\t>\n\t\t\t\t\t\t\t\t<a class='wpdm-download-link download-on-click btn btn-primary ' rel='nofollow' href='#' data-pid='100726' data-downloadurl=\"https:\/\/portal.uern.br\/conselhos\/download\/resolucao-no-03-2026-cd\/?wpdmdl=100726&refresh=69ee1cb4e58de1777212596\" >Download<\/a>\n\n                            <\/td>\n\t\t\t\t\t\t\n                    <\/tr>\n\t\t\t\t\n                    <tr class=\"__dt_row\">\n\t\t\t\t\t\t                            <td                                     class=\"__dt_col_0 __dt_col __dt_col_title\"\n\t\t\t\t\t\t\t\t\tstyle=\"background-image: url('https:\/\/portal.uern.br\/conselhos\/wp-content\/plugins\/download-manager\/assets\/file-type-icons\/pdf.svg');background-size: 36px;background-position: 5px 8px;background-repeat:  no-repeat;padding-left: 52px;line-height: normal;\">\n\t\t\t\t\t\t\t\t<strong>Resolu\u00e7\u00e3o n\u00ba 02\/2026 &#8211; CD<\/strong><br\/><div class=\"hidden-md hidden-lg td-mobile\"><\/div>\n\n                            <\/td>\n\t\t\t\t\t\t                            <td                                     class=\"__dt_col_1 __dt_col __dt_col_excerpt\"\n\t\t\t\t\t\t\t\t\t>\n\t\t\t\t\t\t\t\t<div class='__dt_excerpt '>Autoriza a cria\u00e7\u00e3o do Curso de Especializa\u00e7\u00e3o em Gest\u00e3o na Educa\u00e7\u00e3o Profissional e Tecnol\u00f3gica, modalidade a dist\u00e2ncia, do Departamento de Filosofia do Campus Avan\u00e7ado de Caic\u00f3 da Universidade do Estado do Rio Grande do Norte (Uern)<\/div>\n\n                            <\/td>\n\t\t\t\t\t\t                            <td                                     class=\"__dt_col_2 __dt_col __dt_col_download_link\"\n\t\t\t\t\t\t\t\t\t>\n\t\t\t\t\t\t\t\t<a class='wpdm-download-link download-on-click btn btn-primary ' rel='nofollow' href='#' data-pid='100724' data-downloadurl=\"https:\/\/portal.uern.br\/conselhos\/download\/resolucao-no-02-2026-cd\/?wpdmdl=100724&refresh=69ee1cb4e84b71777212596\" >Download<\/a>\n\n                            <\/td>\n\t\t\t\t\t\t\n                    <\/tr>\n\t\t\t\t\n                    <tr class=\"__dt_row\">\n\t\t\t\t\t\t                            <td                                     class=\"__dt_col_0 __dt_col __dt_col_title\"\n\t\t\t\t\t\t\t\t\tstyle=\"background-image: url('https:\/\/portal.uern.br\/conselhos\/wp-content\/plugins\/download-manager\/assets\/file-type-icons\/pdf.svg');background-size: 36px;background-position: 5px 8px;background-repeat:  no-repeat;padding-left: 52px;line-height: normal;\">\n\t\t\t\t\t\t\t\t<strong>Resolu\u00e7\u00e3o n\u00ba 35\/2025 &#8211; CD<\/strong><br\/><div class=\"hidden-md hidden-lg td-mobile\"><\/div>\n\n                            <\/td>\n\t\t\t\t\t\t                            <td                                     class=\"__dt_col_1 __dt_col __dt_col_excerpt\"\n\t\t\t\t\t\t\t\t\t>\n\t\t\t\t\t\t\t\t<div class='__dt_excerpt '>Regulamenta a concess\u00e3o, o controle e a presta\u00e7\u00e3o de contas do aux\u00edlio-sa\u00fade no \u00e2mbito da Funda\u00e7\u00e3o Universidade do Estado do Rio Grande do Norte \u2013 Fuern, e revoga a Resolu\u00e7\u00e3o n\u00ba 39\/2022 \u2013 CD &#8211; REPUBLICADA POR INCORRE\u00c7\u00c3O<\/div>\n\n                            <\/td>\n\t\t\t\t\t\t                            <td                                     class=\"__dt_col_2 __dt_col __dt_col_download_link\"\n\t\t\t\t\t\t\t\t\t>\n\t\t\t\t\t\t\t\t<a class='wpdm-download-link download-on-click btn btn-primary ' rel='nofollow' href='#' data-pid='100722' data-downloadurl=\"https:\/\/portal.uern.br\/conselhos\/download\/resolucao-no-35-2025-cd-2\/?wpdmdl=100722&refresh=69ee1cb4eb0861777212596\" >Download<\/a>\n\n                            <\/td>\n\t\t\t\t\t\t\n                    <\/tr>\n\t\t\t\t\n                    <tr class=\"__dt_row\">\n\t\t\t\t\t\t                            <td                                     class=\"__dt_col_0 __dt_col __dt_col_title\"\n\t\t\t\t\t\t\t\t\tstyle=\"background-image: url('https:\/\/portal.uern.br\/conselhos\/wp-content\/plugins\/download-manager\/assets\/file-type-icons\/pdf.svg');background-size: 36px;background-position: 5px 8px;background-repeat:  no-repeat;padding-left: 52px;line-height: normal;\">\n\t\t\t\t\t\t\t\t<strong>Resolu\u00e7\u00e3o n\u00ba 35\/2025 &#8211; CD<\/strong><br\/><div class=\"hidden-md hidden-lg td-mobile\"><\/div>\n\n                            <\/td>\n\t\t\t\t\t\t                            <td                                     class=\"__dt_col_1 __dt_col __dt_col_excerpt\"\n\t\t\t\t\t\t\t\t\t>\n\t\t\t\t\t\t\t\t<div class='__dt_excerpt '>Regulamenta a concess\u00e3o, o controle e a presta\u00e7\u00e3o de contas do aux\u00edlio-sa\u00fade no \u00e2mbito da Funda\u00e7\u00e3o Universidade do Estado do Rio Grande do Norte &#8211; Fuern, e revoga a Resolu\u00e7\u00e3o n\u00ba 39\/2022 &#8211; CD<\/div>\n\n                            <\/td>\n\t\t\t\t\t\t                            <td                                     class=\"__dt_col_2 __dt_col __dt_col_download_link\"\n\t\t\t\t\t\t\t\t\t>\n\t\t\t\t\t\t\t\t<a class='wpdm-download-link download-on-click btn btn-primary ' rel='nofollow' href='#' data-pid='100715' data-downloadurl=\"https:\/\/portal.uern.br\/conselhos\/download\/resolucao-no-35-2025-cd\/?wpdmdl=100715&refresh=69ee1cb50e9441777212597\" >Download<\/a>\n\n                            <\/td>\n\t\t\t\t\t\t\n                    <\/tr>\n\t\t\t\t\n                    <tr class=\"__dt_row\">\n\t\t\t\t\t\t                            <td                                     class=\"__dt_col_0 __dt_col __dt_col_title\"\n\t\t\t\t\t\t\t\t\tstyle=\"background-image: url('https:\/\/portal.uern.br\/conselhos\/wp-content\/plugins\/download-manager\/assets\/file-type-icons\/pdf.svg');background-size: 36px;background-position: 5px 8px;background-repeat:  no-repeat;padding-left: 52px;line-height: normal;\">\n\t\t\t\t\t\t\t\t<strong>Resolu\u00e7\u00e3o n\u00ba 34\/2025 &#8211; CD<\/strong><br\/><div class=\"hidden-md hidden-lg td-mobile\"><\/div>\n\n                            <\/td>\n\t\t\t\t\t\t                            <td                                     class=\"__dt_col_1 __dt_col __dt_col_excerpt\"\n\t\t\t\t\t\t\t\t\t>\n\t\t\t\t\t\t\t\t<div class='__dt_excerpt '>Regulamenta o Adicional de Incentivo por Capacita\u00e7\u00e3o (AIC) no \u00e2mbito da Funda\u00e7\u00e3o Universidade do Estado do Rio Grande do Norte (Fuern) e revoga a Resolu\u00e7\u00e3o n\u00ba 54\/2022 &#8211; CD<\/div>\n\n                            <\/td>\n\t\t\t\t\t\t                            <td                                     class=\"__dt_col_2 __dt_col __dt_col_download_link\"\n\t\t\t\t\t\t\t\t\t>\n\t\t\t\t\t\t\t\t<a class='wpdm-download-link download-on-click btn btn-primary ' rel='nofollow' href='#' data-pid='100714' data-downloadurl=\"https:\/\/portal.uern.br\/conselhos\/download\/resolucao-no-34-2025-cd\/?wpdmdl=100714&refresh=69ee1cb5142f31777212597\" >Download<\/a>\n\n                            <\/td>\n\t\t\t\t\t\t\n                    <\/tr>\n\t\t\t\t\n                    <tr class=\"__dt_row\">\n\t\t\t\t\t\t                            <td                                     class=\"__dt_col_0 __dt_col __dt_col_title\"\n\t\t\t\t\t\t\t\t\tstyle=\"background-image: url('https:\/\/portal.uern.br\/conselhos\/wp-content\/plugins\/download-manager\/assets\/file-type-icons\/pdf.svg');background-size: 36px;background-position: 5px 8px;background-repeat:  no-repeat;padding-left: 52px;line-height: normal;\">\n\t\t\t\t\t\t\t\t<strong>Resolu\u00e7\u00e3o n\u00ba 33\/2025 &#8211; CD<\/strong><br\/><div class=\"hidden-md hidden-lg td-mobile\"><\/div>\n\n                            <\/td>\n\t\t\t\t\t\t                            <td                                     class=\"__dt_col_1 __dt_col __dt_col_excerpt\"\n\t\t\t\t\t\t\t\t\t>\n\t\t\t\t\t\t\t\t<div class='__dt_excerpt '>Autoriza a cria\u00e7\u00e3o do Curso de Especializa\u00e7\u00e3o em Ensino de Ci\u00eancias \u201cCi\u00eancias \u00e9 10!\u201d, modalidade a dist\u00e2ncia, da Faculdade de Ci\u00eancias Exatas e Naturais (Fanat), da Universidade do Estado do Rio Grande do Norte (Uern)<\/div>\n\n                            <\/td>\n\t\t\t\t\t\t                            <td                                     class=\"__dt_col_2 __dt_col __dt_col_download_link\"\n\t\t\t\t\t\t\t\t\t>\n\t\t\t\t\t\t\t\t<a class='wpdm-download-link download-on-click btn btn-primary ' rel='nofollow' href='#' data-pid='100713' data-downloadurl=\"https:\/\/portal.uern.br\/conselhos\/download\/resolucao-no-33-2025-cd\/?wpdmdl=100713&refresh=69ee1cb5185061777212597\" >Download<\/a>\n\n                            <\/td>\n\t\t\t\t\t\t\n                    <\/tr>\n\t\t\t\t\n                    <tr class=\"__dt_row\">\n\t\t\t\t\t\t                            <td                                     class=\"__dt_col_0 __dt_col __dt_col_title\"\n\t\t\t\t\t\t\t\t\tstyle=\"background-image: url('https:\/\/portal.uern.br\/conselhos\/wp-content\/plugins\/download-manager\/assets\/file-type-icons\/pdf.svg');background-size: 36px;background-position: 5px 8px;background-repeat:  no-repeat;padding-left: 52px;line-height: normal;\">\n\t\t\t\t\t\t\t\t<strong>Resolu\u00e7\u00e3o n\u00ba 32\/2025 &#8211; CD<\/strong><br\/><div class=\"hidden-md hidden-lg td-mobile\"><\/div>\n\n                            <\/td>\n\t\t\t\t\t\t                            <td                                     class=\"__dt_col_1 __dt_col __dt_col_excerpt\"\n\t\t\t\t\t\t\t\t\t>\n\t\t\t\t\t\t\t\t<div class='__dt_excerpt '>Autoriza a cria\u00e7\u00e3o do Curso de Especializa\u00e7\u00e3o em Preceptoria Multiprofissional na \u00c1rea da Sa\u00fade, na modalidade a dist\u00e2ncia, do Departamento de Enfermagem (DEN), da Faculdade de Enfermagem (Faen), da Universidade do Estado do Rio Grande do Norte (Uern)<\/div>\n\n                            <\/td>\n\t\t\t\t\t\t                            <td                                     class=\"__dt_col_2 __dt_col __dt_col_download_link\"\n\t\t\t\t\t\t\t\t\t>\n\t\t\t\t\t\t\t\t<a class='wpdm-download-link download-on-click btn btn-primary ' rel='nofollow' href='#' data-pid='100712' data-downloadurl=\"https:\/\/portal.uern.br\/conselhos\/download\/resolucao-no-32-2025-cd\/?wpdmdl=100712&refresh=69ee1cb51f6091777212597\" >Download<\/a>\n\n                            <\/td>\n\t\t\t\t\t\t\n                    <\/tr>\n\t\t\t\t\n                    <tr class=\"__dt_row\">\n\t\t\t\t\t\t                            <td                                     class=\"__dt_col_0 __dt_col __dt_col_title\"\n\t\t\t\t\t\t\t\t\tstyle=\"background-image: url('https:\/\/portal.uern.br\/conselhos\/wp-content\/plugins\/download-manager\/assets\/file-type-icons\/pdf.svg');background-size: 36px;background-position: 5px 8px;background-repeat:  no-repeat;padding-left: 52px;line-height: normal;\">\n\t\t\t\t\t\t\t\t<strong>Resolu\u00e7\u00e3o n\u00ba 31\/2025 &#8211; CD<\/strong><br\/><div class=\"hidden-md hidden-lg td-mobile\"><\/div>\n\n                            <\/td>\n\t\t\t\t\t\t                            <td                                     class=\"__dt_col_1 __dt_col __dt_col_excerpt\"\n\t\t\t\t\t\t\t\t\t>\n\t\t\t\t\t\t\t\t<div class='__dt_excerpt '>Autoriza a cria\u00e7\u00e3o do Curso de Especializa\u00e7\u00e3o em Ensino de Portugu\u00eas como segunda L\u00edngua para Imigrantes, Refugiados e Ap\u00e1tridas, da Faculdade de Letras e Artes (Fala), na modalidade a dist\u00e2ncia, da Universidade do Estado do Rio Grande do Norte (Uern)<\/div>\n\n                            <\/td>\n\t\t\t\t\t\t                            <td                                     class=\"__dt_col_2 __dt_col __dt_col_download_link\"\n\t\t\t\t\t\t\t\t\t>\n\t\t\t\t\t\t\t\t<a class='wpdm-download-link download-on-click btn btn-primary ' rel='nofollow' href='#' data-pid='100711' data-downloadurl=\"https:\/\/portal.uern.br\/conselhos\/download\/resolucao-no-31-2025-cd\/?wpdmdl=100711&refresh=69ee1cb523bd71777212597\" >Download<\/a>\n\n                            <\/td>\n\t\t\t\t\t\t\n                    <\/tr>\n\t\t\t\t\n                    <tr class=\"__dt_row\">\n\t\t\t\t\t\t                            <td                                     class=\"__dt_col_0 __dt_col __dt_col_title\"\n\t\t\t\t\t\t\t\t\tstyle=\"background-image: url('https:\/\/portal.uern.br\/conselhos\/wp-content\/plugins\/download-manager\/assets\/file-type-icons\/pdf.svg');background-size: 36px;background-position: 5px 8px;background-repeat:  no-repeat;padding-left: 52px;line-height: normal;\">\n\t\t\t\t\t\t\t\t<strong>Resolu\u00e7\u00e3o n\u00ba 30\/2025 &#8211; CD<\/strong><br\/><div class=\"hidden-md hidden-lg td-mobile\"><\/div>\n\n                            <\/td>\n\t\t\t\t\t\t                            <td                                     class=\"__dt_col_1 __dt_col __dt_col_excerpt\"\n\t\t\t\t\t\t\t\t\t>\n\t\t\t\t\t\t\t\t<div class='__dt_excerpt '>Autoriza a cria\u00e7\u00e3o do Curso de Especializa\u00e7\u00e3o em Ensino de Geografia, modalidade a dist\u00e2ncia, do Departamento de Geografia (DGE), do Campus Avan\u00e7ado de Ass\u00fa (CAA), da Universidade do Estado do Rio Grande do Norte (Uern)<\/div>\n\n                            <\/td>\n\t\t\t\t\t\t                            <td                                     class=\"__dt_col_2 __dt_col __dt_col_download_link\"\n\t\t\t\t\t\t\t\t\t>\n\t\t\t\t\t\t\t\t<a class='wpdm-download-link download-on-click btn btn-primary ' rel='nofollow' href='#' data-pid='100710' data-downloadurl=\"https:\/\/portal.uern.br\/conselhos\/download\/resolucao-no-30-2025-cd\/?wpdmdl=100710&refresh=69ee1cb52692d1777212597\" >Download<\/a>\n\n                            <\/td>\n\t\t\t\t\t\t\n                    <\/tr>\n\t\t\t\t\n                    <tr class=\"__dt_row\">\n\t\t\t\t\t\t                            <td                                     class=\"__dt_col_0 __dt_col __dt_col_title\"\n\t\t\t\t\t\t\t\t\tstyle=\"background-image: url('https:\/\/portal.uern.br\/conselhos\/wp-content\/plugins\/download-manager\/assets\/file-type-icons\/pdf.svg');background-size: 36px;background-position: 5px 8px;background-repeat:  no-repeat;padding-left: 52px;line-height: normal;\">\n\t\t\t\t\t\t\t\t<strong>Resolu\u00e7\u00e3o n\u00ba 29\/2025 &#8211; CD<\/strong><br\/><div class=\"hidden-md hidden-lg td-mobile\"><\/div>\n\n                            <\/td>\n\t\t\t\t\t\t                            <td                                     class=\"__dt_col_1 __dt_col __dt_col_excerpt\"\n\t\t\t\t\t\t\t\t\t>\n\t\t\t\t\t\t\t\t<div class='__dt_excerpt '>Autoriza a cria\u00e7\u00e3o do Curso de Especializa\u00e7\u00e3o em Gest\u00e3o Escolar, modalidade a dist\u00e2ncia, do Departamento de Educa\u00e7\u00e3o (DE), da Faculdade de Educa\u00e7\u00e3o (FE), da Universidade do Estado do Rio Grande do Norte (Uern)<\/div>\n\n                            <\/td>\n\t\t\t\t\t\t                            <td                                     class=\"__dt_col_2 __dt_col __dt_col_download_link\"\n\t\t\t\t\t\t\t\t\t>\n\t\t\t\t\t\t\t\t<a class='wpdm-download-link download-on-click btn btn-primary ' rel='nofollow' href='#' data-pid='100709' data-downloadurl=\"https:\/\/portal.uern.br\/conselhos\/download\/resolucao-no-29-2025-cd\/?wpdmdl=100709&refresh=69ee1cb5292ef1777212597\" >Download<\/a>\n\n                            <\/td>\n\t\t\t\t\t\t\n                    <\/tr>\n\t\t\t\t\n                    <tr class=\"__dt_row\">\n\t\t\t\t\t\t                            <td                                     class=\"__dt_col_0 __dt_col __dt_col_title\"\n\t\t\t\t\t\t\t\t\tstyle=\"background-image: url('https:\/\/portal.uern.br\/conselhos\/wp-content\/plugins\/download-manager\/assets\/file-type-icons\/pdf.svg');background-size: 36px;background-position: 5px 8px;background-repeat:  no-repeat;padding-left: 52px;line-height: normal;\">\n\t\t\t\t\t\t\t\t<strong>Resolu\u00e7\u00e3o n\u00ba 28\/2025 &#8211; CD<\/strong><br\/><div class=\"hidden-md hidden-lg td-mobile\"><\/div>\n\n                            <\/td>\n\t\t\t\t\t\t                            <td                                     class=\"__dt_col_1 __dt_col __dt_col_excerpt\"\n\t\t\t\t\t\t\t\t\t>\n\t\t\t\t\t\t\t\t<div class='__dt_excerpt '>Autoriza a cria\u00e7\u00e3o do Curso de Especializa\u00e7\u00e3o em Doc\u00eancia na Educa\u00e7\u00e3o Profissional e Tecnol\u00f3gica, modalidade a dist\u00e2ncia, do Departamento de Educa\u00e7\u00e3o (DE) do Campus Avan\u00e7ado de Ass\u00fa (CAA) da Universidade do Estado do Rio Grande do Norte (Uern)<\/div>\n\n                            <\/td>\n\t\t\t\t\t\t                            <td                                     class=\"__dt_col_2 __dt_col __dt_col_download_link\"\n\t\t\t\t\t\t\t\t\t>\n\t\t\t\t\t\t\t\t<a class='wpdm-download-link download-on-click btn btn-primary ' rel='nofollow' href='#' data-pid='100708' data-downloadurl=\"https:\/\/portal.uern.br\/conselhos\/download\/resolucao-no-28-2025-cd\/?wpdmdl=100708&refresh=69ee1cb52bb4f1777212597\" >Download<\/a>\n\n                            <\/td>\n\t\t\t\t\t\t\n                    <\/tr>\n\t\t\t\t\n                    <tr class=\"__dt_row\">\n\t\t\t\t\t\t                            <td                                     class=\"__dt_col_0 __dt_col __dt_col_title\"\n\t\t\t\t\t\t\t\t\tstyle=\"background-image: url('https:\/\/portal.uern.br\/conselhos\/wp-content\/plugins\/download-manager\/assets\/file-type-icons\/pdf.svg');background-size: 36px;background-position: 5px 8px;background-repeat:  no-repeat;padding-left: 52px;line-height: normal;\">\n\t\t\t\t\t\t\t\t<strong>Resolu\u00e7\u00e3o n\u00ba 27\/2025 &#8211; CD<\/strong><br\/><div class=\"hidden-md hidden-lg td-mobile\"><\/div>\n\n                            <\/td>\n\t\t\t\t\t\t                            <td                                     class=\"__dt_col_1 __dt_col __dt_col_excerpt\"\n\t\t\t\t\t\t\t\t\t>\n\t\t\t\t\t\t\t\t<div class='__dt_excerpt '>Regulamenta os repasses financeiros estudantis concedidos no \u00e2mbito da Universidade do Estado do Rio Grande do Norte, relativos ao exerc\u00edcio financeiro de 2026<\/div>\n\n                            <\/td>\n\t\t\t\t\t\t                            <td                                     class=\"__dt_col_2 __dt_col __dt_col_download_link\"\n\t\t\t\t\t\t\t\t\t>\n\t\t\t\t\t\t\t\t<a class='wpdm-download-link download-on-click btn btn-primary ' rel='nofollow' href='#' data-pid='100707' data-downloadurl=\"https:\/\/portal.uern.br\/conselhos\/download\/resolucao-no-27-2025-cd\/?wpdmdl=100707&refresh=69ee1cb52e6071777212597\" >Download<\/a>\n\n                            <\/td>\n\t\t\t\t\t\t\n                    <\/tr>\n\t\t\t\t\n                    <tr class=\"__dt_row\">\n\t\t\t\t\t\t                            <td                                     class=\"__dt_col_0 __dt_col __dt_col_title\"\n\t\t\t\t\t\t\t\t\tstyle=\"background-image: url('https:\/\/portal.uern.br\/conselhos\/wp-content\/plugins\/download-manager\/assets\/file-type-icons\/pdf.svg');background-size: 36px;background-position: 5px 8px;background-repeat:  no-repeat;padding-left: 52px;line-height: normal;\">\n\t\t\t\t\t\t\t\t<strong>Resolu\u00e7\u00e3o n\u00ba 26\/2025 &#8211; CD<\/strong><br\/><div class=\"hidden-md hidden-lg td-mobile\"><\/div>\n\n                            <\/td>\n\t\t\t\t\t\t                            <td                                     class=\"__dt_col_1 __dt_col __dt_col_excerpt\"\n\t\t\t\t\t\t\t\t\t>\n\t\t\t\t\t\t\t\t<div class='__dt_excerpt '>Institui o Programa de Apoio a Estudantes recebidos pela Uern em Mobilidade Nacional ou Internacional<\/div>\n\n                            <\/td>\n\t\t\t\t\t\t                            <td                                     class=\"__dt_col_2 __dt_col __dt_col_download_link\"\n\t\t\t\t\t\t\t\t\t>\n\t\t\t\t\t\t\t\t<a class='wpdm-download-link download-on-click btn btn-primary ' rel='nofollow' href='#' data-pid='100706' data-downloadurl=\"https:\/\/portal.uern.br\/conselhos\/download\/resolucao-no-26-2025-cd\/?wpdmdl=100706&refresh=69ee1cb53110f1777212597\" >Download<\/a>\n\n                            <\/td>\n\t\t\t\t\t\t\n                    <\/tr>\n\t\t\t\t\n                    <tr class=\"__dt_row\">\n\t\t\t\t\t\t                            <td                                     class=\"__dt_col_0 __dt_col __dt_col_title\"\n\t\t\t\t\t\t\t\t\tstyle=\"background-image: url('https:\/\/portal.uern.br\/conselhos\/wp-content\/plugins\/download-manager\/assets\/file-type-icons\/pdf.svg');background-size: 36px;background-position: 5px 8px;background-repeat:  no-repeat;padding-left: 52px;line-height: normal;\">\n\t\t\t\t\t\t\t\t<strong>Resolu\u00e7\u00e3o n\u00ba 25\/2025 &#8211; CD<\/strong><br\/><div class=\"hidden-md hidden-lg td-mobile\"><\/div>\n\n                            <\/td>\n\t\t\t\t\t\t                            <td                                     class=\"__dt_col_1 __dt_col __dt_col_excerpt\"\n\t\t\t\t\t\t\t\t\t>\n\t\t\t\t\t\t\t\t<div class='__dt_excerpt '>Institui o Programa de Apoio \u00e0 Perman\u00eancia Estudantil na Universidade do Estado do Rio Grande do Norte e revoga as Resolu\u00e7\u00f5es de n.\u00ba 38\/2014-CD, 39\/2014-CD, 03\/2019-CD, 08\/2019-CD, 02\/2020-CD e 09\/2020-CD<\/div>\n\n                            <\/td>\n\t\t\t\t\t\t                            <td                                     class=\"__dt_col_2 __dt_col __dt_col_download_link\"\n\t\t\t\t\t\t\t\t\t>\n\t\t\t\t\t\t\t\t<a class='wpdm-download-link download-on-click btn btn-primary ' rel='nofollow' href='#' data-pid='100705' data-downloadurl=\"https:\/\/portal.uern.br\/conselhos\/download\/resolucao-no-25-2025-cd\/?wpdmdl=100705&refresh=69ee1cb534e371777212597\" >Download<\/a>\n\n                            <\/td>\n\t\t\t\t\t\t\n                    <\/tr>\n\t\t\t\t\n                    <tr class=\"__dt_row\">\n\t\t\t\t\t\t                            <td                                     class=\"__dt_col_0 __dt_col __dt_col_title\"\n\t\t\t\t\t\t\t\t\tstyle=\"background-image: url('https:\/\/portal.uern.br\/conselhos\/wp-content\/plugins\/download-manager\/assets\/file-type-icons\/pdf.svg');background-size: 36px;background-position: 5px 8px;background-repeat:  no-repeat;padding-left: 52px;line-height: normal;\">\n\t\t\t\t\t\t\t\t<strong>Resolu\u00e7\u00e3o n\u00ba 24\/2025 &#8211; CD<\/strong><br\/><div class=\"hidden-md hidden-lg td-mobile\"><\/div>\n\n                            <\/td>\n\t\t\t\t\t\t                            <td                                     class=\"__dt_col_1 __dt_col __dt_col_excerpt\"\n\t\t\t\t\t\t\t\t\t>\n\t\t\t\t\t\t\t\t<div class='__dt_excerpt '>Altera a Resolu\u00e7\u00e3o n\u00b0 05\/2024-CD para dispor sobre o aumento do quantitativo de bolsas de capacita\u00e7\u00e3o do Programa Institucional de Bolsa de Capacita\u00e7\u00e3o do Pessoal Docente da Uern, bem como sobre o aproveitamento das cotas de bolsas n\u00e3o ocupadas<\/div>\n\n                            <\/td>\n\t\t\t\t\t\t                            <td                                     class=\"__dt_col_2 __dt_col __dt_col_download_link\"\n\t\t\t\t\t\t\t\t\t>\n\t\t\t\t\t\t\t\t<a class='wpdm-download-link download-on-click btn btn-primary ' rel='nofollow' href='#' data-pid='100704' data-downloadurl=\"https:\/\/portal.uern.br\/conselhos\/download\/resolucao-no-24-2025-cd\/?wpdmdl=100704&refresh=69ee1cb538a501777212597\" >Download<\/a>\n\n                            <\/td>\n\t\t\t\t\t\t\n                    <\/tr>\n\t\t\t\t\n                    <tr class=\"__dt_row\">\n\t\t\t\t\t\t                            <td                                     class=\"__dt_col_0 __dt_col __dt_col_title\"\n\t\t\t\t\t\t\t\t\tstyle=\"background-image: url('https:\/\/portal.uern.br\/conselhos\/wp-content\/plugins\/download-manager\/assets\/file-type-icons\/pdf.svg');background-size: 36px;background-position: 5px 8px;background-repeat:  no-repeat;padding-left: 52px;line-height: normal;\">\n\t\t\t\t\t\t\t\t<strong>Resolu\u00e7\u00e3o n\u00ba 23\/2025 &#8211; CD<\/strong><br\/><div class=\"hidden-md hidden-lg td-mobile\"><\/div>\n\n                            <\/td>\n\t\t\t\t\t\t                            <td                                     class=\"__dt_col_1 __dt_col __dt_col_excerpt\"\n\t\t\t\t\t\t\t\t\t>\n\t\t\t\t\t\t\t\t<div class='__dt_excerpt '>Aprova a celebra\u00e7\u00e3o de Termo de Conv\u00eanio entre a Funda\u00e7\u00e3o Universidade do Estado do Rio Grande do Norte (Fuern) e a Universidade Federal do Rio Grande do Norte (UFRN), e revoga a Resolu\u00e7\u00e3o n\u00ba 05\/2025 \u2013 CD<\/div>\n\n                            <\/td>\n\t\t\t\t\t\t                            <td                                     class=\"__dt_col_2 __dt_col __dt_col_download_link\"\n\t\t\t\t\t\t\t\t\t>\n\t\t\t\t\t\t\t\t<a class='wpdm-download-link download-on-click btn btn-primary ' rel='nofollow' href='#' data-pid='100703' data-downloadurl=\"https:\/\/portal.uern.br\/conselhos\/download\/resolucao-no-23-2025-cd\/?wpdmdl=100703&refresh=69ee1cb53c9531777212597\" >Download<\/a>\n\n                            <\/td>\n\t\t\t\t\t\t\n                    <\/tr>\n\t\t\t\t\n                    <tr class=\"__dt_row\">\n\t\t\t\t\t\t                            <td                                     class=\"__dt_col_0 __dt_col __dt_col_title\"\n\t\t\t\t\t\t\t\t\tstyle=\"background-image: url('https:\/\/portal.uern.br\/conselhos\/wp-content\/plugins\/download-manager\/assets\/file-type-icons\/pdf.svg');background-size: 36px;background-position: 5px 8px;background-repeat:  no-repeat;padding-left: 52px;line-height: normal;\">\n\t\t\t\t\t\t\t\t<strong>Resolu\u00e7\u00e3o n\u00ba 22\/2025 &#8211; CD<\/strong><br\/><div class=\"hidden-md hidden-lg td-mobile\"><\/div>\n\n                            <\/td>\n\t\t\t\t\t\t                            <td                                     class=\"__dt_col_1 __dt_col __dt_col_excerpt\"\n\t\t\t\t\t\t\t\t\t>\n\t\t\t\t\t\t\t\t<div class='__dt_excerpt '>Aprova a proposta or\u00e7ament\u00e1ria e financeira para a implanta\u00e7\u00e3o do Curso de Gradua\u00e7\u00e3o em Geografia, Grau Acad\u00eamico Bacharelado, Modalidade Presencial, vinculado ao Departamento de Geografia (DGE) da Faculdade de Filosofia e Ci\u00eancias Sociais (Fafic) da Universidade do Estado do Rio Grande do Norte (Uern)<\/div>\n\n                            <\/td>\n\t\t\t\t\t\t                            <td                                     class=\"__dt_col_2 __dt_col __dt_col_download_link\"\n\t\t\t\t\t\t\t\t\t>\n\t\t\t\t\t\t\t\t<a class='wpdm-download-link download-on-click btn btn-primary ' rel='nofollow' href='#' data-pid='100702' data-downloadurl=\"https:\/\/portal.uern.br\/conselhos\/download\/resolucao-no-22-2025-cd\/?wpdmdl=100702&refresh=69ee1cb5407791777212597\" >Download<\/a>\n\n                            <\/td>\n\t\t\t\t\t\t\n                    <\/tr>\n\t\t\t\t\n                    <tr class=\"__dt_row\">\n\t\t\t\t\t\t                            <td                                     class=\"__dt_col_0 __dt_col __dt_col_title\"\n\t\t\t\t\t\t\t\t\tstyle=\"background-image: url('https:\/\/portal.uern.br\/conselhos\/wp-content\/plugins\/download-manager\/assets\/file-type-icons\/pdf.svg');background-size: 36px;background-position: 5px 8px;background-repeat:  no-repeat;padding-left: 52px;line-height: normal;\">\n\t\t\t\t\t\t\t\t<strong>Resolu\u00e7\u00e3o ad referendum n\u00ba 21\/2025 &#8211; CD<\/strong><br\/><div class=\"hidden-md hidden-lg td-mobile\"><\/div>\n\n                            <\/td>\n\t\t\t\t\t\t                            <td                                     class=\"__dt_col_1 __dt_col __dt_col_excerpt\"\n\t\t\t\t\t\t\t\t\t>\n\t\t\t\t\t\t\t\t<div class='__dt_excerpt '>Aprova a proposta or\u00e7ament\u00e1ria e financeira para a implanta\u00e7\u00e3o do Curso de Gradua\u00e7\u00e3o em Geografia, Grau Acad\u00eamico Bacharelado, Modalidade Presencial, vinculado ao Departamento de Geografia (DGE) da Faculdade de Filosofia e Ci\u00eancias Sociais (Fafic) da Universidade do Estado do Rio Grande do Norte (Uern)<\/div>\n\n                            <\/td>\n\t\t\t\t\t\t                            <td                                     class=\"__dt_col_2 __dt_col __dt_col_download_link\"\n\t\t\t\t\t\t\t\t\t>\n\t\t\t\t\t\t\t\t<a class='wpdm-download-link download-on-click btn btn-primary ' rel='nofollow' href='#' data-pid='100696' data-downloadurl=\"https:\/\/portal.uern.br\/conselhos\/download\/resolucao-ad-referendum-no-21-2025-cd\/?wpdmdl=100696&refresh=69ee1cb544d6f1777212597\" >Download<\/a>\n\n                            <\/td>\n\t\t\t\t\t\t\n                    <\/tr>\n\t\t\t\t\t\t\t            <\/tbody>\n        <\/table>\n\n\t\t<div class='text-center'><ul class='pagination wpdm-pagination pagination-centered text-center'><li><span aria-current=\"page\" class=\"page-numbers current\">1<\/span><\/li><li><a class=\"page-numbers\" href=\"https:\/\/portal.uern.br\/conselhos\/wp-json\/wp\/v2\/pages\/98939\/?cp_1=2\">2<\/a><\/li><li><a class=\"page-numbers\" href=\"https:\/\/portal.uern.br\/conselhos\/wp-json\/wp\/v2\/pages\/98939\/?cp_1=3\">3<\/a><\/li><li><span class=\"page-numbers dots\">&hellip;<\/span><\/li><li><a class=\"page-numbers\" href=\"https:\/\/portal.uern.br\/conselhos\/wp-json\/wp\/v2\/pages\/98939\/?cp_1=15\">15<\/a><\/li><li><a class=\"page-numbers\" href=\"https:\/\/portal.uern.br\/conselhos\/wp-json\/wp\/v2\/pages\/98939\/?cp_1=16\">16<\/a><\/li><li><a class=\"next page-numbers\" href=\"https:\/\/portal.uern.br\/conselhos\/wp-json\/wp\/v2\/pages\/98939\/?cp_1=2\">Seguinte<\/a><\/li><\/ul><\/div>\n    <\/div>\n<\/div>\n\n","protected":false},"excerpt":{"rendered":"","protected":false},"author":1,"featured_media":0,"parent":0,"menu_order":0,"comment_status":"closed","ping_status":"closed","template":"","meta":[],"_links":{"self":[{"href":"https:\/\/portal.uern.br\/conselhos\/wp-json\/wp\/v2\/pages\/98939"}],"collection":[{"href":"https:\/\/portal.uern.br\/conselhos\/wp-json\/wp\/v2\/pages"}],"about":[{"href":"https:\/\/portal.uern.br\/conselhos\/wp-json\/wp\/v2\/types\/page"}],"author":[{"embeddable":true,"href":"https:\/\/portal.uern.br\/conselhos\/wp-json\/wp\/v2\/users\/1"}],"replies":[{"embeddable":true,"href":"https:\/\/portal.uern.br\/conselhos\/wp-json\/wp\/v2\/comments?post=98939"}],"version-history":[{"count":2,"href":"https:\/\/portal.uern.br\/conselhos\/wp-json\/wp\/v2\/pages\/98939\/revisions"}],"predecessor-version":[{"id":98941,"href":"https:\/\/portal.uern.br\/conselhos\/wp-json\/wp\/v2\/pages\/98939\/revisions\/98941"}],"wp:attachment":[{"href":"https:\/\/portal.uern.br\/conselhos\/wp-json\/wp\/v2\/media?parent=98939"}],"curies":[{"name":"wp","href":"https:\/\/api.w.org\/{rel}","templated":true}]}}