{"id":100368,"date":"2024-06-07T09:27:24","date_gmt":"2024-06-07T12:27:24","guid":{"rendered":"https:\/\/portal.uern.br\/conselhos\/?page_id=100368"},"modified":"2026-03-04T11:46:15","modified_gmt":"2026-03-04T14:46:15","slug":"conselheiros-consepe","status":"publish","type":"page","link":"https:\/\/portal.uern.br\/conselhos\/conselheiros-consepe\/","title":{"rendered":"Conselheiros CONSEPE"},"content":{"rendered":"<p><b>Conselho de Ensino, Pesquisa e Extens\u00e3o (Consepe)<\/b><\/p>\n<p><b>\u00a0 \u00a0 \u00a0 \u00a0 \u00a0 \u00a0 \u00a0 \u00a0 \u00a0 \u00a0 \u00a0 \u00a0 \u00a0 \u00a0 \u00a0 \u00a0 \u00a0 \u00a0 \u00a0 \u00a0 \u00a0 \u00a0 \u00a0 \u00a0 \u00a0 \u00a0 \u00a0 \u00a0 \u00a0 \u00a0 \u00a0 \u00a0 \u00a0 \u00a0 \u00a0 \u00a0 \u00a0 \u00a0 \u00a0 \u00a0 \u00a0 \u00a0 \u00a0 \u00a0 \u00a0 \u00a0 \u00a0 \u00a0 \u00a0 \u00a0 \u00a0 \u00a0 \u00a0 \u00a0 \u00a0\u00a0<\/b><\/p>\n<table>\n<thead>\n<tr>\n<th><b>N.\u00ba<\/b><\/th>\n<th><b>REPRESENTA\u00c7\u00c3O<\/b><\/th>\n<th><b>CONSELHEIROS TITULARES<\/b><\/th>\n<th><b>PER\u00cdODO DO MANDATO<\/b><\/th>\n<\/tr>\n<\/thead>\n<tbody>\n<tr>\n<td>\n<p style=\"text-align: center\">01<\/p>\n<\/td>\n<td><span style=\"font-weight: 400\">Reitoria \u2013 Presid\u00eancia<\/span><\/td>\n<td><span style=\"font-weight: 400\">Profa. Cic\u00edlia Raquel Maia Leite<\/span><\/td>\n<td><span style=\"font-weight: 400\">Nato<br \/>\n<\/span><span style=\"font-weight: 400\">(28\/09\/2029)<\/span><\/td>\n<\/tr>\n<tr>\n<td>\n<p style=\"text-align: center\">02<\/p>\n<\/td>\n<td><span style=\"font-weight: 400\">Vice-Reitoria \u2013 Vice-presid\u00eancia<\/span><\/td>\n<td><span style=\"font-weight: 400\">Prof. Francisco Dantas de Medeiros Neto<\/span><\/td>\n<td><span style=\"font-weight: 400\">Nato<br \/>\n<\/span><span style=\"font-weight: 400\">(28\/09\/2029)<\/span><\/td>\n<\/tr>\n<tr>\n<td>\n<p style=\"text-align: center\">03<\/p>\n<\/td>\n<td><span style=\"font-weight: 400\">Pr\u00f3-Reitoria de Ensino de Gradua\u00e7\u00e3o<\/span><\/td>\n<td><span style=\"font-weight: 400\">Profa. Fernanda Abreu de Oliveira<\/span><\/td>\n<td><span style=\"font-weight: 400\">Nato<br \/>\n<\/span><span style=\"font-weight: 400\">(28\/09\/2029)<\/span><\/td>\n<\/tr>\n<tr>\n<td>\n<p style=\"text-align: center\">04<\/p>\n<\/td>\n<td><span style=\"font-weight: 400\">Pr\u00f3-Reitoria de Pesquisa e P\u00f3s-Gradua\u00e7\u00e3o<\/span><\/td>\n<td><span style=\"font-weight: 400\">Profa. Ellany Gurgel Cosme do Nascimento<\/span><\/td>\n<td><span style=\"font-weight: 400\">Nato<br \/>\n<\/span><span style=\"font-weight: 400\">(28\/09\/2029)<\/span><\/td>\n<\/tr>\n<tr>\n<td>\n<p style=\"text-align: center\">05<\/p>\n<\/td>\n<td><span style=\"font-weight: 400\">Pr\u00f3-Reitoria de Extens\u00e3o<\/span><\/td>\n<td><span style=\"font-weight: 400\">Prof. Esdra Marchezan Sales<\/span><\/td>\n<td><span style=\"font-weight: 400\">Nato<br \/>\n<\/span><span style=\"font-weight: 400\">(28\/09\/2029)<\/span><\/td>\n<\/tr>\n<tr>\n<td>\n<p style=\"text-align: center\">06<\/p>\n<\/td>\n<td><span style=\"font-weight: 400\">Representante da Facem<\/span><\/td>\n<td><span style=\"font-weight: 400\">Prof. Auris Martins de Oliveira<\/span><\/td>\n<td><span style=\"font-weight: 400\">03\/04\/2026<\/span><\/td>\n<\/tr>\n<tr>\n<td>\n<p style=\"text-align: center\">07<\/p>\n<\/td>\n<td><span style=\"font-weight: 400\">Representante da Fafic<\/span><\/td>\n<td><span style=\"font-weight: 400\">Prof. Leonardo C\u00e2ndido Rolim<\/span><\/td>\n<td><span style=\"font-weight: 400\">03\/04\/2026<\/span><\/td>\n<\/tr>\n<tr>\n<td>\n<p style=\"text-align: center\">08<\/p>\n<\/td>\n<td><span style=\"font-weight: 400\">Representante da Fala<\/span><\/td>\n<td><span style=\"font-weight: 400\">Prof. Marcos Paulo de Azevedo <\/span><span style=\"font-weight: 400\">(<\/span><i><span style=\"font-weight: 400\">reconduzido<\/span><\/i><span style=\"font-weight: 400\">)<\/span><\/td>\n<td><span style=\"font-weight: 400\">21\/08\/2026<\/span><\/td>\n<\/tr>\n<tr>\n<td>\n<p style=\"text-align: center\">09<\/p>\n<\/td>\n<td><span style=\"font-weight: 400\">Representante da Faen<\/span><\/td>\n<td><span style=\"font-weight: 400\">Profa. Kalidia Felipe de Lima Costa (<i>reconduzida<\/i>)<\/span><\/td>\n<td><span style=\"font-weight: 400\">04\/10\/2025<\/span><\/td>\n<\/tr>\n<tr>\n<td>\n<p style=\"text-align: center\">10<\/p>\n<\/td>\n<td>Representante da Faef<\/td>\n<td>\n<p class=\"western\" align=\"justify\">Profa. Glycia Melo de Oliveira Silva<\/p>\n<\/td>\n<td><span style=\"font-weight: 400\">03\/09\/2027<\/span><\/td>\n<\/tr>\n<tr>\n<td>\n<p style=\"text-align: center\">11<\/p>\n<\/td>\n<td>Representante da FAD<\/td>\n<td><span style=\"font-weight: 400\">Prof. Raimundo M\u00e1rcio Ribeiro Lima (<i>reconduzido<\/i>)<\/span><\/td>\n<td><span style=\"font-weight: 400\">03\/09\/2027<\/span><\/td>\n<\/tr>\n<tr>\n<td>\n<p style=\"text-align: center\">12<\/p>\n<\/td>\n<td>Representante da Fanat<\/td>\n<td><span style=\"font-weight: 400\">Profa. Maisa Clari Farias Barbalho de Mendon\u00e7a<br \/>\n<\/span><\/td>\n<td>05\/11\/2027<\/td>\n<\/tr>\n<tr>\n<td>\n<p style=\"text-align: center\">13<\/p>\n<\/td>\n<td>Representante da FE<\/td>\n<td>Prof. Alessandro Teixeira N\u00f3brega<\/td>\n<td>06\/08\/2027<\/td>\n<\/tr>\n<tr>\n<td>\n<p style=\"text-align: center\">14<\/p>\n<\/td>\n<td>Representante da Fasso<\/td>\n<td>Profa. Riv\u00e2nia Lucia Moura de Assis<\/td>\n<td>03\/07\/2026<\/td>\n<\/tr>\n<tr>\n<td>\n<p style=\"text-align: center\">15<\/p>\n<\/td>\n<td>Representante da Facs<\/td>\n<td>Prof. Stephan Barisic J\u00fanior<\/td>\n<td>03\/12\/2027<\/td>\n<\/tr>\n<tr>\n<td>\n<p style=\"text-align: center\">16<\/p>\n<\/td>\n<td>Representante do CAA<\/td>\n<td>Profa. N\u00e1dia Maria Silveira Costa de Melo<\/td>\n<td>04\/03\/2028<\/td>\n<\/tr>\n<tr>\n<td>\n<p style=\"text-align: center\">17<\/p>\n<\/td>\n<td>Representante do CAP<\/td>\n<td>Prof. Roberto Mariano de Ara\u00fajo Filho<\/td>\n<td><span style=\"font-weight: 400\">07\/05\/2027<\/span><\/td>\n<\/tr>\n<tr>\n<td>\n<p style=\"text-align: center\">18<\/p>\n<\/td>\n<td>Representante do CAPF<\/td>\n<td>Prof. Jos\u00e9 Elesb\u00e3o de Almeida\u00a002\/10\/2026<\/td>\n<td>\u00a002\/10\/2026<\/td>\n<\/tr>\n<tr>\n<td>\n<p style=\"text-align: center\">19<\/p>\n<\/td>\n<td>Representante do CAN<\/td>\n<td><span style=\"font-weight: 400\">Profa. Silvana Praxedes de Paiva Gurgel<\/span><\/td>\n<td>04\/06\/2027<\/td>\n<\/tr>\n<tr>\n<td>\n<p style=\"text-align: center\">20<\/p>\n<\/td>\n<td>Representante do CaC<\/td>\n<td>Prof. Francisco de Assis Costa da Silva<\/td>\n<td>02\/10\/2026<\/td>\n<\/tr>\n<tr>\n<td>\n<p style=\"text-align: center\"><strong>21<\/strong><\/p>\n<\/td>\n<td><strong>Representante Discente<\/strong><\/td>\n<td><strong>Aguardando indica\u00e7\u00e3o<\/strong><\/td>\n<td><strong>x-x-x-x-x-x<\/strong><\/td>\n<\/tr>\n<tr>\n<td>\n<p style=\"text-align: center\"><strong>22<\/strong><\/p>\n<\/td>\n<td><strong>Representante Discente<\/strong><\/td>\n<td><span style=\"font-weight: 400\"><b>Aguardando indica\u00e7\u00e3o<\/b><\/span><\/td>\n<td><strong>x-x-x-x-x-x<\/strong><\/td>\n<\/tr>\n<tr>\n<td>\n<p style=\"text-align: center\"><strong>23<\/strong><\/p>\n<\/td>\n<td><strong>Representante Discentes<\/strong><\/td>\n<td><span style=\"font-weight: 400\"><b>Aguardando indica\u00e7\u00e3o<\/b><\/span><\/td>\n<td><span style=\"font-weight: 400\"><strong>x-x-x-x-x-x<\/strong><\/span><\/td>\n<\/tr>\n<tr>\n<td>\n<p style=\"text-align: center\"><strong>24<\/strong><\/p>\n<\/td>\n<td><strong>Representante Discentes<\/strong><\/td>\n<td><span style=\"font-weight: 400\"><b>Aguardando indica\u00e7\u00e3o<\/b><\/span><\/td>\n<td><strong>x-x-x-x-x-x<\/strong><\/td>\n<\/tr>\n<tr>\n<td>\n<p style=\"text-align: center\">25<\/p>\n<\/td>\n<td>Representante T\u00e9cnico-Administrativo<\/td>\n<td>TNS. Jo\u00e3o Bezerra de Queiroz Neto<\/td>\n<td>04\/03\/2028<\/td>\n<\/tr>\n<tr>\n<td>\n<p style=\"text-align: center\">26<\/p>\n<\/td>\n<td>Representante T\u00e9cnico-Administrativo<\/td>\n<td>TNS. Francisco Felipe da Silva (<i>reconduzido<\/i>)<\/td>\n<td>04\/03\/2028<\/td>\n<\/tr>\n<tr>\n<td>\n<p style=\"text-align: center\">27<\/p>\n<\/td>\n<td><span style=\"font-weight: 400\">Representante T\u00e9cnico-Administrativo<\/span><\/td>\n<td><span style=\"font-weight: 400\">TNS. F\u00e1bio Bentes Tavares de Melo (<\/span><i><span style=\"font-weight: 400\">reconduzido<\/span><\/i><span style=\"font-weight: 400\">)<\/span><\/td>\n<td><span style=\"font-weight: 400\">08\/05\/2026<\/span><\/td>\n<\/tr>\n<tr>\n<td>\n<p style=\"text-align: center\">28<\/p>\n<\/td>\n<td><span style=\"font-weight: 400\">Representante T\u00e9cnico-Administrativo<\/span><\/td>\n<td><span style=\"font-weight: 400\">TNS. Nestor Gomes Duarte J\u00fanior (<\/span><i><span style=\"font-weight: 400\">reconduzido<\/span><\/i><span style=\"font-weight: 400\">)<\/span><\/td>\n<td><span style=\"font-weight: 400\">08\/05\/2026<\/span><\/td>\n<\/tr>\n<\/tbody>\n<\/table>\n<p><strong>\u00a0 \u00a0 \u00a0 \u00a0 \u00a0 \u00a0 \u00a0 \u00a0 \u00a0 \u00a0 \u00a0 \u00a0 \u00a0 \u00a0 \u00a0 \u00a0 \u00a0 \u00a0 \u00a0 \u00a0 \u00a0 \u00a0 \u00a0 \u00a0 \u00a0 \u00a0 \u00a0 \u00a0 \u00a0 \u00a0 \u00a0 \u00a0 \u00a0 \u00a0 \u00a0 \u00a0 \u00a0 \u00a0 \u00a0 \u00a0 \u00a0 \u00a0 \u00a0 \u00a0 \u00a0 \u00a0 \u00a0 \u00a0 \u00a0 \u00a0 \u00a0 \u00a0 \u00a0 \u00a0 \u00a0 \u00a0\u00a0<\/strong><\/p>\n<table>\n<thead>\n<tr>\n<th><b>N.\u00ba<\/b><\/th>\n<th><b>REPRESENTA\u00c7\u00c3O<\/b><\/th>\n<th><b>CONSELHEIROS SUPLENTES<\/b><\/th>\n<th><b>PER\u00cdODO DO MANDATO<\/b><\/th>\n<\/tr>\n<\/thead>\n<tbody>\n<tr>\n<td>\n<p style=\"text-align: center\">01<\/p>\n<\/td>\n<td><span style=\"font-weight: 400\">Pr\u00f3-Reitoria de Ensino de Gradua\u00e7\u00e3o<\/span><\/td>\n<td><span style=\"font-weight: 400\">Prof. Rommel Wladimir de Lima<\/span><\/td>\n<td><span style=\"font-weight: 400\">Nato<br \/>\n<\/span><span style=\"font-weight: 400\">(28\/09\/2029)<\/span><\/td>\n<\/tr>\n<tr>\n<td>\n<p style=\"text-align: center\">02<\/p>\n<\/td>\n<td><span style=\"font-weight: 400\">Pr\u00f3-Reitoria de Pesquisa e P\u00f3s-Gradua\u00e7\u00e3o<\/span><\/td>\n<td><span style=\"font-weight: 400\">Prof. Cl\u00e1udio Lopes de Vasconcelos<\/span><\/td>\n<td><span style=\"font-weight: 400\">Nato<br \/>\n<\/span><span style=\"font-weight: 400\">(28\/09\/2029)<\/span><\/td>\n<\/tr>\n<tr>\n<td>\n<p style=\"text-align: center\">03<\/p>\n<\/td>\n<td><span style=\"font-weight: 400\">Pr\u00f3-Reitoria de Extens\u00e3o<\/span><\/td>\n<td><span style=\"font-weight: 400\">Profa. Am\u00e9lia Carolina Lopes Fernandes<\/span><\/td>\n<td><span style=\"font-weight: 400\">Nato<br \/>\n<\/span><span style=\"font-weight: 400\">(28\/09\/2029)<\/span><\/td>\n<\/tr>\n<tr>\n<td>\n<p style=\"text-align: center\">04<\/p>\n<\/td>\n<td><strong>Representante da Facem<\/strong><\/td>\n<td><strong>Aguardando indica\u00e7\u00e3o<\/strong><\/td>\n<td>\u00a0<span style=\"font-weight: 400\"><strong>x-x-x-x-x-x<\/strong><\/span><\/td>\n<\/tr>\n<tr>\n<td>\n<p style=\"text-align: center\">05<\/p>\n<\/td>\n<td><span style=\"font-weight: 400\">Representante da Fafic<\/span><\/td>\n<td><span style=\"font-weight: 400\">Prof. M\u00e1rcio Kleber Morais Pessoa<\/span><\/td>\n<td><span style=\"font-weight: 400\">03\/04\/2026<\/span><\/td>\n<\/tr>\n<tr>\n<td>\n<p style=\"text-align: center\">06<\/p>\n<\/td>\n<td>Representante da Fala<\/td>\n<td>Prof. Henderson de Jesus Rodrigues dos Santos<\/td>\n<td>05\/11\/2027<\/td>\n<\/tr>\n<tr>\n<td>\n<p style=\"text-align: center\">07<\/p>\n<\/td>\n<td><span style=\"font-weight: 400\">Representante da Faen<\/span><\/td>\n<td><span style=\"font-weight: 400\">Profa. Ana Karinne de Moura Saraiva (<i>reconduzida<\/i>)<\/span><\/td>\n<td><span style=\"font-weight: 400\">04\/10\/2025<\/span><\/td>\n<\/tr>\n<tr>\n<td>\n<p style=\"text-align: center\">08<\/p>\n<\/td>\n<td>Representante da Faef<\/td>\n<td>\u00a0<span style=\"font-weight: 400\">Prof. Luiz Felipe Ferreira da Costa Freitas<\/span><\/td>\n<td>03\/09\/2025<\/td>\n<\/tr>\n<tr>\n<td>\n<p style=\"text-align: center\">09<\/p>\n<\/td>\n<td>Representante da FAD<\/td>\n<td>Prof. Francisco Marcos de Ara\u00fajo <span style=\"font-weight: 400\"> (<\/span><i><span style=\"font-weight: 400\">reconduzido<\/span><\/i><span style=\"font-weight: 400\">)<\/span><\/td>\n<td>03\/09\/2025<\/td>\n<\/tr>\n<tr>\n<td>\n<p style=\"text-align: center\">10<\/p>\n<\/td>\n<td>Representante da Fanat<\/td>\n<td>Prof. Wanderson Laerte de Oliveira Carvalho<\/td>\n<td>05\/11\/2027<\/td>\n<\/tr>\n<tr>\n<td>\n<p style=\"text-align: center\">11<\/p>\n<\/td>\n<td>Representante da FE<\/td>\n<td>Prof. Josenildo Oliveira de Morais<\/td>\n<td>03\/09\/2025<\/td>\n<\/tr>\n<tr>\n<td>\n<p style=\"text-align: center\">12<\/p>\n<\/td>\n<td>Representante da Fasso<\/td>\n<td>Profa. Luana Paula Moreira Santos<\/td>\n<td>07\/05\/2027<\/td>\n<\/tr>\n<tr>\n<td>\n<p style=\"text-align: center\">13<\/p>\n<\/td>\n<td>Representante da Facs<\/td>\n<td>Profa. Paula Vivianne Souza de Queiroz Moreira (<i>reconduzida<\/i>)<\/td>\n<td>04\/03\/2028<\/td>\n<\/tr>\n<tr>\n<td>\n<p style=\"text-align: center\">14<\/p>\n<\/td>\n<td>Representante do CAA<\/td>\n<td>Prof. Akailson Lenon Soares da Silva<\/td>\n<td>04\/03\/2028<\/td>\n<\/tr>\n<tr>\n<td>\n<p style=\"text-align: center\">15<\/p>\n<\/td>\n<td><span style=\"font-weight: 400\">Representante do CAP<\/span><\/td>\n<td><span style=\"font-weight: 400\">Profa. Luciana Fernandes Nery<\/span><\/td>\n<td><span style=\"font-weight: 400\">05\/11\/2027<\/span><\/td>\n<\/tr>\n<tr>\n<td>\n<p style=\"text-align: center\">16<\/p>\n<\/td>\n<td>Representante do CAPF<\/td>\n<td>Profa. Francisca Adriana Barreto<\/td>\n<td>\u00a002\/10\/2026<\/td>\n<\/tr>\n<tr>\n<td>\n<p style=\"text-align: center\">17<\/p>\n<\/td>\n<td>Representante do CAN<\/td>\n<td>Prof. Alc\u00eado Pinheiro Galv\u00e3o<\/td>\n<td>04\/06\/2027<\/td>\n<\/tr>\n<tr>\n<td>\n<p style=\"text-align: center\">18<\/p>\n<\/td>\n<td><span style=\"font-weight: 400\">Representante do CaC<\/span><\/td>\n<td><span style=\"font-weight: 400\">Prof. Marcos de Camargo Von Zuben<\/span><\/td>\n<td><span style=\"font-weight: 400\">03\/04\/2026<\/span><\/td>\n<\/tr>\n<tr>\n<td>\n<p style=\"text-align: center\">19<\/p>\n<\/td>\n<td><strong>Representante Discentes<\/strong><\/td>\n<td><span style=\"font-weight: 400\"><b>Aguardando indica\u00e7\u00e3o<\/b><\/span><\/td>\n<td><b>x-x-x-x<\/b><\/td>\n<\/tr>\n<tr>\n<td>\n<p style=\"text-align: center\">20<\/p>\n<\/td>\n<td><strong>Representante Discentes<\/strong><\/td>\n<td><span style=\"font-weight: 400\"><b>Aguardando indica\u00e7\u00e3o<\/b><\/span><\/td>\n<td><b>x-x-x-x<\/b><\/td>\n<\/tr>\n<tr>\n<td>\n<p style=\"text-align: center\">21<\/p>\n<\/td>\n<td><b>Representante Discentes<\/b><\/td>\n<td>\u00a0<span style=\"font-weight: 400\"><b>Aguardando indica\u00e7\u00e3o<\/b><\/span><\/td>\n<td>\u00a0<b>x-x-x-x<\/b><\/td>\n<\/tr>\n<tr>\n<td>\n<p style=\"text-align: center\">22<\/p>\n<\/td>\n<td><strong>Representante Discentes<\/strong><\/td>\n<td><span style=\"font-weight: 400\"><b>Aguardando indica\u00e7\u00e3o<\/b><\/span><\/td>\n<td><b>x-x-x-x<\/b><\/td>\n<\/tr>\n<tr>\n<td>\n<p style=\"text-align: center\">23<\/p>\n<\/td>\n<td><span style=\"font-weight: 400\">Representante T\u00e9cnico-Administrativo<\/span><\/td>\n<td><span style=\"font-weight: 400\">TNS. Luiz Carlos Batista Filho<\/span><\/td>\n<td><span style=\"font-weight: 400\">08\/05\/2026<\/span><\/td>\n<\/tr>\n<tr>\n<td>\n<p style=\"text-align: center\">24<\/p>\n<\/td>\n<td><span style=\"font-weight: 400\">Representante T\u00e9cnico-Administrativo<\/span><\/td>\n<td><span style=\"font-weight: 400\">TNS. Glaucia Moises Marques e Silva<\/span><\/td>\n<td><span style=\"font-weight: 400\">05\/06\/2026<\/span><\/td>\n<\/tr>\n<tr>\n<td>\n<p style=\"text-align: center\">25<\/p>\n<\/td>\n<td><span style=\"font-weight: 400\">Representante T\u00e9cnico-Administrativo<\/span><\/td>\n<td><span style=\"font-weight: 400\">TNS. Ricardo S\u00e1vio Trigueiro de Morais<\/span><\/td>\n<td><span style=\"font-weight: 400\">08\/05\/2026<\/span><\/td>\n<\/tr>\n<tr>\n<td>\n<p style=\"text-align: center\">26<\/p>\n<\/td>\n<td>Representante T\u00e9cnico-Administrativo<\/td>\n<td>TNS. Sephora Edite Nogueira do Couto Borges<\/td>\n<td>21\/08\/2026<\/td>\n<\/tr>\n<\/tbody>\n<\/table>\n","protected":false},"excerpt":{"rendered":"<p>Conselho de Ensino, Pesquisa e Extens\u00e3o (Consepe) \u00a0 \u00a0 \u00a0 \u00a0 \u00a0 \u00a0 \u00a0 \u00a0 \u00a0 \u00a0 \u00a0 \u00a0 \u00a0 \u00a0 \u00a0 \u00a0 \u00a0 \u00a0 \u00a0 \u00a0 \u00a0 \u00a0 \u00a0 \u00a0 \u00a0 \u00a0 \u00a0 \u00a0 \u00a0 \u00a0 \u00a0 \u00a0 \u00a0 \u00a0 \u00a0 \u00a0 \u00a0 \u00a0 \u00a0 \u00a0 \u00a0 \u00a0 \u00a0 \u00a0 \u00a0 \u00a0 \u00a0 \u00a0 [&hellip;]<\/p>\n","protected":false},"author":1,"featured_media":0,"parent":0,"menu_order":0,"comment_status":"closed","ping_status":"closed","template":"","meta":[],"_links":{"self":[{"href":"https:\/\/portal.uern.br\/conselhos\/wp-json\/wp\/v2\/pages\/100368"}],"collection":[{"href":"https:\/\/portal.uern.br\/conselhos\/wp-json\/wp\/v2\/pages"}],"about":[{"href":"https:\/\/portal.uern.br\/conselhos\/wp-json\/wp\/v2\/types\/page"}],"author":[{"embeddable":true,"href":"https:\/\/portal.uern.br\/conselhos\/wp-json\/wp\/v2\/users\/1"}],"replies":[{"embeddable":true,"href":"https:\/\/portal.uern.br\/conselhos\/wp-json\/wp\/v2\/comments?post=100368"}],"version-history":[{"count":47,"href":"https:\/\/portal.uern.br\/conselhos\/wp-json\/wp\/v2\/pages\/100368\/revisions"}],"predecessor-version":[{"id":100735,"href":"https:\/\/portal.uern.br\/conselhos\/wp-json\/wp\/v2\/pages\/100368\/revisions\/100735"}],"wp:attachment":[{"href":"https:\/\/portal.uern.br\/conselhos\/wp-json\/wp\/v2\/media?parent=100368"}],"curies":[{"name":"wp","href":"https:\/\/api.w.org\/{rel}","templated":true}]}}