{"id":216,"date":"2022-09-21T15:35:55","date_gmt":"2022-09-21T18:35:55","guid":{"rendered":"https:\/\/paisdemossoro.com.br\/wordpress\/caico\/?page_id=216"},"modified":"2026-03-06T14:39:10","modified_gmt":"2026-03-06T17:39:10","slug":"institucional","status":"publish","type":"page","link":"https:\/\/portal.uern.br\/caico\/institucional\/","title":{"rendered":"Equipe Gestora"},"content":{"rendered":"<h3><span style=\"font-family: 'book antiqua', palatino, serif\"><strong>Administra\u00e7\u00e3o Geral do Campus<\/strong><\/span><\/h3>\n<h4><span style=\"font-family: 'book antiqua', palatino, serif\"><strong>Dire\u00e7\u00e3o<\/strong><\/span><\/h4>\n<p><span style=\"font-family: 'book antiqua', palatino, serif\">Prof. Dr.\u00a0Jos\u00e9 Teixeira\u00a0Neto (Diretor)<\/span><\/p>\n<p><span style=\"font-family: 'book antiqua', palatino, serif\">Prof. Dr. Gl\u00e9cio Clemente de Ara\u00fajo Filho \u00a0(Vice-Diretor)<\/span><\/p>\n<h4><span style=\"font-family: 'book antiqua', palatino, serif\"><strong>Secretaria Geral<\/strong><\/span><\/h4>\n<p><span style=\"font-family: 'book antiqua', palatino, serif\">Franksmone Santana da Silva (Secret\u00e1ria de Unidade Universit\u00e1ria)<\/span><\/p>\n<h4><span style=\"font-family: 'book antiqua', palatino, serif\"><strong>Divis\u00e3o de Governan\u00e7a<\/strong><\/span><\/h4>\n<p><span style=\"font-family: 'book antiqua', palatino, serif\">Fl\u00e1vio Dantas (Chefe de Divis\u00e3o de Governan\u00e7a de Unidade Universit\u00e1ria)<\/span><\/p>\n<h4><span style=\"font-family: 'book antiqua', palatino, serif\"><strong>Divis\u00e3o de Transporte<\/strong><\/span><\/h4>\n<p><span style=\"font-family: 'book antiqua', palatino, serif\">Joanilson Silva (Chefe de Divis\u00e3o de Transportes de Unidade Universit\u00e1ria)<\/span><\/p>\n<h4><strong><span style=\"font-family: 'book antiqua', palatino, serif\">Divis\u00e3o de Tecnologia da Informa\u00e7\u00e3o &#8211; DTI<\/span><\/strong><\/h4>\n<p><span style=\"font-family: 'book antiqua', palatino, serif\">Alanfagner de Queiroz (Chefe do DTI da Unidade Universit\u00e1ria)<\/span><\/p>\n<h4><span style=\"font-family: 'book antiqua', palatino, serif\"><strong>Setor de Biblioteca<\/strong><\/span><\/h4>\n<p><span style=\"font-family: 'book antiqua', palatino, serif\">Joseane Maria da Paz Almeida (Coordenadora de Biblioteca Setorial)<\/span><\/p>\n<h4><span style=\"font-family: 'book antiqua', palatino, serif\"><strong>Divis\u00e3o de Pol\u00edticas e A\u00e7\u00f5es Inclusivas<\/strong><\/span><\/h4>\n<p><span style=\"font-family: 'book antiqua', palatino, serif\">Esp. Maria de F\u00e1tima Lopes de Medeiros (Chefe de Divis\u00e3o de Pol\u00edticas e A\u00e7\u00f5es Inclusivas de Unidade Universit\u00e1ria)<\/span><\/p>\n<h4><span style=\"font-family: 'book antiqua', palatino, serif\"><strong>Setor de Ouvidoria<\/strong><\/span><\/h4>\n<p><span style=\"font-family: 'book antiqua', palatino, serif\">Ilana Jozi Pereira Dutra (Ouvidora de Unidade Universit\u00e1ria)<\/span><\/p>\n<p><span style=\"font-family: 'book antiqua', palatino, serif\"><strong>&#8212;&#8212;&#8212;&#8212;&#8212;&#8212;&#8212;&#8212;&#8212;&#8212;&#8212;&#8211;<\/strong><\/span><\/p>\n<h3><span style=\"font-family: 'book antiqua', palatino, serif\"><strong>Administra\u00e7\u00e3o Acad\u00eamica<\/strong><\/span><\/h3>\n<h4><span style=\"font-family: 'book antiqua', palatino, serif\"><strong>Departamento de Enfermagem<\/strong><\/span><\/h4>\n<pre><span style=\"font-family: 'book antiqua', palatino, serif\">Profa. Dra. J\u00e9ssica Dantas de S\u00e1 Tin\u00f4co (Chefe de Departamento Acad\u00eamico)\r\n\r\nProfa, Dra. Regilene Alves Portela (Vice-Chefe de Departamento Acad\u00eamico)\r\n\r\nJacineide Fernanda Dantas (Secret\u00e1ria de Departamento Acad\u00eamico)\r\n\r\nDaniel Ferreira Guimar\u00e3es (Agente T\u00e9cnico Administrativo)<\/span><\/pre>\n<h4><span style=\"font-family: 'book antiqua', palatino, serif\"><strong>Departamento de<\/strong><strong>\u00a0Odontologia<\/strong><\/span><\/h4>\n<p><span style=\"font-family: 'book antiqua', palatino, serif\">Prof. Dr. Alexandre Policarpo da Silva (Chefe de Departamento Acad\u00eamico)<\/span><\/p>\n<p><span style=\"font-family: 'book antiqua', palatino, serif\">Prof. Dr. Eduardo Jos\u00e9 Guerra Seabra (Vice-Chefe de Departamento Acad\u00eamico)<\/span><\/p>\n<p><span style=\"font-family: 'book antiqua', palatino, serif\">Herbson de Assis Castro (Secret\u00e1rio de Departamento Acad\u00eamico)<\/span><\/p>\n<p><span style=\"font-family: 'book antiqua', palatino, serif\">Suzana de Medeiros Silva e Ara\u00fajo (Agente T\u00e9cnica Administrativa)<\/span><\/p>\n<h4><span style=\"font-family: 'book antiqua', palatino, serif\"><strong>Cl\u00ednica Odontol\u00f3gica<\/strong><\/span><\/h4>\n<p><span style=\"font-family: 'book antiqua', palatino, serif\">Profa. Dra. Dayanne Monielle Duarte Moura (Coordenadora de Cl\u00ednica Odontol\u00f3gica)<\/span><\/p>\n<p><span style=\"font-family: 'book antiqua', palatino, serif\">Francil\u00fazia Ara\u00fajo (Secret\u00e1ria de Cl\u00ednica Odontol\u00f3gica)<\/span><\/p>\n<h4><span style=\"font-family: 'book antiqua', palatino, serif\"><strong>Departamento\u00a0<\/strong><strong>de Filosofia<\/strong><\/span><\/h4>\n<p><span style=\"font-family: 'book antiqua', palatino, serif\">Prof. Dr. Galileu Galilei Medeiros de Souza (Chefe de Departamento Acad\u00eamico)<\/span><\/p>\n<p><span style=\"font-family: 'book antiqua', palatino, serif\">Prof. Dr. Lourival Bezerra da Costa J\u00fanior (Vice-Chefe de Departamento Acad\u00eamico)<\/span><\/p>\n<p><span style=\"font-family: 'book antiqua', palatino, serif\">Dora R\u00e9gia Azevedo de Medeiros (Secret\u00e1ria de Departamento Acad\u00eamico)<\/span><\/p>\n<p><span style=\"font-family: 'book antiqua', palatino, serif\">Edilma da Silva Medeiros (Agente T\u00e9cnica Administrativa)<\/span><\/p>\n<h4><span style=\"font-family: 'book antiqua', palatino, serif\"><strong>Mestrado Profissional\u00a0em Filosofia (PROF-FILO)<\/strong><\/span><\/h4>\n<p><span style=\"font-family: 'book antiqua', palatino, serif\">Prof. Dr. Marcos de Camargo Von Zuben (Coordenador de Curso de P\u00f3s-Gradua\u00e7\u00e3o <em>Stricto Sensu<\/em>)<\/span><\/p>\n<p><span style=\"font-family: 'book antiqua', palatino, serif\">Eriv\u00e2nia Maria de Medeiros (Secret\u00e1ria de Curso de P\u00f3s-Gradua\u00e7\u00e3o Stricto Sensu)<\/span><\/p>\n<h4><span style=\"font-family: 'book antiqua', palatino, serif\"><strong>Mestrado Profissional em Sa\u00fade da Fam\u00edlia (PROFSA\u00daDE)<\/strong><\/span><\/h4>\n<p><span style=\"font-family: 'book antiqua', palatino, serif\">Profa. Dra. J\u00e9ssica Naiara de Medeiros Ara\u00fajo (Coordenadora de Curso de P\u00f3s-Gradua\u00e7\u00e3o Stricto Sensu)<\/span><\/p>\n<p><span style=\"font-family: 'book antiqua', palatino, serif\">Prof. Dr. Dulcian Medeiros de Azevedo (Vice-Coordenadora de Curso de P\u00f3s-Gradua\u00e7\u00e3o Stricto Sensu)<\/span><\/p>\n<p><span style=\"font-family: 'book antiqua', palatino, serif\">Silvanilton Ara\u00fajo de Oliveira (Secret\u00e1rio de Curso de P\u00f3s-Gradua\u00e7\u00e3o Stricto Sensu)<\/span><\/p>\n","protected":false},"excerpt":{"rendered":"<p>Administra\u00e7\u00e3o Geral do Campus Dire\u00e7\u00e3o Prof. Dr.\u00a0Jos\u00e9 Teixeira\u00a0Neto (Diretor) Prof. Dr. Gl\u00e9cio Clemente de Ara\u00fajo Filho \u00a0(Vice-Diretor) Secretaria Geral Franksmone Santana da Silva (Secret\u00e1ria de Unidade Universit\u00e1ria) Divis\u00e3o de Governan\u00e7a Fl\u00e1vio Dantas (Chefe de Divis\u00e3o de Governan\u00e7a de Unidade Universit\u00e1ria) Divis\u00e3o de Transporte Joanilson Silva (Chefe de Divis\u00e3o de Transportes de Unidade Universit\u00e1ria) Divis\u00e3o de [&hellip;]<\/p>\n","protected":false},"author":1,"featured_media":0,"parent":0,"menu_order":0,"comment_status":"closed","ping_status":"closed","template":"","meta":{"footnotes":""},"class_list":["post-216","page","type-page","status-publish","hentry"],"_links":{"self":[{"href":"https:\/\/portal.uern.br\/caico\/wp-json\/wp\/v2\/pages\/216","targetHints":{"allow":["GET"]}}],"collection":[{"href":"https:\/\/portal.uern.br\/caico\/wp-json\/wp\/v2\/pages"}],"about":[{"href":"https:\/\/portal.uern.br\/caico\/wp-json\/wp\/v2\/types\/page"}],"author":[{"embeddable":true,"href":"https:\/\/portal.uern.br\/caico\/wp-json\/wp\/v2\/users\/1"}],"replies":[{"embeddable":true,"href":"https:\/\/portal.uern.br\/caico\/wp-json\/wp\/v2\/comments?post=216"}],"version-history":[{"count":24,"href":"https:\/\/portal.uern.br\/caico\/wp-json\/wp\/v2\/pages\/216\/revisions"}],"predecessor-version":[{"id":1211,"href":"https:\/\/portal.uern.br\/caico\/wp-json\/wp\/v2\/pages\/216\/revisions\/1211"}],"wp:attachment":[{"href":"https:\/\/portal.uern.br\/caico\/wp-json\/wp\/v2\/media?parent=216"}],"curies":[{"name":"wp","href":"https:\/\/api.w.org\/{rel}","templated":true}]}}