{"id":288,"date":"2023-02-05T19:40:40","date_gmt":"2023-02-05T22:40:40","guid":{"rendered":"http:\/\/beta.apps.uern.br\/wordpress\/assu\/letraslinguainglesa\/?page_id=288"},"modified":"2025-10-26T17:43:39","modified_gmt":"2025-10-26T20:43:39","slug":"apresentacao","status":"publish","type":"page","link":"https:\/\/portal.uern.br\/assu\/dle\/","title":{"rendered":"Apresenta\u00e7\u00e3o"},"content":{"rendered":"<p>&nbsp;<\/p>\n<p><strong>Nome do Curso:<\/strong> Letras L\u00edngua Inglesa<\/p>\n<p><strong>Unidade:<\/strong> Campus Avan\u00e7ado de Assu<\/p>\n<p><strong>C\u00f3digo E-MEC: <\/strong>34009<\/p>\n<p><strong>Grau Acad\u00eamico:<\/strong> Licenciatura<\/p>\n<p><strong>Modalidade:<\/strong> Presencial<\/p>\n<p><strong>Carga Hor\u00e1ria Total: <\/strong>3710 horas<\/p>\n<p><strong>Turno:<\/strong> Noturno<\/p>\n<p><strong>Tempo M\u00e9dio de Integraliza\u00e7\u00e3o:<\/strong> 04 anos<\/p>\n<p><strong>Tempo M\u00e1ximo de Integraliza\u00e7\u00e3o:<\/strong> 06 anos<\/p>\n<p><strong>N\u00famero de vagas por semestre\/ano:<\/strong> 25 vagas<\/p>\n<p><strong>Reconhecimento\/Renova\u00e7\u00e3o de Reconhecimento:<\/strong> Decreto Governamental n\u00b0 29.764\/2020, de 16 de junho de 2020.<\/p>\n<p><strong>E-mail:<\/strong> dle_assu@uern.br<\/p>\n<p><strong>Chefe do Departamento:<\/strong> Akailson Lennon Soares<\/p>\n<p><strong>Subchefe do Departamento:<\/strong> Antonio Gomes Diniz<\/p>\n<p><strong>Objetivos do Curso:\u00a0<\/strong><\/p>\n<p>O Curso tem como objetivo geral formar profissionais \u00e9ticos, cr\u00edticos e reflexivos, com s\u00f3lida fundamenta\u00e7\u00e3o te\u00f3rica e pr\u00e1tica para atuar tanto no \u00e2mbito do ensino, nos n\u00edveis B\u00e1sico e Superior, quanto no da pesquisa voltada \u00e0 l\u00edngua inglesa e \u00e0s literaturas de express\u00e3o inglesa.<\/p>\n<p><strong>Projeto Pedag\u00f3gico do Curso<\/strong><\/p>\n<ul>\n<li><a href=\"https:\/\/www.uern.br\/controledepaginas\/proeg-projetos-pedagogicos-assu\/arquivos\/4229ppc_letras_la%C2%ADngua_inglesa_assa_2023.pdf\">Projeto Pedag\u00f3gico Atual &#8211; Matriz 2023.1 (V\u00e1lido para ingressantes a partir de 2023.1)<\/a><\/li>\n<li><a href=\"https:\/\/www.uern.br\/controledepaginas\/proeg-projetos-pedagogicos-assu\/arquivos\/4229ppc_dle_cawsl_2019.pdf\">Projeto Pedag\u00f3gico &#8211; Matriz 2015.2 (Atualizado em 2019<\/a>)<\/li>\n<\/ul>\n<p>&nbsp;<\/p>\n<p><strong>Estrutura Curricular &#8211; Matriz 2023.1<\/strong><\/p>\n<p><iframe src=\"https:\/\/sigaa.uern.br\/sigaa\/link\/public\/curso\/curriculo\/273822\" width=\"100%\" height=\"1000px\" frameborder=\"0\" marginwidth=\"0\" marginheight=\"0\" scrolling=\"yes\"><span data-mce-type=\"bookmark\" style=\"width: 0px;overflow: hidden;line-height: 0\" class=\"mce_SELRES_start\">\ufeff<\/span><\/iframe><\/p>\n<p>&nbsp;<\/p>\n<p><strong>Estrutura Curricular &#8211; Matriz 2015.2<\/strong><\/p>\n<p><iframe src=\"https:\/\/sigaa.uern.br\/sigaa\/link\/public\/curso\/curriculo\/633506\" width=\"100%\" height=\"1000px\" frameborder=\"0\" marginwidth=\"0\" marginheight=\"0\" scrolling=\"yes\"><span data-mce-type=\"bookmark\" style=\"width: 0px;overflow: hidden;line-height: 0\" class=\"mce_SELRES_start\">\ufeff<\/span><\/iframe><\/p>\n","protected":false},"excerpt":{"rendered":"<p>&nbsp; Nome do Curso: Letras L\u00edngua Inglesa Unidade: Campus Avan\u00e7ado de Assu C\u00f3digo E-MEC: 34009 Grau Acad\u00eamico: Licenciatura Modalidade: Presencial Carga Hor\u00e1ria Total: 3710 horas Turno: Noturno Tempo M\u00e9dio de Integraliza\u00e7\u00e3o: 04 anos Tempo M\u00e1ximo de Integraliza\u00e7\u00e3o: 06 anos N\u00famero de vagas por semestre\/ano: 25 vagas Reconhecimento\/Renova\u00e7\u00e3o de Reconhecimento: Decreto Governamental n\u00b0 29.764\/2020, de 16 [&hellip;]<\/p>\n","protected":false},"author":1,"featured_media":0,"parent":0,"menu_order":0,"comment_status":"closed","ping_status":"closed","template":"","meta":{"footnotes":""},"class_list":["post-288","page","type-page","status-publish","hentry"],"_links":{"self":[{"href":"https:\/\/portal.uern.br\/assu\/dle\/wp-json\/wp\/v2\/pages\/288","targetHints":{"allow":["GET"]}}],"collection":[{"href":"https:\/\/portal.uern.br\/assu\/dle\/wp-json\/wp\/v2\/pages"}],"about":[{"href":"https:\/\/portal.uern.br\/assu\/dle\/wp-json\/wp\/v2\/types\/page"}],"author":[{"embeddable":true,"href":"https:\/\/portal.uern.br\/assu\/dle\/wp-json\/wp\/v2\/users\/1"}],"replies":[{"embeddable":true,"href":"https:\/\/portal.uern.br\/assu\/dle\/wp-json\/wp\/v2\/comments?post=288"}],"version-history":[{"count":8,"href":"https:\/\/portal.uern.br\/assu\/dle\/wp-json\/wp\/v2\/pages\/288\/revisions"}],"predecessor-version":[{"id":999,"href":"https:\/\/portal.uern.br\/assu\/dle\/wp-json\/wp\/v2\/pages\/288\/revisions\/999"}],"wp:attachment":[{"href":"https:\/\/portal.uern.br\/assu\/dle\/wp-json\/wp\/v2\/media?parent=288"}],"curies":[{"name":"wp","href":"https:\/\/api.w.org\/{rel}","templated":true}]}}