{"id":1062,"date":"2024-10-31T19:32:03","date_gmt":"2024-10-31T22:32:03","guid":{"rendered":"https:\/\/portal.uern.br\/assu\/dec\/?page_id=1062"},"modified":"2026-08-14T20:48:10","modified_gmt":"2026-08-14T23:48:10","slug":"programas-formativos","status":"publish","type":"page","link":"https:\/\/portal.uern.br\/assu\/dec\/programas-formativos\/","title":{"rendered":"Programas Formativos"},"content":{"rendered":"<ul style=\"list-style-type: square\">\n<li><strong>Programa Institucional de Monitoria &#8211; PIM<\/strong><\/li>\n<\/ul>\n<p>&nbsp;<\/p>\n<table style=\"height: 359px;width: 73.8428%;border-collapse: collapse\" border=\"1\">\n<tbody>\n<tr style=\"height: 24px\">\n<td style=\"width: 11.2269%;height: 23px;text-align: center\"><strong>SEMESTRE<\/strong><\/td>\n<td style=\"width: 29.2494%;height: 23px;text-align: center\"><strong>COMPONENTE CURRICULAR<\/strong><\/td>\n<td style=\"width: 35.2954%;height: 23px;text-align: center\"><strong>COORDENADOR(A)<\/strong><\/td>\n<\/tr>\n<tr style=\"height: 24px\">\n<td style=\"width: 11.2269%;height: 24px;text-align: center\">2026.2<\/td>\n<td style=\"width: 29.2494%;height: 24px;text-align: left\">C\u00e1lculo II<\/td>\n<td style=\"width: 35.2954%;height: 24px;text-align: left\">Francisco Danilo da Silva Ferreira<\/td>\n<\/tr>\n<tr style=\"height: 24px\">\n<td style=\"width: 11.2269%;height: 24px;text-align: center\">2026.2<\/td>\n<td style=\"width: 29.2494%;height: 24px;text-align: left\">Econometria I<\/td>\n<td style=\"width: 35.2954%;height: 24px;text-align: left\">Francisco Danilo da Silva Ferreira<\/td>\n<\/tr>\n<tr style=\"height: 24px\">\n<td style=\"width: 11.2269%;height: 24px;text-align: center\">2026.2<\/td>\n<td style=\"width: 29.2494%;height: 24px;text-align: left\">Desenvolvimento S\u00f3cio Econ\u00f4mico<\/td>\n<td style=\"width: 35.2954%;height: 24px;text-align: left\">Fagner Moura da Costa<\/td>\n<\/tr>\n<tr style=\"height: 24px\">\n<td style=\"width: 11.2269%;height: 24px;text-align: center\">2026.2<\/td>\n<td style=\"width: 29.2494%;height: 24px;text-align: left\">Empreendedorismo<\/td>\n<td style=\"width: 35.2954%;height: 24px;text-align: left\">Fagner Moura da Costa<\/td>\n<\/tr>\n<tr style=\"height: 24px\">\n<td style=\"width: 11.2269%;height: 24px;text-align: center\">2026.2<\/td>\n<td style=\"width: 29.2494%;height: 24px;text-align: left\">Economia Matem\u00e1tica I<\/td>\n<td style=\"width: 35.2954%;height: 24px;text-align: left\">Rodolfo Herald da Costa Campos<\/td>\n<\/tr>\n<tr style=\"height: 24px\">\n<td style=\"width: 11.2269%;height: 24px;text-align: center\">2026.2<\/td>\n<td style=\"width: 29.2494%;height: 24px;text-align: left\">Teoria Microecon\u00f4mica II<\/td>\n<td style=\"width: 35.2954%;height: 24px;text-align: left\">Willy Farias Albuquerque<\/td>\n<\/tr>\n<tr style=\"height: 24px\">\n<td style=\"width: 11.2269%;height: 24px;text-align: center\">2026.1<\/td>\n<td style=\"width: 29.2494%;height: 24px;text-align: left\">Economia Matem\u00e1tica II<\/td>\n<td style=\"width: 35.2954%;height: 24px;text-align: left\">Rodolfo Herald da Costa Campos<\/td>\n<\/tr>\n<tr style=\"height: 24px\">\n<td style=\"width: 11.2269%;height: 24px;text-align: center\">2025.2<\/td>\n<td style=\"width: 29.2494%;height: 24px;text-align: left\">Economia Matem\u00e1tica I<\/td>\n<td style=\"width: 35.2954%;height: 24px;text-align: left\">Rodolfo Herald da Costa Campos<\/td>\n<\/tr>\n<tr style=\"height: 24px\">\n<td style=\"width: 11.2269%;height: 24px;text-align: center\">2025.2<\/td>\n<td style=\"width: 29.2494%;height: 24px;text-align: left\">Estat\u00edstica I<\/td>\n<td style=\"width: 35.2954%;height: 24px;text-align: left\">H\u00e9rica Gabriela Rodrigues de Ara\u00fajo Ribeiro<\/td>\n<\/tr>\n<tr style=\"height: 24px\">\n<td style=\"width: 11.2269%;height: 24px;text-align: center\">2025.2<\/td>\n<td style=\"width: 29.2494%;height: 24px;text-align: left\">Hist\u00f3ria do Pensamento Econ\u00f4mico<\/td>\n<td style=\"width: 35.2954%;height: 24px;text-align: left\">H\u00e9rica Gabriela Rodrigues de Ara\u00fajo Ribeiro<\/td>\n<\/tr>\n<tr style=\"height: 24px\">\n<td style=\"width: 11.2269%;height: 24px;text-align: center\">2025.1<\/td>\n<td style=\"width: 29.2494%;height: 24px;text-align: left\">Introdu\u00e7\u00e3o \u00e0 Economia<\/td>\n<td style=\"width: 35.2954%;height: 24px;text-align: left\">Fagner Moura da Costa<\/td>\n<\/tr>\n<tr style=\"height: 24px\">\n<td style=\"width: 11.2269%;height: 24px;text-align: center\">2024.2<\/td>\n<td style=\"width: 29.2494%;height: 24px;text-align: left\">Estat\u00edstica I<\/td>\n<td style=\"width: 35.2954%;height: 24px;text-align: left\">H\u00e9rica Gabriela Rodrigues de Ara\u00fajo Ribeiro<\/td>\n<\/tr>\n<tr style=\"height: 24px\">\n<td style=\"width: 11.2269%;height: 24px;text-align: center\">2024.2<\/td>\n<td style=\"width: 29.2494%;height: 24px;text-align: left\">Teoria Macroecon\u00f4mica II<\/td>\n<td style=\"width: 35.2954%;height: 24px;text-align: left\">H\u00e9rica Gabriela Rodrigues de Ara\u00fajo Ribeiro<\/td>\n<\/tr>\n<tr style=\"height: 24px\">\n<td style=\"width: 11.2269%;height: 24px;text-align: center\">2024.1<\/td>\n<td style=\"width: 29.2494%;height: 24px;text-align: left\">Economia Matem\u00e1tica II<\/td>\n<td style=\"width: 35.2954%;height: 24px;text-align: left\">Rodolfo Herald da Costa Campos<\/td>\n<\/tr>\n<\/tbody>\n<\/table>\n<p>&nbsp;<\/p>\n<ul style=\"list-style-type: square\">\n<li><strong>Inicia\u00e7\u00e3o Cient\u00edfica<\/strong><\/li>\n<\/ul>\n<p>&nbsp;<\/p>\n<table class=\"aligncenter\" style=\"width: 70.0232%;border-collapse: collapse\" border=\"1\">\n<tbody>\n<tr>\n<td style=\"width: 67.8075%\" colspan=\"3\"><strong>PIBIC<\/strong><\/td>\n<\/tr>\n<tr>\n<td style=\"width: 6.39904%\">2023\/2024<\/td>\n<td style=\"width: 46.4614%\">Pass-through dos Pre\u00e7os Internacionais do Petr\u00f3leo Para A Infla\u00e7\u00e3o Brasileira: Evid\u00eancias Emp\u00edricas A Partir de Uma An\u00e1lise de Wavelet<\/td>\n<td style=\"width: 14.9471%\">Rodolfo Herald da Costa Campos<\/td>\n<\/tr>\n<\/tbody>\n<\/table>\n","protected":false},"excerpt":{"rendered":"<p>Programa Institucional de Monitoria &#8211; PIM &nbsp; SEMESTRE COMPONENTE CURRICULAR COORDENADOR(A) 2026.2 C\u00e1lculo II Francisco Danilo da Silva Ferreira 2026.2 Econometria I Francisco Danilo da Silva Ferreira 2026.2 Desenvolvimento S\u00f3cio Econ\u00f4mico Fagner Moura da Costa 2026.2 Empreendedorismo Fagner Moura da Costa 2026.2 Economia Matem\u00e1tica I Rodolfo Herald da Costa Campos 2026.2 Teoria Microecon\u00f4mica II Willy [&hellip;]<\/p>\n","protected":false},"author":4,"featured_media":0,"parent":0,"menu_order":0,"comment_status":"closed","ping_status":"closed","template":"","meta":{"footnotes":""},"class_list":["post-1062","page","type-page","status-publish","hentry"],"_links":{"self":[{"href":"https:\/\/portal.uern.br\/assu\/dec\/wp-json\/wp\/v2\/pages\/1062","targetHints":{"allow":["GET"]}}],"collection":[{"href":"https:\/\/portal.uern.br\/assu\/dec\/wp-json\/wp\/v2\/pages"}],"about":[{"href":"https:\/\/portal.uern.br\/assu\/dec\/wp-json\/wp\/v2\/types\/page"}],"author":[{"embeddable":true,"href":"https:\/\/portal.uern.br\/assu\/dec\/wp-json\/wp\/v2\/users\/4"}],"replies":[{"embeddable":true,"href":"https:\/\/portal.uern.br\/assu\/dec\/wp-json\/wp\/v2\/comments?post=1062"}],"version-history":[{"count":15,"href":"https:\/\/portal.uern.br\/assu\/dec\/wp-json\/wp\/v2\/pages\/1062\/revisions"}],"predecessor-version":[{"id":1207,"href":"https:\/\/portal.uern.br\/assu\/dec\/wp-json\/wp\/v2\/pages\/1062\/revisions\/1207"}],"wp:attachment":[{"href":"https:\/\/portal.uern.br\/assu\/dec\/wp-json\/wp\/v2\/media?parent=1062"}],"curies":[{"name":"wp","href":"https:\/\/api.w.org\/{rel}","templated":true}]}}