{"id":99703,"date":"2023-05-03T07:54:31","date_gmt":"2023-05-03T10:54:31","guid":{"rendered":"https:\/\/portal.uern.br\/acessoainformacao\/?page_id=99703"},"modified":"2024-09-30T08:17:46","modified_gmt":"2024-09-30T11:17:46","slug":"inclusao","status":"publish","type":"page","link":"https:\/\/portal.uern.br\/acessoainformacao\/inclusao\/","title":{"rendered":"Inclus\u00e3o"},"content":{"rendered":"<p>A Universidade do Estado do Rio Grande do Norte (UERN), somando com a Diretoria de A\u00e7\u00f5es Inclusivas (DAIN) desenvolvem no \u00e2mbito da universidade, bem como em contexto local a\u00e7\u00f5es fundamentais na forma\u00e7\u00e3o de recursos humanos, pol\u00edticas e gest\u00e3o da educa\u00e7\u00e3o em diferentes \u00e1reas de conhecimento. Prima esfor\u00e7os pela qualidade de suas atividades de ensino, pesquisa e extens\u00e3o com a\u00e7\u00f5es que busquem a consolida\u00e7\u00e3o da inclus\u00e3o de estudantes com defici\u00eancia, a quebra de barreiras e promo\u00e7\u00e3o da acessibilidade, fortalecida pelo entendimento da pertin\u00eancia da perspectiva de inclus\u00e3o no \u00e2mbito da coletividade.<\/p>\n<p>O trabalho desenvolvido pela DAIN consubstancia-se nas propostas gerais de a\u00e7\u00e3o com base nas Legisla\u00e7\u00f5es Nacionais e Internacionais de Educa\u00e7\u00e3o Especial &#8211; buscando promover e ampliarinterc\u00e2mbio com diversas entidades, objetivando o gerenciamento, a transmiss\u00e3o e a fixa\u00e7\u00e3o de t\u00e9cnicas e metodologias no campo do ensino da Educa\u00e7\u00e3o Especial.<\/p>\n<p><a href=\"https:\/\/lookerstudio.google.com\/reporting\/fe8c712a-95c1-4ae9-b3cb-1618f87f95d1\">Confira todos os N\u00fameros de Inclus\u00e3o<\/a><\/p>\n<p><iframe class=\"flourish-embed-iframe\" style=\"width: 100%;height: 600px\" src=\"https:\/\/flo.uri.sh\/visualisation\/18334315\/embed\" frameborder=\"0\" scrolling=\"no\"><\/iframe><strong>Fonte dos Dados:<\/strong> Diretoria de A\u00e7\u00f5es Inclusivas (DAIN)*<\/p>\n<hr \/>\n<p>*Os dados possuem atualiza\u00e7\u00e3o din\u00e2mica sob responsabilidade dos servidores da DAIN: Claudion Silva de Melo e Francisco Mayccon Passos Costa<\/p>\n","protected":false},"excerpt":{"rendered":"<p>A Universidade do Estado do Rio Grande do Norte (UERN), somando com a Diretoria de A\u00e7\u00f5es Inclusivas (DAIN) desenvolvem no \u00e2mbito da universidade, bem como em contexto local a\u00e7\u00f5es fundamentais na forma\u00e7\u00e3o de recursos humanos, pol\u00edticas e gest\u00e3o da educa\u00e7\u00e3o em diferentes \u00e1reas de conhecimento. Prima esfor\u00e7os pela qualidade de suas atividades de ensino, pesquisa [&hellip;]<\/p>\n","protected":false},"author":1,"featured_media":0,"parent":0,"menu_order":0,"comment_status":"closed","ping_status":"closed","template":"","meta":[],"_links":{"self":[{"href":"https:\/\/portal.uern.br\/acessoainformacao\/wp-json\/wp\/v2\/pages\/99703"}],"collection":[{"href":"https:\/\/portal.uern.br\/acessoainformacao\/wp-json\/wp\/v2\/pages"}],"about":[{"href":"https:\/\/portal.uern.br\/acessoainformacao\/wp-json\/wp\/v2\/types\/page"}],"author":[{"embeddable":true,"href":"https:\/\/portal.uern.br\/acessoainformacao\/wp-json\/wp\/v2\/users\/1"}],"replies":[{"embeddable":true,"href":"https:\/\/portal.uern.br\/acessoainformacao\/wp-json\/wp\/v2\/comments?post=99703"}],"version-history":[{"count":9,"href":"https:\/\/portal.uern.br\/acessoainformacao\/wp-json\/wp\/v2\/pages\/99703\/revisions"}],"predecessor-version":[{"id":100660,"href":"https:\/\/portal.uern.br\/acessoainformacao\/wp-json\/wp\/v2\/pages\/99703\/revisions\/100660"}],"wp:attachment":[{"href":"https:\/\/portal.uern.br\/acessoainformacao\/wp-json\/wp\/v2\/media?parent=99703"}],"curies":[{"name":"wp","href":"https:\/\/api.w.org\/{rel}","templated":true}]}}