{"id":51,"date":"2022-10-19T15:33:43","date_gmt":"2022-10-19T18:33:43","guid":{"rendered":"https:\/\/paisdemossoro.com.br\/wordpress\/aai\/?page_id=51"},"modified":"2023-02-06T21:08:39","modified_gmt":"2023-02-07T00:08:39","slug":"seminario-de-avaliacao-e-integracao","status":"publish","type":"page","link":"https:\/\/portal.uern.br\/aai\/seminario-de-avaliacao-e-integracao\/","title":{"rendered":"Semin\u00e1rio de Avalia\u00e7\u00e3o e Integra\u00e7\u00e3o"},"content":{"rendered":"<h3>A\u00e7\u00f5es Desenvolvidas pela Comiss\u00e3o Pr\u00f3pria de Avalia\u00e7\u00e3o<\/h3>\n<h3><strong>Semin\u00e1rio de Avalia\u00e7\u00e3o e Integra\u00e7\u00e3o Gest\u00e3o\/Campi\/Faculdades: Corresponsabilidade no Planejamento das A\u00e7\u00f5es da UERN<\/strong><\/h3>\n<p>O Plano de Desenvolvimento Institucional da UERN &#8211; PDI (2016-2026), apresenta como miss\u00e3o da institui\u00e7\u00e3o &#8220;promover a forma\u00e7\u00e3o de profissionais compet\u00eancia t\u00e9cnica, \u00e9tica e pol\u00edtica, bem como de cidad\u00e3os cr\u00edticos e criativos, para o exerc\u00edcio da cidadania, al\u00e9m de produzir e digundir conhecimentos espec\u00edficos, t\u00e9cnicos e culturais que contribuam para o desenvolvimento sustent\u00e1vel da regi\u00e3o e do Pa\u00eds&#8221;.<\/p>\n<p>Para efetiva\u00e7\u00e3o dessa miss\u00e3o \u00e9 necess\u00e1rio a dissemina\u00e7\u00e3o da cultura de um planejamento estrat\u00e9gico em que todos os atores desse processo, em especial, os gestores, pensem, critiquem, sugiram e atuem em fun\u00e7\u00e3o de um mesmo objetivo: a consolida\u00e7\u00e3o de uma forma\u00e7\u00e3o de excel\u00eancia em uma Universidade P\u00fablica, Gratuita e Socialmente Referenciada.<\/p>\n<p>Nesse sentido, o Semin\u00e1rio de Avalia\u00e7\u00e3o e Integra\u00e7\u00e3o Gest\u00e3o\/Campi\/Faculdades: Corresponsabilidade no Planejamento das A\u00e7\u00f5es da UERN realizado dia 29 de Fevereiro de 2019, das 8h \u00e0s 12h e de 13h \u00e0s 16h, no audit\u00f3rio da Faculdade de Servi\u00e7o Social (FASSO), foi proposto com o intuito de promover um momento de integra\u00e7\u00e3o, alinhamento, avalia\u00e7\u00e3o e planejamento das a\u00e7\u00f5es que realizamos em nossos Campi\/Faculdades\/Cursos.<\/p>\n<p>&nbsp;<\/p>\n<p><strong>Folder Semin\u00e1rio de Avalia\u00e7\u00e3o e Integra\u00e7\u00e3o Gest\u00e3o\/Campi\/Faculdades: Corresponsabilidade no Planejamento das A\u00e7\u00f5es da UERN<\/strong><\/p>\n<p>&nbsp;<\/p>\n<p><img fetchpriority=\"high\" decoding=\"async\" class=\"aligncenter wp-image-436 size-full\" src=\"https:\/\/portal.uern.br\/aai\/wp-content\/uploads\/sites\/4\/2023\/02\/Folder-Seminario-de-Avaliacao-e-Integracao-frente.png\" alt=\"\" width=\"909\" height=\"640\" srcset=\"https:\/\/portal.uern.br\/aai\/wp-content\/uploads\/sites\/4\/2023\/02\/Folder-Seminario-de-Avaliacao-e-Integracao-frente.png 909w, https:\/\/portal.uern.br\/aai\/wp-content\/uploads\/sites\/4\/2023\/02\/Folder-Seminario-de-Avaliacao-e-Integracao-frente-300x211.png 300w, https:\/\/portal.uern.br\/aai\/wp-content\/uploads\/sites\/4\/2023\/02\/Folder-Seminario-de-Avaliacao-e-Integracao-frente-768x541.png 768w\" sizes=\"(max-width: 909px) 100vw, 909px\" \/><\/p>\n<p>&nbsp;<\/p>\n<p><strong> <img decoding=\"async\" class=\"aligncenter wp-image-435 size-full\" src=\"https:\/\/portal.uern.br\/aai\/wp-content\/uploads\/sites\/4\/2023\/02\/Folder-Seminario-de-Avaliacao-e-Integracao-verso.png\" alt=\"\" width=\"914\" height=\"647\" srcset=\"https:\/\/portal.uern.br\/aai\/wp-content\/uploads\/sites\/4\/2023\/02\/Folder-Seminario-de-Avaliacao-e-Integracao-verso.png 914w, https:\/\/portal.uern.br\/aai\/wp-content\/uploads\/sites\/4\/2023\/02\/Folder-Seminario-de-Avaliacao-e-Integracao-verso-300x212.png 300w, https:\/\/portal.uern.br\/aai\/wp-content\/uploads\/sites\/4\/2023\/02\/Folder-Seminario-de-Avaliacao-e-Integracao-verso-768x544.png 768w\" sizes=\"(max-width: 914px) 100vw, 914px\" \/><\/strong><\/p>\n<p>&nbsp;<\/p>\n<p><strong>Slides apresentados pelos Diretores dos Campi\/Faculdades<\/strong><\/p>\n<p>Para ter acesso \u00e0s apresenta\u00e7\u00f5es, basta clicar.<\/p>\n<table>\n<tbody>\n<tr>\n<td><a href=\"https:\/\/www.uern.br\/controledepaginas\/cpa_acoes\/arquivos\/5176assa_modificado_26_03.pdf\">Campus Assu<\/a><\/td>\n<td><a href=\"https:\/\/www.uern.br\/controledepaginas\/cpa_acoes\/arquivos\/517612_fala.pdf\">FALA<\/a><\/td>\n<\/tr>\n<tr>\n<td><a href=\"https:\/\/www.uern.br\/controledepaginas\/cpa_acoes\/arquivos\/51764_can.pdf\">Campus Natal<\/a><\/td>\n<td><a href=\"https:\/\/www.uern.br\/controledepaginas\/cpa_acoes\/arquivos\/517613_fanat.pdf\">FANAT<\/a><\/td>\n<\/tr>\n<tr>\n<td><a href=\"https:\/\/www.uern.br\/controledepaginas\/cpa_acoes\/arquivos\/51762_pau_dos_ferros.pdf\">Campus Pau dos Ferros<\/a><\/td>\n<td><a href=\"https:\/\/www.uern.br\/controledepaginas\/cpa_acoes\/arquivos\/517614_fasso.pdf\">FASSO<\/a><\/td>\n<\/tr>\n<tr>\n<td><a href=\"https:\/\/www.uern.br\/controledepaginas\/cpa_acoes\/arquivos\/51765_cap.pdf\">Campus Patu<\/a><\/td>\n<td><a href=\"https:\/\/www.uern.br\/controledepaginas\/cpa_acoes\/arquivos\/517615_fe.pdf\">FE<\/a><\/td>\n<\/tr>\n<tr>\n<td><a href=\"https:\/\/www.uern.br\/controledepaginas\/cpa_acoes\/arquivos\/517610_fad.pdf\">FAD<\/a><\/td>\n<td><a href=\"https:\/\/www.uern.br\/controledepaginas\/cpa_acoes\/arquivos\/51766_fafic.pdf\">FAFIC<\/a><\/td>\n<\/tr>\n<tr>\n<td><a href=\"https:\/\/www.uern.br\/controledepaginas\/cpa_acoes\/arquivos\/517611_faen.pdf\">FAEN<\/a><\/td>\n<td><a href=\"https:\/\/www.uern.br\/controledepaginas\/cpa_acoes\/arquivos\/51767_faef.pdf\">FAEF<\/a><\/td>\n<\/tr>\n<tr>\n<td><a href=\"https:\/\/www.uern.br\/controledepaginas\/cpa_acoes\/arquivos\/5176facem.pdf\">FACEM<\/a><\/td>\n<\/tr>\n<\/tbody>\n<\/table>\n<p><a href=\"https:\/\/www.uern.br\/controledepaginas\/cpa_acoes\/arquivos\/5176mema%C2%B3ria_semina%C2%A1rio_de_avaliaa%C2%A7a%C2%A3o_e_integraa%C2%A7a%C2%A3o.pdf\">Mem\u00f3ria do Semin\u00e1rio de Avalia\u00e7\u00e3o e Integra\u00e7\u00e3o Gest\u00e3o\/Campi\/Faculdades: Corresponsabilidade no Planejamento das A\u00e7\u00f5es da UERN (26\/02\/2019)\u00a0<\/a>para ter acesso a Mem\u00f3ria, basta clicar no link.<\/p>\n<h4><strong>Calend\u00e1rio das A\u00e7\u00f5es Continuadas de Avalia\u00e7\u00e3o<\/strong><\/h4>\n<p>No Semin\u00e1rio de Avalia\u00e7\u00e3o e Integra\u00e7\u00e3o &#8211; Gest\u00e3o\/Campi\/Faculdades: corresponsabilidade no planejamento das a\u00e7\u00f5es da UERN \u2013 2018 ocorrido no dia 26 de fevereiro de 2019, no audit\u00f3rio da Faculdade de Servi\u00e7o Social \u2013 FASSO, ficou acordado que ser\u00e3o realizadas reuni\u00f5es mensais para darmos continuidade \u00e0s a\u00e7\u00f5es de Autoavalia\u00e7\u00e3o da UERN, conforme o calend\u00e1rio abaixo:<\/p>\n<p>&nbsp;<\/p>\n<p><img decoding=\"async\" class=\"aligncenter wp-image-439 size-full\" src=\"https:\/\/portal.uern.br\/aai\/wp-content\/uploads\/sites\/4\/2023\/02\/anexo-01.png\" alt=\"\" width=\"661\" height=\"438\" srcset=\"https:\/\/portal.uern.br\/aai\/wp-content\/uploads\/sites\/4\/2023\/02\/anexo-01.png 661w, https:\/\/portal.uern.br\/aai\/wp-content\/uploads\/sites\/4\/2023\/02\/anexo-01-300x199.png 300w\" sizes=\"(max-width: 661px) 100vw, 661px\" \/><\/p>\n<p><img loading=\"lazy\" decoding=\"async\" class=\"aligncenter wp-image-438 size-full\" src=\"https:\/\/portal.uern.br\/aai\/wp-content\/uploads\/sites\/4\/2023\/02\/anexo-02.png\" alt=\"\" width=\"662\" height=\"415\" srcset=\"https:\/\/portal.uern.br\/aai\/wp-content\/uploads\/sites\/4\/2023\/02\/anexo-02.png 662w, https:\/\/portal.uern.br\/aai\/wp-content\/uploads\/sites\/4\/2023\/02\/anexo-02-300x188.png 300w\" sizes=\"(max-width: 662px) 100vw, 662px\" \/><\/p>\n<p>&nbsp;<\/p>\n<p>&nbsp;<\/p>\n<p>&nbsp;<\/p>\n<p><strong>Material dispon\u00edvel das reuni\u00f5es<\/strong><\/p>\n<table>\n<tbody>\n<tr>\n<td><strong>DATA<\/strong><\/td>\n<td><strong>RESPONS\u00c1VEL<\/strong><\/td>\n<td><strong>APRESENTA\u00c7\u00c3O<\/strong><\/td>\n<td><strong>MEM\u00d3RIA<\/strong><\/td>\n<\/tr>\n<tr>\n<td>27\/03\/2019<\/td>\n<td>PROPEG &#8211; Indicadores (conceitos dos cursos de p\u00f3s\/potencialidades\/desafios)<\/td>\n<td><a href=\"https:\/\/www.uern.br\/controledepaginas\/cpa_acoes\/arquivos\/5176semina%C2%A1rio_de_avaliaa%C2%A7a%C2%A3o_e_integraa%C2%A7a%C2%A3o_2019.pdf\">Apresenta\u00e7\u00e3o PROPEG<\/a><\/td>\n<td><a href=\"https:\/\/www.uern.br\/controledepaginas\/cpa_acoes\/arquivos\/5176mema%C2%B3ria_aa%C2%A7a%C2%B5es_de_avaliaa%C2%A7a%C2%A3o_continuada_27_mara%C2%A7o_2019.pdf\">Mem\u00f3ria da Reuni\u00e3o do dia 27\/03\/2019<\/a><\/td>\n<\/tr>\n<tr>\n<td><\/td>\n<td>DAINT &#8211; Pol\u00edtica de Internacionaliza\u00e7\u00e3o<\/td>\n<td><a href=\"https:\/\/www.uern.br\/controledepaginas\/cpa_acoes\/arquivos\/5176slides_daint.pdf\">Apresenta\u00e7\u00e3o DAINT<\/a><\/td>\n<\/tr>\n<tr>\n<td><\/td>\n<td>PROEX &#8211; Indicadores (UERN socialmente referenciada\/pol\u00edtica de monitoramento e avalia\u00e7\u00e3o das a\u00e7\u00f5es de extens\u00e3o institucionalizadas)<\/td>\n<td><a href=\"https:\/\/www.uern.br\/controledepaginas\/cpa_acoes\/arquivos\/5176proex_semina%C2%A1rio_de_avaliaa%C2%A7a%C2%A3o_e_integraa%C2%A7a%C2%A3o_27_03_2019.pdf\">Apresenta\u00e7\u00e3o PROEX<\/a><\/td>\n<\/tr>\n<\/tbody>\n<\/table>\n<table>\n<tbody>\n<tr>\n<td>29\/04\/2019<\/td>\n<td>PROEG \u2013 Indicadores (ocupa\u00e7\u00e3o de vagas, fixa\u00e7\u00e3o, evas\u00e3o e inser\u00e7\u00e3o<br \/>\nsocial)<\/td>\n<td><a href=\"https:\/\/www.uern.br\/controledepaginas\/cpa_acoes\/arquivos\/5176proeg_seminario_avaliaa%C2%A7a%C2%A3o_integraa%C2%A7a%C2%A3o_corresponsabilidade_2019_(1)(1).pdf\">Apresenta\u00e7\u00e3o PROEG<\/a><\/td>\n<td><a href=\"https:\/\/www.uern.br\/controledepaginas\/cpa_acoes\/arquivos\/5176seminai%C2%81rio_de_avaliaci%C2%A7ai%C6%92o_e_integraci%C2%A7ai%C6%92o_29_04.pdf\">Mem\u00f3ria da Reuni\u00e3o do dia 29\/04\/2019<\/a><\/td>\n<\/tr>\n<tr>\n<td><\/td>\n<td>Biblioteca \u2013 Acervo Bibliogr\u00e1fico \/demandas<\/td>\n<td><a href=\"https:\/\/www.uern.br\/controledepaginas\/cpa_acoes\/arquivos\/5176biblioteca.pdf\">Apresenta\u00e7\u00e3o Biblioteca<\/a><\/td>\n<td><\/td>\n<\/tr>\n<tr>\n<td><\/td>\n<td>DEAD \u2013 Cursos novos\/desafios\/oportunidades<\/td>\n<td><a href=\"https:\/\/www.uern.br\/controledepaginas\/cpa_acoes\/arquivos\/5176dead_reunia%C2%A3o_29_de_abril_de_2019(1).pdf\">Apresenta\u00e7\u00e3o DEAD<\/a><\/td>\n<td><\/td>\n<\/tr>\n<tr>\n<td><\/td>\n<td>Ouvidoria \u2013 Pol\u00edticas e a\u00e7\u00f5es<\/td>\n<td><a href=\"https:\/\/www.uern.br\/controledepaginas\/cpa_acoes\/arquivos\/5176ouvidoria.pdf\">Apresenta\u00e7\u00e3o Ouvidoria<\/a><\/td>\n<td><\/td>\n<\/tr>\n<tr>\n<td><\/td>\n<td>DINF \u2013 Infra-estrutura tecnol\u00f3gica\/desafios e perspectivas<\/td>\n<td><a href=\"https:\/\/www.uern.br\/controledepaginas\/cpa_acoes\/arquivos\/5176dinf.pdf\">Apresenta\u00e7\u00e3o DINF<\/a><\/td>\n<td><\/td>\n<\/tr>\n<tr>\n<td>30\/05\/2019<\/td>\n<td>PROPLAN \u2013 Sistematiza\u00e7\u00e3o do planejamento \u2013 desafios e possibilidades<br \/>\nde capta\u00e7\u00e3o<\/td>\n<td>Apresenta\u00e7\u00e3o PROPLAN (reagendada para a pr\u00f3xima reuni\u00e3o)<\/td>\n<td><a href=\"https:\/\/www.uern.br\/controledepaginas\/cpa_acoes\/arquivos\/5176mema%C2%B3ria_semina%C2%A1rio_de_avaliaa%C2%A7a%C2%A3o_e_integraa%C2%A7a%C2%A3o_30_de_maio.pdf\">Mem\u00f3ria da Reuni\u00e3o do dia 30\/05\/2019<\/a><\/td>\n<\/tr>\n<tr>\n<td><\/td>\n<td>PROAD \u2013 Sistematiza\u00e7\u00e3o do atendimento das demandas institucionais\/<br \/>\nCeleridade dos processos<\/td>\n<td><a href=\"https:\/\/www.uern.br\/controledepaginas\/cpa_acoes\/arquivos\/5176painel_proad_apresentaa%C2%A7a%C2%A3o.pdf\">Apresenta\u00e7\u00e3o PROAD<\/a><\/td>\n<td><\/td>\n<\/tr>\n<tr>\n<td><\/td>\n<td>Licita\u00e7\u00e3o e Contratos \u2013 Sistematiza\u00e7\u00e3o de processos<\/td>\n<td><a href=\"https:\/\/www.uern.br\/controledepaginas\/cpa_acoes\/arquivos\/5176apresentaa%C2%A7a%C2%A3o_licitaa%C2%A7a%C2%A3o.pdf\">Apresenta\u00e7\u00e3o Licita\u00e7\u00e3o e Contratos<\/a><\/td>\n<td><\/td>\n<\/tr>\n<tr>\n<td><\/td>\n<td>Infraestrutura \u2013 Mapeamento das demandas e prioridades<\/td>\n<td><a href=\"https:\/\/www.uern.br\/controledepaginas\/cpa_acoes\/arquivos\/5176infraestrutura_seminario_avaliaa%E2%80%A1a%C6%92o.pdf\">Apresenta\u00e7\u00e3o Infraestrutura<\/a><\/td>\n<td><\/td>\n<\/tr>\n<tr>\n<td>31\/07\/2019<\/td>\n<td>AGECOM<\/td>\n<td>Apresenta\u00e7\u00e3o<\/p>\n<p>AGECOM<\/td>\n<td><a href=\"https:\/\/www.uern.br\/controledepaginas\/cpa_acoes\/arquivos\/5176semina%C2%A1rio_de_avaliaa%C2%A7a%C2%A3o_e_integraa%C2%A7a%C2%A3o_5_reuniao.pdf\">Mem\u00f3ria da Reuni\u00e3o do dia 31\/07\/2019<\/a><\/td>\n<\/tr>\n<tr>\n<td><\/td>\n<td>PROPLAN &#8211; Sistematiza\u00e7\u00e3o do planejamento &#8211; desafios e possibilidades de capta\u00e7\u00e3o<\/td>\n<td><a href=\"https:\/\/www.uern.br\/controledepaginas\/cpa_acoes\/arquivos\/5176apresentaa%C2%A7a%C2%A3o_da_proplan.pdf\">Apresenta\u00e7\u00e3o<\/a><\/p>\n<p><a href=\"https:\/\/www.uern.br\/controledepaginas\/cpa_acoes\/arquivos\/5176apresentaa%C2%A7a%C2%A3o_da_proplan.pdf\">PROPLAN<\/a><\/td>\n<td><\/td>\n<\/tr>\n<tr>\n<td><\/td>\n<td>PROGEP &#8211; Distribui\u00e7\u00e3o e demandas de pessoal na institui\u00e7\u00e3o\/Pol\u00edtica de fixa\u00e7\u00e3o e forma\u00e7\u00e3o continuada dos servidores<\/td>\n<td><a href=\"https:\/\/www.uern.br\/controledepaginas\/cpa_acoes\/arquivos\/5176apresentaa%C2%A7a%C2%A3o_da_progep.pdf\">Apresenta\u00e7\u00e3o<\/a><\/p>\n<p><a href=\"https:\/\/www.uern.br\/controledepaginas\/cpa_acoes\/arquivos\/5176apresentaa%C2%A7a%C2%A3o_da_progep.pdf\">PROGEP<\/a><\/td>\n<td><\/td>\n<\/tr>\n<tr>\n<td><\/td>\n<td>PRAE &#8211; Perman\u00eancia e Assist\u00eancia Estudantil<\/td>\n<td><a href=\"https:\/\/www.uern.br\/controledepaginas\/cpa_acoes\/arquivos\/5176apresentaa%C2%A7a%C2%A3o_prae_2019_(semina%C2%A1rio2).pdf\">Apresenta\u00e7\u00e3o<\/a><\/p>\n<p><a href=\"https:\/\/www.uern.br\/controledepaginas\/cpa_acoes\/arquivos\/5176apresentaa%C2%A7a%C2%A3o_prae_2019_(semina%C2%A1rio2).pdf\">PRAE<\/a><\/td>\n<td><\/td>\n<\/tr>\n<tr>\n<td><\/td>\n<td>DAIN &#8211; Pol\u00edtica de A\u00e7\u00f5es Inclusivas<\/td>\n<td><a href=\"https:\/\/www.uern.br\/controledepaginas\/cpa_acoes\/arquivos\/5176com_apresentaa%C2%A7a%C2%A3o_dain_definitivo_25.07.pdf\">Apresenta\u00e7\u00e3o<\/a><\/p>\n<p><a href=\"https:\/\/www.uern.br\/controledepaginas\/cpa_acoes\/arquivos\/5176com_apresentaa%C2%A7a%C2%A3o_dain_definitivo_25.07.pdf\">DAIN<\/a><\/td>\n<\/tr>\n<\/tbody>\n<\/table>\n","protected":false},"excerpt":{"rendered":"<p>A\u00e7\u00f5es Desenvolvidas pela Comiss\u00e3o Pr\u00f3pria de Avalia\u00e7\u00e3o Semin\u00e1rio de Avalia\u00e7\u00e3o e Integra\u00e7\u00e3o Gest\u00e3o\/Campi\/Faculdades: Corresponsabilidade no Planejamento das A\u00e7\u00f5es da UERN O Plano de Desenvolvimento Institucional da UERN &#8211; PDI (2016-2026), apresenta como miss\u00e3o da institui\u00e7\u00e3o &#8220;promover a forma\u00e7\u00e3o de profissionais compet\u00eancia t\u00e9cnica, \u00e9tica e pol\u00edtica, bem como de cidad\u00e3os cr\u00edticos e criativos, para o exerc\u00edcio [&hellip;]<\/p>\n","protected":false},"author":1,"featured_media":0,"parent":0,"menu_order":0,"comment_status":"closed","ping_status":"closed","template":"","meta":[],"_links":{"self":[{"href":"https:\/\/portal.uern.br\/aai\/wp-json\/wp\/v2\/pages\/51"}],"collection":[{"href":"https:\/\/portal.uern.br\/aai\/wp-json\/wp\/v2\/pages"}],"about":[{"href":"https:\/\/portal.uern.br\/aai\/wp-json\/wp\/v2\/types\/page"}],"author":[{"embeddable":true,"href":"https:\/\/portal.uern.br\/aai\/wp-json\/wp\/v2\/users\/1"}],"replies":[{"embeddable":true,"href":"https:\/\/portal.uern.br\/aai\/wp-json\/wp\/v2\/comments?post=51"}],"version-history":[{"count":5,"href":"https:\/\/portal.uern.br\/aai\/wp-json\/wp\/v2\/pages\/51\/revisions"}],"predecessor-version":[{"id":440,"href":"https:\/\/portal.uern.br\/aai\/wp-json\/wp\/v2\/pages\/51\/revisions\/440"}],"wp:attachment":[{"href":"https:\/\/portal.uern.br\/aai\/wp-json\/wp\/v2\/media?parent=51"}],"curies":[{"name":"wp","href":"https:\/\/api.w.org\/{rel}","templated":true}]}}