{"id":1703,"date":"2025-12-17T12:52:56","date_gmt":"2025-12-17T15:52:56","guid":{"rendered":"https:\/\/portal.uern.br\/aai\/?page_id=1703"},"modified":"2025-12-19T11:48:52","modified_gmt":"2025-12-19T14:48:52","slug":"1703-2","status":"publish","type":"page","link":"https:\/\/portal.uern.br\/aai\/acoes-cpa\/1703-2\/","title":{"rendered":"V Semin\u00e1rio de Avalia\u00e7\u00e3o Institucional"},"content":{"rendered":"<p><img fetchpriority=\"high\" decoding=\"async\" class=\" wp-image-1704 aligncenter\" src=\"https:\/\/portal.uern.br\/aai\/wp-content\/uploads\/sites\/4\/2025\/12\/Banner-do-III-Semanario-de-Avaliacao-Institucional-2-1-300x122.png\" alt=\"\" width=\"494\" height=\"201\" srcset=\"https:\/\/portal.uern.br\/aai\/wp-content\/uploads\/sites\/4\/2025\/12\/Banner-do-III-Semanario-de-Avaliacao-Institucional-2-1-300x122.png 300w, https:\/\/portal.uern.br\/aai\/wp-content\/uploads\/sites\/4\/2025\/12\/Banner-do-III-Semanario-de-Avaliacao-Institucional-2-1-1024x416.png 1024w, https:\/\/portal.uern.br\/aai\/wp-content\/uploads\/sites\/4\/2025\/12\/Banner-do-III-Semanario-de-Avaliacao-Institucional-2-1-768x312.png 768w, https:\/\/portal.uern.br\/aai\/wp-content\/uploads\/sites\/4\/2025\/12\/Banner-do-III-Semanario-de-Avaliacao-Institucional-2-1-1536x624.png 1536w, https:\/\/portal.uern.br\/aai\/wp-content\/uploads\/sites\/4\/2025\/12\/Banner-do-III-Semanario-de-Avaliacao-Institucional-2-1.png 1920w\" sizes=\"(max-width: 494px) 100vw, 494px\" \/><\/p>\n<p data-start=\"268\" data-end=\"593\">A Universidade do Estado do Rio Grande do Norte (Uern), por meio da <strong data-start=\"336\" data-end=\"383\">Assessoria de Avalia\u00e7\u00e3o Institucional (AAI)<\/strong>, em parceria com a <strong data-start=\"403\" data-end=\"442\">Comiss\u00e3o Pr\u00f3pria de Avalia\u00e7\u00e3o (CPA)<\/strong>, realizou, no dia <strong data-start=\"462\" data-end=\"488\">25 de novembro de 2025<\/strong>, o <strong data-start=\"492\" data-end=\"533\">V Semin\u00e1rio de Avalia\u00e7\u00e3o e Integra\u00e7\u00e3o<\/strong>, no <strong data-start=\"538\" data-end=\"592\">Audit\u00f3rio da Faculdade de Ci\u00eancias da Sa\u00fade (FACS)<\/strong>.<\/p>\n<p data-start=\"595\" data-end=\"1024\">Com o tema <strong data-start=\"606\" data-end=\"709\">\u201cIntegra\u00e7\u00e3o, Transpar\u00eancia e Responsabilidade: Fortalecendo a Cultura de Avalia\u00e7\u00e3o na Universidade\u201d<\/strong>, o Semin\u00e1rio configurou-se como um <strong data-start=\"744\" data-end=\"797\">espa\u00e7o estrat\u00e9gico de di\u00e1logo e reflex\u00e3o coletiva<\/strong>, voltado \u00e0 socializa\u00e7\u00e3o dos resultados da avalia\u00e7\u00e3o institucional, ao debate sobre potencialidades e fragilidades das unidades acad\u00eamicas e administrativas e ao fortalecimento da cultura de avalia\u00e7\u00e3o no \u00e2mbito da Universidade.<\/p>\n<p data-start=\"1026\" data-end=\"1291\">O evento tem como objetivo principal <strong data-start=\"1063\" data-end=\"1143\">promover a apropria\u00e7\u00e3o dos resultados da avalia\u00e7\u00e3o institucional pela gest\u00e3o<\/strong>, contribuindo de forma efetiva, para o <strong data-start=\"1182\" data-end=\"1290\">planejamento, a tomada de decis\u00f5es e a melhoria cont\u00ednua da qualidade acad\u00eamica e administrativa da Uern<\/strong>.<\/p>\n<p data-start=\"1293\" data-end=\"1730\">Durante o Semin\u00e1rio, os(as) diretores(as) de campi e faculdades realizaram apresenta\u00e7\u00f5es sucintas de suas unidades, com base em diagn\u00f3sticos institucionais previamente elaborados, seguindo cronograma e orienta\u00e7\u00f5es definidos pela Assessoria de Avalia\u00e7\u00e3o Institucional. As exposi\u00e7\u00f5es subsidiaram an\u00e1lises comparativas, estimularam o compartilhamento de experi\u00eancias e fortaleceram a integra\u00e7\u00e3o entre as diferentes unidades da Universidade.<\/p>\n<p data-start=\"1732\" data-end=\"2222\">Como etapa preparat\u00f3ria ao evento, as unidades acad\u00eamicas participaram do preenchimento de instrumentos diagn\u00f3sticos e de autoavalia\u00e7\u00e3o institucional, fundamentados nas <strong data-start=\"1899\" data-end=\"1946\">dimens\u00f5es da avalia\u00e7\u00e3o da educa\u00e7\u00e3o superior<\/strong>, conforme estabelecido pela <strong data-start=\"1975\" data-end=\"2006\">Lei n\u00ba 10.861\/2004 (Sinaes)<\/strong>, pela <strong data-start=\"2013\" data-end=\"2045\">Resolu\u00e7\u00e3o n\u00ba 005\/2020\u2013CEE\/RN<\/strong> e pelo <strong data-start=\"2053\" data-end=\"2109\">Plano de Desenvolvimento Institucional (PDI) da Uern<\/strong>. Esses instrumentos permitem a constru\u00e7\u00e3o de um diagn\u00f3stico atualizado e consistente da realidade institucional.<\/p>\n<p data-start=\"2224\" data-end=\"2524\">O <strong data-start=\"2226\" data-end=\"2267\">V Semin\u00e1rio de Avalia\u00e7\u00e3o e Integra\u00e7\u00e3o<\/strong> reafirma o compromisso da Uern com a <strong data-start=\"2305\" data-end=\"2382\">transpar\u00eancia, a responsabilidade institucional e a participa\u00e7\u00e3o coletiva<\/strong>, consolidando-se como um momento fundamental para o fortalecimento dos processos avaliativos e para o aprimoramento cont\u00ednuo da Universidade.<\/p>\n<p data-start=\"2224\" data-end=\"2524\"><strong>Apresenta\u00e7\u00f5es das unidades:\u00a0<\/strong><\/p>\n<p data-start=\"2224\" data-end=\"2524\">Campus Assu: <a href=\"https:\/\/docs.google.com\/presentation\/d\/1qPSGGgUFnLZWu4XDtjwHo8NQ_-g9zYEV\/edit?usp=sharing&amp;ouid=115488754771913442096&amp;rtpof=true&amp;sd=true\">slides apresentados<\/a><\/p>\n<p data-start=\"2224\" data-end=\"2524\">Campus Caic\u00f3: <a href=\"https:\/\/docs.google.com\/presentation\/d\/1QpmUfe9aTBIYDuNINH-dqnTGV1Dkb0Lc\/edit?usp=sharing&amp;ouid=115488754771913442096&amp;rtpof=true&amp;sd=true\">slides apresentados<\/a><\/p>\n<p data-start=\"2224\" data-end=\"2524\">Campus Pau dos Ferros: <a href=\"https:\/\/docs.google.com\/presentation\/d\/1NRP5o3MYhtv8EXfREV9NHugslycnUfrs\/edit?usp=sharing&amp;ouid=115488754771913442096&amp;rtpof=true&amp;sd=true\">slides apresentados<\/a><\/p>\n<p data-start=\"2224\" data-end=\"2524\">Campus Natal: <a href=\"https:\/\/docs.google.com\/presentation\/d\/10J0phWJklAab5-yK0PNGXVt53TkX_hps\/edit?usp=sharing&amp;ouid=115488754771913442096&amp;rtpof=true&amp;sd=true\">slides apresentados<\/a><\/p>\n<p data-start=\"2224\" data-end=\"2524\">Campus Patu: <a href=\"https:\/\/docs.google.com\/presentation\/d\/1dwH7klerVI48HdlpGFfXP5QKobfHZdue\/edit?usp=sharing&amp;ouid=115488754771913442096&amp;rtpof=true&amp;sd=true\">slides apresentados<\/a><\/p>\n<p data-start=\"2224\" data-end=\"2524\">Faculdade de Ci\u00eancias Econ\u00f4micas (Facem): <a href=\"https:\/\/docs.google.com\/presentation\/d\/1rZC8bezohmDbdZNwlO7DGj_yjmRofMU_\/edit?usp=sharing&amp;ouid=115488754771913442096&amp;rtpof=true&amp;sd=true\">slides apresentados<\/a><\/p>\n<p data-start=\"2224\" data-end=\"2524\">Faculdade de Ci\u00eancias da Sa\u00fade (Facs): <a href=\"https:\/\/drive.google.com\/file\/d\/1UWZGUkq6HGJlh_BmzM1mNlp3NEGaYk50\/view?usp=sharing\">slides apresentados<\/a><\/p>\n<p data-start=\"2224\" data-end=\"2524\">Faculdade de Direito (FAD): <a href=\"https:\/\/docs.google.com\/presentation\/d\/1cwYzWFnTtVBkvbsATeY4TNwbVgxWY2v4\/edit?usp=sharing&amp;ouid=115488754771913442096&amp;rtpof=true&amp;sd=true\">slides apresentados<\/a><\/p>\n<p data-start=\"2224\" data-end=\"2524\">Faculdade de Educa\u00e7\u00e3o F\u00edsica (Faef): <a href=\"https:\/\/docs.google.com\/presentation\/d\/1deu3Y5MAGT6UhzAoF-sJJTRJm_zeauBL\/edit?usp=sharing&amp;ouid=115488754771913442096&amp;rtpof=true&amp;sd=true\">slides apresentados<\/a><\/p>\n<p data-start=\"2224\" data-end=\"2524\">Faculdade de Enfermagem (Faen): <a href=\"https:\/\/docs.google.com\/presentation\/d\/1mfewM7OygngNcyYNnXepHdDOmugo1fPq\/edit?usp=sharing&amp;ouid=115488754771913442096&amp;rtpof=true&amp;sd=true\">slides apresentados<\/a><\/p>\n<p data-start=\"2224\" data-end=\"2524\">Faculdade de Filosofia e Ci\u00eancias Sociais (Fafic): <a href=\"https:\/\/docs.google.com\/presentation\/d\/1l7HF4nhv6GT82dcRpwQZHyKrnmVDFlTU\/edit?usp=sharing&amp;ouid=115488754771913442096&amp;rtpof=true&amp;sd=true\">slides apresentados<\/a><\/p>\n<p data-start=\"2224\" data-end=\"2524\">Faculdade de Letras e Artes (Fala): <a href=\"https:\/\/docs.google.com\/presentation\/d\/1gRIaGgCoj_4ScX7NOa8yb7QhvQmqtnjA\/edit?usp=sharing&amp;ouid=115488754771913442096&amp;rtpof=true&amp;sd=true\">slides apresentados<\/a><\/p>\n<p data-start=\"2224\" data-end=\"2524\">Faculdade de Ci\u00eancias Exatas e Naturais (Fanat):<a href=\"https:\/\/drive.google.com\/file\/d\/11GiucKkNnxCSDkFnDLTU40QfSuINq0Yl\/view?usp=sharing\"> slides apresentados<\/a><\/p>\n<p data-start=\"2224\" data-end=\"2524\">Faculdade de Servi\u00e7o Social (Fasso) : <a href=\"https:\/\/drive.google.com\/file\/d\/1m4qG-AOW64efGUA4a4PFjxlgKuZRupbl\/view?usp=sharing\">slides apresentados<\/a><\/p>\n<p data-start=\"2224\" data-end=\"2524\">Faculdade de Educa\u00e7\u00e3o (FE): <a href=\"https:\/\/docs.google.com\/presentation\/d\/1jzg9XKiCDx2icYUsIzK8bYEEmfJJ2k-V\/edit?usp=sharing&amp;ouid=115488754771913442096&amp;rtpof=true&amp;sd=true\">slides apresentados<\/a><\/p>\n<p data-start=\"2224\" data-end=\"2524\">\n","protected":false},"excerpt":{"rendered":"<p>A Universidade do Estado do Rio Grande do Norte (Uern), por meio da Assessoria de Avalia\u00e7\u00e3o Institucional (AAI), em parceria com a Comiss\u00e3o Pr\u00f3pria de Avalia\u00e7\u00e3o (CPA), realizou, no dia 25 de novembro de 2025, o V Semin\u00e1rio de Avalia\u00e7\u00e3o e Integra\u00e7\u00e3o, no Audit\u00f3rio da Faculdade de Ci\u00eancias da Sa\u00fade (FACS). Com o tema \u201cIntegra\u00e7\u00e3o, [&hellip;]<\/p>\n","protected":false},"author":33,"featured_media":0,"parent":40,"menu_order":0,"comment_status":"closed","ping_status":"closed","template":"","meta":[],"_links":{"self":[{"href":"https:\/\/portal.uern.br\/aai\/wp-json\/wp\/v2\/pages\/1703"}],"collection":[{"href":"https:\/\/portal.uern.br\/aai\/wp-json\/wp\/v2\/pages"}],"about":[{"href":"https:\/\/portal.uern.br\/aai\/wp-json\/wp\/v2\/types\/page"}],"author":[{"embeddable":true,"href":"https:\/\/portal.uern.br\/aai\/wp-json\/wp\/v2\/users\/33"}],"replies":[{"embeddable":true,"href":"https:\/\/portal.uern.br\/aai\/wp-json\/wp\/v2\/comments?post=1703"}],"version-history":[{"count":6,"href":"https:\/\/portal.uern.br\/aai\/wp-json\/wp\/v2\/pages\/1703\/revisions"}],"predecessor-version":[{"id":1728,"href":"https:\/\/portal.uern.br\/aai\/wp-json\/wp\/v2\/pages\/1703\/revisions\/1728"}],"up":[{"embeddable":true,"href":"https:\/\/portal.uern.br\/aai\/wp-json\/wp\/v2\/pages\/40"}],"wp:attachment":[{"href":"https:\/\/portal.uern.br\/aai\/wp-json\/wp\/v2\/media?parent=1703"}],"curies":[{"name":"wp","href":"https:\/\/api.w.org\/{rel}","templated":true}]}}