{"id":1507,"date":"2025-05-05T08:30:04","date_gmt":"2025-05-05T11:30:04","guid":{"rendered":"https:\/\/portal.uern.br\/aai\/?page_id=1507"},"modified":"2025-06-04T12:33:05","modified_gmt":"2025-06-04T15:33:05","slug":"iv-semanario-de-avaliacao-institucional","status":"publish","type":"page","link":"https:\/\/portal.uern.br\/aai\/iv-semanario-de-avaliacao-institucional\/","title":{"rendered":"IV Seman\u00e1rio de Avalia\u00e7\u00e3o Institucional"},"content":{"rendered":"<p data-start=\"289\" data-end=\"639\"><img fetchpriority=\"high\" decoding=\"async\" class=\" wp-image-1508 aligncenter\" src=\"https:\/\/portal.uern.br\/aai\/wp-content\/uploads\/sites\/4\/2025\/05\/IV_Semanario_de_Avaliacao_Portal-300x168.png\" alt=\"\" width=\"768\" height=\"430\" srcset=\"https:\/\/portal.uern.br\/aai\/wp-content\/uploads\/sites\/4\/2025\/05\/IV_Semanario_de_Avaliacao_Portal-300x168.png 300w, https:\/\/portal.uern.br\/aai\/wp-content\/uploads\/sites\/4\/2025\/05\/IV_Semanario_de_Avaliacao_Portal.png 716w\" sizes=\"(max-width: 768px) 100vw, 768px\" \/><\/p>\n<p>&nbsp;<\/p>\n<p class=\"\" style=\"text-align: justify\" data-start=\"289\" data-end=\"639\">De 19 a 30 de maio de 2025, a Comiss\u00e3o Pr\u00f3pria de Avalia\u00e7\u00e3o (CPA), em colabora\u00e7\u00e3o com a Assessoria de Avalia\u00e7\u00e3o Institucional, promover\u00e1 o\u00a0<strong data-start=\"428\" data-end=\"479\">IV Seman\u00e1rio de Avalia\u00e7\u00e3o Institucional da Uern<\/strong>. Nesta edi\u00e7\u00e3o, o evento tem como tema\u00a0<strong data-start=\"518\" data-end=\"602\">\u201cAvaliar para avan\u00e7ar: Iniciativas e diretrizes para a excel\u00eancia institucional\u201d<\/strong>\u00a0e ser\u00e1 realizado em formato h\u00edbrido.<\/p>\n<p class=\"\" style=\"text-align: justify\" data-start=\"641\" data-end=\"963\">O Seman\u00e1rio contar\u00e1 com uma variedade de oficinas e palestras online, al\u00e9m de momentos presenciais nos campi da universidade, com o objetivo de apresentar e debater os resultados da \u00faltima avalia\u00e7\u00e3o institucional, bem como promover espa\u00e7os de di\u00e1logo e escuta sens\u00edvel junto aos diversos segmentos da comunidade acad\u00eamica.<\/p>\n<p class=\"\" style=\"text-align: justify\" data-start=\"1319\" data-end=\"1775\">O prop\u00f3sito central do Seman\u00e1rio \u00e9 estimular um amplo debate sobre os processos de avalia\u00e7\u00e3o \u2013 tanto internos (autoavalia\u00e7\u00e3o) quanto externos \u2013 realizados na Uern. A iniciativa busca apresentar \u00e0 comunidade acad\u00eamica os fluxos desses processos e destacar sua relev\u00e2ncia para o cont\u00ednuo aperfei\u00e7oamento das pol\u00edticas administrativas, estruturais e pedag\u00f3gicas, em conson\u00e2ncia com o compromisso da universidade com o desenvolvimento sustent\u00e1vel da sociedade.<\/p>\n<p class=\"\" style=\"text-align: justify\" data-start=\"1777\" data-end=\"2308\">O evento visa disseminar a cultura da avalia\u00e7\u00e3o, promovendo a socializa\u00e7\u00e3o do conhecimento sobre o tema e fortalecendo a corresponsabiliza\u00e7\u00e3o dos diversos atores institucionais. A programa\u00e7\u00e3o foi pensada para engajar Pr\u00f3-reitorias, Diretorias, Departamentos Acad\u00eamicos, NDEs, Coses e\u00a0\u00a0estudantes. Durante o Seman\u00e1rio, ser\u00e1 poss\u00edvel compartilhar, apresentar e discutir os trabalhos de coleta e an\u00e1lise dos dados avaliativos, proporcionando uma vis\u00e3o abrangente dos processos de avalia\u00e7\u00e3o e propondo caminhos para seu aperfei\u00e7oamento.<\/p>\n<p class=\"\" style=\"text-align: justify\" data-start=\"2310\" data-end=\"2518\">Assim, o IV Seman\u00e1rio de Avalia\u00e7\u00e3o Institucional da Uern se configura como um espa\u00e7o fundamental de reflex\u00e3o cr\u00edtica, voltado para a melhoria cont\u00ednua e o fortalecimento da cultura avaliativa na universidade.<\/p>\n<p data-raofz=\"16\"><strong>PROGRAMA\u00c7\u00c3O DO SEMAN\u00c1RIO DE AVALIA\u00c7\u00c3O INSTITUCIONAL<\/strong><\/p>\n<p data-raofz=\"16\">19 de maio<br \/>\n14h \u2013 Abertura (online) Transmiss\u00e3o YouTube Oficial da Uern<br \/>\n14h15 \u2013 Palestra de abertura: Utilizando indicadores para fomentar a avalia\u00e7\u00e3o e o desenvolvimento institucional \u2013 Palestrante: Prof. Dr. Fernando Pires Barbosa \u2013 CPA\/UFSM<\/p>\n<p data-raofz=\"16\"><strong>20 de maio<br \/>\n<\/strong>9h30-11h \u2013 Mesa Redonda: Autoavalia\u00e7\u00e3o e Avalia\u00e7\u00e3o Externa: Caminhos Integrados para a Qualidade na Gradua\u00e7\u00e3o e P\u00f3s-Gradua\u00e7\u00e3o \u2013 Online\/RNP Expositores: Prof. Dr. Wendson Dantas de Ara\u00fajo Medeiros \u2013 AAI\/CPA\/Uern Profa. Dra. Rosa Maria Rodrigues Lopes \u2013 Proeg\/Uern Profa. Dra. Ellany Gurgel Cosme do Nascimento \u2013 Propeg\/Uern<\/p>\n<p data-raofz=\"16\"><strong>21 de maio<br \/>\n<\/strong>14h \u2013 Oficina: Enade 2024, licenciaturas e excel\u00eancia institucional \u2013 Online\/RNP Facilitador: Prof. Dr. Rommel Wladimir de Lima \u2013 Pesquisador Institucional\/Uern<\/p>\n<p data-raofz=\"16\"><strong>22 de maio<br \/>\n<\/strong>14h \u2013 Apresenta\u00e7\u00e3o dos resultados da autoavalia\u00e7\u00e3o \u2013 Presencial \u2013 Campus Avan\u00e7ado de Natal-CAN<\/p>\n<p data-raofz=\"16\"><strong>23 de maio<br \/>\n<\/strong>9h-11h \u2013 Reuni\u00e3o com Coses \u2013 Online (RNP)<br \/>\n14h-15h \u2013 Di\u00e1logo com T\u00e9cnicos(as) \u2013 Online (RNP)<br \/>\n15h15-16h15 \u2013 Di\u00e1logo com Docentes \u2013 Online (RNP)<\/p>\n<p data-raofz=\"16\"><strong>26 de maio<br \/>\n<\/strong>9h-11h \u2013 Apresenta\u00e7\u00e3o dos resultados da autoavalia\u00e7\u00e3o \u2013 Presencial \u2013 Campus Avan\u00e7ado de Caic\u00f3-CAC<\/p>\n<p data-raofz=\"16\"><strong>27 de maio<br \/>\n<\/strong>8h30-10h30 \u2013 Apresenta\u00e7\u00e3o dos resultados da autoavalia\u00e7\u00e3o \u2013 Presencial \u2013 Campus Avan\u00e7ado de Pau dos Ferros-CAPF<br \/>\n16h30-18h30 \u2013 Apresenta\u00e7\u00e3o dos resultados da autoavalia\u00e7\u00e3o \u2013 Presencial \u2013 Campus Avan\u00e7ado de Patu-CAP<\/p>\n<p data-raofz=\"16\"><strong>28 de maio<br \/>\n<\/strong>10h \u2013 Oficina: Autoavalia\u00e7\u00e3o dos cursos e elabora\u00e7\u00e3o dos planos de a\u00e7\u00e3o online\/RNP Facilitadores: Prof. Wendson Dantas de Ara\u00fajo Medeiros \u2013 AAI\/CPA Profa. Dra. Irany Knackfuss \u2013 AAI\/Uern<\/p>\n<p data-raofz=\"16\"><strong>29 de maio<br \/>\n<\/strong>9h-11h \u2013 Apresenta\u00e7\u00e3o dos resultados da autoavalia\u00e7\u00e3o \u2013 Presencial \u2013 Campus Avan\u00e7ado de Assu-CAA<br \/>\n14h-16h \u2013 Apresenta\u00e7\u00e3o dos resultados da autoavalia\u00e7\u00e3o \u2013 Presencial \u2013 Campus Mossor\u00f3 (Fanat\/Fala\/Fasso\/FAD\/Faef)<\/p>\n<p data-raofz=\"16\"><span style=\"font-weight: 400\">18h15-19h15 &#8211; Di\u00e1logo com discentes &#8211; Online &#8211; RNP <\/span><\/p>\n<p data-raofz=\"16\"><strong>30 de maio<br \/>\n<\/strong>8h-10h \u2013 Apresenta\u00e7\u00e3o dos resultados da autoavalia\u00e7\u00e3o \u2013 Presencial \u2013 Campus Mossor\u00f3 (Fafic\/FE\/Facem\/Facs\/Faen)<br \/>\n14h \u2013 Encerramento Transmiss\u00e3o YouTube Oficial da Uern Palestra: Reconhecimento de Cursos e Avalia\u00e7\u00e3o Institucional: converg\u00eancias para a Excel\u00eancia Acad\u00eamica Prof. Ms. Leideana Galv\u00e3o Bacurau de Farias \u2013 Presidente da C\u00e2mara de Educa\u00e7\u00e3o Superior do Conselho Estadual de Educa\u00e7\u00e3o<\/p>\n<p>&nbsp;<\/p>\n<p style=\"text-align: center\" data-start=\"2310\" data-end=\"2518\"><b>Link de acesso \u00e0s grava\u00e7\u00f5es:<\/b><\/p>\n<p data-start=\"2310\" data-end=\"2518\"><img decoding=\"async\" class=\"size-medium wp-image-1510 aligncenter\" src=\"https:\/\/portal.uern.br\/aai\/wp-content\/uploads\/sites\/4\/2025\/05\/IV_Semanario_de_Avaliacao_PROGRAMACAO_02-240x300.png\" alt=\"\" width=\"240\" height=\"300\" srcset=\"https:\/\/portal.uern.br\/aai\/wp-content\/uploads\/sites\/4\/2025\/05\/IV_Semanario_de_Avaliacao_PROGRAMACAO_02-240x300.png 240w, https:\/\/portal.uern.br\/aai\/wp-content\/uploads\/sites\/4\/2025\/05\/IV_Semanario_de_Avaliacao_PROGRAMACAO_02-819x1024.png 819w, https:\/\/portal.uern.br\/aai\/wp-content\/uploads\/sites\/4\/2025\/05\/IV_Semanario_de_Avaliacao_PROGRAMACAO_02-768x960.png 768w, https:\/\/portal.uern.br\/aai\/wp-content\/uploads\/sites\/4\/2025\/05\/IV_Semanario_de_Avaliacao_PROGRAMACAO_02.png 1080w\" sizes=\"(max-width: 240px) 100vw, 240px\" \/><\/p>\n<p style=\"text-align: center\" data-start=\"2310\" data-end=\"2518\">Acesso \u00e0 grava\u00e7\u00e3o: <a href=\"https:\/\/www.youtube.com\/watch?v=yQGFsVVDE3g&amp;t=293s\">https:\/\/www.youtube.com\/watch?v=yQGFsVVDE3g&amp;t=293s<\/a><\/p>\n<p data-start=\"2310\" data-end=\"2518\"><img decoding=\"async\" class=\"size-medium wp-image-1511 aligncenter\" src=\"https:\/\/portal.uern.br\/aai\/wp-content\/uploads\/sites\/4\/2025\/05\/IV_Semanario_de_Avaliacao_PROGRAMACAO_03-240x300.png\" alt=\"\" width=\"240\" height=\"300\" srcset=\"https:\/\/portal.uern.br\/aai\/wp-content\/uploads\/sites\/4\/2025\/05\/IV_Semanario_de_Avaliacao_PROGRAMACAO_03-240x300.png 240w, https:\/\/portal.uern.br\/aai\/wp-content\/uploads\/sites\/4\/2025\/05\/IV_Semanario_de_Avaliacao_PROGRAMACAO_03-819x1024.png 819w, https:\/\/portal.uern.br\/aai\/wp-content\/uploads\/sites\/4\/2025\/05\/IV_Semanario_de_Avaliacao_PROGRAMACAO_03-768x960.png 768w, https:\/\/portal.uern.br\/aai\/wp-content\/uploads\/sites\/4\/2025\/05\/IV_Semanario_de_Avaliacao_PROGRAMACAO_03.png 1080w\" sizes=\"(max-width: 240px) 100vw, 240px\" \/><\/p>\n<p style=\"text-align: center\" data-start=\"2310\" data-end=\"2518\">Acesso \u00e0 grava\u00e7\u00e3o:\u00a0<a href=\"https:\/\/drive.google.com\/file\/d\/1DZW548-7eLwTltWUw_vPAZd8W5KjtAw6\/view?usp=sharing\">https:\/\/drive.google.com\/file\/d\/1DZW548-7eLwTltWUw_vPAZd8W5KjtAw6\/view?usp=sharing<\/a><\/p>\n<p style=\"text-align: center\" data-start=\"2310\" data-end=\"2518\">Link de acesso aos slides:\u00a0<a href=\"https:\/\/docs.google.com\/presentation\/d\/1himHM1tRNIj_zcMU1yoYSeVl7SaR55bm\/edit?usp=sharing&amp;ouid=115488754771913442096&amp;rtpof=true&amp;sd=true\">https:\/\/docs.google.com\/presentation\/d\/1himHM1tRNIj_zcMU1yoYSeVl7SaR55bm\/edit?usp=sharing&amp;ouid=115488754771913442096&amp;rtpof=true&amp;sd=true<\/a><\/p>\n<p data-start=\"2310\" data-end=\"2518\"><img loading=\"lazy\" decoding=\"async\" class=\"size-medium wp-image-1512 aligncenter\" src=\"https:\/\/portal.uern.br\/aai\/wp-content\/uploads\/sites\/4\/2025\/05\/IV_Semanario_de_Avaliacao_PROGRAMACAO_04-240x300.png\" alt=\"\" width=\"240\" height=\"300\" srcset=\"https:\/\/portal.uern.br\/aai\/wp-content\/uploads\/sites\/4\/2025\/05\/IV_Semanario_de_Avaliacao_PROGRAMACAO_04-240x300.png 240w, https:\/\/portal.uern.br\/aai\/wp-content\/uploads\/sites\/4\/2025\/05\/IV_Semanario_de_Avaliacao_PROGRAMACAO_04-819x1024.png 819w, https:\/\/portal.uern.br\/aai\/wp-content\/uploads\/sites\/4\/2025\/05\/IV_Semanario_de_Avaliacao_PROGRAMACAO_04-768x960.png 768w, https:\/\/portal.uern.br\/aai\/wp-content\/uploads\/sites\/4\/2025\/05\/IV_Semanario_de_Avaliacao_PROGRAMACAO_04.png 1080w\" sizes=\"(max-width: 240px) 100vw, 240px\" \/><\/p>\n<p style=\"text-align: center\" data-start=\"2310\" data-end=\"2518\">Acesso \u00e0 grava\u00e7\u00e3o:\u00a0<a href=\"https:\/\/drive.google.com\/file\/d\/10glap7mZKjwuNtzMh0DIseD2EH0dil38\/view?usp=sharing\">https:\/\/drive.google.com\/file\/d\/10glap7mZKjwuNtzMh0DIseD2EH0dil38\/view?usp=sharing<\/a><\/p>\n<p data-start=\"2310\" data-end=\"2518\"><img loading=\"lazy\" decoding=\"async\" class=\"alignnone size-medium wp-image-1523 aligncenter\" src=\"https:\/\/portal.uern.br\/aai\/wp-content\/uploads\/sites\/4\/2025\/05\/05_tag_Semanario-240x300.png\" alt=\"\" width=\"240\" height=\"300\" srcset=\"https:\/\/portal.uern.br\/aai\/wp-content\/uploads\/sites\/4\/2025\/05\/05_tag_Semanario-240x300.png 240w, https:\/\/portal.uern.br\/aai\/wp-content\/uploads\/sites\/4\/2025\/05\/05_tag_Semanario-819x1024.png 819w, https:\/\/portal.uern.br\/aai\/wp-content\/uploads\/sites\/4\/2025\/05\/05_tag_Semanario-768x960.png 768w, https:\/\/portal.uern.br\/aai\/wp-content\/uploads\/sites\/4\/2025\/05\/05_tag_Semanario.png 1080w\" sizes=\"(max-width: 240px) 100vw, 240px\" \/><\/p>\n<p style=\"text-align: center\" data-start=\"2310\" data-end=\"2518\">Acesso \u00e0 grava\u00e7\u00e3o:\u00a0<a href=\"https:\/\/drive.google.com\/file\/d\/1MjE2m_YSAZByhoC7-wuxSKUNhrQa6se0\/view?usp=sharing\">https:\/\/drive.google.com\/file\/d\/1MjE2m_YSAZByhoC7-wuxSKUNhrQa6se0\/view?usp=sharing<\/a><\/p>\n<p data-start=\"2310\" data-end=\"2518\"><img loading=\"lazy\" decoding=\"async\" class=\"size-medium wp-image-1526 aligncenter\" src=\"https:\/\/portal.uern.br\/aai\/wp-content\/uploads\/sites\/4\/2025\/05\/05_tag_Semanario_2-240x300.png\" alt=\"\" width=\"240\" height=\"300\" srcset=\"https:\/\/portal.uern.br\/aai\/wp-content\/uploads\/sites\/4\/2025\/05\/05_tag_Semanario_2-240x300.png 240w, https:\/\/portal.uern.br\/aai\/wp-content\/uploads\/sites\/4\/2025\/05\/05_tag_Semanario_2-819x1024.png 819w, https:\/\/portal.uern.br\/aai\/wp-content\/uploads\/sites\/4\/2025\/05\/05_tag_Semanario_2-768x960.png 768w, https:\/\/portal.uern.br\/aai\/wp-content\/uploads\/sites\/4\/2025\/05\/05_tag_Semanario_2.png 1080w\" sizes=\"(max-width: 240px) 100vw, 240px\" \/><\/p>\n<p style=\"text-align: center\" data-start=\"2310\" data-end=\"2518\">Acesso \u00e0 grava\u00e7\u00e3o:\u00a0<a href=\"https:\/\/drive.google.com\/file\/d\/1M1lQuI5QXmcdsXKoU_gfMeRsHm8U7ysf\/view?usp=sharing\">https:\/\/drive.google.com\/file\/d\/1M1lQuI5QXmcdsXKoU_gfMeRsHm8U7ysf\/view?usp=sharing<\/a><\/p>\n<p data-start=\"2310\" data-end=\"2518\"><img loading=\"lazy\" decoding=\"async\" class=\"size-medium wp-image-1525 aligncenter\" src=\"https:\/\/portal.uern.br\/aai\/wp-content\/uploads\/sites\/4\/2025\/05\/05_tag_Semanario_3-240x300.png\" alt=\"\" width=\"240\" height=\"300\" srcset=\"https:\/\/portal.uern.br\/aai\/wp-content\/uploads\/sites\/4\/2025\/05\/05_tag_Semanario_3-240x300.png 240w, https:\/\/portal.uern.br\/aai\/wp-content\/uploads\/sites\/4\/2025\/05\/05_tag_Semanario_3-819x1024.png 819w, https:\/\/portal.uern.br\/aai\/wp-content\/uploads\/sites\/4\/2025\/05\/05_tag_Semanario_3-768x960.png 768w, https:\/\/portal.uern.br\/aai\/wp-content\/uploads\/sites\/4\/2025\/05\/05_tag_Semanario_3.png 1080w\" sizes=\"(max-width: 240px) 100vw, 240px\" \/><\/p>\n<p style=\"text-align: center\" data-start=\"2310\" data-end=\"2518\">Acesso \u00e0 grava\u00e7\u00e3o:\u00a0<a href=\"https:\/\/drive.google.com\/file\/d\/1CW-XIU5mSsUfgGxcnqCO8ojNHnD2_RgT\/view?usp=sharing\">https:\/\/drive.google.com\/file\/d\/1CW-XIU5mSsUfgGxcnqCO8ojNHnD2_RgT\/view?usp=sharing<\/a><\/p>\n<p data-start=\"2310\" data-end=\"2518\"><img loading=\"lazy\" decoding=\"async\" class=\"size-medium wp-image-1558 aligncenter\" src=\"https:\/\/portal.uern.br\/aai\/wp-content\/uploads\/sites\/4\/2025\/05\/IV_Semanario_de_Avaliacao_PROGRAMACAO_06_05-240x300.png\" alt=\"\" width=\"240\" height=\"300\" srcset=\"https:\/\/portal.uern.br\/aai\/wp-content\/uploads\/sites\/4\/2025\/05\/IV_Semanario_de_Avaliacao_PROGRAMACAO_06_05-240x300.png 240w, https:\/\/portal.uern.br\/aai\/wp-content\/uploads\/sites\/4\/2025\/05\/IV_Semanario_de_Avaliacao_PROGRAMACAO_06_05-819x1024.png 819w, https:\/\/portal.uern.br\/aai\/wp-content\/uploads\/sites\/4\/2025\/05\/IV_Semanario_de_Avaliacao_PROGRAMACAO_06_05-768x960.png 768w, https:\/\/portal.uern.br\/aai\/wp-content\/uploads\/sites\/4\/2025\/05\/IV_Semanario_de_Avaliacao_PROGRAMACAO_06_05.png 1080w\" sizes=\"(max-width: 240px) 100vw, 240px\" \/><\/p>\n<p style=\"text-align: center\" data-start=\"2310\" data-end=\"2518\">Acesso \u00e0 grava\u00e7\u00e3o:\u00a0<a href=\"https:\/\/drive.google.com\/file\/d\/10HsL6mpi8SSNR0C4-CJBXXUq0tGNO7QE\/view?usp=sharing\">https:\/\/drive.google.com\/file\/d\/10HsL6mpi8SSNR0C4-CJBXXUq0tGNO7QE\/view?usp=sharing<\/a><\/p>\n<p data-start=\"2310\" data-end=\"2518\"><img loading=\"lazy\" decoding=\"async\" class=\"alignnone size-medium wp-image-1543 aligncenter\" src=\"https:\/\/portal.uern.br\/aai\/wp-content\/uploads\/sites\/4\/2025\/05\/IV_Semanario_de_Avaliacao_Encerramento-240x300.png\" alt=\"\" width=\"240\" height=\"300\" srcset=\"https:\/\/portal.uern.br\/aai\/wp-content\/uploads\/sites\/4\/2025\/05\/IV_Semanario_de_Avaliacao_Encerramento-240x300.png 240w, https:\/\/portal.uern.br\/aai\/wp-content\/uploads\/sites\/4\/2025\/05\/IV_Semanario_de_Avaliacao_Encerramento-819x1024.png 819w, https:\/\/portal.uern.br\/aai\/wp-content\/uploads\/sites\/4\/2025\/05\/IV_Semanario_de_Avaliacao_Encerramento-768x960.png 768w, https:\/\/portal.uern.br\/aai\/wp-content\/uploads\/sites\/4\/2025\/05\/IV_Semanario_de_Avaliacao_Encerramento.png 1080w\" sizes=\"(max-width: 240px) 100vw, 240px\" \/><\/p>\n<p style=\"text-align: center\" data-start=\"2310\" data-end=\"2518\">Acesso \u00e0 grava\u00e7\u00e3o:\u00a0<a href=\"https:\/\/www.youtube.com\/watch?v=HHHZVa7v6t4&amp;t=77s\">https:\/\/www.youtube.com\/watch?v=HHHZVa7v6t4&amp;t=77s<\/a><\/p>\n<p>&nbsp;<\/p>\n<p>&nbsp;<\/p>\n<h1 style=\"text-align: center\"><strong>Atividades Presenciais &#8211; Visitas aos Campi e faculdades<\/strong><\/h1>\n<p>&nbsp;<\/p>\n<p style=\"text-align: center\"><strong>Campus\u00a0 Natal &#8211;<a href=\"https:\/\/docs.google.com\/presentation\/d\/1rJYAniD6dQOt0zJ87NOyHii6XdFpV0ds\/edit?usp=sharing&amp;ouid=115488754771913442096&amp;rtpof=true&amp;sd=true\"> Slides apresentados<\/a><\/strong><\/p>\n<p style=\"text-align: center\"><strong>Campus\u00a0 Caic\u00f3 &#8211;<a href=\"https:\/\/docs.google.com\/presentation\/d\/1rE8yF3P9S0iEIkDCZ2GHzPrDyacLRraI\/edit?usp=sharing&amp;ouid=115488754771913442096&amp;rtpof=true&amp;sd=true\"> Slides apresentados<\/a><\/strong><\/p>\n<p style=\"text-align: center\"><strong>Campus\u00a0 Pau dos Ferros &#8211; <a href=\"https:\/\/docs.google.com\/presentation\/d\/1fKSRlBC-CqNWV9WoidC8gthA4WaG9Zld\/edit?usp=sharing&amp;ouid=115488754771913442096&amp;rtpof=true&amp;sd=true\">Slides apresentados<\/a><\/strong><\/p>\n<p style=\"text-align: center\"><strong>Campus\u00a0 Patu &#8211;<a href=\"https:\/\/docs.google.com\/presentation\/d\/1Vyv_FpdwX_1LV7zD0aC4hNon1LCXHFQQ\/edit?usp=sharing&amp;ouid=115488754771913442096&amp;rtpof=true&amp;sd=true\"> Slides apresentados<\/a><\/strong><\/p>\n<p style=\"text-align: center\"><strong>Campus\u00a0 Ass\u00fa &#8211; <a href=\"https:\/\/docs.google.com\/presentation\/d\/1_V7Ld3cx0r1drRDt-h2df1KWUnLCdeia\/edit?usp=sharing&amp;ouid=115488754771913442096&amp;rtpof=true&amp;sd=true\">Slides apresentados<\/a><\/strong><\/p>\n<p style=\"text-align: center\"><strong>Campus de Mossor\u00f3 Fafic; Fe; Facem; Facs; Faen &#8211; <a href=\"https:\/\/docs.google.com\/presentation\/d\/1bxMZIQqjCPZMfEgUXdNvqct54oGpGYBA\/edit?usp=sharing&amp;ouid=115488754771913442096&amp;rtpof=true&amp;sd=true\">Slides apresentados<\/a><\/strong><\/p>\n<p style=\"text-align: center\"><strong>Campus de Mossor\u00f3 Fanat; Fala; Fasso; Faef; Fad &#8211; <a href=\"https:\/\/docs.google.com\/presentation\/d\/1YCLH9Il0AGBRBOOWGPKEjNRKK35xEuRU\/edit?usp=sharing&amp;ouid=115488754771913442096&amp;rtpof=true&amp;sd=true\">Slides apresentados<\/a><\/strong><\/p>\n<p>&nbsp;<\/p>\n<p>&nbsp;<\/p>\n<p>&nbsp;<\/p>\n<p>&nbsp;<\/p>\n<p>&nbsp;<\/p>\n<p>&nbsp;<\/p>\n<p>&nbsp;<\/p>\n<p>&nbsp;<\/p>\n<p>&nbsp;<\/p>\n<p>&nbsp;<\/p>\n<p>&nbsp;<\/p>\n<p>&nbsp;<\/p>\n<p>&nbsp;<\/p>\n<p>&nbsp;<\/p>\n<p>&nbsp;<\/p>\n","protected":false},"excerpt":{"rendered":"<p>&nbsp; De 19 a 30 de maio de 2025, a Comiss\u00e3o Pr\u00f3pria de Avalia\u00e7\u00e3o (CPA), em colabora\u00e7\u00e3o com a Assessoria de Avalia\u00e7\u00e3o Institucional, promover\u00e1 o\u00a0IV Seman\u00e1rio de Avalia\u00e7\u00e3o Institucional da Uern. Nesta edi\u00e7\u00e3o, o evento tem como tema\u00a0\u201cAvaliar para avan\u00e7ar: Iniciativas e diretrizes para a excel\u00eancia institucional\u201d\u00a0e ser\u00e1 realizado em formato h\u00edbrido. O Seman\u00e1rio contar\u00e1 [&hellip;]<\/p>\n","protected":false},"author":33,"featured_media":0,"parent":0,"menu_order":0,"comment_status":"closed","ping_status":"closed","template":"","meta":[],"_links":{"self":[{"href":"https:\/\/portal.uern.br\/aai\/wp-json\/wp\/v2\/pages\/1507"}],"collection":[{"href":"https:\/\/portal.uern.br\/aai\/wp-json\/wp\/v2\/pages"}],"about":[{"href":"https:\/\/portal.uern.br\/aai\/wp-json\/wp\/v2\/types\/page"}],"author":[{"embeddable":true,"href":"https:\/\/portal.uern.br\/aai\/wp-json\/wp\/v2\/users\/33"}],"replies":[{"embeddable":true,"href":"https:\/\/portal.uern.br\/aai\/wp-json\/wp\/v2\/comments?post=1507"}],"version-history":[{"count":27,"href":"https:\/\/portal.uern.br\/aai\/wp-json\/wp\/v2\/pages\/1507\/revisions"}],"predecessor-version":[{"id":1518,"href":"https:\/\/portal.uern.br\/aai\/wp-json\/wp\/v2\/pages\/1507\/revisions\/1518"}],"wp:attachment":[{"href":"https:\/\/portal.uern.br\/aai\/wp-json\/wp\/v2\/media?parent=1507"}],"curies":[{"name":"wp","href":"https:\/\/api.w.org\/{rel}","templated":true}]}}