{"id":1176,"date":"2024-02-22T08:34:21","date_gmt":"2024-02-22T11:34:21","guid":{"rendered":"https:\/\/portal.uern.br\/aai\/?page_id=1176"},"modified":"2024-09-26T12:03:28","modified_gmt":"2024-09-26T15:03:28","slug":"integra-ate-2022-2","status":"publish","type":"page","link":"https:\/\/portal.uern.br\/aai\/integra-ate-2022-2\/","title":{"rendered":"Plataforma \u00cdntegra (at\u00e9 2022.2)"},"content":{"rendered":"<h3>Avalia\u00e7\u00e3o Institucional pela Plataforma \u00cdntegra (at\u00e9 2022.2)<\/h3>\n<p style=\"text-align: left\">A disponibiliza\u00e7\u00e3o dos formul\u00e1rios de avalia\u00e7\u00e3o institucional ocorreu at\u00e9 o semestre 2022.2 atrav\u00e9s da Plataforma \u00cdntegra, exceto no per\u00edodo da pandemia do Covid-19, no qual o processo de avalia\u00e7\u00e3o foi realizado via <em>Google Forms<\/em>. Nesse sentido, para acesso aos resultados da Plataforma \u00cdntegra, os dados podem ser solicitados \u00e0 Assessoria de Avalia\u00e7\u00e3o Institucional (AAI), uma vez que o Subsistema de Unidade Acad\u00eamica (SAE) foi descontinuado e substitu\u00eddo pelo Sistema Integrado de Gest\u00e3o de Atividades Acad\u00eamicas (Sigaa).<\/p>\n<h4>Orienta\u00e7\u00f5es para constru\u00e7\u00e3o de gr\u00e1ficos ( Avalia\u00e7\u00e3o aplicada via <em>Google Forms<\/em>)<\/h4>\n<p>Diante da dificuldade encontrada por alguns membros das Coses em manipular as planilhas contendo os dados dos question\u00e1rios docente e discente e criar os gr\u00e1ficos que far\u00e3o parte dos relat\u00f3rios da avalia\u00e7\u00e3o do ensino remoto, dos semestres 2020.1 a 2021.2, a equipe da Assessoria de Avalia\u00e7\u00e3o Institucional elaborou um tutorial b\u00e1sico para auxiliar a suprir essa dificuldade. Clique aqui para ter acesso ao<a href=\"https:\/\/www.canva.com\/design\/DAEXDcNw3Rs\/GG0ahcggou3k-ndukzWXtA\/view?utm_content=DAEXDcNw3Rs&amp;utm_campaign=designshare&amp;utm_medium=link&amp;utm_source=homepage_design_menu\"> tutorial para constru\u00e7\u00e3o de gr\u00e1ficos Relat\u00f3rio Semestral da Cose.<\/a><\/p>\n<p>Slides apresentados na reuni\u00e3o do dia 07\/04\/2017.<\/p>\n<p>Clique aqui para acessar os <a href=\"https:\/\/drive.google.com\/file\/d\/0B3r91gIK_tF-QlBvVTAzbDdfeVk\/view?usp=sharing\">slides.<\/a><\/p>\n<h4><span style=\"font-size: 16px\">Modelo de Relat\u00f3rio para Avalia\u00e7\u00e3o Interna Semestral (at\u00e9 2022.2)<\/span><\/h4>\n<p>Esse modelo deve ser utilizado para elabora\u00e7\u00e3o do relat\u00f3rio semestral, utilizando como base de pesquisa os dados coletados pela aplica\u00e7\u00e3o da Avalia\u00e7\u00e3o Institucional, os quais devem ser solicitados \u00e0 AAI. O relat\u00f3rio deve ser enviado por meio do Sistema Eletr\u00f4nico de Informa\u00e7\u00f5es (SEI) para a Assessoria de Avalia\u00e7\u00e3o Institucional, respeitando o prazo definido pela assessoria. Clique aqui para fazer o download do arquivo: <a href=\"https:\/\/docs.google.com\/document\/d\/11SQ-U6JLh0kMB8MWyiL_JHhwrkVZLFpK\/edit?usp=sharing&amp;ouid=115488754771913442096&amp;rtpof=true&amp;sd=true\">Modelo de Relat\u00f3rio para Avalia\u00e7\u00e3o Interna Semestral<\/a>.<\/p>\n<p>&nbsp;<\/p>\n<h4><strong>Per\u00edodos das Avalia\u00e7\u00f5es Institucionais<\/strong><\/h4>\n<table style=\"height: 1162px\" width=\"689\">\n<tbody>\n<tr>\n<td><b>Ano\/Semestre de Refer\u00eancia<\/b><\/td>\n<td><b>\u00a0 Data da Avalia\u00e7\u00e3o<\/b><\/td>\n<\/tr>\n<tr>\n<td><span style=\"font-weight: 400\">2012.1<\/span><\/td>\n<td><span style=\"font-weight: 400\">2012\/10<\/span><\/td>\n<\/tr>\n<tr>\n<td><span style=\"font-weight: 400\">2012.2<\/span><\/td>\n<td><span style=\"font-weight: 400\">2013\/03<\/span><\/td>\n<\/tr>\n<tr>\n<td><span style=\"font-weight: 400\">2013.1<\/span><\/td>\n<td><span style=\"font-weight: 400\">19\/08\/2013 a 19\/09\/2013<\/span><\/td>\n<\/tr>\n<tr>\n<td><span style=\"font-weight: 400\">2013.2<\/span><\/td>\n<td><span style=\"font-weight: 400\">N\u00e3o houve<\/span><\/td>\n<\/tr>\n<tr>\n<td><span style=\"font-weight: 400\">2014.1<\/span><\/td>\n<td><span style=\"font-weight: 400\">24\/06\/2014 a 24\/07 (prorrogada at\u00e9 08\/08\/2014)<\/span><\/td>\n<\/tr>\n<tr>\n<td><span style=\"font-weight: 400\">2014.2<\/span><\/td>\n<td><span style=\"font-weight: 400\">19\/01\/2015 a 20\/02\/2015<\/span><\/td>\n<\/tr>\n<tr>\n<td><span style=\"font-weight: 400\">2015.1<\/span><\/td>\n<td><span style=\"font-weight: 400\">16\/11\/2015 a 31\/11\/2015<\/span><\/td>\n<\/tr>\n<tr>\n<td><span style=\"font-weight: 400\">2015.2<\/span><\/td>\n<td><span style=\"font-weight: 400\">16\/05\/2016 a 31\/05\/2016<\/span><\/td>\n<\/tr>\n<tr>\n<td><span style=\"font-weight: 400\">2016.1<\/span><\/td>\n<td><span style=\"font-weight: 400\">17\/10\/2016\u00a0 a 31\/10\/2016 (prorrogada at\u00e9 30\/11\/2016)<\/span><\/td>\n<\/tr>\n<tr>\n<td><span style=\"font-weight: 400\">2016.2<\/span><\/td>\n<td><span style=\"font-weight: 400\">17\/04\/2017 a 05\/05\/2017 (prorrogada at\u00e9 12\/05\/2017)<\/span><\/td>\n<\/tr>\n<tr>\n<td><span style=\"font-weight: 400\">2017.1<\/span><\/td>\n<td><span style=\"font-weight: 400\">18\/09\/2017 a 02\/10\/2017<\/span><\/td>\n<\/tr>\n<tr>\n<td><span style=\"font-weight: 400\">2017.2<\/span><\/td>\n<td><span style=\"font-weight: 400\">01\/06\/2018 a 06\/07\/2018<\/span><\/td>\n<\/tr>\n<tr>\n<td><span style=\"font-weight: 400\">2018.1<\/span><\/td>\n<td><span style=\"font-weight: 400\">01\/11\/2018 a 14\/12\/2018<\/span><\/td>\n<\/tr>\n<tr>\n<td><span style=\"font-weight: 400\">2018.2<\/span><\/td>\n<td><span style=\"font-weight: 400\">15\/04\/2019 a 24\/05\/2019<\/span><\/td>\n<\/tr>\n<tr>\n<td><span style=\"font-weight: 400\">2019.1<\/span><\/td>\n<td><span style=\"font-weight: 400\">24\/11\/2019 a 04\/10\/2019<\/span><\/td>\n<\/tr>\n<tr>\n<td><span style=\"font-weight: 400\">2019.2<\/span><\/td>\n<td><span style=\"font-weight: 400\">02\/03\/2020 a 13\/03\/2020<\/span><\/td>\n<\/tr>\n<tr>\n<td><span style=\"font-weight: 400\">2021.2<\/span><\/td>\n<td><span style=\"font-weight: 400\">26\/04\/2022 a 15\/05\/2022<\/span><\/td>\n<\/tr>\n<tr>\n<td><span style=\"font-weight: 400\">2022.1<\/span><\/td>\n<td><span style=\"font-weight: 400\">12\/08\/2022 a 31\/08\/2022<\/span><\/td>\n<\/tr>\n<tr>\n<td><span style=\"font-weight: 400\">2022.2<\/span><\/td>\n<td><span style=\"font-weight: 400\">07\/03\/2023 a 14\/04\/2023<\/span><\/td>\n<\/tr>\n<\/tbody>\n<\/table>\n<p><b>OBS: Nos semestres 2020.1, 2020.2, 2021.1 e 2021.2 (este foi h\u00edbrido, ent\u00e3o a Avalia\u00e7\u00e3o Institucional consistiu em aplica\u00e7\u00e3o de formul\u00e1rios pela Plataforma \u00cdntegra e pelo <\/b><b><i>Google Forms<\/i><\/b><b>), em raz\u00e3o da Pandemia do Covid-19, foram aplicados formul\u00e1rios de avalia\u00e7\u00e3o pelo<\/b><b><i> Google Forms<\/i><\/b><b>.<\/b><\/p>\n<p>&nbsp;<\/p>\n<h4>Modelo de Relat\u00f3rio para Renova\u00e7\u00e3o de Reconhecimento de Curso<\/h4>\n<p>Consultar a Pr\u00f3-reitoria de Ensino e Gradua\u00e7\u00e3o (Proeg) para ver o modelo do Relat\u00f3rio de Atividades para Renova\u00e7\u00e3o de Reconhecimento de Curso.<\/p>\n","protected":false},"excerpt":{"rendered":"<p>Avalia\u00e7\u00e3o Institucional pela Plataforma \u00cdntegra (at\u00e9 2022.2) A disponibiliza\u00e7\u00e3o dos formul\u00e1rios de avalia\u00e7\u00e3o institucional ocorreu at\u00e9 o semestre 2022.2 atrav\u00e9s da Plataforma \u00cdntegra, exceto no per\u00edodo da pandemia do Covid-19, no qual o processo de avalia\u00e7\u00e3o foi realizado via Google Forms. Nesse sentido, para acesso aos resultados da Plataforma \u00cdntegra, os dados podem ser solicitados [&hellip;]<\/p>\n","protected":false},"author":33,"featured_media":0,"parent":0,"menu_order":0,"comment_status":"closed","ping_status":"closed","template":"","meta":[],"_links":{"self":[{"href":"https:\/\/portal.uern.br\/aai\/wp-json\/wp\/v2\/pages\/1176"}],"collection":[{"href":"https:\/\/portal.uern.br\/aai\/wp-json\/wp\/v2\/pages"}],"about":[{"href":"https:\/\/portal.uern.br\/aai\/wp-json\/wp\/v2\/types\/page"}],"author":[{"embeddable":true,"href":"https:\/\/portal.uern.br\/aai\/wp-json\/wp\/v2\/users\/33"}],"replies":[{"embeddable":true,"href":"https:\/\/portal.uern.br\/aai\/wp-json\/wp\/v2\/comments?post=1176"}],"version-history":[{"count":13,"href":"https:\/\/portal.uern.br\/aai\/wp-json\/wp\/v2\/pages\/1176\/revisions"}],"predecessor-version":[{"id":1394,"href":"https:\/\/portal.uern.br\/aai\/wp-json\/wp\/v2\/pages\/1176\/revisions\/1394"}],"wp:attachment":[{"href":"https:\/\/portal.uern.br\/aai\/wp-json\/wp\/v2\/media?parent=1176"}],"curies":[{"name":"wp","href":"https:\/\/api.w.org\/{rel}","templated":true}]}}