{"id":1118,"date":"2023-09-12T10:57:50","date_gmt":"2023-09-12T13:57:50","guid":{"rendered":"https:\/\/portal.uern.br\/aai\/?page_id=1118"},"modified":"2023-09-12T11:02:18","modified_gmt":"2023-09-12T14:02:18","slug":"iii-seminario-de-avaliacao-institucional","status":"publish","type":"page","link":"https:\/\/portal.uern.br\/aai\/iii-seminario-de-avaliacao-institucional\/","title":{"rendered":"III Semin\u00e1rio de Avalia\u00e7\u00e3o Institucional"},"content":{"rendered":"<p><span style=\"font-weight: 400\">A busca cont\u00ednua pela excel\u00eancia organizacional \u00e9 um objetivo inerente \u00e0s institui\u00e7\u00f5es de ensino superior e, para discutir,\u00a0 a partir dos resultados da Avalia\u00e7\u00e3o Institucional, como alinhar efetivamente o planejamento estrat\u00e9gico com o or\u00e7amento participativo, visando a aprimorar os processos institucionais, a Assessoria de Avalia\u00e7\u00e3o Institucional, em parceria com a Comiss\u00e3o Pr\u00f3pria de Avalia\u00e7\u00e3o (CPA), promoveu o III Semin\u00e1rio de Avalia\u00e7\u00e3o Institucional, com a tem\u00e1tica &#8220;<\/span><i><span style=\"font-weight: 400\">Alinhando planejamento estrat\u00e9gico e or\u00e7amento participativo para a excel\u00eancia organizacional&#8221;<\/span><\/i><span style=\"font-weight: 400\">.\u00a0<\/span><\/p>\n<p><span style=\"font-weight: 400\">O evento ocorreu nos dias 28 e 29 de Agosto de 2023, em formato on-line (plataforma RNP)\u00a0 e teve como p\u00fablico-alvo os(as) diretores(as), vice-diretores(as) e secret\u00e1rios(as) das unidades universit\u00e1rias (<em>campi<\/em> e faculdades) e dirigentes das Pr\u00f3-reitorias e diretorias vinculadas \u00e0 reitoria da Uern.<\/span><\/p>\n<p>&nbsp;<\/p>\n<p><img fetchpriority=\"high\" decoding=\"async\" class=\" wp-image-1120 aligncenter\" src=\"https:\/\/portal.uern.br\/aai\/wp-content\/uploads\/sites\/4\/2023\/09\/Imagem-para-Site-1-300x158.png\" alt=\"\" width=\"484\" height=\"255\" srcset=\"https:\/\/portal.uern.br\/aai\/wp-content\/uploads\/sites\/4\/2023\/09\/Imagem-para-Site-1-300x158.png 300w, https:\/\/portal.uern.br\/aai\/wp-content\/uploads\/sites\/4\/2023\/09\/Imagem-para-Site-1-1024x541.png 1024w, https:\/\/portal.uern.br\/aai\/wp-content\/uploads\/sites\/4\/2023\/09\/Imagem-para-Site-1-768x406.png 768w, https:\/\/portal.uern.br\/aai\/wp-content\/uploads\/sites\/4\/2023\/09\/Imagem-para-Site-1.png 1081w\" sizes=\"(max-width: 484px) 100vw, 484px\" \/><\/p>\n<p>&nbsp;<\/p>\n<p><span style=\"font-weight: 400\">O Semin\u00e1rio atendeu \u00e0s diretrizes do Plano de Desenvolvimento Institucional da UERN (PDI \u2013 2016-2026), o Projeto de Avalia\u00e7\u00e3o Institucional da Uern, bem como est\u00e1 alinhado \u00e0s exig\u00eancias da Lei n\u00ba 10.861\/2004, que institui o Sistema Nacional de Avalia\u00e7\u00e3o do Ensino Superior &#8211; Sinaes.<\/span><\/p>\n<p><span style=\"font-weight: 400\">A metodologia do evento consistiu na apresenta\u00e7\u00e3o das unidades universit\u00e1rias (<em>campi<\/em> e faculdades), cada uma abordando os pontos fortes e as demandas priorit\u00e1rias de seu setor, a fim de que sejam inseridas no or\u00e7amento participativo da universidade. Ao final, foi feita uma discuss\u00e3o, avalia\u00e7\u00e3o e encaminhamentos do semin\u00e1rio. Nesse sentido, o evento seguiu a ordem de apresenta\u00e7\u00f5es abaixo:<\/span><\/p>\n<p><img decoding=\"async\" class=\"wp-image-1130 aligncenter\" src=\"https:\/\/portal.uern.br\/aai\/wp-content\/uploads\/sites\/4\/2023\/09\/Cronograma-2_page-0001-e1694526633468-741x1024.jpg\" alt=\"\" width=\"667\" height=\"922\" srcset=\"https:\/\/portal.uern.br\/aai\/wp-content\/uploads\/sites\/4\/2023\/09\/Cronograma-2_page-0001-e1694526633468-741x1024.jpg 741w, https:\/\/portal.uern.br\/aai\/wp-content\/uploads\/sites\/4\/2023\/09\/Cronograma-2_page-0001-e1694526633468-217x300.jpg 217w, https:\/\/portal.uern.br\/aai\/wp-content\/uploads\/sites\/4\/2023\/09\/Cronograma-2_page-0001-e1694526633468-768x1061.jpg 768w, https:\/\/portal.uern.br\/aai\/wp-content\/uploads\/sites\/4\/2023\/09\/Cronograma-2_page-0001-e1694526633468.jpg 1000w\" sizes=\"(max-width: 667px) 100vw, 667px\" \/><\/p>\n<p><span style=\"font-weight: 400\">O evento teve como objetivo a difus\u00e3o da cultura de avalia\u00e7\u00e3o institucional e planejamento estrat\u00e9gico na universidade, incentivando todos os envolvidos no processo \u2013 com destaque para os(as) gestores(as) \u2013 a engajarem-se na avalia\u00e7\u00e3o, planejamento e corresponsabilidade na execu\u00e7\u00e3o de atividades e a\u00e7\u00f5es em prol da consolida\u00e7\u00e3o de uma educa\u00e7\u00e3o de excel\u00eancia dentro do cen\u00e1rio de uma universidade p\u00fablica, gratuita e socialmente referenciada.\u00a0<\/span><\/p>\n<p>A grava\u00e7\u00e3o do evento encontra-se dispon\u00edvel para acesso nos seguintes links:<\/p>\n<p style=\"text-align: center\">Link de acesso para o primeiro dia:<a href=\"https:\/\/drive.google.com\/file\/d\/1iD0RWsYiC3KgLKuKhgCdi0afq_H_sa1W\/view?usp=drive_link\"> Clique aqui<\/a><\/p>\n<p style=\"text-align: center\">Link de acesso para o segundo dia:<a href=\"https:\/\/drive.google.com\/file\/d\/1sYuNaQd1v0bno-lp-v5FfUhh0GR_UuYP\/view?usp=drive_link\"> Clique aqui<\/a><\/p>\n<p>&nbsp;<\/p>\n","protected":false},"excerpt":{"rendered":"<p>A busca cont\u00ednua pela excel\u00eancia organizacional \u00e9 um objetivo inerente \u00e0s institui\u00e7\u00f5es de ensino superior e, para discutir,\u00a0 a partir dos resultados da Avalia\u00e7\u00e3o Institucional, como alinhar efetivamente o planejamento estrat\u00e9gico com o or\u00e7amento participativo, visando a aprimorar os processos institucionais, a Assessoria de Avalia\u00e7\u00e3o Institucional, em parceria com a Comiss\u00e3o Pr\u00f3pria de Avalia\u00e7\u00e3o (CPA), [&hellip;]<\/p>\n","protected":false},"author":32,"featured_media":0,"parent":0,"menu_order":0,"comment_status":"closed","ping_status":"closed","template":"","meta":[],"_links":{"self":[{"href":"https:\/\/portal.uern.br\/aai\/wp-json\/wp\/v2\/pages\/1118"}],"collection":[{"href":"https:\/\/portal.uern.br\/aai\/wp-json\/wp\/v2\/pages"}],"about":[{"href":"https:\/\/portal.uern.br\/aai\/wp-json\/wp\/v2\/types\/page"}],"author":[{"embeddable":true,"href":"https:\/\/portal.uern.br\/aai\/wp-json\/wp\/v2\/users\/32"}],"replies":[{"embeddable":true,"href":"https:\/\/portal.uern.br\/aai\/wp-json\/wp\/v2\/comments?post=1118"}],"version-history":[{"count":7,"href":"https:\/\/portal.uern.br\/aai\/wp-json\/wp\/v2\/pages\/1118\/revisions"}],"predecessor-version":[{"id":1132,"href":"https:\/\/portal.uern.br\/aai\/wp-json\/wp\/v2\/pages\/1118\/revisions\/1132"}],"wp:attachment":[{"href":"https:\/\/portal.uern.br\/aai\/wp-json\/wp\/v2\/media?parent=1118"}],"curies":[{"name":"wp","href":"https:\/\/api.w.org\/{rel}","templated":true}]}}